{"id":15304,"date":"2023-02-17T00:05:36","date_gmt":"2023-02-16T21:05:36","guid":{"rendered":"https:\/\/korpekalemler.net\/?page_id=15304"},"modified":"2023-02-19T02:47:44","modified_gmt":"2023-02-18T23:47:44","slug":"soylesi","status":"publish","type":"page","link":"https:\/\/korpekalemler.net\/index.php\/soylesi\/","title":{"rendered":"S\u00f6yle\u015fi"},"content":{"rendered":"<p>[vc_row][vc_column]<style type=\"text\/css\" data-type=\"the7_shortcodes-inline-css\">.blog-shortcode.blog-list-shortcode-id-35d602978441e3c9574c1d0c755f8ceb.dividers-on.classic-layout-list article {\n  margin-top: 50px;\n  padding-top: 0;\n}\n.blog-shortcode.blog-list-shortcode-id-35d602978441e3c9574c1d0c755f8ceb.dividers-on.classic-layout-list article:first-of-type {\n  margin-top: 0;\n  padding-top: 0;\n}\n.blog-shortcode.blog-list-shortcode-id-35d602978441e3c9574c1d0c755f8ceb.classic-layout-list.mode-list .post-thumbnail-wrap {\n  width: 50%;\n}\n.blog-shortcode.blog-list-shortcode-id-35d602978441e3c9574c1d0c755f8ceb.classic-layout-list.mode-list .post-entry-content {\n  width: calc(100% - 50%);\n}\n.blog-shortcode.blog-list-shortcode-id-35d602978441e3c9574c1d0c755f8ceb.classic-layout-list.mode-list .no-img .post-entry-content {\n  width: 100%;\n}\n.blog-shortcode.blog-list-shortcode-id-35d602978441e3c9574c1d0c755f8ceb .filter-bg-decoration .filter-categories a.act {\n  color: #fff;\n}\n.blog-shortcode.blog-list-shortcode-id-35d602978441e3c9574c1d0c755f8ceb:not(.mode-masonry) article {\n  margin-top: 50px;\n}\n.blog-shortcode.blog-list-shortcode-id-35d602978441e3c9574c1d0c755f8ceb:not(.mode-masonry) article:first-of-type,\n.blog-shortcode.blog-list-shortcode-id-35d602978441e3c9574c1d0c755f8ceb:not(.mode-masonry) article.visible.first:not(.product) {\n  margin-top: 0;\n}\n.blog-shortcode.blog-list-shortcode-id-35d602978441e3c9574c1d0c755f8ceb.dividers-on:not(.mode-masonry) article {\n  margin-top: 0;\n  padding-top: 50px;\n}\n.blog-shortcode.blog-list-shortcode-id-35d602978441e3c9574c1d0c755f8ceb.dividers-on:not(.mode-masonry) article:first-of-type,\n.blog-shortcode.blog-list-shortcode-id-35d602978441e3c9574c1d0c755f8ceb.dividers-on:not(.mode-masonry) article.visible.first:not(.product) {\n  margin-top: 0;\n  padding-top: 0;\n}\n.blog-shortcode.blog-list-shortcode-id-35d602978441e3c9574c1d0c755f8ceb .post-thumbnail-wrap {\n  padding: 0px 0px 0px 0px;\n}\n.blog-shortcode.blog-list-shortcode-id-35d602978441e3c9574c1d0c755f8ceb.enable-bg-rollover .post-thumbnail-rollover:after {\n  background: -webkit-linear-gradient();\n  background: linear-gradient();\n}\n.blog-shortcode.blog-list-shortcode-id-35d602978441e3c9574c1d0c755f8ceb .gallery-zoom-ico {\n  width: 44px;\n  height: 44px;\n  line-height: 44px;\n  border-radius: 100px;\n  margin: -22px 0 0 -22px;\n  border-width: 0px;\n  color: #ffffff;\n}\n.bottom-overlap-layout-list.blog-shortcode.blog-list-shortcode-id-35d602978441e3c9574c1d0c755f8ceb .gallery-zoom-ico {\n  margin-top: -22px;\n}\n.gradient-overlay-layout-list.blog-shortcode.blog-list-shortcode-id-35d602978441e3c9574c1d0c755f8ceb .gallery-zoom-ico,\n.content-rollover-layout-list.blog-shortcode.blog-list-shortcode-id-35d602978441e3c9574c1d0c755f8ceb .gallery-zoom-ico {\n  margin: 0 0 10px;\n}\n.content-align-center.gradient-overlay-layout-list.blog-shortcode.blog-list-shortcode-id-35d602978441e3c9574c1d0c755f8ceb .gallery-zoom-ico,\n.content-align-center.content-rollover-layout-list.blog-shortcode.blog-list-shortcode-id-35d602978441e3c9574c1d0c755f8ceb .gallery-zoom-ico {\n  margin: 0 auto 10px;\n}\n.dt-icon-bg-on.blog-shortcode.blog-list-shortcode-id-35d602978441e3c9574c1d0c755f8ceb .gallery-zoom-ico {\n  background: rgba(255,255,255,0.3);\n  box-shadow: none;\n}\n.blog-shortcode.blog-list-shortcode-id-35d602978441e3c9574c1d0c755f8ceb .gallery-zoom-ico > span,\n.blog-shortcode.blog-list-shortcode-id-35d602978441e3c9574c1d0c755f8ceb .gallery-zoom-ico:before {\n  font-size: 32px;\n  line-height: 44px;\n}\n.blog-shortcode.blog-list-shortcode-id-35d602978441e3c9574c1d0c755f8ceb .gallery-zoom-ico > span,\n.blog-shortcode.blog-list-shortcode-id-35d602978441e3c9574c1d0c755f8ceb .gallery-zoom-ico:before {\n  color: #ffffff;\n}\n.blog-shortcode.blog-list-shortcode-id-35d602978441e3c9574c1d0c755f8ceb .fancy-date a {\n  background: #ffffff;\n  box-shadow: none;\n}\n.blog-shortcode.blog-list-shortcode-id-35d602978441e3c9574c1d0c755f8ceb .fancy-date a * {\n  color: #2d2d2d;\n}\n.blog-shortcode.blog-list-shortcode-id-35d602978441e3c9574c1d0c755f8ceb .entry-title,\n.blog-shortcode.blog-list-shortcode-id-35d602978441e3c9574c1d0c755f8ceb.owl-carousel .entry-title {\n  margin-bottom: 5px;\n  font-weight: bold;\n}\n.blog-shortcode.blog-list-shortcode-id-35d602978441e3c9574c1d0c755f8ceb .entry-meta {\n  margin-bottom: 15px;\n}\n.blog-shortcode.blog-list-shortcode-id-35d602978441e3c9574c1d0c755f8ceb .portfolio-categories {\n  margin-bottom: 15px;\n}\n.blog-shortcode.blog-list-shortcode-id-35d602978441e3c9574c1d0c755f8ceb .entry-excerpt {\n  margin-bottom: 5px;\n}\n.blog-shortcode.blog-list-shortcode-id-35d602978441e3c9574c1d0c755f8ceb:not(.centered-layout-list) .post-entry-content {\n  padding: 25px 30px 30px 30px;\n}\n.blog-shortcode.blog-list-shortcode-id-35d602978441e3c9574c1d0c755f8ceb:not(.centered-layout-list):not(.content-bg-on):not(.mode-list) .no-img .post-entry-content {\n  padding: 0;\n}\n@media screen and (max-width: 768px) {\n  .blog-shortcode.blog-list-shortcode-id-35d602978441e3c9574c1d0c755f8ceb article {\n    -ms-flex-flow: column nowrap;\n    flex-flow: column nowrap;\n    margin-top: 20px;\n  }\n  .blog-shortcode.blog-list-shortcode-id-35d602978441e3c9574c1d0c755f8ceb.dividers-on article {\n    border: none;\n  }\n  .blog-shortcode.blog-list-shortcode-id-35d602978441e3c9574c1d0c755f8ceb.content-bg-on.centered-layout-list article {\n    padding: 0;\n  }\n  .blog-shortcode.blog-list-shortcode-id-35d602978441e3c9574c1d0c755f8ceb.blog-shortcode.dividers-on article,\n  .blog-shortcode.blog-list-shortcode-id-35d602978441e3c9574c1d0c755f8ceb.dividers-on.classic-layout-list article {\n    margin-top: 20px;\n    padding: 0;\n  }\n  .blog-shortcode.blog-list-shortcode-id-35d602978441e3c9574c1d0c755f8ceb.blog-shortcode.dividers-on article:first-of-type,\n  .blog-shortcode.blog-list-shortcode-id-35d602978441e3c9574c1d0c755f8ceb.dividers-on.classic-layout-list article:first-of-type {\n    padding: 0;\n  }\n  #page .blog-shortcode.blog-list-shortcode-id-35d602978441e3c9574c1d0c755f8ceb .post-thumbnail-wrap,\n  #page .blog-shortcode.blog-list-shortcode-id-35d602978441e3c9574c1d0c755f8ceb .post-entry-content {\n    width: 100%;\n    margin: 0;\n    top: 0;\n  }\n  #page .blog-shortcode.blog-list-shortcode-id-35d602978441e3c9574c1d0c755f8ceb .post-thumbnail-wrap {\n    padding: 0;\n  }\n  #page .blog-shortcode.blog-list-shortcode-id-35d602978441e3c9574c1d0c755f8ceb .post-entry-content:after {\n    display: none;\n  }\n  #page .blog-shortcode.blog-list-shortcode-id-35d602978441e3c9574c1d0c755f8ceb .project-even .post-thumbnail-wrap,\n  #page .blog-shortcode.blog-list-shortcode-id-35d602978441e3c9574c1d0c755f8ceb.centered-layout-list .post-thumbnail-wrap {\n    -ms-flex-order: 0;\n    order: 0;\n  }\n  #page .blog-shortcode.blog-list-shortcode-id-35d602978441e3c9574c1d0c755f8ceb.centered-layout-list .post-entry-title-content {\n    -ms-flex-order: 1;\n    order: 1;\n    width: 100%;\n    padding: 20px 20px 0;\n  }\n  #page .blog-shortcode.blog-list-shortcode-id-35d602978441e3c9574c1d0c755f8ceb.centered-layout-list .post-entry-content {\n    -ms-flex-order: 2;\n    order: 2;\n    padding-top: 0;\n  }\n  #page .blog-shortcode.blog-list-shortcode-id-35d602978441e3c9574c1d0c755f8ceb .fancy-categories {\n    top: 10px;\n    left: 10px;\n    bottom: auto;\n    right: auto;\n  }\n  #page .blog-shortcode.blog-list-shortcode-id-35d602978441e3c9574c1d0c755f8ceb .fancy-date a {\n    top: 10px;\n    right: 10px;\n    left: auto;\n    bottom: auto;\n  }\n  #page .blog-shortcode.blog-list-shortcode-id-35d602978441e3c9574c1d0c755f8ceb .post-entry-content {\n    padding: 20px;\n  }\n  #page .blog-shortcode.blog-list-shortcode-id-35d602978441e3c9574c1d0c755f8ceb .entry-title {\n    margin: 3px 0 5px;\n    font-size: 20px;\n    line-height: 26px;\n  }\n  #page .blog-shortcode.blog-list-shortcode-id-35d602978441e3c9574c1d0c755f8ceb .entry-meta {\n    margin: 5px 0 5px;\n  }\n  #page .blog-shortcode.blog-list-shortcode-id-35d602978441e3c9574c1d0c755f8ceb .entry-excerpt {\n    margin: 15px 0 0;\n  }\n  #page .blog-shortcode.blog-list-shortcode-id-35d602978441e3c9574c1d0c755f8ceb .post-details {\n    margin: 5px 0 10px;\n  }\n  #page .blog-shortcode.blog-list-shortcode-id-35d602978441e3c9574c1d0c755f8ceb .post-details.details-type-link {\n    margin-bottom: 2px;\n  }\n}\n<\/style><div class=\"articles-list blog-shortcode mode-list blog-list-shortcode-id-35d602978441e3c9574c1d0c755f8ceb classic-layout-list content-bg-on jquery-filter scale-img dt-icon-bg-off loading-effect-fade-in\" data-cur-page=\"1\" data-post-limit=\"-1\" data-pagination-mode=\"none\"><article class=\"post project-odd visible post-16175 type-post status-publish format-standard has-post-thumbnail hentry category-drmusahub category-eylul-23 category-soylesi category-148 category-243 category-166 description-off\" data-name=\"PROF. DR. HASAN ONAT \u0130LE MUAREFE VE \u201c\u00dcSTAD BED\u0130\u00dcZZAMAN\u201d \u00dcZER\u0130NE S\u00d6YLE\u015e\u0130 TADINDA MUS\u00c2HABE\" data-date=\"2023-09-16T21:30:40+03:00\">\n\n<div class=\"post-thumbnail-wrap\">\n\t<div class=\"post-thumbnail\">\n\n\t\t\n\t\t\n\t\t<a href=\"https:\/\/korpekalemler.net\/index.php\/2023\/09\/16\/prof-dr-hasan-onat-ile-muarefe-ve-ustad-bediuzaman-uzerine-soylesi-tadinda-musahabe\/\" class=\"post-thumbnail-rollover layzr-bg layzr-bg\" ><img loading=\"lazy\" decoding=\"async\" class=\"blog-thumb-lazy-load preload-me lazy-load\" src=\"data:image\/svg+xml,%3Csvg%20xmlns%3D&#39;http%3A%2F%2Fwww.w3.org%2F2000%2Fsvg&#39;%20viewBox%3D&#39;0%200%20666%20444&#39;%2F%3E\" data-src=\"https:\/\/korpekalemler.net\/wp-content\/uploads\/2023\/09\/Screenshot_20230916_210703_Word-666x444.jpg\" data-srcset=\"https:\/\/korpekalemler.net\/wp-content\/uploads\/2023\/09\/Screenshot_20230916_210703_Word-666x444.jpg 666w\" alt=\"\" title=\"Screenshot_20230916_210703_Word\" width=\"666\" height=\"444\"  \/><\/a>\n\t<\/div>\n<\/div>\n\n\n<div class=\"post-entry-content\">\n\n\t<h3 class=\"entry-title\">\n\t\t<a href=\"https:\/\/korpekalemler.net\/index.php\/2023\/09\/16\/prof-dr-hasan-onat-ile-muarefe-ve-ustad-bediuzaman-uzerine-soylesi-tadinda-musahabe\/\" title=\"PROF. DR. HASAN ONAT \u0130LE MUAREFE VE \u201c\u00dcSTAD BED\u0130\u00dcZZAMAN\u201d \u00dcZER\u0130NE S\u00d6YLE\u015e\u0130 TADINDA MUS\u00c2HABE\" rel=\"bookmark\">PROF. DR. HASAN ONAT \u0130LE MUAREFE VE \u201c\u00dcSTAD BED\u0130\u00dcZZAMAN\u201d \u00dcZER\u0130NE S\u00d6YLE\u015e\u0130 TADINDA MUS\u00c2HABE<\/a>\n\t<\/h3>\n\n\t<div class=\"entry-meta\"><span class=\"category-link\"><a href=\"https:\/\/korpekalemler.net\/index.php\/category\/drmusahub\/\" >Dr. Musa H\u00fbb<\/a>, <a href=\"https:\/\/korpekalemler.net\/index.php\/category\/eylul-23\/\" >Eyl\u00fcl '23<\/a>, <a href=\"https:\/\/korpekalemler.net\/index.php\/category\/soylesi\/\" >S\u00f6yle\u015fi<\/a><\/span><a class=\"author vcard\" href=\"https:\/\/korpekalemler.net\/index.php\/author\/korpekalemlerder\/\" title=\"View all posts by K\u00f6rpe Kalemler\" rel=\"author\">By <span class=\"fn\">K\u00f6rpe Kalemler<\/span><\/a><a href=\"https:\/\/korpekalemler.net\/index.php\/2023\/09\/16\/\" title=\"21:30\" class=\"data-link\" rel=\"bookmark\"><time class=\"entry-date updated\" datetime=\"2023-09-16T21:30:40+03:00\">16 Eyl\u00fcl 2023<\/time><\/a><a href=\"https:\/\/korpekalemler.net\/index.php\/2023\/09\/16\/prof-dr-hasan-onat-ile-muarefe-ve-ustad-bediuzaman-uzerine-soylesi-tadinda-musahabe\/#respond\" class=\"comment-link\" >Leave a comment<\/a><\/div>\n\t<div class=\"entry-excerpt\"><p>\u201cBaz\u0131 yollar vard\u0131r; g\u00f6ky\u00fcz\u00fcnde de devam etsin istersiniz. Baz\u0131 yollarda y\u00fcr\u00fcmek i\u00e7inizden gelmez. Bazen do\u011fay\u0131 insandan koruyabilmenin yolunun \u2018yol a\u00e7mamak\u2019 oldu\u011funu farkedersiniz. Yol, zannetti\u011fimizden daha m\u00fchim. En m\u00fchimi de s\u0131rat-\u0131 m\u00fcstak\u00eem (dosdo\u011fru yol). Yolunuz a\u00e7\u0131k olsun\u2026\u201d 5 Eyl\u00fcl 2020 Cumartesi g\u00fcn\u00fc twitter\u2019dan bu g\u00fczel s\u00f6zleri payla\u015fan k\u0131ymetli Prof. Dr. Hasan Onat Hoca, 3 hafta sonra,&hellip;<\/p>\n<\/div>\n\t\n<a href=\"https:\/\/korpekalemler.net\/index.php\/2023\/09\/16\/prof-dr-hasan-onat-ile-muarefe-ve-ustad-bediuzaman-uzerine-soylesi-tadinda-musahabe\/\" class=\"post-details details-type-link\" aria-label=\"Read more about PROF. DR. HASAN ONAT \u0130LE MUAREFE VE \u201c\u00dcSTAD BED\u0130\u00dcZZAMAN\u201d \u00dcZER\u0130NE S\u00d6YLE\u015e\u0130 TADINDA MUS\u00c2HABE\">Read more<i class=\"dt-icon-the7-arrow-03\" aria-hidden=\"true\"><\/i><\/a>\n\n<\/div><\/article><article class=\"post project-odd visible post-15504 type-post status-publish format-standard has-post-thumbnail hentry category-semaceyhan category-soylesi category-subat23 tag-soylesi tag-subat-23 category-152 category-166 category-121 description-off\" data-name=\"Said \u00d6zdemir A\u011fabeyi Yad-\u0131 Cemil\" data-date=\"2023-02-20T15:24:16+03:00\">\n\n<div class=\"post-thumbnail-wrap\">\n\t<div class=\"post-thumbnail\">\n\n\t\t\n\t\t\n\t\t<a href=\"https:\/\/korpekalemler.net\/index.php\/2023\/02\/20\/m2\/\" class=\"post-thumbnail-rollover layzr-bg layzr-bg\" ><img loading=\"lazy\" decoding=\"async\" class=\"blog-thumb-lazy-load preload-me lazy-load\" src=\"data:image\/svg+xml,%3Csvg%20xmlns%3D&#39;http%3A%2F%2Fwww.w3.org%2F2000%2Fsvg&#39;%20viewBox%3D&#39;0%200%20645%20430&#39;%2F%3E\" data-src=\"https:\/\/korpekalemler.net\/wp-content\/uploads\/2023\/02\/sozd-645x430.jpg\" data-srcset=\"https:\/\/korpekalemler.net\/wp-content\/uploads\/2023\/02\/sozd-645x430.jpg 645w\" alt=\"\"  width=\"645\" height=\"430\"  \/><\/a>\n\t<\/div>\n<\/div>\n\n\n<div class=\"post-entry-content\">\n\n\t<h3 class=\"entry-title\">\n\t\t<a href=\"https:\/\/korpekalemler.net\/index.php\/2023\/02\/20\/m2\/\" title=\"Said \u00d6zdemir A\u011fabeyi Yad-\u0131 Cemil\" rel=\"bookmark\">Said \u00d6zdemir A\u011fabeyi Yad-\u0131 Cemil<\/a>\n\t<\/h3>\n\n\t<div class=\"entry-meta\"><span class=\"category-link\"><a href=\"https:\/\/korpekalemler.net\/index.php\/category\/semaceyhan\/\" >Sema Ceyhan<\/a>, <a href=\"https:\/\/korpekalemler.net\/index.php\/category\/soylesi\/\" >S\u00f6yle\u015fi<\/a>, <a href=\"https:\/\/korpekalemler.net\/index.php\/category\/subat23\/\" >\u015eubat '23<\/a><\/span><a class=\"author vcard\" href=\"https:\/\/korpekalemler.net\/index.php\/author\/korpekalemlerder\/\" title=\"View all posts by K\u00f6rpe Kalemler\" rel=\"author\">By <span class=\"fn\">K\u00f6rpe Kalemler<\/span><\/a><a href=\"https:\/\/korpekalemler.net\/index.php\/2023\/02\/20\/\" title=\"15:24\" class=\"data-link\" rel=\"bookmark\"><time class=\"entry-date updated\" datetime=\"2023-02-20T15:24:16+03:00\">20 \u015eubat 2023<\/time><\/a><a href=\"https:\/\/korpekalemler.net\/index.php\/2023\/02\/20\/m2\/#respond\" class=\"comment-link\" >Leave a comment<\/a><\/div>\n\t<div class=\"entry-excerpt\"><p>\u00dcSTAD BED\u0130\u00dcZZAMAN\u2019IN VAR\u0130S VE R\u0130SALE-\u0130 NUR\u2019UN N\u00c2\u015e\u0130RLER\u0130NDEN SA\u0130D \u00d6ZDEM\u0130R A\u011eABEY\u0130 YAD-I CEM\u0130L Sema Ceyhan \u00dcstad Bedi\u00fczzaman Said Nurs\u00ee Hazretlerinin v\u00e2ris ve Risale-i Nur\u2019un n\u00e2\u015firlerinden merhum Said \u00d6zdemir A\u011fabeyi vefat y\u0131ld\u00f6n\u00fcm\u00fc m\u00fcnasebetiyle rahmetle an\u0131yoruz, ruhu \u015f\u00e2d, mek\u00e2m\u0131 cennet-i a\u2019l\u00e2 olsun. 1927 Tillo do\u011fumlu olan Said \u00d6zdemir A\u011fabey, Bedi\u00fczzaman Said Nursi\u2019nin \u00f6nemli talebelerinden biri olmas\u0131n\u0131n yan\u0131nda Cumhuriyet&hellip;<\/p>\n<\/div>\n\t\n<a href=\"https:\/\/korpekalemler.net\/index.php\/2023\/02\/20\/m2\/\" class=\"post-details details-type-link\" aria-label=\"Read more about Said \u00d6zdemir A\u011fabeyi Yad-\u0131 Cemil\">Read more<i class=\"dt-icon-the7-arrow-03\" aria-hidden=\"true\"><\/i><\/a>\n\n<\/div><\/article><article class=\"post project-odd visible post-1895 type-post status-publish format-standard has-post-thumbnail hentry category-drmusahub category-ocak23 category-soylesi tag-ocak2023 tag-soylesi category-148 category-123 category-166 description-off\" data-name=\"\u00dcstad Bedi\u00fczzaman Hazretleri\u2019nin Talebelerinden Hekimo\u011flu \u0130smail A\u011fabey \u0130le Nurlu Hat\u0131ralar\" data-date=\"2023-01-15T12:54:38+03:00\">\n\n<div class=\"post-thumbnail-wrap\">\n\t<div class=\"post-thumbnail\">\n\n\t\t\n\t\t\n\t\t<a href=\"https:\/\/korpekalemler.net\/index.php\/2023\/01\/15\/ustad-bediuzzaman-hazretlerinin-talebelerinden-hekimoglu-ismail-agabey-ile-nurlu-hatiralar-dr-musa-hub\/\" class=\"post-thumbnail-rollover layzr-bg layzr-bg\" ><img loading=\"lazy\" decoding=\"async\" class=\"blog-thumb-lazy-load preload-me lazy-load\" src=\"data:image\/svg+xml,%3Csvg%20xmlns%3D&#39;http%3A%2F%2Fwww.w3.org%2F2000%2Fsvg&#39;%20viewBox%3D&#39;0%200%20768%20512&#39;%2F%3E\" data-src=\"https:\/\/korpekalemler.net\/wp-content\/uploads\/2023\/01\/Screenshot_20230115-085521_Word-768x512.jpg\" data-srcset=\"https:\/\/korpekalemler.net\/wp-content\/uploads\/2023\/01\/Screenshot_20230115-085521_Word-768x512.jpg 768w, https:\/\/korpekalemler.net\/wp-content\/uploads\/2023\/01\/Screenshot_20230115-085521_Word-1306x870.jpg 1306w\" alt=\"\"  width=\"768\" height=\"512\"  \/><\/a>\n\t<\/div>\n<\/div>\n\n\n<div class=\"post-entry-content\">\n\n\t<h3 class=\"entry-title\">\n\t\t<a href=\"https:\/\/korpekalemler.net\/index.php\/2023\/01\/15\/ustad-bediuzzaman-hazretlerinin-talebelerinden-hekimoglu-ismail-agabey-ile-nurlu-hatiralar-dr-musa-hub\/\" title=\"\u00dcstad Bedi\u00fczzaman Hazretleri\u2019nin Talebelerinden Hekimo\u011flu \u0130smail A\u011fabey \u0130le Nurlu Hat\u0131ralar\" rel=\"bookmark\">\u00dcstad Bedi\u00fczzaman Hazretleri\u2019nin Talebelerinden Hekimo\u011flu \u0130smail A\u011fabey \u0130le Nurlu Hat\u0131ralar<\/a>\n\t<\/h3>\n\n\t<div class=\"entry-meta\"><span class=\"category-link\"><a href=\"https:\/\/korpekalemler.net\/index.php\/category\/drmusahub\/\" >Dr. Musa H\u00fbb<\/a>, <a href=\"https:\/\/korpekalemler.net\/index.php\/category\/ocak23\/\" >Ocak '23<\/a>, <a href=\"https:\/\/korpekalemler.net\/index.php\/category\/soylesi\/\" >S\u00f6yle\u015fi<\/a><\/span><a class=\"author vcard\" href=\"https:\/\/korpekalemler.net\/index.php\/author\/korpekalemlerder\/\" title=\"View all posts by K\u00f6rpe Kalemler\" rel=\"author\">By <span class=\"fn\">K\u00f6rpe Kalemler<\/span><\/a><a href=\"https:\/\/korpekalemler.net\/index.php\/2023\/01\/15\/\" title=\"12:54\" class=\"data-link\" rel=\"bookmark\"><time class=\"entry-date updated\" datetime=\"2023-01-15T12:54:38+03:00\">15 Ocak 2023<\/time><\/a><a href=\"https:\/\/korpekalemler.net\/index.php\/2023\/01\/15\/ustad-bediuzzaman-hazretlerinin-talebelerinden-hekimoglu-ismail-agabey-ile-nurlu-hatiralar-dr-musa-hub\/#comments\" class=\"comment-link\" >1 Comment<\/a><\/div>\n\t<div class=\"entry-excerpt\"><p>HEK\u0130MO\u011eLU \u0130SMA\u0130L\u2019\u0130 \u0130LK G\u00d6R\u00dc\u015e\u00dcM\/D\u0130NLEY\u0130\u015e\u0130M: 1988 \u00dcstad Bedi\u00fczzaman Said Nurs\u00ee Hazretleri\u2019ni (1878-1960) ilk defa Zonguldak \u0130HL\u2019de ortaokulu bitirdikten sonra geldi\u011fim Bursa \u0130mam Hatip Lisesi\u2019nde, Devlet Paras\u0131z Yat\u0131l\u0131 Yurdu\u2019nda kal\u0131rken gitmeye ba\u015flad\u0131\u011f\u0131m bir Nur Dersanesi\u2019nde, 1984 sonbahar\u0131nda tan\u0131d\u0131m, tan\u0131maya ba\u015flad\u0131m. Bedi\u00fczzaman\u2019\u0131n talebelerinden ilk tan\u0131d\u0131\u011f\u0131m \u015fahsiyet de merhum Hekimo\u011flu \u0130smail a\u011fabey (1932-2022) oldu, 1988 y\u0131l\u0131nda, lise son s\u0131n\u0131fta&hellip;<\/p>\n<\/div>\n\t\n<a href=\"https:\/\/korpekalemler.net\/index.php\/2023\/01\/15\/ustad-bediuzzaman-hazretlerinin-talebelerinden-hekimoglu-ismail-agabey-ile-nurlu-hatiralar-dr-musa-hub\/\" class=\"post-details details-type-link\" aria-label=\"Read more about \u00dcstad Bedi\u00fczzaman Hazretleri\u2019nin Talebelerinden Hekimo\u011flu \u0130smail A\u011fabey \u0130le Nurlu Hat\u0131ralar\">Read more<i class=\"dt-icon-the7-arrow-03\" aria-hidden=\"true\"><\/i><\/a>\n\n<\/div><\/article><article class=\"post project-odd visible post-1809 type-post status-publish format-standard has-post-thumbnail hentry category-aralik22 category-drmusahub category-soylesi tag-aralik2022 tag-soylesi category-122 category-148 category-166 description-off\" data-name=\"\u00dcstad Bedi\u00fczzaman\u2019\u0131n V\u00e2ris ve Vekil Talebelerinden MUSTAFA SUNGUR A\u011eABEY \u0130LE NURLU HATIRALAR\" data-date=\"2022-12-09T20:20:54+03:00\">\n\n<div class=\"post-thumbnail-wrap\">\n\t<div class=\"post-thumbnail\">\n\n\t\t\n\t\t\n\t\t<a href=\"https:\/\/korpekalemler.net\/index.php\/2022\/12\/09\/mustafa-sungur-agabey-ile-nurlu-hatiralar\/\" class=\"post-thumbnail-rollover layzr-bg layzr-bg\" ><img loading=\"lazy\" decoding=\"async\" class=\"blog-thumb-lazy-load preload-me lazy-load\" src=\"data:image\/svg+xml,%3Csvg%20xmlns%3D&#39;http%3A%2F%2Fwww.w3.org%2F2000%2Fsvg&#39;%20viewBox%3D&#39;0%200%20768%20512&#39;%2F%3E\" data-src=\"https:\/\/korpekalemler.net\/wp-content\/uploads\/2022\/12\/Screenshot_20221213-221747_Word-1-768x512.jpg\" data-srcset=\"https:\/\/korpekalemler.net\/wp-content\/uploads\/2022\/12\/Screenshot_20221213-221747_Word-1-768x512.jpg 768w, https:\/\/korpekalemler.net\/wp-content\/uploads\/2022\/12\/Screenshot_20221213-221747_Word-1-1306x870.jpg 1306w\" alt=\"\"  width=\"768\" height=\"512\"  \/><\/a>\n\t<\/div>\n<\/div>\n\n\n<div class=\"post-entry-content\">\n\n\t<h3 class=\"entry-title\">\n\t\t<a href=\"https:\/\/korpekalemler.net\/index.php\/2022\/12\/09\/mustafa-sungur-agabey-ile-nurlu-hatiralar\/\" title=\"\u00dcstad Bedi\u00fczzaman\u2019\u0131n V\u00e2ris ve Vekil Talebelerinden MUSTAFA SUNGUR A\u011eABEY \u0130LE NURLU HATIRALAR\" rel=\"bookmark\">\u00dcstad Bedi\u00fczzaman\u2019\u0131n V\u00e2ris ve Vekil Talebelerinden MUSTAFA SUNGUR A\u011eABEY \u0130LE NURLU HATIRALAR<\/a>\n\t<\/h3>\n\n\t<div class=\"entry-meta\"><span class=\"category-link\"><a href=\"https:\/\/korpekalemler.net\/index.php\/category\/aralik22\/\" >Aral\u0131k '22<\/a>, <a href=\"https:\/\/korpekalemler.net\/index.php\/category\/drmusahub\/\" >Dr. Musa H\u00fbb<\/a>, <a href=\"https:\/\/korpekalemler.net\/index.php\/category\/soylesi\/\" >S\u00f6yle\u015fi<\/a><\/span><a class=\"author vcard\" href=\"https:\/\/korpekalemler.net\/index.php\/author\/korpekalemlerder\/\" title=\"View all posts by K\u00f6rpe Kalemler\" rel=\"author\">By <span class=\"fn\">K\u00f6rpe Kalemler<\/span><\/a><a href=\"https:\/\/korpekalemler.net\/index.php\/2022\/12\/09\/\" title=\"20:20\" class=\"data-link\" rel=\"bookmark\"><time class=\"entry-date updated\" datetime=\"2022-12-09T20:20:54+03:00\">9 Aral\u0131k 2022<\/time><\/a><a href=\"https:\/\/korpekalemler.net\/index.php\/2022\/12\/09\/mustafa-sungur-agabey-ile-nurlu-hatiralar\/#respond\" class=\"comment-link\" >Leave a comment<\/a><\/div>\n\t<div class=\"entry-excerpt\"><p>FENA F\u0130\u2019N NUR \u2018MUSTAFA SUNGUR\u2019 \u0130SM\u0130N\u0130 \u0130LK DUYU\u015eUM \u00dcstad Bedi\u00fczzaman Said Nurs\u00ee Hazretleri\u2019nin (1878-1960) en yak\u0131n talebelerinden, yan\u0131ndaki hizmetk\u00e2rlar\u0131ndan, n\u00fcf\u00fbsuna ald\u0131\u011f\u0131 manev\u00ee evladlar\u0131ndan, hayat\u0131ndaki vekillerinden ve vefat\u0131 sonras\u0131 v\u00e2rislerinden birisi de Kastamonu Eflani\u2019nin \u00c7al\u0131\u015flar K\u00f6y\u00fcnden Mustafa Sungur (1929-2012) a\u011fabeydir. Memleketim olan Safranbolu\u2019nun eskiden bir buca\u011f\u0131 olan Eflani 40 km yak\u0131n bulunmas\u0131 sebebiyle M. Sungur a\u011fabeyi&hellip;<\/p>\n<\/div>\n\t\n<a href=\"https:\/\/korpekalemler.net\/index.php\/2022\/12\/09\/mustafa-sungur-agabey-ile-nurlu-hatiralar\/\" class=\"post-details details-type-link\" aria-label=\"Read more about \u00dcstad Bedi\u00fczzaman\u2019\u0131n V\u00e2ris ve Vekil Talebelerinden MUSTAFA SUNGUR A\u011eABEY \u0130LE NURLU HATIRALAR\">Read more<i class=\"dt-icon-the7-arrow-03\" aria-hidden=\"true\"><\/i><\/a>\n\n<\/div><\/article><article class=\"post project-odd visible post-1730 type-post status-publish format-standard has-post-thumbnail hentry category-drmusahub category-kasim22 category-soylesi tag-kasim2022 tag-soylesi category-148 category-120 category-166 description-off\" data-name=\"\u00c7o\u011fulu Bayram Y\u00fcksel A\u011fabey ile Nurlu Hat\u0131ralar\" data-date=\"2022-11-21T21:51:56+03:00\">\n\n<div class=\"post-thumbnail-wrap\">\n\t<div class=\"post-thumbnail\">\n\n\t\t\n\t\t\n\t\t<a href=\"https:\/\/korpekalemler.net\/index.php\/2022\/11\/21\/cogulu-bayram-yuksel-agabey-ile-nurlu-hatiralar\/\" class=\"post-thumbnail-rollover layzr-bg layzr-bg\" ><img loading=\"lazy\" decoding=\"async\" class=\"blog-thumb-lazy-load preload-me lazy-load\" src=\"data:image\/svg+xml,%3Csvg%20xmlns%3D&#39;http%3A%2F%2Fwww.w3.org%2F2000%2Fsvg&#39;%20viewBox%3D&#39;0%200%20768%20512&#39;%2F%3E\" data-src=\"https:\/\/korpekalemler.net\/wp-content\/uploads\/2022\/11\/Screenshot_20221121-214026_Word-768x512.jpg\" data-srcset=\"https:\/\/korpekalemler.net\/wp-content\/uploads\/2022\/11\/Screenshot_20221121-214026_Word-768x512.jpg 768w, https:\/\/korpekalemler.net\/wp-content\/uploads\/2022\/11\/Screenshot_20221121-214026_Word-1158x772.jpg 1158w\" alt=\"\"  width=\"768\" height=\"512\"  \/><\/a>\n\t<\/div>\n<\/div>\n\n\n<div class=\"post-entry-content\">\n\n\t<h3 class=\"entry-title\">\n\t\t<a href=\"https:\/\/korpekalemler.net\/index.php\/2022\/11\/21\/cogulu-bayram-yuksel-agabey-ile-nurlu-hatiralar\/\" title=\"\u00c7o\u011fulu Bayram Y\u00fcksel A\u011fabey ile Nurlu Hat\u0131ralar\" rel=\"bookmark\">\u00c7o\u011fulu Bayram Y\u00fcksel A\u011fabey ile Nurlu Hat\u0131ralar<\/a>\n\t<\/h3>\n\n\t<div class=\"entry-meta\"><span class=\"category-link\"><a href=\"https:\/\/korpekalemler.net\/index.php\/category\/drmusahub\/\" >Dr. Musa H\u00fbb<\/a>, <a href=\"https:\/\/korpekalemler.net\/index.php\/category\/kasim22\/\" >Kas\u0131m '22<\/a>, <a href=\"https:\/\/korpekalemler.net\/index.php\/category\/soylesi\/\" >S\u00f6yle\u015fi<\/a><\/span><a class=\"author vcard\" href=\"https:\/\/korpekalemler.net\/index.php\/author\/korpekalemlerder\/\" title=\"View all posts by K\u00f6rpe Kalemler\" rel=\"author\">By <span class=\"fn\">K\u00f6rpe Kalemler<\/span><\/a><a href=\"https:\/\/korpekalemler.net\/index.php\/2022\/11\/21\/\" title=\"21:51\" class=\"data-link\" rel=\"bookmark\"><time class=\"entry-date updated\" datetime=\"2022-11-21T21:51:56+03:00\">21 Kas\u0131m 2022<\/time><\/a><a href=\"https:\/\/korpekalemler.net\/index.php\/2022\/11\/21\/cogulu-bayram-yuksel-agabey-ile-nurlu-hatiralar\/#comments\" class=\"comment-link\" >1 Comment<\/a><\/div>\n\t<div class=\"entry-excerpt\"><p>\u00dcstad Bedi\u00fczzaman\u2019\u0131n Vekillerinden\/V\u00e2rislerinden\u00c7O\u011eULU BAYRAM Y\u00dcKSEL A\u011eABEY \u0130LE NURLU HATIRALAR Dr. Musa H\u00fbb BAYRAM Y\u00dcKSEL A\u011eABEY K\u0130MD\u0130R?Babas\u0131 Ali Efendi\u2019den olma, annesi G\u00fcll\u00fc Han\u0131m\u2019dan dogma olan \u00c7o\u011fulu Bayram Y\u00fcksel a\u011fabey (1931-1997)\u00b9 , \u00dcstad Bedi\u00fczzaman Said Nurs\u00ee Hazretleri\u2019nin (1878-1960) y\u0131llarca yan\u0131nda bulunan husus\u00ee hizmetk\u00e2rlar\u0131ndan, manev\u00ee evlatlar\u0131ndan, en yak\u0131n v\u00e2ris talebelerinden ve mutlak vekillerinden biri idi. 1993\u2019te 23 ya\u015f\u0131mdayken&hellip;<\/p>\n<\/div>\n\t\n<a href=\"https:\/\/korpekalemler.net\/index.php\/2022\/11\/21\/cogulu-bayram-yuksel-agabey-ile-nurlu-hatiralar\/\" class=\"post-details details-type-link\" aria-label=\"Read more about \u00c7o\u011fulu Bayram Y\u00fcksel A\u011fabey ile Nurlu Hat\u0131ralar\">Read more<i class=\"dt-icon-the7-arrow-03\" aria-hidden=\"true\"><\/i><\/a>\n\n<\/div><\/article><article class=\"post project-odd visible post-402 type-post status-publish format-standard has-post-thumbnail hentry category-editor category-ekim22 category-soylesi tag-ekim2022 tag-soylesi category-255 category-125 category-166 description-off\" data-name=\"Mini \u0130&#8217;l\u00e2m ve Minik Davetiye&#8230;\" data-date=\"2022-10-15T17:23:13+03:00\">\n\n<div class=\"post-thumbnail-wrap\">\n\t<div class=\"post-thumbnail\">\n\n\t\t\n\t\t\n\t\t<a href=\"https:\/\/korpekalemler.net\/index.php\/2022\/10\/15\/mini-ilam-ve-minik-davetiye\/\" class=\"post-thumbnail-rollover layzr-bg layzr-bg\" ><img loading=\"lazy\" decoding=\"async\" class=\"blog-thumb-lazy-load preload-me lazy-load\" src=\"data:image\/svg+xml,%3Csvg%20xmlns%3D&#39;http%3A%2F%2Fwww.w3.org%2F2000%2Fsvg&#39;%20viewBox%3D&#39;0%200%20248%20165&#39;%2F%3E\" data-src=\"https:\/\/korpekalemler.net\/wp-content\/uploads\/2022\/08\/cropped-20220721_171918-3-248x165.png\" data-srcset=\"https:\/\/korpekalemler.net\/wp-content\/uploads\/2022\/08\/cropped-20220721_171918-3-248x165.png 248w\" alt=\"\"  width=\"248\" height=\"165\"  \/><\/a>\n\t<\/div>\n<\/div>\n\n\n<div class=\"post-entry-content\">\n\n\t<h3 class=\"entry-title\">\n\t\t<a href=\"https:\/\/korpekalemler.net\/index.php\/2022\/10\/15\/mini-ilam-ve-minik-davetiye\/\" title=\"Mini \u0130&#8217;l\u00e2m ve Minik Davetiye&#8230;\" rel=\"bookmark\">Mini \u0130&#8217;l\u00e2m ve Minik Davetiye&#8230;<\/a>\n\t<\/h3>\n\n\t<div class=\"entry-meta\"><span class=\"category-link\"><a href=\"https:\/\/korpekalemler.net\/index.php\/category\/editor\/\" >Edit\u00f6r<\/a>, <a href=\"https:\/\/korpekalemler.net\/index.php\/category\/ekim22\/\" >Ekim '22<\/a>, <a href=\"https:\/\/korpekalemler.net\/index.php\/category\/soylesi\/\" >S\u00f6yle\u015fi<\/a><\/span><a class=\"author vcard\" href=\"https:\/\/korpekalemler.net\/index.php\/author\/korpekalemlerder\/\" title=\"View all posts by K\u00f6rpe Kalemler\" rel=\"author\">By <span class=\"fn\">K\u00f6rpe Kalemler<\/span><\/a><a href=\"https:\/\/korpekalemler.net\/index.php\/2022\/10\/15\/\" title=\"17:23\" class=\"data-link\" rel=\"bookmark\"><time class=\"entry-date updated\" datetime=\"2022-10-15T17:23:13+03:00\">15 Ekim 2022<\/time><\/a><a href=\"https:\/\/korpekalemler.net\/index.php\/2022\/10\/15\/mini-ilam-ve-minik-davetiye\/#respond\" class=\"comment-link\" >Leave a comment<\/a><\/div>\n\t<div class=\"entry-excerpt\"><p>M\u0130N\u0130 \u0130\u2019L\u00c2M VE M\u0130N\u0130K DAVET\u0130YE Dergimizin konumuyla alakal\u0131 minik bir i\u2019lamda bulunmak istiyoruz: K\u00f6rpe Kalemler, bir internet dergisi. Bunun pek\u00e7ok avantaj\u0131n\u0131n oldu\u011fu muhakkak. Her\u015feyden \u00f6nce masraf\u0131 \u00e7ok d\u00fc\u015f\u00fck, daha az me\u015fgul ediyor, daha \u00e7ok insana hitap edebiliyor. Sonra, her bir say\u0131 i\u00e7in yer\/sayfa s\u0131k\u0131nt\u0131s\u0131 olmuyor, yazar s\u0131n\u0131rlamas\u0131 ve yaz\u0131lar\u0131n uzunluk meselesi olmuyor, ve dahi dileyen&hellip;<\/p>\n<\/div>\n\t\n<a href=\"https:\/\/korpekalemler.net\/index.php\/2022\/10\/15\/mini-ilam-ve-minik-davetiye\/\" class=\"post-details details-type-link\" aria-label=\"Read more about Mini \u0130&#8217;l\u00e2m ve Minik Davetiye&#8230;\">Read more<i class=\"dt-icon-the7-arrow-03\" aria-hidden=\"true\"><\/i><\/a>\n\n<\/div><\/article><article class=\"post project-odd visible post-400 type-post status-publish format-standard has-post-thumbnail hentry category-editor category-ekim22 category-soylesi tag-ekim2022 tag-soylesi category-255 category-125 category-166 description-off\" data-name=\"K\u00f6rpe Kalemler&#8217;e \u0130lk \u0130mza&#8230;\" data-date=\"2022-10-15T16:59:34+03:00\">\n\n<div class=\"post-thumbnail-wrap\">\n\t<div class=\"post-thumbnail\">\n\n\t\t\n\t\t\n\t\t<a href=\"https:\/\/korpekalemler.net\/index.php\/2022\/10\/15\/korpe-kalemlere-ilk-imza\/\" class=\"post-thumbnail-rollover layzr-bg layzr-bg\" ><img loading=\"lazy\" decoding=\"async\" class=\"blog-thumb-lazy-load preload-me lazy-load\" src=\"data:image\/svg+xml,%3Csvg%20xmlns%3D&#39;http%3A%2F%2Fwww.w3.org%2F2000%2Fsvg&#39;%20viewBox%3D&#39;0%200%20768%20512&#39;%2F%3E\" data-src=\"https:\/\/korpekalemler.net\/wp-content\/uploads\/2022\/10\/pexels-media-39899-1665841480659-768x512.jpeg\" data-srcset=\"https:\/\/korpekalemler.net\/wp-content\/uploads\/2022\/10\/pexels-media-39899-1665841480659-768x512.jpeg 768w, https:\/\/korpekalemler.net\/wp-content\/uploads\/2022\/10\/pexels-media-39899-1665841480659-1306x870.jpeg 1306w\" alt=\"\"  width=\"768\" height=\"512\"  \/><\/a>\n\t<\/div>\n<\/div>\n\n\n<div class=\"post-entry-content\">\n\n\t<h3 class=\"entry-title\">\n\t\t<a href=\"https:\/\/korpekalemler.net\/index.php\/2022\/10\/15\/korpe-kalemlere-ilk-imza\/\" title=\"K\u00f6rpe Kalemler&#8217;e \u0130lk \u0130mza&#8230;\" rel=\"bookmark\">K\u00f6rpe Kalemler&#8217;e \u0130lk \u0130mza&#8230;<\/a>\n\t<\/h3>\n\n\t<div class=\"entry-meta\"><span class=\"category-link\"><a href=\"https:\/\/korpekalemler.net\/index.php\/category\/editor\/\" >Edit\u00f6r<\/a>, <a href=\"https:\/\/korpekalemler.net\/index.php\/category\/ekim22\/\" >Ekim '22<\/a>, <a href=\"https:\/\/korpekalemler.net\/index.php\/category\/soylesi\/\" >S\u00f6yle\u015fi<\/a><\/span><a class=\"author vcard\" href=\"https:\/\/korpekalemler.net\/index.php\/author\/korpekalemlerder\/\" title=\"View all posts by K\u00f6rpe Kalemler\" rel=\"author\">By <span class=\"fn\">K\u00f6rpe Kalemler<\/span><\/a><a href=\"https:\/\/korpekalemler.net\/index.php\/2022\/10\/15\/\" title=\"16:59\" class=\"data-link\" rel=\"bookmark\"><time class=\"entry-date updated\" datetime=\"2022-10-15T16:59:34+03:00\">15 Ekim 2022<\/time><\/a><a href=\"https:\/\/korpekalemler.net\/index.php\/2022\/10\/15\/korpe-kalemlere-ilk-imza\/#respond\" class=\"comment-link\" >Leave a comment<\/a><\/div>\n\t<div class=\"entry-excerpt\"><p>K\u00d6RPE KALEMLER\u2019E \u0130LK \u0130MZA Edit\u00f6r&#8217;den \u201cN\u00fbn\u2026 Andolsun kaleme ve sat\u0131r sat\u0131r yazd\u0131klar\u0131na.Rabbinin nimetiyledir ki, sen bir mecnun de\u011filsin.\u201d Bir \u0130lk\u2019e \u0130mza Atarken\u2026 Bu g\u00f6kkubbe alt\u0131nda hi\u00e7bir \u015fey ilk de\u011fildir. Ama K\u00f6rpe Kalemler, bizim ilk\u2019imiz. Ne mutlu ki Rabbimizin nimetiyle hi\u00e7 birimiz mecnun de\u011filiz, o y\u00fczdendir ki \u015f\u00fck\u00fcr, kalemi veren ve ona sat\u0131r sat\u0131r yazd\u0131ran hikmetli&hellip;<\/p>\n<\/div>\n\t\n<a href=\"https:\/\/korpekalemler.net\/index.php\/2022\/10\/15\/korpe-kalemlere-ilk-imza\/\" class=\"post-details details-type-link\" aria-label=\"Read more about K\u00f6rpe Kalemler&#8217;e \u0130lk \u0130mza&#8230;\">Read more<i class=\"dt-icon-the7-arrow-03\" aria-hidden=\"true\"><\/i><\/a>\n\n<\/div><\/article><article class=\"post project-odd visible post-150 type-post status-publish format-standard has-post-thumbnail hentry category-ekim22 category-soylesi tag-ekim2022 tag-soylesi category-125 category-166 description-off\" data-name=\"Edit\u00f6r&#8217;den: K\u00f6rpe Kalemler&#8217;in Hik\u00e2yesi\" data-date=\"2022-10-14T19:42:11+03:00\">\n\n<div class=\"post-thumbnail-wrap\">\n\t<div class=\"post-thumbnail\">\n\n\t\t\n\t\t\n\t\t<a href=\"https:\/\/korpekalemler.net\/index.php\/2022\/10\/14\/editorden\/\" class=\"post-thumbnail-rollover layzr-bg layzr-bg\" ><img loading=\"lazy\" decoding=\"async\" class=\"blog-thumb-lazy-load preload-me lazy-load\" src=\"data:image\/svg+xml,%3Csvg%20xmlns%3D&#39;http%3A%2F%2Fwww.w3.org%2F2000%2Fsvg&#39;%20viewBox%3D&#39;0%200%20768%20512&#39;%2F%3E\" data-src=\"https:\/\/korpekalemler.net\/wp-content\/uploads\/2022\/10\/pexels-media-56866-1665775968319-768x512.jpeg\" data-srcset=\"https:\/\/korpekalemler.net\/wp-content\/uploads\/2022\/10\/pexels-media-56866-1665775968319-768x512.jpeg 768w, https:\/\/korpekalemler.net\/wp-content\/uploads\/2022\/10\/pexels-media-56866-1665775968319-1306x870.jpeg 1306w\" alt=\"\"  width=\"768\" height=\"512\"  \/><\/a>\n\t<\/div>\n<\/div>\n\n\n<div class=\"post-entry-content\">\n\n\t<h3 class=\"entry-title\">\n\t\t<a href=\"https:\/\/korpekalemler.net\/index.php\/2022\/10\/14\/editorden\/\" title=\"Edit\u00f6r&#8217;den: K\u00f6rpe Kalemler&#8217;in Hik\u00e2yesi\" rel=\"bookmark\">Edit\u00f6r&#8217;den: K\u00f6rpe Kalemler&#8217;in Hik\u00e2yesi<\/a>\n\t<\/h3>\n\n\t<div class=\"entry-meta\"><span class=\"category-link\"><a href=\"https:\/\/korpekalemler.net\/index.php\/category\/ekim22\/\" >Ekim '22<\/a>, <a href=\"https:\/\/korpekalemler.net\/index.php\/category\/soylesi\/\" >S\u00f6yle\u015fi<\/a><\/span><a class=\"author vcard\" href=\"https:\/\/korpekalemler.net\/index.php\/author\/korpekalemlerder\/\" title=\"View all posts by K\u00f6rpe Kalemler\" rel=\"author\">By <span class=\"fn\">K\u00f6rpe Kalemler<\/span><\/a><a href=\"https:\/\/korpekalemler.net\/index.php\/2022\/10\/14\/\" title=\"19:42\" class=\"data-link\" rel=\"bookmark\"><time class=\"entry-date updated\" datetime=\"2022-10-14T19:42:11+03:00\">14 Ekim 2022<\/time><\/a><a href=\"https:\/\/korpekalemler.net\/index.php\/2022\/10\/14\/editorden\/#respond\" class=\"comment-link\" >Leave a comment<\/a><\/div>\n\t<div class=\"entry-excerpt\"><p>YEN\u0130DEN MERHABA! NEREDE KALMI\u015eTIK Birka\u00e7 y\u0131ll\u0131k zaman aral\u0131\u011f\u0131ndan sonra yeniden yay\u0131n hayat\u0131na merhaba diyor, kald\u0131\u011f\u0131m\u0131z yerden yolumuza devam ediyoruz. \u0130lk defa Yu\u015fa Irmak\u2019\u0131n yay\u0131n y\u00f6netmenli\u011finde Temmuz 2006 y\u0131l\u0131nda okuyucular\u0131n\u0131n kar\u015f\u0131s\u0131na \u00e7\u0131kan K\u00f6rpe Kalemler Dergisi, 10 sene yay\u0131n hayat\u0131ndan sonra, d\u00f6nemin fitnelerinde hakikatten yana taraf olmak ve kalabilmek i\u00e7in kendi karar\u0131yla 2016 May\u0131s\u2019\u0131nda 100. say\u0131s\u0131 ile&hellip;<\/p>\n<\/div>\n\t\n<a href=\"https:\/\/korpekalemler.net\/index.php\/2022\/10\/14\/editorden\/\" class=\"post-details details-type-link\" aria-label=\"Read more about Edit\u00f6r&#8217;den: K\u00f6rpe Kalemler&#8217;in Hik\u00e2yesi\">Read more<i class=\"dt-icon-the7-arrow-03\" aria-hidden=\"true\"><\/i><\/a>\n\n<\/div><\/article><article class=\"post project-odd visible post-323 type-post status-publish format-standard has-post-thumbnail hentry category-drmusahub category-ekim22 category-soylesi category-148 category-125 category-166 description-off\" data-name=\"Prof.Dr. \u0130brahim Canan \u0130le Nurlu Hat\u0131ralar\" data-date=\"2022-10-14T19:38:51+03:00\">\n\n<div class=\"post-thumbnail-wrap\">\n\t<div class=\"post-thumbnail\">\n\n\t\t\n\t\t\n\t\t<a href=\"https:\/\/korpekalemler.net\/index.php\/2022\/10\/14\/prof-dr-ibrahim-canan-ile-nurlu-hatiralar\/\" class=\"post-thumbnail-rollover layzr-bg layzr-bg\" ><img loading=\"lazy\" decoding=\"async\" class=\"blog-thumb-lazy-load preload-me lazy-load\" src=\"data:image\/svg+xml,%3Csvg%20xmlns%3D&#39;http%3A%2F%2Fwww.w3.org%2F2000%2Fsvg&#39;%20viewBox%3D&#39;0%200%20554%20369&#39;%2F%3E\" data-src=\"https:\/\/korpekalemler.net\/wp-content\/uploads\/2022\/10\/20221014_191510-554x369.jpg\" data-srcset=\"https:\/\/korpekalemler.net\/wp-content\/uploads\/2022\/10\/20221014_191510-554x369.jpg 554w\" alt=\"\"  width=\"554\" height=\"369\"  \/><\/a>\n\t<\/div>\n<\/div>\n\n\n<div class=\"post-entry-content\">\n\n\t<h3 class=\"entry-title\">\n\t\t<a href=\"https:\/\/korpekalemler.net\/index.php\/2022\/10\/14\/prof-dr-ibrahim-canan-ile-nurlu-hatiralar\/\" title=\"Prof.Dr. \u0130brahim Canan \u0130le Nurlu Hat\u0131ralar\" rel=\"bookmark\">Prof.Dr. \u0130brahim Canan \u0130le Nurlu Hat\u0131ralar<\/a>\n\t<\/h3>\n\n\t<div class=\"entry-meta\"><span class=\"category-link\"><a href=\"https:\/\/korpekalemler.net\/index.php\/category\/drmusahub\/\" >Dr. Musa H\u00fbb<\/a>, <a href=\"https:\/\/korpekalemler.net\/index.php\/category\/ekim22\/\" >Ekim '22<\/a>, <a href=\"https:\/\/korpekalemler.net\/index.php\/category\/soylesi\/\" >S\u00f6yle\u015fi<\/a><\/span><a class=\"author vcard\" href=\"https:\/\/korpekalemler.net\/index.php\/author\/korpekalemlerder\/\" title=\"View all posts by K\u00f6rpe Kalemler\" rel=\"author\">By <span class=\"fn\">K\u00f6rpe Kalemler<\/span><\/a><a href=\"https:\/\/korpekalemler.net\/index.php\/2022\/10\/14\/\" title=\"19:38\" class=\"data-link\" rel=\"bookmark\"><time class=\"entry-date updated\" datetime=\"2022-10-14T19:38:51+03:00\">14 Ekim 2022<\/time><\/a><a href=\"https:\/\/korpekalemler.net\/index.php\/2022\/10\/14\/prof-dr-ibrahim-canan-ile-nurlu-hatiralar\/#respond\" class=\"comment-link\" >Leave a comment<\/a><\/div>\n\t<div class=\"entry-excerpt\"><p>\u00dcstad Bedi\u00fczzaman\u2019\u0131n TalebelerindenPROF.DR. \u0130BRAH\u0130M CANAN \u0130LE NURLU HATIRALAR\u201c\u0130kinci Z\u00fcbeyir \u201d Dr. Musa H\u00dbB \u0130nsan ya\u015fland\u0131k\u00e7a, hat\u0131ralar\u0131 haf\u0131zas\u0131nda silikle\u015fmeye ba\u015fl\u0131yor. \u201cAsla unutmam\u201d denilen nice \u00f6nemli hadiseler unutulabiliyor. O sebeple hayat\u0131mda \u00e7ok \u00f6zel yeri ve de\u011feri olan \u00dcstad\u0131m Bedi\u00fczzaman Said Nurs\u00ee Hazretleri\u2019nin (1878-1960) talebeleriyle olan Nurlu Hat\u0131ralar\u2019\u0131m\u0131 daha fazla geciktirmeden kaleme almaya karar verdim. Men\u00e2k\u0131b veya Tabak\u00e2t&hellip;<\/p>\n<\/div>\n\t\n<a href=\"https:\/\/korpekalemler.net\/index.php\/2022\/10\/14\/prof-dr-ibrahim-canan-ile-nurlu-hatiralar\/\" class=\"post-details details-type-link\" aria-label=\"Read more about Prof.Dr. \u0130brahim Canan \u0130le Nurlu Hat\u0131ralar\">Read more<i class=\"dt-icon-the7-arrow-03\" aria-hidden=\"true\"><\/i><\/a>\n\n<\/div><\/article><\/div>[\/vc_column][\/vc_row]<\/p>\n","protected":false},"excerpt":{"rendered":"<p>[vc_row][vc_column][\/vc_column][\/vc_row]<\/p>\n","protected":false},"author":1,"featured_media":0,"parent":0,"menu_order":0,"comment_status":"closed","ping_status":"closed","template":"","meta":{"saved_in_kubio":false,"_mi_skip_tracking":false,"_monsterinsights_sitenote_active":false,"_monsterinsights_sitenote_note":"","_monsterinsights_sitenote_category":0,"footnotes":""},"class_list":["post-15304","page","type-page","status-publish","hentry","description-off"],"aioseo_notices":[],"kubio_ai_page_context":{"short_desc":"","purpose":"general"},"jetpack_sharing_enabled":true,"_links":{"self":[{"href":"https:\/\/korpekalemler.net\/index.php\/wp-json\/wp\/v2\/pages\/15304"}],"collection":[{"href":"https:\/\/korpekalemler.net\/index.php\/wp-json\/wp\/v2\/pages"}],"about":[{"href":"https:\/\/korpekalemler.net\/index.php\/wp-json\/wp\/v2\/types\/page"}],"author":[{"embeddable":true,"href":"https:\/\/korpekalemler.net\/index.php\/wp-json\/wp\/v2\/users\/1"}],"replies":[{"embeddable":true,"href":"https:\/\/korpekalemler.net\/index.php\/wp-json\/wp\/v2\/comments?post=15304"}],"version-history":[{"count":2,"href":"https:\/\/korpekalemler.net\/index.php\/wp-json\/wp\/v2\/pages\/15304\/revisions"}],"predecessor-version":[{"id":15317,"href":"https:\/\/korpekalemler.net\/index.php\/wp-json\/wp\/v2\/pages\/15304\/revisions\/15317"}],"wp:attachment":[{"href":"https:\/\/korpekalemler.net\/index.php\/wp-json\/wp\/v2\/media?parent=15304"}],"curies":[{"name":"wp","href":"https:\/\/api.w.org\/{rel}","templated":true}]}}