{"id":15298,"date":"2023-02-17T00:02:04","date_gmt":"2023-02-16T21:02:04","guid":{"rendered":"https:\/\/korpekalemler.net\/?page_id=15298"},"modified":"2023-02-19T02:46:53","modified_gmt":"2023-02-18T23:46:53","slug":"ilim","status":"publish","type":"page","link":"https:\/\/korpekalemler.net\/index.php\/ilim\/","title":{"rendered":"\u0130lim"},"content":{"rendered":"<p>[vc_row][vc_column]<style type=\"text\/css\" data-type=\"the7_shortcodes-inline-css\">.blog-shortcode.blog-list-shortcode-id-2016fa21f15256e300a8817050bda75d.dividers-on.classic-layout-list article {\n  margin-top: 50px;\n  padding-top: 0;\n}\n.blog-shortcode.blog-list-shortcode-id-2016fa21f15256e300a8817050bda75d.dividers-on.classic-layout-list article:first-of-type {\n  margin-top: 0;\n  padding-top: 0;\n}\n.blog-shortcode.blog-list-shortcode-id-2016fa21f15256e300a8817050bda75d.classic-layout-list.mode-list .post-thumbnail-wrap {\n  width: 50%;\n}\n.blog-shortcode.blog-list-shortcode-id-2016fa21f15256e300a8817050bda75d.classic-layout-list.mode-list .post-entry-content {\n  width: calc(100% - 50%);\n}\n.blog-shortcode.blog-list-shortcode-id-2016fa21f15256e300a8817050bda75d.classic-layout-list.mode-list .no-img .post-entry-content {\n  width: 100%;\n}\n.blog-shortcode.blog-list-shortcode-id-2016fa21f15256e300a8817050bda75d .filter-bg-decoration .filter-categories a.act {\n  color: #fff;\n}\n.blog-shortcode.blog-list-shortcode-id-2016fa21f15256e300a8817050bda75d:not(.mode-masonry) article {\n  margin-top: 50px;\n}\n.blog-shortcode.blog-list-shortcode-id-2016fa21f15256e300a8817050bda75d:not(.mode-masonry) article:first-of-type,\n.blog-shortcode.blog-list-shortcode-id-2016fa21f15256e300a8817050bda75d:not(.mode-masonry) article.visible.first:not(.product) {\n  margin-top: 0;\n}\n.blog-shortcode.blog-list-shortcode-id-2016fa21f15256e300a8817050bda75d.dividers-on:not(.mode-masonry) article {\n  margin-top: 0;\n  padding-top: 50px;\n}\n.blog-shortcode.blog-list-shortcode-id-2016fa21f15256e300a8817050bda75d.dividers-on:not(.mode-masonry) article:first-of-type,\n.blog-shortcode.blog-list-shortcode-id-2016fa21f15256e300a8817050bda75d.dividers-on:not(.mode-masonry) article.visible.first:not(.product) {\n  margin-top: 0;\n  padding-top: 0;\n}\n.blog-shortcode.blog-list-shortcode-id-2016fa21f15256e300a8817050bda75d .post-thumbnail-wrap {\n  padding: 0px 0px 0px 0px;\n}\n.blog-shortcode.blog-list-shortcode-id-2016fa21f15256e300a8817050bda75d.enable-bg-rollover .post-thumbnail-rollover:after {\n  background: -webkit-linear-gradient();\n  background: linear-gradient();\n}\n.blog-shortcode.blog-list-shortcode-id-2016fa21f15256e300a8817050bda75d .gallery-zoom-ico {\n  width: 44px;\n  height: 44px;\n  line-height: 44px;\n  border-radius: 100px;\n  margin: -22px 0 0 -22px;\n  border-width: 0px;\n  color: #ffffff;\n}\n.bottom-overlap-layout-list.blog-shortcode.blog-list-shortcode-id-2016fa21f15256e300a8817050bda75d .gallery-zoom-ico {\n  margin-top: -22px;\n}\n.gradient-overlay-layout-list.blog-shortcode.blog-list-shortcode-id-2016fa21f15256e300a8817050bda75d .gallery-zoom-ico,\n.content-rollover-layout-list.blog-shortcode.blog-list-shortcode-id-2016fa21f15256e300a8817050bda75d .gallery-zoom-ico {\n  margin: 0 0 10px;\n}\n.content-align-center.gradient-overlay-layout-list.blog-shortcode.blog-list-shortcode-id-2016fa21f15256e300a8817050bda75d .gallery-zoom-ico,\n.content-align-center.content-rollover-layout-list.blog-shortcode.blog-list-shortcode-id-2016fa21f15256e300a8817050bda75d .gallery-zoom-ico {\n  margin: 0 auto 10px;\n}\n.dt-icon-bg-on.blog-shortcode.blog-list-shortcode-id-2016fa21f15256e300a8817050bda75d .gallery-zoom-ico {\n  background: rgba(255,255,255,0.3);\n  box-shadow: none;\n}\n.blog-shortcode.blog-list-shortcode-id-2016fa21f15256e300a8817050bda75d .gallery-zoom-ico > span,\n.blog-shortcode.blog-list-shortcode-id-2016fa21f15256e300a8817050bda75d .gallery-zoom-ico:before {\n  font-size: 32px;\n  line-height: 44px;\n}\n.blog-shortcode.blog-list-shortcode-id-2016fa21f15256e300a8817050bda75d .gallery-zoom-ico > span,\n.blog-shortcode.blog-list-shortcode-id-2016fa21f15256e300a8817050bda75d .gallery-zoom-ico:before {\n  color: #ffffff;\n}\n.blog-shortcode.blog-list-shortcode-id-2016fa21f15256e300a8817050bda75d .fancy-date a {\n  background: #ffffff;\n  box-shadow: none;\n}\n.blog-shortcode.blog-list-shortcode-id-2016fa21f15256e300a8817050bda75d .fancy-date a * {\n  color: #2d2d2d;\n}\n.blog-shortcode.blog-list-shortcode-id-2016fa21f15256e300a8817050bda75d .entry-title,\n.blog-shortcode.blog-list-shortcode-id-2016fa21f15256e300a8817050bda75d.owl-carousel .entry-title {\n  margin-bottom: 5px;\n  font-weight: bold;\n}\n.blog-shortcode.blog-list-shortcode-id-2016fa21f15256e300a8817050bda75d .entry-meta {\n  margin-bottom: 15px;\n}\n.blog-shortcode.blog-list-shortcode-id-2016fa21f15256e300a8817050bda75d .portfolio-categories {\n  margin-bottom: 15px;\n}\n.blog-shortcode.blog-list-shortcode-id-2016fa21f15256e300a8817050bda75d .entry-excerpt {\n  margin-bottom: 5px;\n}\n.blog-shortcode.blog-list-shortcode-id-2016fa21f15256e300a8817050bda75d:not(.centered-layout-list) .post-entry-content {\n  padding: 25px 30px 30px 30px;\n}\n.blog-shortcode.blog-list-shortcode-id-2016fa21f15256e300a8817050bda75d:not(.centered-layout-list):not(.content-bg-on):not(.mode-list) .no-img .post-entry-content {\n  padding: 0;\n}\n@media screen and (max-width: 768px) {\n  .blog-shortcode.blog-list-shortcode-id-2016fa21f15256e300a8817050bda75d article {\n    -ms-flex-flow: column nowrap;\n    flex-flow: column nowrap;\n    margin-top: 20px;\n  }\n  .blog-shortcode.blog-list-shortcode-id-2016fa21f15256e300a8817050bda75d.dividers-on article {\n    border: none;\n  }\n  .blog-shortcode.blog-list-shortcode-id-2016fa21f15256e300a8817050bda75d.content-bg-on.centered-layout-list article {\n    padding: 0;\n  }\n  .blog-shortcode.blog-list-shortcode-id-2016fa21f15256e300a8817050bda75d.blog-shortcode.dividers-on article,\n  .blog-shortcode.blog-list-shortcode-id-2016fa21f15256e300a8817050bda75d.dividers-on.classic-layout-list article {\n    margin-top: 20px;\n    padding: 0;\n  }\n  .blog-shortcode.blog-list-shortcode-id-2016fa21f15256e300a8817050bda75d.blog-shortcode.dividers-on article:first-of-type,\n  .blog-shortcode.blog-list-shortcode-id-2016fa21f15256e300a8817050bda75d.dividers-on.classic-layout-list article:first-of-type {\n    padding: 0;\n  }\n  #page .blog-shortcode.blog-list-shortcode-id-2016fa21f15256e300a8817050bda75d .post-thumbnail-wrap,\n  #page .blog-shortcode.blog-list-shortcode-id-2016fa21f15256e300a8817050bda75d .post-entry-content {\n    width: 100%;\n    margin: 0;\n    top: 0;\n  }\n  #page .blog-shortcode.blog-list-shortcode-id-2016fa21f15256e300a8817050bda75d .post-thumbnail-wrap {\n    padding: 0;\n  }\n  #page .blog-shortcode.blog-list-shortcode-id-2016fa21f15256e300a8817050bda75d .post-entry-content:after {\n    display: none;\n  }\n  #page .blog-shortcode.blog-list-shortcode-id-2016fa21f15256e300a8817050bda75d .project-even .post-thumbnail-wrap,\n  #page .blog-shortcode.blog-list-shortcode-id-2016fa21f15256e300a8817050bda75d.centered-layout-list .post-thumbnail-wrap {\n    -ms-flex-order: 0;\n    order: 0;\n  }\n  #page .blog-shortcode.blog-list-shortcode-id-2016fa21f15256e300a8817050bda75d.centered-layout-list .post-entry-title-content {\n    -ms-flex-order: 1;\n    order: 1;\n    width: 100%;\n    padding: 20px 20px 0;\n  }\n  #page .blog-shortcode.blog-list-shortcode-id-2016fa21f15256e300a8817050bda75d.centered-layout-list .post-entry-content {\n    -ms-flex-order: 2;\n    order: 2;\n    padding-top: 0;\n  }\n  #page .blog-shortcode.blog-list-shortcode-id-2016fa21f15256e300a8817050bda75d .fancy-categories {\n    top: 10px;\n    left: 10px;\n    bottom: auto;\n    right: auto;\n  }\n  #page .blog-shortcode.blog-list-shortcode-id-2016fa21f15256e300a8817050bda75d .fancy-date a {\n    top: 10px;\n    right: 10px;\n    left: auto;\n    bottom: auto;\n  }\n  #page .blog-shortcode.blog-list-shortcode-id-2016fa21f15256e300a8817050bda75d .post-entry-content {\n    padding: 20px;\n  }\n  #page .blog-shortcode.blog-list-shortcode-id-2016fa21f15256e300a8817050bda75d .entry-title {\n    margin: 3px 0 5px;\n    font-size: 20px;\n    line-height: 26px;\n  }\n  #page .blog-shortcode.blog-list-shortcode-id-2016fa21f15256e300a8817050bda75d .entry-meta {\n    margin: 5px 0 5px;\n  }\n  #page .blog-shortcode.blog-list-shortcode-id-2016fa21f15256e300a8817050bda75d .entry-excerpt {\n    margin: 15px 0 0;\n  }\n  #page .blog-shortcode.blog-list-shortcode-id-2016fa21f15256e300a8817050bda75d .post-details {\n    margin: 5px 0 10px;\n  }\n  #page .blog-shortcode.blog-list-shortcode-id-2016fa21f15256e300a8817050bda75d .post-details.details-type-link {\n    margin-bottom: 2px;\n  }\n}\n<\/style><div class=\"articles-list blog-shortcode mode-list blog-list-shortcode-id-2016fa21f15256e300a8817050bda75d classic-layout-list content-bg-on jquery-filter scale-img dt-icon-bg-off loading-effect-fade-in\" data-cur-page=\"1\" data-post-limit=\"-1\" data-pagination-mode=\"none\"><article class=\"post project-odd visible post-17257 type-post status-publish format-standard has-post-thumbnail hentry category-drmusahub category-dusunce category-ilim category-nisan-26 category-148 category-145 category-167 category-303 description-off\" data-name=\"Hz. Peygamber\u2019in Pazartesi G\u00fcn\u00fc Do\u011fmas\u0131n\u0131n Hikmetleri\" data-date=\"2026-04-15T20:15:38+03:00\">\n\n<div class=\"post-thumbnail-wrap\">\n\t<div class=\"post-thumbnail\">\n\n\t\t\n\t\t\n\t\t<a href=\"https:\/\/korpekalemler.net\/index.php\/2026\/04\/15\/hz-peygamberin-pazartesi-gunu-dogmasinin-hikmetleri\/\" class=\"post-thumbnail-rollover layzr-bg layzr-bg\" ><img loading=\"lazy\" decoding=\"async\" class=\"blog-thumb-lazy-load preload-me lazy-load\" src=\"data:image\/svg+xml,%3Csvg%20xmlns%3D&#39;http%3A%2F%2Fwww.w3.org%2F2000%2Fsvg&#39;%20viewBox%3D&#39;0%200%20768%20512&#39;%2F%3E\" data-src=\"https:\/\/korpekalemler.net\/wp-content\/uploads\/2026\/04\/IMG-20260415-WA0001-768x512.jpg\" data-srcset=\"https:\/\/korpekalemler.net\/wp-content\/uploads\/2026\/04\/IMG-20260415-WA0001-768x512.jpg 768w, https:\/\/korpekalemler.net\/wp-content\/uploads\/2026\/04\/IMG-20260415-WA0001-1306x870.jpg 1306w\" alt=\"\" title=\"IMG-20260415-WA0001\" width=\"768\" height=\"512\"  \/><\/a>\n\t<\/div>\n<\/div>\n\n\n<div class=\"post-entry-content\">\n\n\t<h3 class=\"entry-title\">\n\t\t<a href=\"https:\/\/korpekalemler.net\/index.php\/2026\/04\/15\/hz-peygamberin-pazartesi-gunu-dogmasinin-hikmetleri\/\" title=\"Hz. Peygamber\u2019in Pazartesi G\u00fcn\u00fc Do\u011fmas\u0131n\u0131n Hikmetleri\" rel=\"bookmark\">Hz. Peygamber\u2019in Pazartesi G\u00fcn\u00fc Do\u011fmas\u0131n\u0131n Hikmetleri<\/a>\n\t<\/h3>\n\n\t<div class=\"entry-meta\"><span class=\"category-link\"><a href=\"https:\/\/korpekalemler.net\/index.php\/category\/drmusahub\/\" >Dr. Musa H\u00fbb<\/a>, <a href=\"https:\/\/korpekalemler.net\/index.php\/category\/dusunce\/\" >D\u00fc\u015f\u00fcnce<\/a>, <a href=\"https:\/\/korpekalemler.net\/index.php\/category\/ilim\/\" >\u0130lim<\/a>, <a href=\"https:\/\/korpekalemler.net\/index.php\/category\/nisan-26\/\" >Nisan '26<\/a><\/span><a class=\"author vcard\" href=\"https:\/\/korpekalemler.net\/index.php\/author\/korpekalemlerder\/\" title=\"View all posts by K\u00f6rpe Kalemler\" rel=\"author\">By <span class=\"fn\">K\u00f6rpe Kalemler<\/span><\/a><a href=\"https:\/\/korpekalemler.net\/index.php\/2026\/04\/15\/\" title=\"20:15\" class=\"data-link\" rel=\"bookmark\"><time class=\"entry-date updated\" datetime=\"2026-04-15T20:15:38+03:00\">15 Nisan 2026<\/time><\/a><a href=\"https:\/\/korpekalemler.net\/index.php\/2026\/04\/15\/hz-peygamberin-pazartesi-gunu-dogmasinin-hikmetleri\/#respond\" class=\"comment-link\" >Leave a comment<\/a><\/div>\n\t<div class=\"entry-excerpt\"><p>Hz. Peygamber\u2019in Pazartesi G\u00fcn\u00fc Do\u011fmas\u0131n\u0131n Hikmetleri Siyer-i Nebi\u2019deki Kutlu Pazartesiler ve Faziletleri Dr. Musa Hub Peygamberimizin hayat\u0131nda Pazartesi g\u00fcnlerinin baz\u0131 d\u00f6n\u00fcm noktalar\u0131n\u0131 te\u015fkil etmesi, Pazartesi ger\u00e7ekle\u015fen kutlu do\u011fumun tes\u2019\u00eedini (bayram edilip kutlanmas\u0131n\u0131) g\u00fc\u00e7lendirir. Prof. Dr. Muhammed Hamidullah\u2019\u0131n (1908-2002) da dikkat \u00e7ekti\u011fi bu hususu, Siyer-i Neb\u00ee\u2019de Pazartesilere tevafuk eden hadiseleri ve yorumlar\u0131 bizlere, kutlu do\u011fumu kutlaman\u0131n,&hellip;<\/p>\n<\/div>\n\t\n<a href=\"https:\/\/korpekalemler.net\/index.php\/2026\/04\/15\/hz-peygamberin-pazartesi-gunu-dogmasinin-hikmetleri\/\" class=\"post-details details-type-link\" aria-label=\"Read more about Hz. Peygamber\u2019in Pazartesi G\u00fcn\u00fc Do\u011fmas\u0131n\u0131n Hikmetleri\">Read more<i class=\"dt-icon-the7-arrow-03\" aria-hidden=\"true\"><\/i><\/a>\n\n<\/div><\/article><article class=\"post project-odd visible post-17252 type-post status-publish format-standard has-post-thumbnail hentry category-drmusahub category-dusunce category-ilim category-inanc category-nisan-26 category-148 category-145 category-167 category-143 category-303 description-off\" data-name=\"Kutlu Do\u011fuma Sevinmek mi,  Kutlu \u00d6l\u00fcme \u00dcz\u00fclmek mi?\" data-date=\"2026-04-15T20:14:45+03:00\">\n\n<div class=\"post-thumbnail-wrap\">\n\t<div class=\"post-thumbnail\">\n\n\t\t\n\t\t\n\t\t<a href=\"https:\/\/korpekalemler.net\/index.php\/2026\/04\/15\/kutlu-doguma-sevinmek-mi-kutlu-olume-uzulmek-mi\/\" class=\"post-thumbnail-rollover layzr-bg layzr-bg\" ><img loading=\"lazy\" decoding=\"async\" class=\"blog-thumb-lazy-load preload-me lazy-load\" src=\"data:image\/svg+xml,%3Csvg%20xmlns%3D&#39;http%3A%2F%2Fwww.w3.org%2F2000%2Fsvg&#39;%20viewBox%3D&#39;0%200%20768%20512&#39;%2F%3E\" data-src=\"https:\/\/korpekalemler.net\/wp-content\/uploads\/2026\/04\/1776540251435-768x512.png\" data-srcset=\"https:\/\/korpekalemler.net\/wp-content\/uploads\/2026\/04\/1776540251435-768x512.png 768w, https:\/\/korpekalemler.net\/wp-content\/uploads\/2026\/04\/1776540251435-1104x736.png 1104w\" alt=\"\" title=\"1776540251435\" width=\"768\" height=\"512\"  \/><\/a>\n\t<\/div>\n<\/div>\n\n\n<div class=\"post-entry-content\">\n\n\t<h3 class=\"entry-title\">\n\t\t<a href=\"https:\/\/korpekalemler.net\/index.php\/2026\/04\/15\/kutlu-doguma-sevinmek-mi-kutlu-olume-uzulmek-mi\/\" title=\"Kutlu Do\u011fuma Sevinmek mi,  Kutlu \u00d6l\u00fcme \u00dcz\u00fclmek mi?\" rel=\"bookmark\">Kutlu Do\u011fuma Sevinmek mi,  Kutlu \u00d6l\u00fcme \u00dcz\u00fclmek mi?<\/a>\n\t<\/h3>\n\n\t<div class=\"entry-meta\"><span class=\"category-link\"><a href=\"https:\/\/korpekalemler.net\/index.php\/category\/drmusahub\/\" >Dr. Musa H\u00fbb<\/a>, <a href=\"https:\/\/korpekalemler.net\/index.php\/category\/dusunce\/\" >D\u00fc\u015f\u00fcnce<\/a>, <a href=\"https:\/\/korpekalemler.net\/index.php\/category\/ilim\/\" >\u0130lim<\/a>, <a href=\"https:\/\/korpekalemler.net\/index.php\/category\/inanc\/\" >\u0130nan\u00e7<\/a>, <a href=\"https:\/\/korpekalemler.net\/index.php\/category\/nisan-26\/\" >Nisan '26<\/a><\/span><a class=\"author vcard\" href=\"https:\/\/korpekalemler.net\/index.php\/author\/korpekalemlerder\/\" title=\"View all posts by K\u00f6rpe Kalemler\" rel=\"author\">By <span class=\"fn\">K\u00f6rpe Kalemler<\/span><\/a><a href=\"https:\/\/korpekalemler.net\/index.php\/2026\/04\/15\/\" title=\"20:14\" class=\"data-link\" rel=\"bookmark\"><time class=\"entry-date updated\" datetime=\"2026-04-15T20:14:45+03:00\">15 Nisan 2026<\/time><\/a><a href=\"https:\/\/korpekalemler.net\/index.php\/2026\/04\/15\/kutlu-doguma-sevinmek-mi-kutlu-olume-uzulmek-mi\/#respond\" class=\"comment-link\" >Leave a comment<\/a><\/div>\n\t<div class=\"entry-excerpt\"><p>Kutlu Do\u011fuma Sevinmek mi, Kutlu \u00d6l\u00fcme \u00dcz\u00fclmek mi? Dr. Musa H\u00fbb Biliyor musunuz Mevlid-i Nebi g\u00fcn\u00fc ayn\u0131 zamanda vefat-\u0131 Neb\u00ee g\u00fcn\u00fcd\u00fcr.\u00a0 Peygamberimiz (sav) Rabi\u00fclevvel ay\u0131n\u0131n 12\u2019si (milad\u00ee 20 Nisan 571) Pazartesi g\u00fcn\u00fc do\u011fdu\u011fu gibi, yine ayn\u0131 Kamer\u00ee ayda ve ayn\u0131 g\u00fcnde yani Rabi\u00fclevvel\u2019in 12\u2019si (milad\u00ee 08 Haziran 632) Pazartesi g\u00fcn\u00fcnde vefat etmi\u015ftir. Burada \u015f\u00f6yle bir&hellip;<\/p>\n<\/div>\n\t\n<a href=\"https:\/\/korpekalemler.net\/index.php\/2026\/04\/15\/kutlu-doguma-sevinmek-mi-kutlu-olume-uzulmek-mi\/\" class=\"post-details details-type-link\" aria-label=\"Read more about Kutlu Do\u011fuma Sevinmek mi,  Kutlu \u00d6l\u00fcme \u00dcz\u00fclmek mi?\">Read more<i class=\"dt-icon-the7-arrow-03\" aria-hidden=\"true\"><\/i><\/a>\n\n<\/div><\/article><article class=\"post project-odd visible post-17248 type-post status-publish format-standard has-post-thumbnail hentry category-dusunce category-ilim category-nisan-26 category-tasavvuf category-145 category-167 category-303 category-300 description-off\" data-name=\"K\u00fcllerinden Do\u011fmak\" data-date=\"2026-04-15T20:13:49+03:00\">\n\n<div class=\"post-thumbnail-wrap\">\n\t<div class=\"post-thumbnail\">\n\n\t\t\n\t\t\n\t\t<a href=\"https:\/\/korpekalemler.net\/index.php\/2026\/04\/15\/kullerinden-dogmak\/\" class=\"post-thumbnail-rollover layzr-bg layzr-bg\" ><img loading=\"lazy\" decoding=\"async\" class=\"blog-thumb-lazy-load preload-me lazy-load\" src=\"data:image\/svg+xml,%3Csvg%20xmlns%3D&#39;http%3A%2F%2Fwww.w3.org%2F2000%2Fsvg&#39;%20viewBox%3D&#39;0%200%20768%20512&#39;%2F%3E\" data-src=\"https:\/\/korpekalemler.net\/wp-content\/uploads\/2026\/04\/kus-768x512.webp\" data-srcset=\"https:\/\/korpekalemler.net\/wp-content\/uploads\/2026\/04\/kus-768x512.webp 768w, https:\/\/korpekalemler.net\/wp-content\/uploads\/2026\/04\/kus-1080x720.webp 1080w\" alt=\"\" title=\"ku\u015f\" width=\"768\" height=\"512\"  \/><\/a>\n\t<\/div>\n<\/div>\n\n\n<div class=\"post-entry-content\">\n\n\t<h3 class=\"entry-title\">\n\t\t<a href=\"https:\/\/korpekalemler.net\/index.php\/2026\/04\/15\/kullerinden-dogmak\/\" title=\"K\u00fcllerinden Do\u011fmak\" rel=\"bookmark\">K\u00fcllerinden Do\u011fmak<\/a>\n\t<\/h3>\n\n\t<div class=\"entry-meta\"><span class=\"category-link\"><a href=\"https:\/\/korpekalemler.net\/index.php\/category\/dusunce\/\" >D\u00fc\u015f\u00fcnce<\/a>, <a href=\"https:\/\/korpekalemler.net\/index.php\/category\/ilim\/\" >\u0130lim<\/a>, <a href=\"https:\/\/korpekalemler.net\/index.php\/category\/nisan-26\/\" >Nisan '26<\/a>, <a href=\"https:\/\/korpekalemler.net\/index.php\/category\/tasavvuf\/\" >Tasavvuf<\/a><\/span><a class=\"author vcard\" href=\"https:\/\/korpekalemler.net\/index.php\/author\/korpekalemlerder\/\" title=\"View all posts by K\u00f6rpe Kalemler\" rel=\"author\">By <span class=\"fn\">K\u00f6rpe Kalemler<\/span><\/a><a href=\"https:\/\/korpekalemler.net\/index.php\/2026\/04\/15\/\" title=\"20:13\" class=\"data-link\" rel=\"bookmark\"><time class=\"entry-date updated\" datetime=\"2026-04-15T20:13:49+03:00\">15 Nisan 2026<\/time><\/a><a href=\"https:\/\/korpekalemler.net\/index.php\/2026\/04\/15\/kullerinden-dogmak\/#respond\" class=\"comment-link\" >Leave a comment<\/a><\/div>\n\t<div class=\"entry-excerpt\"><p>Tahmidiye Duas\u0131 \u00dczerine &#8211; 3 K\u00fcllerinden Do\u011fmak Y\u00fcksel Kurto\u011flu \u00a0 \u00a0 \u00a0 \u00a0Dost istersen Allah yeter. Evet, O dost ise her\u015fey dosttur. Yaran istersen Kur&#8217;an yeter. Evet, ondaki enbiya ve melaike ile hayalen g\u00f6r\u00fc\u015f\u00fcr ve vukuatlar\u0131n\u0131 seyredip \u00fcnsiyet eder. [1] Bu metin; Risale-i Nur&#8217;un &#8216;hakikat&#8217; mesle\u011fiyle, Tahmidiye Duas\u0131&#8217;n\u0131n &#8216;\u015fifa&#8217; s\u0131rr\u0131n\u0131, modern insan\u0131n &#8216;bunal\u0131m&#8217; soka\u011f\u0131nda bulu\u015fturma&hellip;<\/p>\n<\/div>\n\t\n<a href=\"https:\/\/korpekalemler.net\/index.php\/2026\/04\/15\/kullerinden-dogmak\/\" class=\"post-details details-type-link\" aria-label=\"Read more about K\u00fcllerinden Do\u011fmak\">Read more<i class=\"dt-icon-the7-arrow-03\" aria-hidden=\"true\"><\/i><\/a>\n\n<\/div><\/article><article class=\"post project-odd visible post-17233 type-post status-publish format-standard has-post-thumbnail hentry category-ilim category-nisan-26 category-yusufalpturk category-167 category-303 category-150 description-off\" data-name=\"Evrad-\u0131 Kudsiyye&#8217;nin Manevi \u00d6nemi\" data-date=\"2026-04-15T20:09:48+03:00\">\n\n<div class=\"post-thumbnail-wrap\">\n\t<div class=\"post-thumbnail\">\n\n\t\t\n\t\t\n\t\t<a href=\"https:\/\/korpekalemler.net\/index.php\/2026\/04\/15\/evrad-i-kudsiyyenin-manevi-onemi\/\" class=\"post-thumbnail-rollover layzr-bg layzr-bg\" ><img loading=\"lazy\" decoding=\"async\" class=\"blog-thumb-lazy-load preload-me lazy-load\" src=\"data:image\/svg+xml,%3Csvg%20xmlns%3D&#39;http%3A%2F%2Fwww.w3.org%2F2000%2Fsvg&#39;%20viewBox%3D&#39;0%200%20768%20512&#39;%2F%3E\" data-src=\"https:\/\/korpekalemler.net\/wp-content\/uploads\/2026\/04\/1764402526604-p-768x512.png\" data-srcset=\"https:\/\/korpekalemler.net\/wp-content\/uploads\/2026\/04\/1764402526604-p-768x512.png 768w, https:\/\/korpekalemler.net\/wp-content\/uploads\/2026\/04\/1764402526604-p-1024x682.png 1024w\" alt=\"\" title=\"1764402526604-p\" width=\"768\" height=\"512\"  \/><\/a>\n\t<\/div>\n<\/div>\n\n\n<div class=\"post-entry-content\">\n\n\t<h3 class=\"entry-title\">\n\t\t<a href=\"https:\/\/korpekalemler.net\/index.php\/2026\/04\/15\/evrad-i-kudsiyyenin-manevi-onemi\/\" title=\"Evrad-\u0131 Kudsiyye&#8217;nin Manevi \u00d6nemi\" rel=\"bookmark\">Evrad-\u0131 Kudsiyye&#8217;nin Manevi \u00d6nemi<\/a>\n\t<\/h3>\n\n\t<div class=\"entry-meta\"><span class=\"category-link\"><a href=\"https:\/\/korpekalemler.net\/index.php\/category\/ilim\/\" >\u0130lim<\/a>, <a href=\"https:\/\/korpekalemler.net\/index.php\/category\/nisan-26\/\" >Nisan '26<\/a>, <a href=\"https:\/\/korpekalemler.net\/index.php\/category\/yusufalpturk\/\" >Yusuf Alpt\u00fcrk<\/a><\/span><a class=\"author vcard\" href=\"https:\/\/korpekalemler.net\/index.php\/author\/korpekalemlerder\/\" title=\"View all posts by K\u00f6rpe Kalemler\" rel=\"author\">By <span class=\"fn\">K\u00f6rpe Kalemler<\/span><\/a><a href=\"https:\/\/korpekalemler.net\/index.php\/2026\/04\/15\/\" title=\"20:09\" class=\"data-link\" rel=\"bookmark\"><time class=\"entry-date updated\" datetime=\"2026-04-15T20:09:48+03:00\">15 Nisan 2026<\/time><\/a><a href=\"https:\/\/korpekalemler.net\/index.php\/2026\/04\/15\/evrad-i-kudsiyyenin-manevi-onemi\/#respond\" class=\"comment-link\" >Leave a comment<\/a><\/div>\n\t<div class=\"entry-excerpt\"><p>Evrad-\u0131 Kudsiyye&#8217;nin Manevi \u00d6nemi (Evr\u00e2d-\u0131 Bah\u00e2iye) Yusuf Alpt\u00fcrk \u00a0 \u00a0 \u00a0 \u00a0\u015eah-\u0131 Nak\u015fibend Muhammed Bahauddin Hazretleri\u2019ne nispet edilen Evrad-\u0131 Kudsiyye, Nak\u015fibendi yolunun en tesirli ve en k\u0131ymetli virdlerinden biri olarak kabul edilir. Manevi derinli\u011fi, i\u00e7inde bar\u0131nd\u0131rd\u0131\u011f\u0131 Esma-i H\u00fcsna ve Peygamber Efendimiz\u2019den (sav) gelen dualarla m\u00fcminin ruh d\u00fcnyas\u0131na hitap eden muazzam bir m\u00fcnacatt\u0131r. Rivayet edilir ki&hellip;<\/p>\n<\/div>\n\t\n<a href=\"https:\/\/korpekalemler.net\/index.php\/2026\/04\/15\/evrad-i-kudsiyyenin-manevi-onemi\/\" class=\"post-details details-type-link\" aria-label=\"Read more about Evrad-\u0131 Kudsiyye&#8217;nin Manevi \u00d6nemi\">Read more<i class=\"dt-icon-the7-arrow-03\" aria-hidden=\"true\"><\/i><\/a>\n\n<\/div><\/article><article class=\"post project-odd visible post-17167 type-post status-publish format-standard has-post-thumbnail hentry category-drmusahub category-dusunce category-ilim category-mart-26 category-yazarlar category-148 category-145 category-167 category-299 category-4 description-off\" data-name=\"\u0130slam Birli\u011fi, B\u0131\u00e7ak Kemi\u011fe Dayand\u0131\u011f\u0131nda Ger\u00e7ekle\u015fir\" data-date=\"2026-03-20T21:02:07+03:00\">\n\n<div class=\"post-thumbnail-wrap\">\n\t<div class=\"post-thumbnail\">\n\n\t\t\n\t\t\n\t\t<a href=\"https:\/\/korpekalemler.net\/index.php\/2026\/03\/20\/islam-birligi-bicak-kemige-dayandiginda-gerceklesir\/\" class=\"post-thumbnail-rollover layzr-bg layzr-bg\" ><img loading=\"lazy\" decoding=\"async\" class=\"blog-thumb-lazy-load preload-me lazy-load\" src=\"data:image\/svg+xml,%3Csvg%20xmlns%3D&#39;http%3A%2F%2Fwww.w3.org%2F2000%2Fsvg&#39;%20viewBox%3D&#39;0%200%20716%20477&#39;%2F%3E\" data-src=\"https:\/\/korpekalemler.net\/wp-content\/uploads\/2026\/03\/Screenshot_20260320_210531_Adobe-Acrobat-716x477.jpg\" data-srcset=\"https:\/\/korpekalemler.net\/wp-content\/uploads\/2026\/03\/Screenshot_20260320_210531_Adobe-Acrobat-716x477.jpg 716w, https:\/\/korpekalemler.net\/wp-content\/uploads\/2026\/03\/Screenshot_20260320_210531_Adobe-Acrobat-716x476.jpg 716w\" alt=\"\" title=\"Screenshot_20260320_210531_Adobe Acrobat\" width=\"716\" height=\"477\"  \/><\/a>\n\t<\/div>\n<\/div>\n\n\n<div class=\"post-entry-content\">\n\n\t<h3 class=\"entry-title\">\n\t\t<a href=\"https:\/\/korpekalemler.net\/index.php\/2026\/03\/20\/islam-birligi-bicak-kemige-dayandiginda-gerceklesir\/\" title=\"\u0130slam Birli\u011fi, B\u0131\u00e7ak Kemi\u011fe Dayand\u0131\u011f\u0131nda Ger\u00e7ekle\u015fir\" rel=\"bookmark\">\u0130slam Birli\u011fi, B\u0131\u00e7ak Kemi\u011fe Dayand\u0131\u011f\u0131nda Ger\u00e7ekle\u015fir<\/a>\n\t<\/h3>\n\n\t<div class=\"entry-meta\"><span class=\"category-link\"><a href=\"https:\/\/korpekalemler.net\/index.php\/category\/drmusahub\/\" >Dr. Musa H\u00fbb<\/a>, <a href=\"https:\/\/korpekalemler.net\/index.php\/category\/dusunce\/\" >D\u00fc\u015f\u00fcnce<\/a>, <a href=\"https:\/\/korpekalemler.net\/index.php\/category\/ilim\/\" >\u0130lim<\/a>, <a href=\"https:\/\/korpekalemler.net\/index.php\/category\/mart-26\/\" >Mart '26<\/a>, <a href=\"https:\/\/korpekalemler.net\/index.php\/category\/yazarlar\/\" >Yazarlar<\/a><\/span><a class=\"author vcard\" href=\"https:\/\/korpekalemler.net\/index.php\/author\/korpekalemlerder\/\" title=\"View all posts by K\u00f6rpe Kalemler\" rel=\"author\">By <span class=\"fn\">K\u00f6rpe Kalemler<\/span><\/a><a href=\"https:\/\/korpekalemler.net\/index.php\/2026\/03\/20\/\" title=\"21:02\" class=\"data-link\" rel=\"bookmark\"><time class=\"entry-date updated\" datetime=\"2026-03-20T21:02:07+03:00\">20 Mart 2026<\/time><\/a><a href=\"https:\/\/korpekalemler.net\/index.php\/2026\/03\/20\/islam-birligi-bicak-kemige-dayandiginda-gerceklesir\/#respond\" class=\"comment-link\" >Leave a comment<\/a><\/div>\n\t<div class=\"entry-excerpt\"><p>-\u0130htiyac\u0131n \u015eiddetinden \u2018\u0130nsaniyet Hakikati\u2019nde \u0130ttihad-\u0131 \u0130slam- Bu \u00fcmmeti, ne Do\u011fu T\u00fcrkistan\u2019daki Uygur M\u00fcsl\u00fcmanlar\u0131n\u0131n \u00c7in zulm\u00fc alt\u0131ndaki sessiz iniltileri, ne Filistindeki M\u00fcsl\u00fcmanlar\u0131n \u0130srail zulm\u00fc ve katliam\u0131 alt\u0131ndaki ar\u015f\u0131 titreten feryatlar\u0131 uyand\u0131rmaya yetti! Ne de kendi idarecilerinden \u00e7ektikleri \u00e7ileler, ya\u015fad\u0131klar\u0131 ac\u0131lar ve g\u00f6rd\u00fckleri k\u00f6t\u00fcl\u00fckler onlar\u0131 kendilerine getirdi! &#8220;(Sava\u015fta bile) ya\u015fl\u0131lara, kad\u0131nlara, \u00e7ocuklara, kendisini ibadet u t\u00e2ate vermi\u015f&hellip;<\/p>\n<\/div>\n\t\n<a href=\"https:\/\/korpekalemler.net\/index.php\/2026\/03\/20\/islam-birligi-bicak-kemige-dayandiginda-gerceklesir\/\" class=\"post-details details-type-link\" aria-label=\"Read more about \u0130slam Birli\u011fi, B\u0131\u00e7ak Kemi\u011fe Dayand\u0131\u011f\u0131nda Ger\u00e7ekle\u015fir\">Read more<i class=\"dt-icon-the7-arrow-03\" aria-hidden=\"true\"><\/i><\/a>\n\n<\/div><\/article><article class=\"post project-odd visible post-17173 type-post status-publish format-standard has-post-thumbnail hentry category-dusunce category-ilim category-mart-26 category-yuksel-kurtoglu category-145 category-167 category-299 category-296 description-off\" data-name=\"Tahmidiye Duas\u0131 \u00dczerine &#8211; 2\" data-date=\"2026-03-20T20:59:54+03:00\">\n\n<div class=\"post-thumbnail-wrap\">\n\t<div class=\"post-thumbnail\">\n\n\t\t\n\t\t\n\t\t<a href=\"https:\/\/korpekalemler.net\/index.php\/2026\/03\/20\/tahmidiye-duasi-uzerine-2\/\" class=\"post-thumbnail-rollover layzr-bg layzr-bg\" ><img loading=\"lazy\" decoding=\"async\" class=\"blog-thumb-lazy-load preload-me lazy-load\" src=\"data:image\/svg+xml,%3Csvg%20xmlns%3D&#39;http%3A%2F%2Fwww.w3.org%2F2000%2Fsvg&#39;%20viewBox%3D&#39;0%200%20268%20179&#39;%2F%3E\" data-src=\"https:\/\/korpekalemler.net\/wp-content\/uploads\/2026\/03\/images-3-268x179.jpeg\" data-srcset=\"https:\/\/korpekalemler.net\/wp-content\/uploads\/2026\/03\/images-3-268x179.jpeg 268w\" alt=\"\" title=\"images (3)\" width=\"268\" height=\"179\"  \/><\/a>\n\t<\/div>\n<\/div>\n\n\n<div class=\"post-entry-content\">\n\n\t<h3 class=\"entry-title\">\n\t\t<a href=\"https:\/\/korpekalemler.net\/index.php\/2026\/03\/20\/tahmidiye-duasi-uzerine-2\/\" title=\"Tahmidiye Duas\u0131 \u00dczerine &#8211; 2\" rel=\"bookmark\">Tahmidiye Duas\u0131 \u00dczerine &#8211; 2<\/a>\n\t<\/h3>\n\n\t<div class=\"entry-meta\"><span class=\"category-link\"><a href=\"https:\/\/korpekalemler.net\/index.php\/category\/dusunce\/\" >D\u00fc\u015f\u00fcnce<\/a>, <a href=\"https:\/\/korpekalemler.net\/index.php\/category\/ilim\/\" >\u0130lim<\/a>, <a href=\"https:\/\/korpekalemler.net\/index.php\/category\/mart-26\/\" >Mart '26<\/a>, <a href=\"https:\/\/korpekalemler.net\/index.php\/category\/yuksel-kurtoglu\/\" >Y\u00fcksel Kurto\u011flu<\/a><\/span><a class=\"author vcard\" href=\"https:\/\/korpekalemler.net\/index.php\/author\/korpekalemlerder\/\" title=\"View all posts by K\u00f6rpe Kalemler\" rel=\"author\">By <span class=\"fn\">K\u00f6rpe Kalemler<\/span><\/a><a href=\"https:\/\/korpekalemler.net\/index.php\/2026\/03\/20\/\" title=\"20:59\" class=\"data-link\" rel=\"bookmark\"><time class=\"entry-date updated\" datetime=\"2026-03-20T20:59:54+03:00\">20 Mart 2026<\/time><\/a><a href=\"https:\/\/korpekalemler.net\/index.php\/2026\/03\/20\/tahmidiye-duasi-uzerine-2\/#respond\" class=\"comment-link\" >Leave a comment<\/a><\/div>\n\t<div class=\"entry-excerpt\"><p>Muhatabiyet Mu\u015ftusu Bir zaman, bir Budist arkada\u015f\u0131mla otururken, mevzu s\u0131k\u0131nt\u0131lara, endi\u015felere, hastal\u0131klara ve \u00e7\u00f6z\u00fcm yollar\u0131na geldi. Bana, \u201cBiz meditasyon yaparak b\u00fct\u00fcn dertlerimizden kurtuluyoruz. \u00d6zel bir oturu\u015f \u015feklimiz var. Oturup kafam\u0131zdaki b\u00fct\u00fcn tasalar\u0131 unutmaya \u00e7al\u0131\u015f\u0131yor, hayalen bizi mutlu edecek yerlere gidiyor ve huzur buldu\u011fumuz aktiviteleri yap\u0131yoruz\u201d deyince, cevaben \u201cBizim y\u00f6ntemimiz biraz farkl\u0131. Dertleri, tasalar\u0131, s\u0131k\u0131nt\u0131lar\u0131 unutmaya&hellip;<\/p>\n<\/div>\n\t\n<a href=\"https:\/\/korpekalemler.net\/index.php\/2026\/03\/20\/tahmidiye-duasi-uzerine-2\/\" class=\"post-details details-type-link\" aria-label=\"Read more about Tahmidiye Duas\u0131 \u00dczerine &#8211; 2\">Read more<i class=\"dt-icon-the7-arrow-03\" aria-hidden=\"true\"><\/i><\/a>\n\n<\/div><\/article><article class=\"post project-odd visible post-17175 type-post status-publish format-standard has-post-thumbnail hentry category-havva-kucuk-konur category-ilim category-mart-26 category-168 category-167 category-299 description-off\" data-name=\"Kalbin Dalgalar\u0131\" data-date=\"2026-03-20T20:59:16+03:00\">\n\n<div class=\"post-thumbnail-wrap\">\n\t<div class=\"post-thumbnail\">\n\n\t\t\n\t\t\n\t\t<a href=\"https:\/\/korpekalemler.net\/index.php\/2026\/03\/20\/kalbin-dalgalari\/\" class=\"post-thumbnail-rollover layzr-bg layzr-bg\" ><img loading=\"lazy\" decoding=\"async\" class=\"blog-thumb-lazy-load preload-me lazy-load\" src=\"data:image\/svg+xml,%3Csvg%20xmlns%3D&#39;http%3A%2F%2Fwww.w3.org%2F2000%2Fsvg&#39;%20viewBox%3D&#39;0%200%20768%20512&#39;%2F%3E\" data-src=\"https:\/\/korpekalemler.net\/wp-content\/uploads\/2026\/03\/1773863005448-768x512.png\" data-srcset=\"https:\/\/korpekalemler.net\/wp-content\/uploads\/2026\/03\/1773863005448-768x512.png 768w, https:\/\/korpekalemler.net\/wp-content\/uploads\/2026\/03\/1773863005448-1152x768.png 1152w\" alt=\"\" title=\"1773863005448\" width=\"768\" height=\"512\"  \/><\/a>\n\t<\/div>\n<\/div>\n\n\n<div class=\"post-entry-content\">\n\n\t<h3 class=\"entry-title\">\n\t\t<a href=\"https:\/\/korpekalemler.net\/index.php\/2026\/03\/20\/kalbin-dalgalari\/\" title=\"Kalbin Dalgalar\u0131\" rel=\"bookmark\">Kalbin Dalgalar\u0131<\/a>\n\t<\/h3>\n\n\t<div class=\"entry-meta\"><span class=\"category-link\"><a href=\"https:\/\/korpekalemler.net\/index.php\/category\/havva-kucuk-konur\/\" >Havva K\u00fc\u00e7\u00fck Konur<\/a>, <a href=\"https:\/\/korpekalemler.net\/index.php\/category\/ilim\/\" >\u0130lim<\/a>, <a href=\"https:\/\/korpekalemler.net\/index.php\/category\/mart-26\/\" >Mart '26<\/a><\/span><a class=\"author vcard\" href=\"https:\/\/korpekalemler.net\/index.php\/author\/korpekalemlerder\/\" title=\"View all posts by K\u00f6rpe Kalemler\" rel=\"author\">By <span class=\"fn\">K\u00f6rpe Kalemler<\/span><\/a><a href=\"https:\/\/korpekalemler.net\/index.php\/2026\/03\/20\/\" title=\"20:59\" class=\"data-link\" rel=\"bookmark\"><time class=\"entry-date updated\" datetime=\"2026-03-20T20:59:16+03:00\">20 Mart 2026<\/time><\/a><a href=\"https:\/\/korpekalemler.net\/index.php\/2026\/03\/20\/kalbin-dalgalari\/#respond\" class=\"comment-link\" >Leave a comment<\/a><\/div>\n\t<div class=\"entry-excerpt\"><p>Kalp ince s\u0131z\u0131lar\u0131n \u00e7\u0131k\u0131\u015f yeri.. Derin a\u011fr\u0131lar\u0131n ba\u015flang\u0131\u00e7 noktas\u0131.. B\u00fct\u00fcn duygular\u0131n madeni, cevheri.. Vicdan\u0131n evi, merhametin yuvas\u0131, \u015fefkatin \u00e7at\u0131s\u0131.. An olur, zaman gelir d\u00fc\u015f\u00fcn\u00fcr\u00fcz. Bu kadar karmakar\u0131\u015f\u0131k boyut nereden geliyor diye. \u0130nsan neden bu kadar girift diye.. \u00d6yle ya.. En k\u00fc\u00e7\u00fck bir hadisede bile i\u00e7imizde bir yerlerde k\u0131yametler kopuyor, sava\u015flar \u00e7\u0131k\u0131yor, her \u015fey herc\u00fcmer\u00e7.. Neden?&hellip;<\/p>\n<\/div>\n\t\n<a href=\"https:\/\/korpekalemler.net\/index.php\/2026\/03\/20\/kalbin-dalgalari\/\" class=\"post-details details-type-link\" aria-label=\"Read more about Kalbin Dalgalar\u0131\">Read more<i class=\"dt-icon-the7-arrow-03\" aria-hidden=\"true\"><\/i><\/a>\n\n<\/div><\/article><article class=\"post project-odd visible post-17180 type-post status-publish format-standard has-post-thumbnail hentry category-gulsah-karabork category-ilim category-mart-26 category-tasavvuf category-287 category-167 category-299 category-300 description-off\" data-name=\"Ramazan\u2019\u0131n Soluklanma Ruhu ve Orucun Dolan\u0131kl\u0131\u011f\u0131 A\u00e7an Nuru\" data-date=\"2026-03-20T20:56:22+03:00\">\n\n<div class=\"post-thumbnail-wrap\">\n\t<div class=\"post-thumbnail\">\n\n\t\t\n\t\t\n\t\t<a href=\"https:\/\/korpekalemler.net\/index.php\/2026\/03\/20\/ramazanin-soluklanma-ruhu-ve-orucun-dolanikligi-acan-nuru\/\" class=\"post-thumbnail-rollover layzr-bg layzr-bg\" ><img loading=\"lazy\" decoding=\"async\" class=\"blog-thumb-lazy-load preload-me lazy-load\" src=\"data:image\/svg+xml,%3Csvg%20xmlns%3D&#39;http%3A%2F%2Fwww.w3.org%2F2000%2Fsvg&#39;%20viewBox%3D&#39;0%200%20768%20512&#39;%2F%3E\" data-src=\"https:\/\/korpekalemler.net\/wp-content\/uploads\/2026\/03\/Ramazan-ayi-768x512.webp\" data-srcset=\"https:\/\/korpekalemler.net\/wp-content\/uploads\/2026\/03\/Ramazan-ayi-768x512.webp 768w, https:\/\/korpekalemler.net\/wp-content\/uploads\/2026\/03\/Ramazan-ayi-1080x720.webp 1080w\" alt=\"\" title=\"Ramazan-ayi\" width=\"768\" height=\"512\"  \/><\/a>\n\t<\/div>\n<\/div>\n\n\n<div class=\"post-entry-content\">\n\n\t<h3 class=\"entry-title\">\n\t\t<a href=\"https:\/\/korpekalemler.net\/index.php\/2026\/03\/20\/ramazanin-soluklanma-ruhu-ve-orucun-dolanikligi-acan-nuru\/\" title=\"Ramazan\u2019\u0131n Soluklanma Ruhu ve Orucun Dolan\u0131kl\u0131\u011f\u0131 A\u00e7an Nuru\" rel=\"bookmark\">Ramazan\u2019\u0131n Soluklanma Ruhu ve Orucun Dolan\u0131kl\u0131\u011f\u0131 A\u00e7an Nuru<\/a>\n\t<\/h3>\n\n\t<div class=\"entry-meta\"><span class=\"category-link\"><a href=\"https:\/\/korpekalemler.net\/index.php\/category\/gulsah-karabork\/\" >G\u00fcl\u015fah Karab\u00f6rk<\/a>, <a href=\"https:\/\/korpekalemler.net\/index.php\/category\/ilim\/\" >\u0130lim<\/a>, <a href=\"https:\/\/korpekalemler.net\/index.php\/category\/mart-26\/\" >Mart '26<\/a>, <a href=\"https:\/\/korpekalemler.net\/index.php\/category\/tasavvuf\/\" >Tasavvuf<\/a><\/span><a class=\"author vcard\" href=\"https:\/\/korpekalemler.net\/index.php\/author\/korpekalemlerder\/\" title=\"View all posts by K\u00f6rpe Kalemler\" rel=\"author\">By <span class=\"fn\">K\u00f6rpe Kalemler<\/span><\/a><a href=\"https:\/\/korpekalemler.net\/index.php\/2026\/03\/20\/\" title=\"20:56\" class=\"data-link\" rel=\"bookmark\"><time class=\"entry-date updated\" datetime=\"2026-03-20T20:56:22+03:00\">20 Mart 2026<\/time><\/a><a href=\"https:\/\/korpekalemler.net\/index.php\/2026\/03\/20\/ramazanin-soluklanma-ruhu-ve-orucun-dolanikligi-acan-nuru\/#respond\" class=\"comment-link\" >Leave a comment<\/a><\/div>\n\t<div class=\"entry-excerpt\"><p>Ey talib-i hakikat, \u00e2lem-i \u015fehadette her zerre birbiriyle dolan\u0131kken, as\u0131l s\u0131r, gayb\u0131n perdesini aralayan o m\u00fcbarek kap\u0131larda gizlidir. Zira Kur&#8217;\u00e2n-\u0131 Ker\u00eem, k\u00e2inat\u0131n anahtar\u0131d\u0131r; onun ini\u015f ay\u0131 Ramazan ise, en derin dolan\u0131kl\u0131\u011f\u0131n zuhur etti\u011fi zaman dilimidir. Bakara S\u00fbresi&#8217;nde Rabbimiz \u015f\u00f6yle buyurur: &#8220;Ramazan ay\u0131, insanlara yol g\u00f6sterici, do\u011frunun ve do\u011fruyu e\u011friden ay\u0131rman\u0131n a\u00e7\u0131k delilleri olarak Kur&#8217;\u00e2n&#8217;\u0131n indirildi\u011fi&hellip;<\/p>\n<\/div>\n\t\n<a href=\"https:\/\/korpekalemler.net\/index.php\/2026\/03\/20\/ramazanin-soluklanma-ruhu-ve-orucun-dolanikligi-acan-nuru\/\" class=\"post-details details-type-link\" aria-label=\"Read more about Ramazan\u2019\u0131n Soluklanma Ruhu ve Orucun Dolan\u0131kl\u0131\u011f\u0131 A\u00e7an Nuru\">Read more<i class=\"dt-icon-the7-arrow-03\" aria-hidden=\"true\"><\/i><\/a>\n\n<\/div><\/article><article class=\"post project-odd visible post-17124 type-post status-publish format-standard has-post-thumbnail hentry category-drmusahub category-dusunce category-ilim category-subat-26 category-148 category-145 category-167 category-298 description-off\" data-name=\"Modern \u00c7a\u011flar\u0131n Hay\u00e2 Alb\u00fcm\u00fc\" data-date=\"2026-02-08T15:39:47+03:00\">\n\n<div class=\"post-thumbnail-wrap\">\n\t<div class=\"post-thumbnail\">\n\n\t\t\n\t\t\n\t\t<a href=\"https:\/\/korpekalemler.net\/index.php\/2026\/02\/08\/modern-caglarin-haya-albumu\/\" class=\"post-thumbnail-rollover layzr-bg layzr-bg\" ><img loading=\"lazy\" decoding=\"async\" class=\"blog-thumb-lazy-load preload-me lazy-load\" src=\"data:image\/svg+xml,%3Csvg%20xmlns%3D&#39;http%3A%2F%2Fwww.w3.org%2F2000%2Fsvg&#39;%20viewBox%3D&#39;0%200%20768%20512&#39;%2F%3E\" data-src=\"https:\/\/korpekalemler.net\/wp-content\/uploads\/2026\/02\/Screenshot_20260204_201738_Photo-Editor-768x512.jpg\" data-srcset=\"https:\/\/korpekalemler.net\/wp-content\/uploads\/2026\/02\/Screenshot_20260204_201738_Photo-Editor-768x512.jpg 768w, https:\/\/korpekalemler.net\/wp-content\/uploads\/2026\/02\/Screenshot_20260204_201738_Photo-Editor-1080x719.jpg 1080w\" alt=\"\" title=\"Screenshot_20260204_201738_Photo Editor\" width=\"768\" height=\"512\"  \/><\/a>\n\t<\/div>\n<\/div>\n\n\n<div class=\"post-entry-content\">\n\n\t<h3 class=\"entry-title\">\n\t\t<a href=\"https:\/\/korpekalemler.net\/index.php\/2026\/02\/08\/modern-caglarin-haya-albumu\/\" title=\"Modern \u00c7a\u011flar\u0131n Hay\u00e2 Alb\u00fcm\u00fc\" rel=\"bookmark\">Modern \u00c7a\u011flar\u0131n Hay\u00e2 Alb\u00fcm\u00fc<\/a>\n\t<\/h3>\n\n\t<div class=\"entry-meta\"><span class=\"category-link\"><a href=\"https:\/\/korpekalemler.net\/index.php\/category\/drmusahub\/\" >Dr. Musa H\u00fbb<\/a>, <a href=\"https:\/\/korpekalemler.net\/index.php\/category\/dusunce\/\" >D\u00fc\u015f\u00fcnce<\/a>, <a href=\"https:\/\/korpekalemler.net\/index.php\/category\/ilim\/\" >\u0130lim<\/a>, <a href=\"https:\/\/korpekalemler.net\/index.php\/category\/subat-26\/\" >\u015eubat '26<\/a><\/span><a class=\"author vcard\" href=\"https:\/\/korpekalemler.net\/index.php\/author\/korpekalemlerder\/\" title=\"View all posts by K\u00f6rpe Kalemler\" rel=\"author\">By <span class=\"fn\">K\u00f6rpe Kalemler<\/span><\/a><a href=\"https:\/\/korpekalemler.net\/index.php\/2026\/02\/08\/\" title=\"15:39\" class=\"data-link\" rel=\"bookmark\"><time class=\"entry-date updated\" datetime=\"2026-02-08T15:39:47+03:00\">8 \u015eubat 2026<\/time><\/a><a href=\"https:\/\/korpekalemler.net\/index.php\/2026\/02\/08\/modern-caglarin-haya-albumu\/#respond\" class=\"comment-link\" >Leave a comment<\/a><\/div>\n\t<div class=\"entry-excerpt\"><p>\u201c\u00c7anakkale\u2019den Ka\u00e7anlara -\u0130ngilizlere-\u201d, nr. 5 [\u015eubat 1331] Sizlerde fakat sade hay\u00e2n\u0131n ad\u0131 varm\u0131\u015f. T\u00fcrk\u2019\u00fcn kan\u0131 etmi\u015f de temas \u00f6yle k\u0131zarm\u0131\u015f Tarihinizin \u00e7ehre-i b\u00ee-his \u00fc hay\u00e2s\u0131! Askerleriniz fenn-i fir\u00e2r\u0131n ulem\u00e2s\u0131! Bir \u015f\u00e2ibe \u015feklinde duran \u00f6yle denizde? N\u00e2musunuzun derbeder enk\u00e2z\u0131n\u0131 biz de Askerleriniz zannediyor aldan\u0131yorduk!.. Biz kavmini millet, seni devlet san\u0131yorduk! Mithat Cemal [Harp Mecmuas\u0131, Say\u0131: 5,&hellip;<\/p>\n<\/div>\n\t\n<a href=\"https:\/\/korpekalemler.net\/index.php\/2026\/02\/08\/modern-caglarin-haya-albumu\/\" class=\"post-details details-type-link\" aria-label=\"Read more about Modern \u00c7a\u011flar\u0131n Hay\u00e2 Alb\u00fcm\u00fc\">Read more<i class=\"dt-icon-the7-arrow-03\" aria-hidden=\"true\"><\/i><\/a>\n\n<\/div><\/article><article class=\"post project-odd visible post-17132 type-post status-publish format-standard has-post-thumbnail hentry category-ilim category-subat-26 category-yuksel-kurtoglu category-167 category-298 category-296 description-off\" data-name=\"Tahmidiye Duas\u0131 \u00dczerine &#8211; 1\" data-date=\"2026-02-04T19:52:33+03:00\">\n\n<div class=\"post-thumbnail-wrap\">\n\t<div class=\"post-thumbnail\">\n\n\t\t\n\t\t\n\t\t<a href=\"https:\/\/korpekalemler.net\/index.php\/2026\/02\/04\/tahmidiye-duasi-uzerine-1\/\" class=\"post-thumbnail-rollover layzr-bg layzr-bg\" ><img loading=\"lazy\" decoding=\"async\" class=\"blog-thumb-lazy-load preload-me lazy-load\" src=\"data:image\/svg+xml,%3Csvg%20xmlns%3D&#39;http%3A%2F%2Fwww.w3.org%2F2000%2Fsvg&#39;%20viewBox%3D&#39;0%200%20768%20512&#39;%2F%3E\" data-src=\"https:\/\/korpekalemler.net\/wp-content\/uploads\/2026\/02\/Screenshot_20260204_202251_Gmail-768x512.jpg\" data-srcset=\"https:\/\/korpekalemler.net\/wp-content\/uploads\/2026\/02\/Screenshot_20260204_202251_Gmail-768x512.jpg 768w, https:\/\/korpekalemler.net\/wp-content\/uploads\/2026\/02\/Screenshot_20260204_202251_Gmail-851x566.jpg 851w\" alt=\"\" title=\"Screenshot_20260204_202251_Gmail\" width=\"768\" height=\"512\"  \/><\/a>\n\t<\/div>\n<\/div>\n\n\n<div class=\"post-entry-content\">\n\n\t<h3 class=\"entry-title\">\n\t\t<a href=\"https:\/\/korpekalemler.net\/index.php\/2026\/02\/04\/tahmidiye-duasi-uzerine-1\/\" title=\"Tahmidiye Duas\u0131 \u00dczerine &#8211; 1\" rel=\"bookmark\">Tahmidiye Duas\u0131 \u00dczerine &#8211; 1<\/a>\n\t<\/h3>\n\n\t<div class=\"entry-meta\"><span class=\"category-link\"><a href=\"https:\/\/korpekalemler.net\/index.php\/category\/ilim\/\" >\u0130lim<\/a>, <a href=\"https:\/\/korpekalemler.net\/index.php\/category\/subat-26\/\" >\u015eubat '26<\/a>, <a href=\"https:\/\/korpekalemler.net\/index.php\/category\/yuksel-kurtoglu\/\" >Y\u00fcksel Kurto\u011flu<\/a><\/span><a class=\"author vcard\" href=\"https:\/\/korpekalemler.net\/index.php\/author\/korpekalemlerder\/\" title=\"View all posts by K\u00f6rpe Kalemler\" rel=\"author\">By <span class=\"fn\">K\u00f6rpe Kalemler<\/span><\/a><a href=\"https:\/\/korpekalemler.net\/index.php\/2026\/02\/04\/\" title=\"19:52\" class=\"data-link\" rel=\"bookmark\"><time class=\"entry-date updated\" datetime=\"2026-02-04T19:52:33+03:00\">4 \u015eubat 2026<\/time><\/a><a href=\"https:\/\/korpekalemler.net\/index.php\/2026\/02\/04\/tahmidiye-duasi-uzerine-1\/#respond\" class=\"comment-link\" >Leave a comment<\/a><\/div>\n\t<div class=\"entry-excerpt\"><p>On Tekbirin Manev\u00ee Mi\u2019rac\u0131 Bedi\u00fczzaman Said Nurs\u00ee Hazretleri\u2019nin, \u201cmadd\u00ee ve m\u00e2nev\u00ee hastal\u0131klar\u0131n\u201d bir nevi \u015fifas\u0131 oldu\u011funu belirtti\u011fi ve \u00f6zellikle hastal\u0131k d\u00f6nemlerinde &#8216;husus\u00ee bir virdim&#8217; diyerek s\u0131k\u00e7a okudu\u011fu Tahmidiye Duas\u0131, yine kendisinin derledi\u011fi Hizb\u00fc\u2019l-Env\u00e2ri\u2019l-Hak\u00e2ik\u0131\u2019n-N\u00fbriye (B\u00fcy\u00fck Cev\u015fen) isimli mecmuan\u0131n i\u00e7inde yer al\u0131r. [1] Risale-i Nur\u2019un 1950 y\u0131l\u0131nda Bursa&#8217;ya ula\u015fmas\u0131na vesile olan Ali \u00c7akmak A\u011fabey&#8217;in de &#8216;Karde\u015fim, her&hellip;<\/p>\n<\/div>\n\t\n<a href=\"https:\/\/korpekalemler.net\/index.php\/2026\/02\/04\/tahmidiye-duasi-uzerine-1\/\" class=\"post-details details-type-link\" aria-label=\"Read more about Tahmidiye Duas\u0131 \u00dczerine &#8211; 1\">Read more<i class=\"dt-icon-the7-arrow-03\" aria-hidden=\"true\"><\/i><\/a>\n\n<\/div><\/article><article class=\"post project-odd visible post-17105 type-post status-publish format-standard has-post-thumbnail hentry category-dusunce category-gulsah-karabork category-ilim category-subat-26 category-145 category-287 category-167 category-298 description-off\" data-name=\"\u0130frit&#8217;in S\u0131rr\u0131 ve Z\u0131tlar\u0131n Birli\u011finde Hakikat\" data-date=\"2026-02-02T16:25:57+03:00\">\n\n<div class=\"post-thumbnail-wrap\">\n\t<div class=\"post-thumbnail\">\n\n\t\t\n\t\t\n\t\t<a href=\"https:\/\/korpekalemler.net\/index.php\/2026\/02\/02\/ifritin-sirri-ve-zitlarin-birliginde-hakikat\/\" class=\"post-thumbnail-rollover layzr-bg layzr-bg\" ><img loading=\"lazy\" decoding=\"async\" class=\"blog-thumb-lazy-load preload-me lazy-load\" src=\"data:image\/svg+xml,%3Csvg%20xmlns%3D&#39;http%3A%2F%2Fwww.w3.org%2F2000%2Fsvg&#39;%20viewBox%3D&#39;0%200%20768%20512&#39;%2F%3E\" data-src=\"https:\/\/korpekalemler.net\/wp-content\/uploads\/2026\/02\/1770039689458-768x512.png\" data-srcset=\"https:\/\/korpekalemler.net\/wp-content\/uploads\/2026\/02\/1770039689458-768x512.png 768w, https:\/\/korpekalemler.net\/wp-content\/uploads\/2026\/02\/1770039689458-1024x682.png 1024w\" alt=\"\" title=\"1770039689458\" width=\"768\" height=\"512\"  \/><\/a>\n\t<\/div>\n<\/div>\n\n\n<div class=\"post-entry-content\">\n\n\t<h3 class=\"entry-title\">\n\t\t<a href=\"https:\/\/korpekalemler.net\/index.php\/2026\/02\/02\/ifritin-sirri-ve-zitlarin-birliginde-hakikat\/\" title=\"\u0130frit&#8217;in S\u0131rr\u0131 ve Z\u0131tlar\u0131n Birli\u011finde Hakikat\" rel=\"bookmark\">\u0130frit&#8217;in S\u0131rr\u0131 ve Z\u0131tlar\u0131n Birli\u011finde Hakikat<\/a>\n\t<\/h3>\n\n\t<div class=\"entry-meta\"><span class=\"category-link\"><a href=\"https:\/\/korpekalemler.net\/index.php\/category\/dusunce\/\" >D\u00fc\u015f\u00fcnce<\/a>, <a href=\"https:\/\/korpekalemler.net\/index.php\/category\/gulsah-karabork\/\" >G\u00fcl\u015fah Karab\u00f6rk<\/a>, <a href=\"https:\/\/korpekalemler.net\/index.php\/category\/ilim\/\" >\u0130lim<\/a>, <a href=\"https:\/\/korpekalemler.net\/index.php\/category\/subat-26\/\" >\u015eubat '26<\/a><\/span><a class=\"author vcard\" href=\"https:\/\/korpekalemler.net\/index.php\/author\/korpekalemlerder\/\" title=\"View all posts by K\u00f6rpe Kalemler\" rel=\"author\">By <span class=\"fn\">K\u00f6rpe Kalemler<\/span><\/a><a href=\"https:\/\/korpekalemler.net\/index.php\/2026\/02\/02\/\" title=\"16:25\" class=\"data-link\" rel=\"bookmark\"><time class=\"entry-date updated\" datetime=\"2026-02-02T16:25:57+03:00\">2 \u015eubat 2026<\/time><\/a><a href=\"https:\/\/korpekalemler.net\/index.php\/2026\/02\/02\/ifritin-sirri-ve-zitlarin-birliginde-hakikat\/#respond\" class=\"comment-link\" >Leave a comment<\/a><\/div>\n\t<div class=\"entry-excerpt\"><p>Ey hakikat arayan! Kur&#8217;\u00e2n-\u0131 Ker\u00eem&#8217;de Neml S\u00fbresi&#8217;nde anlat\u0131lan o g\u00fc\u00e7l\u00fc cin, \u0130frit, Hz. S\u00fcleyman&#8217;\u0131n (a.s.) emrinde hizmet eden bir varl\u0131kt\u0131r. Cinlerden bir ifrit \u015f\u00f6yle der: \u201cSen makam\u0131ndan kalkmadan \u00f6nce o taht\u0131 sana getiririm!\u201d (Neml, 39). Bu \u00e2yet, fertten (bireyden) ba\u015flay\u0131p il\u00e2h\u00ee emre ula\u015fan bir g\u00fcc\u00fc i\u015faret eder. \u0130frit&#8217;i anlamak i\u00e7in harflerin s\u0131rr\u0131na bakmak gerekir. Ayn&hellip;<\/p>\n<\/div>\n\t\n<a href=\"https:\/\/korpekalemler.net\/index.php\/2026\/02\/02\/ifritin-sirri-ve-zitlarin-birliginde-hakikat\/\" class=\"post-details details-type-link\" aria-label=\"Read more about \u0130frit&#8217;in S\u0131rr\u0131 ve Z\u0131tlar\u0131n Birli\u011finde Hakikat\">Read more<i class=\"dt-icon-the7-arrow-03\" aria-hidden=\"true\"><\/i><\/a>\n\n<\/div><\/article><article class=\"post project-odd visible post-17069 type-post status-publish format-standard has-post-thumbnail hentry category-drmusahub category-dusunce category-ilim category-ocak-26 category-148 category-145 category-167 category-295 description-off\" data-name=\"Osmanl\u0131 Medine&#8217;sinde Mi&#8217;rac Mevsimi \u201cHacc-\u0131 Nebi\u201d Gelene\u011fi\" data-date=\"2026-01-07T19:42:00+03:00\">\n\n<div class=\"post-thumbnail-wrap\">\n\t<div class=\"post-thumbnail\">\n\n\t\t\n\t\t\n\t\t<a href=\"https:\/\/korpekalemler.net\/index.php\/2026\/01\/07\/osmanli-medinesinde-mirac-mevsimi-hacc-i-nebi-gelenegi\/\" class=\"post-thumbnail-rollover layzr-bg layzr-bg\" ><img loading=\"lazy\" decoding=\"async\" class=\"blog-thumb-lazy-load preload-me lazy-load\" src=\"data:image\/svg+xml,%3Csvg%20xmlns%3D&#39;http%3A%2F%2Fwww.w3.org%2F2000%2Fsvg&#39;%20viewBox%3D&#39;0%200%20768%20512&#39;%2F%3E\" data-src=\"https:\/\/korpekalemler.net\/wp-content\/uploads\/2026\/01\/1767530387902-768x512.jpg\" data-srcset=\"https:\/\/korpekalemler.net\/wp-content\/uploads\/2026\/01\/1767530387902-768x512.jpg 768w, https:\/\/korpekalemler.net\/wp-content\/uploads\/2026\/01\/1767530387902-1024x682.jpg 1024w\" alt=\"\" title=\"1767530387902\" width=\"768\" height=\"512\"  \/><\/a>\n\t<\/div>\n<\/div>\n\n\n<div class=\"post-entry-content\">\n\n\t<h3 class=\"entry-title\">\n\t\t<a href=\"https:\/\/korpekalemler.net\/index.php\/2026\/01\/07\/osmanli-medinesinde-mirac-mevsimi-hacc-i-nebi-gelenegi\/\" title=\"Osmanl\u0131 Medine&#8217;sinde Mi&#8217;rac Mevsimi \u201cHacc-\u0131 Nebi\u201d Gelene\u011fi\" rel=\"bookmark\">Osmanl\u0131 Medine&#8217;sinde Mi&#8217;rac Mevsimi \u201cHacc-\u0131 Nebi\u201d Gelene\u011fi<\/a>\n\t<\/h3>\n\n\t<div class=\"entry-meta\"><span class=\"category-link\"><a href=\"https:\/\/korpekalemler.net\/index.php\/category\/drmusahub\/\" >Dr. Musa H\u00fbb<\/a>, <a href=\"https:\/\/korpekalemler.net\/index.php\/category\/dusunce\/\" >D\u00fc\u015f\u00fcnce<\/a>, <a href=\"https:\/\/korpekalemler.net\/index.php\/category\/ilim\/\" >\u0130lim<\/a>, <a href=\"https:\/\/korpekalemler.net\/index.php\/category\/ocak-26\/\" >Ocak '26<\/a><\/span><a class=\"author vcard\" href=\"https:\/\/korpekalemler.net\/index.php\/author\/korpekalemlerder\/\" title=\"View all posts by K\u00f6rpe Kalemler\" rel=\"author\">By <span class=\"fn\">K\u00f6rpe Kalemler<\/span><\/a><a href=\"https:\/\/korpekalemler.net\/index.php\/2026\/01\/07\/\" title=\"19:42\" class=\"data-link\" rel=\"bookmark\"><time class=\"entry-date updated\" datetime=\"2026-01-07T19:42:00+03:00\">7 Ocak 2026<\/time><\/a><a href=\"https:\/\/korpekalemler.net\/index.php\/2026\/01\/07\/osmanli-medinesinde-mirac-mevsimi-hacc-i-nebi-gelenegi\/#respond\" class=\"comment-link\" >Leave a comment<\/a><\/div>\n\t<div class=\"entry-excerpt\"><p>Din\u00ee hayat\u0131 \u00e7ok zengin gelenekler ile zenginle\u015ftirerek ya\u015fayan ve ya\u015fatan Osmanl\u0131 \u0130slam K\u00fclt\u00fcr\u00fc\u2019n\u00fcn izlerini takip ederken kar\u015f\u0131m\u0131za \u00e7ok manid\u00e2r \u00f6rfler \u00e7\u0131kmaya devam etmektedir. Bunlardan bir tanesi de Osmanl\u0131 Medine\u2019sinde Mi\u2019rac Mevsimi yap\u0131lan \u201cHacc-\u0131 Nebi\u201d kutlamalar\u0131d\u0131r. Evet yanl\u0131\u015f okumad\u0131n\u0131z: Osmanl\u0131 Medine-i M\u00fcnevveresinde Mi\u2019ra\u00e7 kandili zamanlar\u0131nda yap\u0131lan Hacc-\u0131 Nebi kutlamalar\u0131. Bu kutlamalardan bizi haberdar eden H\u00fcseyin Vassaf&hellip;<\/p>\n<\/div>\n\t\n<a href=\"https:\/\/korpekalemler.net\/index.php\/2026\/01\/07\/osmanli-medinesinde-mirac-mevsimi-hacc-i-nebi-gelenegi\/\" class=\"post-details details-type-link\" aria-label=\"Read more about Osmanl\u0131 Medine&#8217;sinde Mi&#8217;rac Mevsimi \u201cHacc-\u0131 Nebi\u201d Gelene\u011fi\">Read more<i class=\"dt-icon-the7-arrow-03\" aria-hidden=\"true\"><\/i><\/a>\n\n<\/div><\/article><article class=\"post project-odd visible post-17050 type-post status-publish format-standard has-post-thumbnail hentry category-drmusahub category-dusunce category-ilim category-ocak-26 category-148 category-145 category-167 category-295 description-off\" data-name=\"Yol, Yolcu, Yolculuk, Yolluk ve Yolun Sonu -S\u00e2lik, S\u00fcl\u00fbk, Meslek, Me\u015freb ve Maksat-\" data-date=\"2026-01-07T12:14:44+03:00\">\n\n<div class=\"post-thumbnail-wrap\">\n\t<div class=\"post-thumbnail\">\n\n\t\t\n\t\t\n\t\t<a href=\"https:\/\/korpekalemler.net\/index.php\/2026\/01\/07\/yol-yolcu-yolculuk-yolluk-ve-yolun-sonu-salik-suluk-meslek-mesreb-ve-maksat\/\" class=\"post-thumbnail-rollover layzr-bg layzr-bg\" ><img loading=\"lazy\" decoding=\"async\" class=\"blog-thumb-lazy-load preload-me lazy-load\" src=\"data:image\/svg+xml,%3Csvg%20xmlns%3D&#39;http%3A%2F%2Fwww.w3.org%2F2000%2Fsvg&#39;%20viewBox%3D&#39;0%200%20768%20512&#39;%2F%3E\" data-src=\"https:\/\/korpekalemler.net\/wp-content\/uploads\/2026\/01\/1767557707906-768x512.jpg\" data-srcset=\"https:\/\/korpekalemler.net\/wp-content\/uploads\/2026\/01\/1767557707906-768x512.jpg 768w, https:\/\/korpekalemler.net\/wp-content\/uploads\/2026\/01\/1767557707906-951x633.jpg 951w\" alt=\"\" title=\"1767557707906\" width=\"768\" height=\"512\"  \/><\/a>\n\t<\/div>\n<\/div>\n\n\n<div class=\"post-entry-content\">\n\n\t<h3 class=\"entry-title\">\n\t\t<a href=\"https:\/\/korpekalemler.net\/index.php\/2026\/01\/07\/yol-yolcu-yolculuk-yolluk-ve-yolun-sonu-salik-suluk-meslek-mesreb-ve-maksat\/\" title=\"Yol, Yolcu, Yolculuk, Yolluk ve Yolun Sonu -S\u00e2lik, S\u00fcl\u00fbk, Meslek, Me\u015freb ve Maksat-\" rel=\"bookmark\">Yol, Yolcu, Yolculuk, Yolluk ve Yolun Sonu -S\u00e2lik, S\u00fcl\u00fbk, Meslek, Me\u015freb ve Maksat-<\/a>\n\t<\/h3>\n\n\t<div class=\"entry-meta\"><span class=\"category-link\"><a href=\"https:\/\/korpekalemler.net\/index.php\/category\/drmusahub\/\" >Dr. Musa H\u00fbb<\/a>, <a href=\"https:\/\/korpekalemler.net\/index.php\/category\/dusunce\/\" >D\u00fc\u015f\u00fcnce<\/a>, <a href=\"https:\/\/korpekalemler.net\/index.php\/category\/ilim\/\" >\u0130lim<\/a>, <a href=\"https:\/\/korpekalemler.net\/index.php\/category\/ocak-26\/\" >Ocak '26<\/a><\/span><a class=\"author vcard\" href=\"https:\/\/korpekalemler.net\/index.php\/author\/korpekalemlerder\/\" title=\"View all posts by K\u00f6rpe Kalemler\" rel=\"author\">By <span class=\"fn\">K\u00f6rpe Kalemler<\/span><\/a><a href=\"https:\/\/korpekalemler.net\/index.php\/2026\/01\/07\/\" title=\"12:14\" class=\"data-link\" rel=\"bookmark\"><time class=\"entry-date updated\" datetime=\"2026-01-07T12:14:44+03:00\">7 Ocak 2026<\/time><\/a><a href=\"https:\/\/korpekalemler.net\/index.php\/2026\/01\/07\/yol-yolcu-yolculuk-yolluk-ve-yolun-sonu-salik-suluk-meslek-mesreb-ve-maksat\/#respond\" class=\"comment-link\" >Leave a comment<\/a><\/div>\n\t<div class=\"entry-excerpt\"><p>Tasavvufta s\u00e2lik, s\u00fcl\u00fbk, meslek, me\u015freb ve maksad (vuslat) kavramlar\u0131 vard\u0131r. \u0130slam Tasavvufunun modern \u00e7a\u011flarda do\u011frudan asr-\u0131 saadetten filizlenmi\u015f bir dal\u0131 olan Risale-i Nur Mesle\u011finde de, bu kavramlar ve bunlar\u0131n e\u015fanlaml\u0131lar\u0131 veya \u00e7a\u011fr\u0131\u015ft\u0131ranlar\u0131 olarak \u2018yol, yolcu, yolculuk, yolluk ve yolun sonu\u201d manas\u0131na pek\u00e7ok metaforlar s\u0131k\u00e7a kullan\u0131l\u0131r. \u00dcstad Bedi\u00fczzaman Said Nurs\u00ee Hazretleri\u2019ne g\u00f6re her insan, kainat \u00e7\u00f6llerinde&hellip;<\/p>\n<\/div>\n\t\n<a href=\"https:\/\/korpekalemler.net\/index.php\/2026\/01\/07\/yol-yolcu-yolculuk-yolluk-ve-yolun-sonu-salik-suluk-meslek-mesreb-ve-maksat\/\" class=\"post-details details-type-link\" aria-label=\"Read more about Yol, Yolcu, Yolculuk, Yolluk ve Yolun Sonu -S\u00e2lik, S\u00fcl\u00fbk, Meslek, Me\u015freb ve Maksat-\">Read more<i class=\"dt-icon-the7-arrow-03\" aria-hidden=\"true\"><\/i><\/a>\n\n<\/div><\/article><article class=\"post project-odd visible post-17048 type-post status-publish format-standard has-post-thumbnail hentry category-dusunce category-ilim category-ocak-26 category-yuksel-kurtoglu category-145 category-167 category-295 category-296 description-off\" data-name=\"Gez-G\u00f6z-Arpac\u0131k Metaforu  \u2018Risale-i Nur Tasavvufu\u2019na Bir Nazar-\u0131 Vuk\u00fbf\u00ee: Tahm\u00eediye \u00d6rne\u011fine Giri\u015f\" data-date=\"2026-01-07T12:12:48+03:00\">\n\n<div class=\"post-thumbnail-wrap\">\n\t<div class=\"post-thumbnail\">\n\n\t\t\n\t\t\n\t\t<a href=\"https:\/\/korpekalemler.net\/index.php\/2026\/01\/07\/gez-goz-arpacik-metaforu-risale-i-nur-tasavvufuna-bir-nazar-i-vukufi-tahmidiye-ornegine-giris\/\" class=\"post-thumbnail-rollover layzr-bg layzr-bg\" ><img loading=\"lazy\" decoding=\"async\" class=\"blog-thumb-lazy-load preload-me lazy-load\" src=\"data:image\/svg+xml,%3Csvg%20xmlns%3D&#39;http%3A%2F%2Fwww.w3.org%2F2000%2Fsvg&#39;%20viewBox%3D&#39;0%200%20768%20512&#39;%2F%3E\" data-src=\"https:\/\/korpekalemler.net\/wp-content\/uploads\/2026\/01\/Screenshot_20260107_183042_Google-768x512.jpg\" data-srcset=\"https:\/\/korpekalemler.net\/wp-content\/uploads\/2026\/01\/Screenshot_20260107_183042_Google-768x512.jpg 768w, https:\/\/korpekalemler.net\/wp-content\/uploads\/2026\/01\/Screenshot_20260107_183042_Google-1306x870.jpg 1306w\" alt=\"\" title=\"Screenshot_20260107_183042_Google\" width=\"768\" height=\"512\"  \/><\/a>\n\t<\/div>\n<\/div>\n\n\n<div class=\"post-entry-content\">\n\n\t<h3 class=\"entry-title\">\n\t\t<a href=\"https:\/\/korpekalemler.net\/index.php\/2026\/01\/07\/gez-goz-arpacik-metaforu-risale-i-nur-tasavvufuna-bir-nazar-i-vukufi-tahmidiye-ornegine-giris\/\" title=\"Gez-G\u00f6z-Arpac\u0131k Metaforu  \u2018Risale-i Nur Tasavvufu\u2019na Bir Nazar-\u0131 Vuk\u00fbf\u00ee: Tahm\u00eediye \u00d6rne\u011fine Giri\u015f\" rel=\"bookmark\">Gez-G\u00f6z-Arpac\u0131k Metaforu  \u2018Risale-i Nur Tasavvufu\u2019na Bir Nazar-\u0131 Vuk\u00fbf\u00ee: Tahm\u00eediye \u00d6rne\u011fine Giri\u015f<\/a>\n\t<\/h3>\n\n\t<div class=\"entry-meta\"><span class=\"category-link\"><a href=\"https:\/\/korpekalemler.net\/index.php\/category\/dusunce\/\" >D\u00fc\u015f\u00fcnce<\/a>, <a href=\"https:\/\/korpekalemler.net\/index.php\/category\/ilim\/\" >\u0130lim<\/a>, <a href=\"https:\/\/korpekalemler.net\/index.php\/category\/ocak-26\/\" >Ocak '26<\/a>, <a href=\"https:\/\/korpekalemler.net\/index.php\/category\/yuksel-kurtoglu\/\" >Y\u00fcksel Kurto\u011flu<\/a><\/span><a class=\"author vcard\" href=\"https:\/\/korpekalemler.net\/index.php\/author\/korpekalemlerder\/\" title=\"View all posts by K\u00f6rpe Kalemler\" rel=\"author\">By <span class=\"fn\">K\u00f6rpe Kalemler<\/span><\/a><a href=\"https:\/\/korpekalemler.net\/index.php\/2026\/01\/07\/\" title=\"12:12\" class=\"data-link\" rel=\"bookmark\"><time class=\"entry-date updated\" datetime=\"2026-01-07T12:12:48+03:00\">7 Ocak 2026<\/time><\/a><a href=\"https:\/\/korpekalemler.net\/index.php\/2026\/01\/07\/gez-goz-arpacik-metaforu-risale-i-nur-tasavvufuna-bir-nazar-i-vukufi-tahmidiye-ornegine-giris\/#respond\" class=\"comment-link\" >Leave a comment<\/a><\/div>\n\t<div class=\"entry-excerpt\"><p>\u00a0 \u00a0 \u00a0 \u00a0 \u00a0 \u00dcstad\u0131m\u0131z Bedi\u00fczzaman Said Nurs\u00ee Hazretleri\u2019nin (1878-1960) \u201cTarikats\u0131z Cennete gidenler \u00e7oktur, fakat imans\u0131z Cennete giden yoktur.\u201d (Nurs\u00ee, Mektub\u00e2t \/ 5. Mektup) gibi s\u00f6zleri, \u201cvelayet-i k\u00fcbra&#8221; ile &#8220;velayet-i su\u011fra&#8221; aras\u0131ndaki fark\u0131, talebelerine g\u00f6rsel bir temsille anlatt\u0131\u011f\u0131 o me\u015fhur tesbih hat\u0131ras\u0131 ve \u201cZaman tarikat zaman\u0131 de\u011fildir, iman\u0131 kurtarma zaman\u0131d\u0131r\u201d \u015feklindeki y\u00f6nlendirmeleri sebebiyle, Biz,&hellip;<\/p>\n<\/div>\n\t\n<a href=\"https:\/\/korpekalemler.net\/index.php\/2026\/01\/07\/gez-goz-arpacik-metaforu-risale-i-nur-tasavvufuna-bir-nazar-i-vukufi-tahmidiye-ornegine-giris\/\" class=\"post-details details-type-link\" aria-label=\"Read more about Gez-G\u00f6z-Arpac\u0131k Metaforu  \u2018Risale-i Nur Tasavvufu\u2019na Bir Nazar-\u0131 Vuk\u00fbf\u00ee: Tahm\u00eediye \u00d6rne\u011fine Giri\u015f\">Read more<i class=\"dt-icon-the7-arrow-03\" aria-hidden=\"true\"><\/i><\/a>\n\n<\/div><\/article><article class=\"post project-odd visible post-17039 type-post status-publish format-standard has-post-thumbnail hentry category-gulsah-karabork category-ilim category-ocak-26 category-287 category-167 category-295 description-off\" data-name=\"D\u00f6ng\u00fcler D\u00f6ng\u00fcs\u00fc: Denge\" data-date=\"2026-01-04T06:55:39+03:00\">\n\n<div class=\"post-thumbnail-wrap\">\n\t<div class=\"post-thumbnail\">\n\n\t\t\n\t\t\n\t\t<a href=\"https:\/\/korpekalemler.net\/index.php\/2026\/01\/04\/donguler-dongusu-denge\/\" class=\"post-thumbnail-rollover layzr-bg layzr-bg\" ><img loading=\"lazy\" decoding=\"async\" class=\"blog-thumb-lazy-load preload-me lazy-load\" src=\"data:image\/svg+xml,%3Csvg%20xmlns%3D&#39;http%3A%2F%2Fwww.w3.org%2F2000%2Fsvg&#39;%20viewBox%3D&#39;0%200%20768%20512&#39;%2F%3E\" data-src=\"https:\/\/korpekalemler.net\/wp-content\/uploads\/2026\/01\/Screenshot_20260107_195147_Adobe-Acrobat-768x512.jpg\" data-srcset=\"https:\/\/korpekalemler.net\/wp-content\/uploads\/2026\/01\/Screenshot_20260107_195147_Adobe-Acrobat-768x512.jpg 768w, https:\/\/korpekalemler.net\/wp-content\/uploads\/2026\/01\/Screenshot_20260107_195147_Adobe-Acrobat-1008x672.jpg 1008w\" alt=\"\" title=\"Screenshot_20260107_195147_Adobe Acrobat\" width=\"768\" height=\"512\"  \/><\/a>\n\t<\/div>\n<\/div>\n\n\n<div class=\"post-entry-content\">\n\n\t<h3 class=\"entry-title\">\n\t\t<a href=\"https:\/\/korpekalemler.net\/index.php\/2026\/01\/04\/donguler-dongusu-denge\/\" title=\"D\u00f6ng\u00fcler D\u00f6ng\u00fcs\u00fc: Denge\" rel=\"bookmark\">D\u00f6ng\u00fcler D\u00f6ng\u00fcs\u00fc: Denge<\/a>\n\t<\/h3>\n\n\t<div class=\"entry-meta\"><span class=\"category-link\"><a href=\"https:\/\/korpekalemler.net\/index.php\/category\/gulsah-karabork\/\" >G\u00fcl\u015fah Karab\u00f6rk<\/a>, <a href=\"https:\/\/korpekalemler.net\/index.php\/category\/ilim\/\" >\u0130lim<\/a>, <a href=\"https:\/\/korpekalemler.net\/index.php\/category\/ocak-26\/\" >Ocak '26<\/a><\/span><a class=\"author vcard\" href=\"https:\/\/korpekalemler.net\/index.php\/author\/korpekalemlerder\/\" title=\"View all posts by K\u00f6rpe Kalemler\" rel=\"author\">By <span class=\"fn\">K\u00f6rpe Kalemler<\/span><\/a><a href=\"https:\/\/korpekalemler.net\/index.php\/2026\/01\/04\/\" title=\"06:55\" class=\"data-link\" rel=\"bookmark\"><time class=\"entry-date updated\" datetime=\"2026-01-04T06:55:39+03:00\">4 Ocak 2026<\/time><\/a><a href=\"https:\/\/korpekalemler.net\/index.php\/2026\/01\/04\/donguler-dongusu-denge\/#respond\" class=\"comment-link\" >Leave a comment<\/a><\/div>\n\t<div class=\"entry-excerpt\"><p>L\u00e2 havle ve l\u00e2 kuvvete ill\u00e2 bill\u00e2hil aliyy\u00fcl az\u00eem. D\u00f6ng\u00fc Hak\u2019t\u0131r ki kendi cem\u00e2lini kendisi seyrederken \u00e7izdi\u011fi nurdan bir halkad\u0131r; ba\u015flang\u0131c\u0131 da O\u2019dur, sonu da O\u2019dur, ortas\u0131 da O\u2019dur. O halka ki d\u00f6nmekle d\u00f6nmekten kurtulur; durmakla durmaktan \u00e7\u0131kar. G\u00fcne\u015f, geceyi g\u00fcnd\u00fcz\u00fcn s\u0131rt\u0131na dolay\u0131p yuvarlarken (\u0643\u064e\u0648\u0651\u064e\u0631\u064e), asl\u0131nda Z\u00e2t-\u0131 Mutlak kendi nurunu kendi nuruna sar\u0131yordur. Bu tekvir,&hellip;<\/p>\n<\/div>\n\t\n<a href=\"https:\/\/korpekalemler.net\/index.php\/2026\/01\/04\/donguler-dongusu-denge\/\" class=\"post-details details-type-link\" aria-label=\"Read more about D\u00f6ng\u00fcler D\u00f6ng\u00fcs\u00fc: Denge\">Read more<i class=\"dt-icon-the7-arrow-03\" aria-hidden=\"true\"><\/i><\/a>\n\n<\/div><\/article><article class=\"post project-odd visible post-16978 type-post status-publish format-standard has-post-thumbnail hentry category-aralik25 category-drmusahub category-dusunce category-ilim category-294 category-148 category-145 category-167 description-off\" data-name=\"Hal\u00eel\u00fc&#8217;l-\u0130nsan : Hal\u00eelu&#8217;r-Rahman \u0130ns\u00e2n\u00ee Dost\u2019luktan \u0130lah\u00ee Dost\u2019lu\u011fa\" data-date=\"2025-12-07T15:53:53+03:00\">\n\n<div class=\"post-thumbnail-wrap\">\n\t<div class=\"post-thumbnail\">\n\n\t\t\n\t\t\n\t\t<a href=\"https:\/\/korpekalemler.net\/index.php\/2025\/12\/07\/halilul-insan-halilur-rahman-insani-dostluktan-ilahi-dostluga\/\" class=\"post-thumbnail-rollover layzr-bg layzr-bg\" ><img loading=\"lazy\" decoding=\"async\" class=\"blog-thumb-lazy-load preload-me lazy-load\" src=\"data:image\/svg+xml,%3Csvg%20xmlns%3D&#39;http%3A%2F%2Fwww.w3.org%2F2000%2Fsvg&#39;%20viewBox%3D&#39;0%200%20768%20512&#39;%2F%3E\" data-src=\"https:\/\/korpekalemler.net\/wp-content\/uploads\/2025\/12\/1765017065683-768x512.jpg\" data-srcset=\"https:\/\/korpekalemler.net\/wp-content\/uploads\/2025\/12\/1765017065683-768x512.jpg 768w, https:\/\/korpekalemler.net\/wp-content\/uploads\/2025\/12\/1765017065683-1024x682.jpg 1024w\" alt=\"\" title=\"1765017065683\" width=\"768\" height=\"512\"  \/><\/a>\n\t<\/div>\n<\/div>\n\n\n<div class=\"post-entry-content\">\n\n\t<h3 class=\"entry-title\">\n\t\t<a href=\"https:\/\/korpekalemler.net\/index.php\/2025\/12\/07\/halilul-insan-halilur-rahman-insani-dostluktan-ilahi-dostluga\/\" title=\"Hal\u00eel\u00fc&#8217;l-\u0130nsan : Hal\u00eelu&#8217;r-Rahman \u0130ns\u00e2n\u00ee Dost\u2019luktan \u0130lah\u00ee Dost\u2019lu\u011fa\" rel=\"bookmark\">Hal\u00eel\u00fc&#8217;l-\u0130nsan : Hal\u00eelu&#8217;r-Rahman \u0130ns\u00e2n\u00ee Dost\u2019luktan \u0130lah\u00ee Dost\u2019lu\u011fa<\/a>\n\t<\/h3>\n\n\t<div class=\"entry-meta\"><span class=\"category-link\"><a href=\"https:\/\/korpekalemler.net\/index.php\/category\/aralik25\/\" >Aral\u0131k '25<\/a>, <a href=\"https:\/\/korpekalemler.net\/index.php\/category\/drmusahub\/\" >Dr. Musa H\u00fbb<\/a>, <a href=\"https:\/\/korpekalemler.net\/index.php\/category\/dusunce\/\" >D\u00fc\u015f\u00fcnce<\/a>, <a href=\"https:\/\/korpekalemler.net\/index.php\/category\/ilim\/\" >\u0130lim<\/a><\/span><a class=\"author vcard\" href=\"https:\/\/korpekalemler.net\/index.php\/author\/korpekalemlerder\/\" title=\"View all posts by K\u00f6rpe Kalemler\" rel=\"author\">By <span class=\"fn\">K\u00f6rpe Kalemler<\/span><\/a><a href=\"https:\/\/korpekalemler.net\/index.php\/2025\/12\/07\/\" title=\"15:53\" class=\"data-link\" rel=\"bookmark\"><time class=\"entry-date updated\" datetime=\"2025-12-07T15:53:53+03:00\">7 Aral\u0131k 2025<\/time><\/a><a href=\"https:\/\/korpekalemler.net\/index.php\/2025\/12\/07\/halilul-insan-halilur-rahman-insani-dostluktan-ilahi-dostluga\/#respond\" class=\"comment-link\" >Leave a comment<\/a><\/div>\n\t<div class=\"entry-excerpt\"><p>\u201c\u2026 Saadet kendinin olan kuvvet demektir; umutla k\u00e2inata emniyet demektir. Varl\u0131klar\u0131n tam saadet verebileceklerine inanmak, ge\u00e7ici ve aldat\u0131c\u0131 olana ba\u011flanmakt\u0131r. Ruh ise kuvvetlerin kuvvetini yarat\u0131c\u0131d\u0131r. Ruhun b\u00fct\u00fcnl\u00fc\u011f\u00fcne ula\u015famayan insan kuvvetsizdir. O benli\u011fe yabanc\u0131d\u0131r, k\u00e2inat\u0131n k\u00f6r bir esiridir. Bu insan, kuvvetini yok edici insiyaklar\u0131n tatminile iktidars\u0131zl\u0131\u011fa g\u00f6m\u00fcld\u00fck\u00e7e benli\u011finden her g\u00fcn bir par\u00e7a uzakla\u015fmaktad\u0131r. (Mabedde) umum\u00ee bir&hellip;<\/p>\n<\/div>\n\t\n<a href=\"https:\/\/korpekalemler.net\/index.php\/2025\/12\/07\/halilul-insan-halilur-rahman-insani-dostluktan-ilahi-dostluga\/\" class=\"post-details details-type-link\" aria-label=\"Read more about Hal\u00eel\u00fc&#8217;l-\u0130nsan : Hal\u00eelu&#8217;r-Rahman \u0130ns\u00e2n\u00ee Dost\u2019luktan \u0130lah\u00ee Dost\u2019lu\u011fa\">Read more<i class=\"dt-icon-the7-arrow-03\" aria-hidden=\"true\"><\/i><\/a>\n\n<\/div><\/article><article class=\"post project-odd visible post-16990 type-post status-publish format-standard has-post-thumbnail hentry category-aralik25 category-dusunce category-elifebayraktar category-ilim category-294 category-145 category-151 category-167 description-off\" data-name=\"Sessizle\u015fen Vicdan: \u015eeytan\u0131n En Ustaca F\u0131s\u0131lt\u0131s\u0131\" data-date=\"2025-12-07T15:52:00+03:00\">\n\n<div class=\"post-thumbnail-wrap\">\n\t<div class=\"post-thumbnail\">\n\n\t\t\n\t\t\n\t\t<a href=\"https:\/\/korpekalemler.net\/index.php\/2025\/12\/07\/sessizlesen-vicdan-seytanin-en-ustaca-fisiltisi\/\" class=\"post-thumbnail-rollover layzr-bg layzr-bg\" ><img loading=\"lazy\" decoding=\"async\" class=\"blog-thumb-lazy-load preload-me lazy-load\" src=\"data:image\/svg+xml,%3Csvg%20xmlns%3D&#39;http%3A%2F%2Fwww.w3.org%2F2000%2Fsvg&#39;%20viewBox%3D&#39;0%200%20768%20512&#39;%2F%3E\" data-src=\"https:\/\/korpekalemler.net\/wp-content\/uploads\/2025\/12\/1765020747729-scaled-768x512.jpg\" data-srcset=\"https:\/\/korpekalemler.net\/wp-content\/uploads\/2025\/12\/1765020747729-scaled-768x512.jpg 768w, https:\/\/korpekalemler.net\/wp-content\/uploads\/2025\/12\/1765020747729-scaled-1306x870.jpg 1306w\" alt=\"\" title=\"1765020747729\" width=\"768\" height=\"512\"  \/><\/a>\n\t<\/div>\n<\/div>\n\n\n<div class=\"post-entry-content\">\n\n\t<h3 class=\"entry-title\">\n\t\t<a href=\"https:\/\/korpekalemler.net\/index.php\/2025\/12\/07\/sessizlesen-vicdan-seytanin-en-ustaca-fisiltisi\/\" title=\"Sessizle\u015fen Vicdan: \u015eeytan\u0131n En Ustaca F\u0131s\u0131lt\u0131s\u0131\" rel=\"bookmark\">Sessizle\u015fen Vicdan: \u015eeytan\u0131n En Ustaca F\u0131s\u0131lt\u0131s\u0131<\/a>\n\t<\/h3>\n\n\t<div class=\"entry-meta\"><span class=\"category-link\"><a href=\"https:\/\/korpekalemler.net\/index.php\/category\/aralik25\/\" >Aral\u0131k '25<\/a>, <a href=\"https:\/\/korpekalemler.net\/index.php\/category\/dusunce\/\" >D\u00fc\u015f\u00fcnce<\/a>, <a href=\"https:\/\/korpekalemler.net\/index.php\/category\/elifebayraktar\/\" >Elif E. Bayraktar<\/a>, <a href=\"https:\/\/korpekalemler.net\/index.php\/category\/ilim\/\" >\u0130lim<\/a><\/span><a class=\"author vcard\" href=\"https:\/\/korpekalemler.net\/index.php\/author\/korpekalemlerder\/\" title=\"View all posts by K\u00f6rpe Kalemler\" rel=\"author\">By <span class=\"fn\">K\u00f6rpe Kalemler<\/span><\/a><a href=\"https:\/\/korpekalemler.net\/index.php\/2025\/12\/07\/\" title=\"15:52\" class=\"data-link\" rel=\"bookmark\"><time class=\"entry-date updated\" datetime=\"2025-12-07T15:52:00+03:00\">7 Aral\u0131k 2025<\/time><\/a><a href=\"https:\/\/korpekalemler.net\/index.php\/2025\/12\/07\/sessizlesen-vicdan-seytanin-en-ustaca-fisiltisi\/#respond\" class=\"comment-link\" >Leave a comment<\/a><\/div>\n\t<div class=\"entry-excerpt\"><p>\u0130nsanlara beklemedikleri anlarda, beklemedikleri y\u00f6nlerden pusu kurarak telkinlerini veren \u015feytan, f\u0131s\u0131ldad\u0131\u011f\u0131 k\u00f6t\u00fc d\u00fc\u015f\u00fcnceleri etkili k\u0131lmak i\u00e7in ki\u015finin vicdan\u0131n\u0131n devreden \u00e7\u0131kmas\u0131 gerekti\u011finin bilincindedir. Bu nedenle ger\u00e7ek kimli\u011fini saklar ve verdi\u011fi telkinleri insanlara vicdanlar\u0131n\u0131n sesiymi\u015f gibi g\u00f6stermeye \u00e7al\u0131\u015f\u0131r. Bunun i\u00e7in kulland\u0131\u011f\u0131 y\u00f6ntem ise, \u2018Allah\u2019\u0131n ad\u0131n\u0131 kullanarak yakla\u015fmak\u2019t\u0131r. Organize ordusuyla birlikte insanlar\u0131 g\u00f6zleyen \u015feytan, onlar\u0131n zay\u0131f noktalar\u0131n\u0131, nelerin&hellip;<\/p>\n<\/div>\n\t\n<a href=\"https:\/\/korpekalemler.net\/index.php\/2025\/12\/07\/sessizlesen-vicdan-seytanin-en-ustaca-fisiltisi\/\" class=\"post-details details-type-link\" aria-label=\"Read more about Sessizle\u015fen Vicdan: \u015eeytan\u0131n En Ustaca F\u0131s\u0131lt\u0131s\u0131\">Read more<i class=\"dt-icon-the7-arrow-03\" aria-hidden=\"true\"><\/i><\/a>\n\n<\/div><\/article><article class=\"post project-odd visible post-16994 type-post status-publish format-standard has-post-thumbnail hentry category-aralik25 category-canan-say category-dusunce category-ilim category-294 category-249 category-145 category-167 description-off\" data-name=\"Samimiyetle Ebeveyn Olmak : Kalpten Kalbe Bir Yolculuk\" data-date=\"2025-12-07T15:51:00+03:00\">\n\n<div class=\"post-thumbnail-wrap\">\n\t<div class=\"post-thumbnail\">\n\n\t\t\n\t\t\n\t\t<a href=\"https:\/\/korpekalemler.net\/index.php\/2025\/12\/07\/samimiyetle-ebeveyn-olmak-kalpten-kalbe-bir-yolculuk\/\" class=\"post-thumbnail-rollover layzr-bg layzr-bg\" ><img loading=\"lazy\" decoding=\"async\" class=\"blog-thumb-lazy-load preload-me lazy-load\" src=\"data:image\/svg+xml,%3Csvg%20xmlns%3D&#39;http%3A%2F%2Fwww.w3.org%2F2000%2Fsvg&#39;%20viewBox%3D&#39;0%200%20768%20512&#39;%2F%3E\" data-src=\"https:\/\/korpekalemler.net\/wp-content\/uploads\/2025\/12\/1765021203703-scaled-768x512.jpg\" data-srcset=\"https:\/\/korpekalemler.net\/wp-content\/uploads\/2025\/12\/1765021203703-scaled-768x512.jpg 768w, https:\/\/korpekalemler.net\/wp-content\/uploads\/2025\/12\/1765021203703-scaled-1306x870.jpg 1306w\" alt=\"\" title=\"1765021203703\" width=\"768\" height=\"512\"  \/><\/a>\n\t<\/div>\n<\/div>\n\n\n<div class=\"post-entry-content\">\n\n\t<h3 class=\"entry-title\">\n\t\t<a href=\"https:\/\/korpekalemler.net\/index.php\/2025\/12\/07\/samimiyetle-ebeveyn-olmak-kalpten-kalbe-bir-yolculuk\/\" title=\"Samimiyetle Ebeveyn Olmak : Kalpten Kalbe Bir Yolculuk\" rel=\"bookmark\">Samimiyetle Ebeveyn Olmak : Kalpten Kalbe Bir Yolculuk<\/a>\n\t<\/h3>\n\n\t<div class=\"entry-meta\"><span class=\"category-link\"><a href=\"https:\/\/korpekalemler.net\/index.php\/category\/aralik25\/\" >Aral\u0131k '25<\/a>, <a href=\"https:\/\/korpekalemler.net\/index.php\/category\/canan-say\/\" >Canan Say<\/a>, <a href=\"https:\/\/korpekalemler.net\/index.php\/category\/dusunce\/\" >D\u00fc\u015f\u00fcnce<\/a>, <a href=\"https:\/\/korpekalemler.net\/index.php\/category\/ilim\/\" >\u0130lim<\/a><\/span><a class=\"author vcard\" href=\"https:\/\/korpekalemler.net\/index.php\/author\/korpekalemlerder\/\" title=\"View all posts by K\u00f6rpe Kalemler\" rel=\"author\">By <span class=\"fn\">K\u00f6rpe Kalemler<\/span><\/a><a href=\"https:\/\/korpekalemler.net\/index.php\/2025\/12\/07\/\" title=\"15:51\" class=\"data-link\" rel=\"bookmark\"><time class=\"entry-date updated\" datetime=\"2025-12-07T15:51:00+03:00\">7 Aral\u0131k 2025<\/time><\/a><a href=\"https:\/\/korpekalemler.net\/index.php\/2025\/12\/07\/samimiyetle-ebeveyn-olmak-kalpten-kalbe-bir-yolculuk\/#respond\" class=\"comment-link\" >Leave a comment<\/a><\/div>\n\t<div class=\"entry-excerpt\"><p>Her evin bir dili vard\u0131r. Kahkahan\u0131n eksik olmad\u0131\u011f\u0131 evler de vard\u0131r, sessizli\u011fin a\u011f\u0131r bast\u0131\u011f\u0131 evler de\u2026 Kimi evde \u00e7ocuklar ko\u015fu\u015fturur, kimi evde bir sandalye yaln\u0131z bekler. Ama t\u00fcm evlerin ortak bir duas\u0131 vard\u0131r: \u201cBirbirimizi anlayal\u0131m. Kaybetmeden sevelim.\u201d Ebeveynlik, insan\u0131n kendi i\u00e7ine yapt\u0131\u011f\u0131 en derin yolculuktur. Bir ucunda \u015fefkat, bir ucunda sab\u0131r, bir ucunda da i\u00e7imizi&hellip;<\/p>\n<\/div>\n\t\n<a href=\"https:\/\/korpekalemler.net\/index.php\/2025\/12\/07\/samimiyetle-ebeveyn-olmak-kalpten-kalbe-bir-yolculuk\/\" class=\"post-details details-type-link\" aria-label=\"Read more about Samimiyetle Ebeveyn Olmak : Kalpten Kalbe Bir Yolculuk\">Read more<i class=\"dt-icon-the7-arrow-03\" aria-hidden=\"true\"><\/i><\/a>\n\n<\/div><\/article><article class=\"post project-odd visible post-17002 type-post status-publish format-standard has-post-thumbnail hentry category-aralik25 category-drmusahub category-dusunce category-ilim category-294 category-148 category-145 category-167 description-off\" data-name=\"Al\u0131nterinde Yeti\u015fen Saadet \u00c7i\u00e7ekleri\" data-date=\"2025-12-07T15:49:13+03:00\">\n\n<div class=\"post-thumbnail-wrap\">\n\t<div class=\"post-thumbnail\">\n\n\t\t\n\t\t\n\t\t<a href=\"https:\/\/korpekalemler.net\/index.php\/2025\/12\/07\/alinterinde-yetisen-saadet-cicekleri\/\" class=\"post-thumbnail-rollover layzr-bg layzr-bg\" ><img loading=\"lazy\" decoding=\"async\" class=\"blog-thumb-lazy-load preload-me lazy-load\" src=\"data:image\/svg+xml,%3Csvg%20xmlns%3D&#39;http%3A%2F%2Fwww.w3.org%2F2000%2Fsvg&#39;%20viewBox%3D&#39;0%200%20768%20512&#39;%2F%3E\" data-src=\"https:\/\/korpekalemler.net\/wp-content\/uploads\/2025\/12\/2-rekat-namaz-nasil-kilinir-768x512.jpg\" data-srcset=\"https:\/\/korpekalemler.net\/wp-content\/uploads\/2025\/12\/2-rekat-namaz-nasil-kilinir-768x512.jpg 768w, https:\/\/korpekalemler.net\/wp-content\/uploads\/2025\/12\/2-rekat-namaz-nasil-kilinir-1080x720.jpg 1080w\" alt=\"\" title=\"2-rekat-namaz-nasil-kilinir\" width=\"768\" height=\"512\"  \/><\/a>\n\t<\/div>\n<\/div>\n\n\n<div class=\"post-entry-content\">\n\n\t<h3 class=\"entry-title\">\n\t\t<a href=\"https:\/\/korpekalemler.net\/index.php\/2025\/12\/07\/alinterinde-yetisen-saadet-cicekleri\/\" title=\"Al\u0131nterinde Yeti\u015fen Saadet \u00c7i\u00e7ekleri\" rel=\"bookmark\">Al\u0131nterinde Yeti\u015fen Saadet \u00c7i\u00e7ekleri<\/a>\n\t<\/h3>\n\n\t<div class=\"entry-meta\"><span class=\"category-link\"><a href=\"https:\/\/korpekalemler.net\/index.php\/category\/aralik25\/\" >Aral\u0131k '25<\/a>, <a href=\"https:\/\/korpekalemler.net\/index.php\/category\/drmusahub\/\" >Dr. Musa H\u00fbb<\/a>, <a href=\"https:\/\/korpekalemler.net\/index.php\/category\/dusunce\/\" >D\u00fc\u015f\u00fcnce<\/a>, <a href=\"https:\/\/korpekalemler.net\/index.php\/category\/ilim\/\" >\u0130lim<\/a><\/span><a class=\"author vcard\" href=\"https:\/\/korpekalemler.net\/index.php\/author\/korpekalemlerder\/\" title=\"View all posts by K\u00f6rpe Kalemler\" rel=\"author\">By <span class=\"fn\">K\u00f6rpe Kalemler<\/span><\/a><a href=\"https:\/\/korpekalemler.net\/index.php\/2025\/12\/07\/\" title=\"15:49\" class=\"data-link\" rel=\"bookmark\"><time class=\"entry-date updated\" datetime=\"2025-12-07T15:49:13+03:00\">7 Aral\u0131k 2025<\/time><\/a><a href=\"https:\/\/korpekalemler.net\/index.php\/2025\/12\/07\/alinterinde-yetisen-saadet-cicekleri\/#respond\" class=\"comment-link\" >Leave a comment<\/a><\/div>\n\t<div class=\"entry-excerpt\"><p>\u201cFrans\u0131z resim sanat\u0131n\u0131n \u00f6nemli simalar\u0131ndan Henri Matisse (1869-1954), Auguste Renoir\u2019dan (1841-1919) 28 ya\u015f daha gen\u00e7 olmas\u0131na kar\u015f\u0131n, iki \u00fcnl\u00fc ressam iyi arkada\u015flard\u0131 ve s\u0131k s\u0131k g\u00f6r\u00fc\u015f\u00fcrlerdi. Hayat\u0131n\u0131n sonlar\u0131na do\u011fru G\u00fcney Fransa\u2019da bir k\u00f6ye yerle\u015fen ya\u015fl\u0131 Renoir, son on y\u0131l\u0131nda evinden \u00e7\u0131kamazken Matisse onu hemen her g\u00fcn ziyaret etti. Romatizma nedeniyle neredeyse hi\u00e7 hareket edemeyen Renoir&hellip;<\/p>\n<\/div>\n\t\n<a href=\"https:\/\/korpekalemler.net\/index.php\/2025\/12\/07\/alinterinde-yetisen-saadet-cicekleri\/\" class=\"post-details details-type-link\" aria-label=\"Read more about Al\u0131nterinde Yeti\u015fen Saadet \u00c7i\u00e7ekleri\">Read more<i class=\"dt-icon-the7-arrow-03\" aria-hidden=\"true\"><\/i><\/a>\n\n<\/div><\/article><article class=\"post project-odd visible post-16954 type-post status-publish format-standard has-post-thumbnail hentry category-drmusahub category-dusunce category-ilim category-inanc category-kasim2025 category-148 category-145 category-167 category-143 category-293 description-off\" data-name=\"KAF\u0130R OL K\u0130 M\u00dc\u2019M\u0130N OLAB\u0130LES\u0130N!\" data-date=\"2025-11-03T18:36:56+03:00\">\n\n<div class=\"post-thumbnail-wrap\">\n\t<div class=\"post-thumbnail\">\n\n\t\t\n\t\t\n\t\t<a href=\"https:\/\/korpekalemler.net\/index.php\/2025\/11\/03\/kafir-ol-ki-mumin-olabilesin\/\" class=\"post-thumbnail-rollover layzr-bg layzr-bg\" ><img loading=\"lazy\" decoding=\"async\" class=\"blog-thumb-lazy-load preload-me lazy-load\" src=\"data:image\/svg+xml,%3Csvg%20xmlns%3D&#39;http%3A%2F%2Fwww.w3.org%2F2000%2Fsvg&#39;%20viewBox%3D&#39;0%200%20500%20333&#39;%2F%3E\" data-src=\"https:\/\/korpekalemler.net\/wp-content\/uploads\/2025\/11\/artworks-000078747841-farv4v-t500x500-500x333.jpg\" data-srcset=\"https:\/\/korpekalemler.net\/wp-content\/uploads\/2025\/11\/artworks-000078747841-farv4v-t500x500-500x333.jpg 500w\" alt=\"\" title=\"artworks-000078747841-farv4v-t500x500\" width=\"500\" height=\"333\"  \/><\/a>\n\t<\/div>\n<\/div>\n\n\n<div class=\"post-entry-content\">\n\n\t<h3 class=\"entry-title\">\n\t\t<a href=\"https:\/\/korpekalemler.net\/index.php\/2025\/11\/03\/kafir-ol-ki-mumin-olabilesin\/\" title=\"KAF\u0130R OL K\u0130 M\u00dc\u2019M\u0130N OLAB\u0130LES\u0130N!\" rel=\"bookmark\">KAF\u0130R OL K\u0130 M\u00dc\u2019M\u0130N OLAB\u0130LES\u0130N!<\/a>\n\t<\/h3>\n\n\t<div class=\"entry-meta\"><span class=\"category-link\"><a href=\"https:\/\/korpekalemler.net\/index.php\/category\/drmusahub\/\" >Dr. Musa H\u00fbb<\/a>, <a href=\"https:\/\/korpekalemler.net\/index.php\/category\/dusunce\/\" >D\u00fc\u015f\u00fcnce<\/a>, <a href=\"https:\/\/korpekalemler.net\/index.php\/category\/ilim\/\" >\u0130lim<\/a>, <a href=\"https:\/\/korpekalemler.net\/index.php\/category\/inanc\/\" >\u0130nan\u00e7<\/a>, <a href=\"https:\/\/korpekalemler.net\/index.php\/category\/kasim2025\/\" >Kas\u0131m '25<\/a><\/span><a class=\"author vcard\" href=\"https:\/\/korpekalemler.net\/index.php\/author\/korpekalemlerder\/\" title=\"View all posts by K\u00f6rpe Kalemler\" rel=\"author\">By <span class=\"fn\">K\u00f6rpe Kalemler<\/span><\/a><a href=\"https:\/\/korpekalemler.net\/index.php\/2025\/11\/03\/\" title=\"18:36\" class=\"data-link\" rel=\"bookmark\"><time class=\"entry-date updated\" datetime=\"2025-11-03T18:36:56+03:00\">3 Kas\u0131m 2025<\/time><\/a><a href=\"https:\/\/korpekalemler.net\/index.php\/2025\/11\/03\/kafir-ol-ki-mumin-olabilesin\/#respond\" class=\"comment-link\" >Leave a comment<\/a><\/div>\n\t<div class=\"entry-excerpt\"><p>L\u00e2il\u00e2he illall\u00e2h. Nefy ve ispat i\u00e7eren iki kar\u015f\u0131t c\u00fcmlecikten olu\u015fan, ve iman\u0131n cevheri ve \u0130slam\u2019\u0131n temel ta\u015f\u0131 olan bu kelime-i tevhide g\u00f6re: \u00d6nce m\u00fcnkir, sonra m\u00fc\u2019min olunur. \u0130nkar et ki iman edebilesin. Kafir olmadan m\u00fc\u2019min olunmaz. \u00d6nce tam \u201ak\u00e2fir\u2018 ol, sonra tam m\u00fc\u2019min olursun. Yar\u0131m k\u00e2fir, yar\u0131m m\u00fc\u2019mindir. Yar\u0131m m\u00fc\u2019min, yar\u0131m k\u00e2firdir. B\u00fct\u00fcn tanr\u0131lar\u0131 inkar&hellip;<\/p>\n<\/div>\n\t\n<a href=\"https:\/\/korpekalemler.net\/index.php\/2025\/11\/03\/kafir-ol-ki-mumin-olabilesin\/\" class=\"post-details details-type-link\" aria-label=\"Read more about KAF\u0130R OL K\u0130 M\u00dc\u2019M\u0130N OLAB\u0130LES\u0130N!\">Read more<i class=\"dt-icon-the7-arrow-03\" aria-hidden=\"true\"><\/i><\/a>\n\n<\/div><\/article><article class=\"post project-odd visible post-16952 type-post status-publish format-standard has-post-thumbnail hentry category-canan-say category-dusunce category-edeb category-ilim category-kasim2025 category-249 category-145 category-144 category-167 category-293 description-off\" data-name=\"\u00c7ocu\u011fun Anavatan\u0131: Sevgi\" data-date=\"2025-11-03T18:36:42+03:00\">\n\n<div class=\"post-thumbnail-wrap\">\n\t<div class=\"post-thumbnail\">\n\n\t\t\n\t\t\n\t\t<a href=\"https:\/\/korpekalemler.net\/index.php\/2025\/11\/03\/cocugun-anavatani-sevgi\/\" class=\"post-thumbnail-rollover layzr-bg layzr-bg\" ><img loading=\"lazy\" decoding=\"async\" class=\"blog-thumb-lazy-load preload-me lazy-load\" src=\"data:image\/svg+xml,%3Csvg%20xmlns%3D&#39;http%3A%2F%2Fwww.w3.org%2F2000%2Fsvg&#39;%20viewBox%3D&#39;0%200%20768%20512&#39;%2F%3E\" data-src=\"https:\/\/korpekalemler.net\/wp-content\/uploads\/2025\/11\/1761971759294-768x512.jpg\" data-srcset=\"https:\/\/korpekalemler.net\/wp-content\/uploads\/2025\/11\/1761971759294-768x512.jpg 768w, https:\/\/korpekalemler.net\/wp-content\/uploads\/2025\/11\/1761971759294-1024x682.jpg 1024w\" alt=\"\" title=\"1761971759294\" width=\"768\" height=\"512\"  \/><\/a>\n\t<\/div>\n<\/div>\n\n\n<div class=\"post-entry-content\">\n\n\t<h3 class=\"entry-title\">\n\t\t<a href=\"https:\/\/korpekalemler.net\/index.php\/2025\/11\/03\/cocugun-anavatani-sevgi\/\" title=\"\u00c7ocu\u011fun Anavatan\u0131: Sevgi\" rel=\"bookmark\">\u00c7ocu\u011fun Anavatan\u0131: Sevgi<\/a>\n\t<\/h3>\n\n\t<div class=\"entry-meta\"><span class=\"category-link\"><a href=\"https:\/\/korpekalemler.net\/index.php\/category\/canan-say\/\" >Canan Say<\/a>, <a href=\"https:\/\/korpekalemler.net\/index.php\/category\/dusunce\/\" >D\u00fc\u015f\u00fcnce<\/a>, <a href=\"https:\/\/korpekalemler.net\/index.php\/category\/edeb\/\" >Edebiyat<\/a>, <a href=\"https:\/\/korpekalemler.net\/index.php\/category\/ilim\/\" >\u0130lim<\/a>, <a href=\"https:\/\/korpekalemler.net\/index.php\/category\/kasim2025\/\" >Kas\u0131m '25<\/a><\/span><a class=\"author vcard\" href=\"https:\/\/korpekalemler.net\/index.php\/author\/korpekalemlerder\/\" title=\"View all posts by K\u00f6rpe Kalemler\" rel=\"author\">By <span class=\"fn\">K\u00f6rpe Kalemler<\/span><\/a><a href=\"https:\/\/korpekalemler.net\/index.php\/2025\/11\/03\/\" title=\"18:36\" class=\"data-link\" rel=\"bookmark\"><time class=\"entry-date updated\" datetime=\"2025-11-03T18:36:42+03:00\">3 Kas\u0131m 2025<\/time><\/a><a href=\"https:\/\/korpekalemler.net\/index.php\/2025\/11\/03\/cocugun-anavatani-sevgi\/#respond\" class=\"comment-link\" >Leave a comment<\/a><\/div>\n\t<div class=\"entry-excerpt\"><p>\u00c7ocuk e\u011fitiminin en temel ko\u015fulu, belki de t\u00fcm s\u00fcre\u00e7lerin merkezinde yer alan unsur sevgidir. \u00c7\u00fcnk\u00fc sevgi yaln\u0131zca bir duygu de\u011fil; insan\u0131n varolu\u015funda yer alan en derin ihtiya\u00e7lardan biridir. Sa\u011fl\u0131kl\u0131, mutlu ve kendisiyle bar\u0131\u015f\u0131k bireyler yeti\u015ftirebilmek, \u00e7ocu\u011fun f\u0131trat\u0131nda var olan baz\u0131 beklentilerin kar\u015f\u0131lanmas\u0131na ba\u011fl\u0131d\u0131r. \u0130nsan, d\u00fcnyaya geldi\u011fi andan itibaren \u015fu be\u015f temel mesaj\u0131 duymaya ihtiya\u00e7 duyar:&hellip;<\/p>\n<\/div>\n\t\n<a href=\"https:\/\/korpekalemler.net\/index.php\/2025\/11\/03\/cocugun-anavatani-sevgi\/\" class=\"post-details details-type-link\" aria-label=\"Read more about \u00c7ocu\u011fun Anavatan\u0131: Sevgi\">Read more<i class=\"dt-icon-the7-arrow-03\" aria-hidden=\"true\"><\/i><\/a>\n\n<\/div><\/article><article class=\"post project-odd visible post-16948 type-post status-publish format-standard has-post-thumbnail hentry category-dusunce category-gulsah-karabork category-ilim category-kasim2025 category-145 category-287 category-167 category-293 description-off\" data-name=\"Kaderini Sev ve \u00d6l\u00fcm\u00fc Unutma \u00dczerine\" data-date=\"2025-11-03T18:35:05+03:00\">\n\n<div class=\"post-thumbnail-wrap\">\n\t<div class=\"post-thumbnail\">\n\n\t\t\n\t\t\n\t\t<a href=\"https:\/\/korpekalemler.net\/index.php\/2025\/11\/03\/kaderini-sev-ve-olumu-unutma-uzerine\/\" class=\"post-thumbnail-rollover layzr-bg layzr-bg\" ><img loading=\"lazy\" decoding=\"async\" class=\"blog-thumb-lazy-load preload-me lazy-load\" src=\"data:image\/svg+xml,%3Csvg%20xmlns%3D&#39;http%3A%2F%2Fwww.w3.org%2F2000%2Fsvg&#39;%20viewBox%3D&#39;0%200%20768%20512&#39;%2F%3E\" data-src=\"https:\/\/korpekalemler.net\/wp-content\/uploads\/2025\/11\/Screenshot_20251103_182826_M365-Copilot-768x512.jpg\" data-srcset=\"https:\/\/korpekalemler.net\/wp-content\/uploads\/2025\/11\/Screenshot_20251103_182826_M365-Copilot-768x512.jpg 768w, https:\/\/korpekalemler.net\/wp-content\/uploads\/2025\/11\/Screenshot_20251103_182826_M365-Copilot-1138x758.jpg 1138w\" alt=\"\" title=\"Screenshot_20251103_182826_M365 Copilot\" width=\"768\" height=\"512\"  \/><\/a>\n\t<\/div>\n<\/div>\n\n\n<div class=\"post-entry-content\">\n\n\t<h3 class=\"entry-title\">\n\t\t<a href=\"https:\/\/korpekalemler.net\/index.php\/2025\/11\/03\/kaderini-sev-ve-olumu-unutma-uzerine\/\" title=\"Kaderini Sev ve \u00d6l\u00fcm\u00fc Unutma \u00dczerine\" rel=\"bookmark\">Kaderini Sev ve \u00d6l\u00fcm\u00fc Unutma \u00dczerine<\/a>\n\t<\/h3>\n\n\t<div class=\"entry-meta\"><span class=\"category-link\"><a href=\"https:\/\/korpekalemler.net\/index.php\/category\/dusunce\/\" >D\u00fc\u015f\u00fcnce<\/a>, <a href=\"https:\/\/korpekalemler.net\/index.php\/category\/gulsah-karabork\/\" >G\u00fcl\u015fah Karab\u00f6rk<\/a>, <a href=\"https:\/\/korpekalemler.net\/index.php\/category\/ilim\/\" >\u0130lim<\/a>, <a href=\"https:\/\/korpekalemler.net\/index.php\/category\/kasim2025\/\" >Kas\u0131m '25<\/a><\/span><a class=\"author vcard\" href=\"https:\/\/korpekalemler.net\/index.php\/author\/korpekalemlerder\/\" title=\"View all posts by K\u00f6rpe Kalemler\" rel=\"author\">By <span class=\"fn\">K\u00f6rpe Kalemler<\/span><\/a><a href=\"https:\/\/korpekalemler.net\/index.php\/2025\/11\/03\/\" title=\"18:35\" class=\"data-link\" rel=\"bookmark\"><time class=\"entry-date updated\" datetime=\"2025-11-03T18:35:05+03:00\">3 Kas\u0131m 2025<\/time><\/a><a href=\"https:\/\/korpekalemler.net\/index.php\/2025\/11\/03\/kaderini-sev-ve-olumu-unutma-uzerine\/#respond\" class=\"comment-link\" >Leave a comment<\/a><\/div>\n\t<div class=\"entry-excerpt\"><p>&nbsp; Tevbe Suresi 51. ve Nahl Suresi 61. ayetlerin zevkiyle, &#8220;\u00d6l\u00fcm\u00fc unutma, kaderini sev&#8221; bak\u0131\u015f\u0131yla: De ki: \u201cAllah bizim i\u00e7in ne yazd\u0131ysa, ba\u015f\u0131m\u0131za gelecek ancak odur. O bizim Mevl\u00e2m\u0131z\u2019d\u0131r. M\u00fc\u2019minler, yaln\u0131zca Allah\u2019a g\u00fcvenip dayans\u0131nlar.\u201c \u201cEcelleri geldi\u011finde de onu ne bir an geri b\u0131rakabilir, ne de bir an \u00f6ne alabilirler.\u201c Ecel ve mevt aras\u0131ndaki fark\u0131 anlamak&hellip;<\/p>\n<\/div>\n\t\n<a href=\"https:\/\/korpekalemler.net\/index.php\/2025\/11\/03\/kaderini-sev-ve-olumu-unutma-uzerine\/\" class=\"post-details details-type-link\" aria-label=\"Read more about Kaderini Sev ve \u00d6l\u00fcm\u00fc Unutma \u00dczerine\">Read more<i class=\"dt-icon-the7-arrow-03\" aria-hidden=\"true\"><\/i><\/a>\n\n<\/div><\/article><article class=\"post project-odd visible post-16940 type-post status-publish format-standard has-post-thumbnail hentry category-dusunce category-ilim category-kasim2025 category-rukiyeanar category-145 category-167 category-293 category-160 description-off\" data-name=\"De\u011fi\u015fmeyen Tek G\u00fcndem\" data-date=\"2025-11-03T18:33:42+03:00\">\n\n<div class=\"post-thumbnail-wrap\">\n\t<div class=\"post-thumbnail\">\n\n\t\t\n\t\t\n\t\t<a href=\"https:\/\/korpekalemler.net\/index.php\/2025\/11\/03\/degismeyen-tek-gundem\/\" class=\"post-thumbnail-rollover layzr-bg layzr-bg\" ><img loading=\"lazy\" decoding=\"async\" class=\"blog-thumb-lazy-load preload-me lazy-load\" src=\"data:image\/svg+xml,%3Csvg%20xmlns%3D&#39;http%3A%2F%2Fwww.w3.org%2F2000%2Fsvg&#39;%20viewBox%3D&#39;0%200%20768%20512&#39;%2F%3E\" data-src=\"https:\/\/korpekalemler.net\/wp-content\/uploads\/2025\/11\/1761972697392-e1762189940272-768x512.png\" data-srcset=\"https:\/\/korpekalemler.net\/wp-content\/uploads\/2025\/11\/1761972697392-e1762189940272-768x512.png 768w, https:\/\/korpekalemler.net\/wp-content\/uploads\/2025\/11\/1761972697392-e1762189940272-1024x682.png 1024w\" alt=\"\" title=\"1761972697392\" width=\"768\" height=\"512\"  \/><\/a>\n\t<\/div>\n<\/div>\n\n\n<div class=\"post-entry-content\">\n\n\t<h3 class=\"entry-title\">\n\t\t<a href=\"https:\/\/korpekalemler.net\/index.php\/2025\/11\/03\/degismeyen-tek-gundem\/\" title=\"De\u011fi\u015fmeyen Tek G\u00fcndem\" rel=\"bookmark\">De\u011fi\u015fmeyen Tek G\u00fcndem<\/a>\n\t<\/h3>\n\n\t<div class=\"entry-meta\"><span class=\"category-link\"><a href=\"https:\/\/korpekalemler.net\/index.php\/category\/dusunce\/\" >D\u00fc\u015f\u00fcnce<\/a>, <a href=\"https:\/\/korpekalemler.net\/index.php\/category\/ilim\/\" >\u0130lim<\/a>, <a href=\"https:\/\/korpekalemler.net\/index.php\/category\/kasim2025\/\" >Kas\u0131m '25<\/a>, <a href=\"https:\/\/korpekalemler.net\/index.php\/category\/rukiyeanar\/\" >Rukiye Anar<\/a><\/span><a class=\"author vcard\" href=\"https:\/\/korpekalemler.net\/index.php\/author\/korpekalemlerder\/\" title=\"View all posts by K\u00f6rpe Kalemler\" rel=\"author\">By <span class=\"fn\">K\u00f6rpe Kalemler<\/span><\/a><a href=\"https:\/\/korpekalemler.net\/index.php\/2025\/11\/03\/\" title=\"18:33\" class=\"data-link\" rel=\"bookmark\"><time class=\"entry-date updated\" datetime=\"2025-11-03T18:33:42+03:00\">3 Kas\u0131m 2025<\/time><\/a><a href=\"https:\/\/korpekalemler.net\/index.php\/2025\/11\/03\/degismeyen-tek-gundem\/#respond\" class=\"comment-link\" >Leave a comment<\/a><\/div>\n\t<div class=\"entry-excerpt\"><p>Hayatta de\u011fi\u015fmeyen g\u00fcndem var m\u0131? Her \u015feyin de\u011fi\u015fip d\u00f6n\u00fc\u015ft\u00fc\u011f\u00fc \u015fu hayatta tek de\u011fi\u015fmeyen bir \u015fey varsa o da \u00f6l\u00fcmd\u00fcr. Her \u015feyin \u00e7ok h\u0131zl\u0131 de\u011fi\u015fti\u011fi zaman\u0131m\u0131zda g\u00fcndemler de \u00e7ok \u00e7abuk de\u011fi\u015fiyor. \u0130nsan \u00e7ok h\u0131zl\u0131 ge\u00e7en zamana ve i\u00e7inde akan hadiselere ayak uyduram\u0131yor art\u0131k. Bu kadar \u00e7ok de\u011fi\u015fime ve uyaran \u015feylere maruz kalmak insan\u0131 hem yoruyor hem&hellip;<\/p>\n<\/div>\n\t\n<a href=\"https:\/\/korpekalemler.net\/index.php\/2025\/11\/03\/degismeyen-tek-gundem\/\" class=\"post-details details-type-link\" aria-label=\"Read more about De\u011fi\u015fmeyen Tek G\u00fcndem\">Read more<i class=\"dt-icon-the7-arrow-03\" aria-hidden=\"true\"><\/i><\/a>\n\n<\/div><\/article><article class=\"post project-odd visible post-16936 type-post status-publish format-standard has-post-thumbnail hentry category-dusunce category-ilim category-kasim2025 category-tuba-cicek category-145 category-167 category-293 category-233 description-off\" data-name=\"B\u00fcy\u00fck Ortado\u011fu Projesi:  G\u00f6rd\u00fcklerimiz Bir \u0130ll\u00fczyon Olabilir mi?\" data-date=\"2025-11-03T18:33:19+03:00\">\n\n<div class=\"post-thumbnail-wrap\">\n\t<div class=\"post-thumbnail\">\n\n\t\t\n\t\t\n\t\t<a href=\"https:\/\/korpekalemler.net\/index.php\/2025\/11\/03\/buyuk-ortadogu-projesi-gorduklerimiz-bir-illuzyon-olabilir-mi\/\" class=\"post-thumbnail-rollover layzr-bg layzr-bg\" ><img loading=\"lazy\" decoding=\"async\" class=\"blog-thumb-lazy-load preload-me lazy-load\" src=\"data:image\/svg+xml,%3Csvg%20xmlns%3D&#39;http%3A%2F%2Fwww.w3.org%2F2000%2Fsvg&#39;%20viewBox%3D&#39;0%200%20768%20512&#39;%2F%3E\" data-src=\"https:\/\/korpekalemler.net\/wp-content\/uploads\/2025\/11\/1761973256228-e1762189982471-768x512.png\" data-srcset=\"https:\/\/korpekalemler.net\/wp-content\/uploads\/2025\/11\/1761973256228-e1762189982471-768x512.png 768w, https:\/\/korpekalemler.net\/wp-content\/uploads\/2025\/11\/1761973256228-e1762189982471-1024x682.png 1024w\" alt=\"\" title=\"1761973256228\" width=\"768\" height=\"512\"  \/><\/a>\n\t<\/div>\n<\/div>\n\n\n<div class=\"post-entry-content\">\n\n\t<h3 class=\"entry-title\">\n\t\t<a href=\"https:\/\/korpekalemler.net\/index.php\/2025\/11\/03\/buyuk-ortadogu-projesi-gorduklerimiz-bir-illuzyon-olabilir-mi\/\" title=\"B\u00fcy\u00fck Ortado\u011fu Projesi:  G\u00f6rd\u00fcklerimiz Bir \u0130ll\u00fczyon Olabilir mi?\" rel=\"bookmark\">B\u00fcy\u00fck Ortado\u011fu Projesi:  G\u00f6rd\u00fcklerimiz Bir \u0130ll\u00fczyon Olabilir mi?<\/a>\n\t<\/h3>\n\n\t<div class=\"entry-meta\"><span class=\"category-link\"><a href=\"https:\/\/korpekalemler.net\/index.php\/category\/dusunce\/\" >D\u00fc\u015f\u00fcnce<\/a>, <a href=\"https:\/\/korpekalemler.net\/index.php\/category\/ilim\/\" >\u0130lim<\/a>, <a href=\"https:\/\/korpekalemler.net\/index.php\/category\/kasim2025\/\" >Kas\u0131m '25<\/a>, <a href=\"https:\/\/korpekalemler.net\/index.php\/category\/tuba-cicek\/\" >Tuba \u00c7i\u00e7ek<\/a><\/span><a class=\"author vcard\" href=\"https:\/\/korpekalemler.net\/index.php\/author\/korpekalemlerder\/\" title=\"View all posts by K\u00f6rpe Kalemler\" rel=\"author\">By <span class=\"fn\">K\u00f6rpe Kalemler<\/span><\/a><a href=\"https:\/\/korpekalemler.net\/index.php\/2025\/11\/03\/\" title=\"18:33\" class=\"data-link\" rel=\"bookmark\"><time class=\"entry-date updated\" datetime=\"2025-11-03T18:33:19+03:00\">3 Kas\u0131m 2025<\/time><\/a><a href=\"https:\/\/korpekalemler.net\/index.php\/2025\/11\/03\/buyuk-ortadogu-projesi-gorduklerimiz-bir-illuzyon-olabilir-mi\/#respond\" class=\"comment-link\" >Leave a comment<\/a><\/div>\n\t<div class=\"entry-excerpt\"><p>Hayat, alg\u0131lardan ibarettir. Platon\u2019un ma\u011fara metaforunda belirtti\u011fi gibi, yan\u0131lsama (ill\u00fczyon), aldatmaca yoluyla olmayan\u0131 olmu\u015f gibi g\u00f6sterme ya da g\u00f6stermek istedi\u011fi gibi yans\u0131tmad\u0131r. Esas ger\u00e7eklik, hareketli g\u00fcncel g\u00fcndemlerle tozland\u0131r\u0131l\u0131r; tarihsel arka plan d\u00fc\u015f\u00fcn\u00fclmeden, olaylar\u0131n toplumun do\u011fal s\u00fcrecinden olu\u015ftu\u011fu imaj\u0131 verilir. Metafiziksel \u00c7er\u00e7eve Kutsal Kitap Kur\u2019an-\u0131 Kerim\u2019de, Y\u00fcce Yarat\u0131c\u0131\u2019n\u0131n ar\u015f ve k\u00fcrsi (y\u00fccelik ve kudret simgeleri) s\u0131rr\u0131ndan&hellip;<\/p>\n<\/div>\n\t\n<a href=\"https:\/\/korpekalemler.net\/index.php\/2025\/11\/03\/buyuk-ortadogu-projesi-gorduklerimiz-bir-illuzyon-olabilir-mi\/\" class=\"post-details details-type-link\" aria-label=\"Read more about B\u00fcy\u00fck Ortado\u011fu Projesi:  G\u00f6rd\u00fcklerimiz Bir \u0130ll\u00fczyon Olabilir mi?\">Read more<i class=\"dt-icon-the7-arrow-03\" aria-hidden=\"true\"><\/i><\/a>\n\n<\/div><\/article><article class=\"post project-odd visible post-16910 type-post status-publish format-standard has-post-thumbnail hentry category-drmusahub category-edeb category-ekim25 category-ilim category-inanc category-psikoloji category-yazarlar category-148 category-144 category-292 category-167 category-143 category-251 category-4 description-off\" data-name=\"Bir Gizli \u0130syan\u0131n \u0130sti\u00e2zeleri\" data-date=\"2025-10-12T19:24:55+03:00\">\n\n<div class=\"post-thumbnail-wrap\">\n\t<div class=\"post-thumbnail\">\n\n\t\t\n\t\t\n\t\t<a href=\"https:\/\/korpekalemler.net\/index.php\/2025\/10\/12\/bir-gizli-isyanin-istiazeleri\/\" class=\"post-thumbnail-rollover layzr-bg layzr-bg\" ><img loading=\"lazy\" decoding=\"async\" class=\"blog-thumb-lazy-load preload-me lazy-load\" src=\"data:image\/svg+xml,%3Csvg%20xmlns%3D&#39;http%3A%2F%2Fwww.w3.org%2F2000%2Fsvg&#39;%20viewBox%3D&#39;0%200%20504%20336&#39;%2F%3E\" data-src=\"https:\/\/korpekalemler.net\/wp-content\/uploads\/2025\/10\/1000157029-504x336.jpg\" data-srcset=\"https:\/\/korpekalemler.net\/wp-content\/uploads\/2025\/10\/1000157029-504x336.jpg 504w\" alt=\"\" title=\"1000157029\" width=\"504\" height=\"336\"  \/><\/a>\n\t<\/div>\n<\/div>\n\n\n<div class=\"post-entry-content\">\n\n\t<h3 class=\"entry-title\">\n\t\t<a href=\"https:\/\/korpekalemler.net\/index.php\/2025\/10\/12\/bir-gizli-isyanin-istiazeleri\/\" title=\"Bir Gizli \u0130syan\u0131n \u0130sti\u00e2zeleri\" rel=\"bookmark\">Bir Gizli \u0130syan\u0131n \u0130sti\u00e2zeleri<\/a>\n\t<\/h3>\n\n\t<div class=\"entry-meta\"><span class=\"category-link\"><a href=\"https:\/\/korpekalemler.net\/index.php\/category\/drmusahub\/\" >Dr. Musa H\u00fbb<\/a>, <a href=\"https:\/\/korpekalemler.net\/index.php\/category\/edeb\/\" >Edebiyat<\/a>, <a href=\"https:\/\/korpekalemler.net\/index.php\/category\/ekim25\/\" >Ekim '25<\/a>, <a href=\"https:\/\/korpekalemler.net\/index.php\/category\/ilim\/\" >\u0130lim<\/a>, <a href=\"https:\/\/korpekalemler.net\/index.php\/category\/inanc\/\" >\u0130nan\u00e7<\/a>, <a href=\"https:\/\/korpekalemler.net\/index.php\/category\/psikoloji\/\" >Psikoloji<\/a>, <a href=\"https:\/\/korpekalemler.net\/index.php\/category\/yazarlar\/\" >Yazarlar<\/a><\/span><a class=\"author vcard\" href=\"https:\/\/korpekalemler.net\/index.php\/author\/korpekalemlerder\/\" title=\"View all posts by K\u00f6rpe Kalemler\" rel=\"author\">By <span class=\"fn\">K\u00f6rpe Kalemler<\/span><\/a><a href=\"https:\/\/korpekalemler.net\/index.php\/2025\/10\/12\/\" title=\"19:24\" class=\"data-link\" rel=\"bookmark\"><time class=\"entry-date updated\" datetime=\"2025-10-12T19:24:55+03:00\">12 Ekim 2025<\/time><\/a><a href=\"https:\/\/korpekalemler.net\/index.php\/2025\/10\/12\/bir-gizli-isyanin-istiazeleri\/#respond\" class=\"comment-link\" >Leave a comment<\/a><\/div>\n\t<div class=\"entry-excerpt\"><p>&nbsp; YALANIN KEND\u0130S\u0130N\u0130 \u2018DO\u011eRULATTI\u011eI\u2019 C\u0130NNET SINIRI veya YALANA \u0130SYAN Yahut Bir Gizli \u0130syan\u0131n \u0130sti\u00e2zeleri (2007 Ar\u015fivim\u2019den) &nbsp; Be hey Yunus sana s\u00f6yleme derler Ya ben \u00f6leyim mi s\u00f6ylemeyince! Yunus Emre S\u00f6ylesem tesiri yok, sussam g\u00f6n\u00fcl r\u00e2z\u0131 de\u011fil. \u00c7ekti\u011fim \u00e2l\u00e2m\u0131 bir ben, bir de Allah&#8217;\u0131m bilir. Fuzul\u00ee &nbsp; HAK DUALARA YANSIYAN HAYIRLI HAYATLAR Bursa\u2019dan 1993 y\u0131l\u0131nda&hellip;<\/p>\n<\/div>\n\t\n<a href=\"https:\/\/korpekalemler.net\/index.php\/2025\/10\/12\/bir-gizli-isyanin-istiazeleri\/\" class=\"post-details details-type-link\" aria-label=\"Read more about Bir Gizli \u0130syan\u0131n \u0130sti\u00e2zeleri\">Read more<i class=\"dt-icon-the7-arrow-03\" aria-hidden=\"true\"><\/i><\/a>\n\n<\/div><\/article><article class=\"post project-odd visible post-16903 type-post status-publish format-standard has-post-thumbnail hentry category-dusunce category-ekim25 category-gulsah-karabork category-ilim category-inanc category-yazarlar category-145 category-292 category-287 category-167 category-143 category-4 description-off\" data-name=\"Yesfikuddem Kandaki Muazzam Anlam\" data-date=\"2025-10-12T19:22:58+03:00\">\n\n<div class=\"post-thumbnail-wrap\">\n\t<div class=\"post-thumbnail\">\n\n\t\t\n\t\t\n\t\t<a href=\"https:\/\/korpekalemler.net\/index.php\/2025\/10\/12\/yesfikuddem-kandaki-muazzam-anlam\/\" class=\"post-thumbnail-rollover layzr-bg layzr-bg\" ><img loading=\"lazy\" decoding=\"async\" class=\"blog-thumb-lazy-load preload-me lazy-load\" src=\"data:image\/svg+xml,%3Csvg%20xmlns%3D&#39;http%3A%2F%2Fwww.w3.org%2F2000%2Fsvg&#39;%20viewBox%3D&#39;0%200%20768%20512&#39;%2F%3E\" data-src=\"https:\/\/korpekalemler.net\/wp-content\/uploads\/2025\/10\/kan-sistemi.png-768x512.webp\" data-srcset=\"https:\/\/korpekalemler.net\/wp-content\/uploads\/2025\/10\/kan-sistemi.png-768x512.webp 768w, https:\/\/korpekalemler.net\/wp-content\/uploads\/2025\/10\/kan-sistemi.png.webp 800w\" alt=\"\" title=\"kan-sistemi.png\" width=\"768\" height=\"512\"  \/><\/a>\n\t<\/div>\n<\/div>\n\n\n<div class=\"post-entry-content\">\n\n\t<h3 class=\"entry-title\">\n\t\t<a href=\"https:\/\/korpekalemler.net\/index.php\/2025\/10\/12\/yesfikuddem-kandaki-muazzam-anlam\/\" title=\"Yesfikuddem Kandaki Muazzam Anlam\" rel=\"bookmark\">Yesfikuddem Kandaki Muazzam Anlam<\/a>\n\t<\/h3>\n\n\t<div class=\"entry-meta\"><span class=\"category-link\"><a href=\"https:\/\/korpekalemler.net\/index.php\/category\/dusunce\/\" >D\u00fc\u015f\u00fcnce<\/a>, <a href=\"https:\/\/korpekalemler.net\/index.php\/category\/ekim25\/\" >Ekim '25<\/a>, <a href=\"https:\/\/korpekalemler.net\/index.php\/category\/gulsah-karabork\/\" >G\u00fcl\u015fah Karab\u00f6rk<\/a>, <a href=\"https:\/\/korpekalemler.net\/index.php\/category\/ilim\/\" >\u0130lim<\/a>, <a href=\"https:\/\/korpekalemler.net\/index.php\/category\/inanc\/\" >\u0130nan\u00e7<\/a>, <a href=\"https:\/\/korpekalemler.net\/index.php\/category\/yazarlar\/\" >Yazarlar<\/a><\/span><a class=\"author vcard\" href=\"https:\/\/korpekalemler.net\/index.php\/author\/korpekalemlerder\/\" title=\"View all posts by K\u00f6rpe Kalemler\" rel=\"author\">By <span class=\"fn\">K\u00f6rpe Kalemler<\/span><\/a><a href=\"https:\/\/korpekalemler.net\/index.php\/2025\/10\/12\/\" title=\"19:22\" class=\"data-link\" rel=\"bookmark\"><time class=\"entry-date updated\" datetime=\"2025-10-12T19:22:58+03:00\">12 Ekim 2025<\/time><\/a><a href=\"https:\/\/korpekalemler.net\/index.php\/2025\/10\/12\/yesfikuddem-kandaki-muazzam-anlam\/#respond\" class=\"comment-link\" >Leave a comment<\/a><\/div>\n\t<div class=\"entry-excerpt\"><p>Allahu Te\u00e2l\u00e2, \u00c2dem\u2019in bedenine \u201cyesfik\u00fc\u2019d-dem\u201d kelimesiyle i\u015faret edilen \u201cfika\u201d \u00f6zelli\u011fini yerle\u015ftirmi\u015ftir. F\u0130KA; iki ayr\u0131 cevherin bir araya getirilmesi demektir. Kur\u2019an-\u0131 Kerim\u2019in Bakara S\u00fbresi 30. ayetinde ge\u00e7en bu k\u00f6k, yaln\u0131zca sava\u015f\u00e7\u0131 bir mizac\u0131 de\u011fil, ayn\u0131 zamanda erkek ve di\u015fiyi olu\u015fturan X ve Y kromozomlar\u0131n\u0131n led\u00fcnn\u00ee anlam\u0131n\u0131 da i\u015faret eder. Zira Allah, \u00c2dem\u2019in bedeninde onun e\u015fini de&hellip;<\/p>\n<\/div>\n\t\n<a href=\"https:\/\/korpekalemler.net\/index.php\/2025\/10\/12\/yesfikuddem-kandaki-muazzam-anlam\/\" class=\"post-details details-type-link\" aria-label=\"Read more about Yesfikuddem Kandaki Muazzam Anlam\">Read more<i class=\"dt-icon-the7-arrow-03\" aria-hidden=\"true\"><\/i><\/a>\n\n<\/div><\/article><article class=\"post project-odd visible post-16900 type-post status-publish format-standard has-post-thumbnail hentry category-dusunce category-ekim25 category-ilim category-inanc category-tuba-cicek category-yazarlar category-145 category-292 category-167 category-143 category-233 category-4 description-off\" data-name=\"\u0130slam Medeniyeti ve Ter\u00f6r Diyalekti\u011fi\" data-date=\"2025-10-12T19:22:05+03:00\">\n\n<div class=\"post-thumbnail-wrap\">\n\t<div class=\"post-thumbnail\">\n\n\t\t\n\t\t\n\t\t<a href=\"https:\/\/korpekalemler.net\/index.php\/2025\/10\/12\/islam-medeniyeti-ve-teror-diyalektigi\/\" class=\"post-thumbnail-rollover layzr-bg layzr-bg\" ><img loading=\"lazy\" decoding=\"async\" class=\"blog-thumb-lazy-load preload-me lazy-load\" src=\"data:image\/svg+xml,%3Csvg%20xmlns%3D&#39;http%3A%2F%2Fwww.w3.org%2F2000%2Fsvg&#39;%20viewBox%3D&#39;0%200%20768%20512&#39;%2F%3E\" data-src=\"https:\/\/korpekalemler.net\/wp-content\/uploads\/2025\/10\/file_00000000ab5861fd8e80202fdd065dc8-768x512.png\" data-srcset=\"https:\/\/korpekalemler.net\/wp-content\/uploads\/2025\/10\/file_00000000ab5861fd8e80202fdd065dc8-768x512.png 768w, https:\/\/korpekalemler.net\/wp-content\/uploads\/2025\/10\/file_00000000ab5861fd8e80202fdd065dc8-1024x682.png 1024w\" alt=\"\" title=\"file_00000000ab5861fd8e80202fdd065dc8\" width=\"768\" height=\"512\"  \/><\/a>\n\t<\/div>\n<\/div>\n\n\n<div class=\"post-entry-content\">\n\n\t<h3 class=\"entry-title\">\n\t\t<a href=\"https:\/\/korpekalemler.net\/index.php\/2025\/10\/12\/islam-medeniyeti-ve-teror-diyalektigi\/\" title=\"\u0130slam Medeniyeti ve Ter\u00f6r Diyalekti\u011fi\" rel=\"bookmark\">\u0130slam Medeniyeti ve Ter\u00f6r Diyalekti\u011fi<\/a>\n\t<\/h3>\n\n\t<div class=\"entry-meta\"><span class=\"category-link\"><a href=\"https:\/\/korpekalemler.net\/index.php\/category\/dusunce\/\" >D\u00fc\u015f\u00fcnce<\/a>, <a href=\"https:\/\/korpekalemler.net\/index.php\/category\/ekim25\/\" >Ekim '25<\/a>, <a href=\"https:\/\/korpekalemler.net\/index.php\/category\/ilim\/\" >\u0130lim<\/a>, <a href=\"https:\/\/korpekalemler.net\/index.php\/category\/inanc\/\" >\u0130nan\u00e7<\/a>, <a href=\"https:\/\/korpekalemler.net\/index.php\/category\/tuba-cicek\/\" >Tuba \u00c7i\u00e7ek<\/a>, <a href=\"https:\/\/korpekalemler.net\/index.php\/category\/yazarlar\/\" >Yazarlar<\/a><\/span><a class=\"author vcard\" href=\"https:\/\/korpekalemler.net\/index.php\/author\/korpekalemlerder\/\" title=\"View all posts by K\u00f6rpe Kalemler\" rel=\"author\">By <span class=\"fn\">K\u00f6rpe Kalemler<\/span><\/a><a href=\"https:\/\/korpekalemler.net\/index.php\/2025\/10\/12\/\" title=\"19:22\" class=\"data-link\" rel=\"bookmark\"><time class=\"entry-date updated\" datetime=\"2025-10-12T19:22:05+03:00\">12 Ekim 2025<\/time><\/a><a href=\"https:\/\/korpekalemler.net\/index.php\/2025\/10\/12\/islam-medeniyeti-ve-teror-diyalektigi\/#respond\" class=\"comment-link\" >Leave a comment<\/a><\/div>\n\t<div class=\"entry-excerpt\"><p>Medeniyet, belirli bir insan toplulu\u011fu veya topluluklar\u0131n\u0131n belirli bir co\u011frafya \u00fczerinde belirli bir zaman i\u00e7inde ortaya koyduklar\u0131 de\u011ferler b\u00fct\u00fcn\u00fcd\u00fcr\u2026 Diyalektik nedir: Z\u0131tlar\u0131n birli\u011fi anlam\u0131na gelen diyalektik kavram\u0131 ise, ho\u015fg\u00f6r\u00fc dini olarak lanse edilen \u0130slam\u2019\u0131n nas\u0131l ter\u00f6rle ba\u011fda\u015ft\u0131r\u0131ld\u0131\u011f\u0131n\u0131 daha net anlamak i\u00e7in burada vurgulanan bir kavramd\u0131r. \u0130slam medeniyeti kavram\u0131 ise her bir kavmin \u00fcretti\u011fi k\u00fclt\u00fcr de\u011fer,&hellip;<\/p>\n<\/div>\n\t\n<a href=\"https:\/\/korpekalemler.net\/index.php\/2025\/10\/12\/islam-medeniyeti-ve-teror-diyalektigi\/\" class=\"post-details details-type-link\" aria-label=\"Read more about \u0130slam Medeniyeti ve Ter\u00f6r Diyalekti\u011fi\">Read more<i class=\"dt-icon-the7-arrow-03\" aria-hidden=\"true\"><\/i><\/a>\n\n<\/div><\/article><article class=\"post project-odd visible post-16785 type-post status-publish format-standard has-post-thumbnail hentry category-drmusahub category-ilim category-inanc category-mart-25 category-148 category-167 category-143 category-284 description-off\" data-name=\"Son Ramazan Duam\u0131z\" data-date=\"2025-03-24T19:34:53+03:00\">\n\n<div class=\"post-thumbnail-wrap\">\n\t<div class=\"post-thumbnail\">\n\n\t\t\n\t\t\n\t\t<a href=\"https:\/\/korpekalemler.net\/index.php\/2025\/03\/24\/son-ramazan-duamiz\/\" class=\"post-thumbnail-rollover layzr-bg layzr-bg\" ><img loading=\"lazy\" decoding=\"async\" class=\"blog-thumb-lazy-load preload-me lazy-load\" src=\"data:image\/svg+xml,%3Csvg%20xmlns%3D&#39;http%3A%2F%2Fwww.w3.org%2F2000%2Fsvg&#39;%20viewBox%3D&#39;0%200%20504%20336&#39;%2F%3E\" data-src=\"https:\/\/korpekalemler.net\/wp-content\/uploads\/2025\/03\/kisaca-ibadet-nedir-nicin-ibadet-ediyoruz-174481_11zon-504x336.webp\" data-srcset=\"https:\/\/korpekalemler.net\/wp-content\/uploads\/2025\/03\/kisaca-ibadet-nedir-nicin-ibadet-ediyoruz-174481_11zon-504x336.webp 504w\" alt=\"\" title=\"kisaca-ibadet-nedir-nicin-ibadet-ediyoruz-174481_11zon\" width=\"504\" height=\"336\"  \/><\/a>\n\t<\/div>\n<\/div>\n\n\n<div class=\"post-entry-content\">\n\n\t<h3 class=\"entry-title\">\n\t\t<a href=\"https:\/\/korpekalemler.net\/index.php\/2025\/03\/24\/son-ramazan-duamiz\/\" title=\"Son Ramazan Duam\u0131z\" rel=\"bookmark\">Son Ramazan Duam\u0131z<\/a>\n\t<\/h3>\n\n\t<div class=\"entry-meta\"><span class=\"category-link\"><a href=\"https:\/\/korpekalemler.net\/index.php\/category\/drmusahub\/\" >Dr. Musa H\u00fbb<\/a>, <a href=\"https:\/\/korpekalemler.net\/index.php\/category\/ilim\/\" >\u0130lim<\/a>, <a href=\"https:\/\/korpekalemler.net\/index.php\/category\/inanc\/\" >\u0130nan\u00e7<\/a>, <a href=\"https:\/\/korpekalemler.net\/index.php\/category\/mart-25\/\" >Mart '25<\/a><\/span><a class=\"author vcard\" href=\"https:\/\/korpekalemler.net\/index.php\/author\/korpekalemlerder\/\" title=\"View all posts by K\u00f6rpe Kalemler\" rel=\"author\">By <span class=\"fn\">K\u00f6rpe Kalemler<\/span><\/a><a href=\"https:\/\/korpekalemler.net\/index.php\/2025\/03\/24\/\" title=\"19:34\" class=\"data-link\" rel=\"bookmark\"><time class=\"entry-date updated\" datetime=\"2025-03-24T19:34:53+03:00\">24 Mart 2025<\/time><\/a><a href=\"https:\/\/korpekalemler.net\/index.php\/2025\/03\/24\/son-ramazan-duamiz\/#respond\" class=\"comment-link\" >Leave a comment<\/a><\/div>\n\t<div class=\"entry-excerpt\"><p>\u0130mam \u015e\u00e2t\u0131b\u00ee\u2019nin (\u00f6. 790\/1388) el-Muvafak\u00e2t\u2019\u0131nda geni\u015f\u00e7e izah etti\u011fi \u00fczere: Allah\u2019\u0131n, kendisine her ne lutfetmi\u015f ise, onun z\u0131ll\u00ee planda bir benzerini veya c\u00fcz\u2019\u00fcn\u00fc \u00fcmmetine de ba\u011f\u0131\u015flad\u0131\u011f\u0131 Hz. Muhammed Mustafa aleyhi ekmel\u00fc\u2019t-teh\u00e2y\u00e2 Efendimiz, en b\u00fcy\u00fck hayra, peygamberli\u011fe 610 y\u0131l\u0131 Ramazan ay\u0131nda bir Kadir gecesi mazhar olmu\u015f, \u00fcmmet-i Muhammed i\u00e7in de Kadir gecesi ve i\u00e7inde bulunan Ramazan ay\u0131,&hellip;<\/p>\n<\/div>\n\t\n<a href=\"https:\/\/korpekalemler.net\/index.php\/2025\/03\/24\/son-ramazan-duamiz\/\" class=\"post-details details-type-link\" aria-label=\"Read more about Son Ramazan Duam\u0131z\">Read more<i class=\"dt-icon-the7-arrow-03\" aria-hidden=\"true\"><\/i><\/a>\n\n<\/div><\/article><article class=\"post project-odd visible post-16775 type-post status-publish format-standard has-post-thumbnail hentry category-burhan-kupeli category-ilim category-mart-25 category-280 category-167 category-284 description-off\" data-name=\"Kur\u2019an-\u0131 Kerim\u2019i Kendi b\u00fct\u00fcnl\u00fc\u011f\u00fc \u0130\u00e7inde Okuma\" data-date=\"2025-03-24T19:01:00+03:00\">\n\n<div class=\"post-thumbnail-wrap\">\n\t<div class=\"post-thumbnail\">\n\n\t\t\n\t\t\n\t\t<a href=\"https:\/\/korpekalemler.net\/index.php\/2025\/03\/24\/kuran-i-kerimi-kendi-butunlugu-icinde-okuma\/\" class=\"post-thumbnail-rollover layzr-bg layzr-bg\" ><img loading=\"lazy\" decoding=\"async\" class=\"blog-thumb-lazy-load preload-me lazy-load\" src=\"data:image\/svg+xml,%3Csvg%20xmlns%3D&#39;http%3A%2F%2Fwww.w3.org%2F2000%2Fsvg&#39;%20viewBox%3D&#39;0%200%20768%20512&#39;%2F%3E\" data-src=\"https:\/\/korpekalemler.net\/wp-content\/uploads\/2025\/03\/genc-gazete-dini-ruya-tabirleri-kuran-dua-2.jpg-768x512.webp\" data-srcset=\"https:\/\/korpekalemler.net\/wp-content\/uploads\/2025\/03\/genc-gazete-dini-ruya-tabirleri-kuran-dua-2.jpg-768x512.webp 768w, https:\/\/korpekalemler.net\/wp-content\/uploads\/2025\/03\/genc-gazete-dini-ruya-tabirleri-kuran-dua-2.jpg-1080x720.webp 1080w\" alt=\"\" title=\"genc-gazete-dini-ruya-tabirleri-kuran-dua-2.jpg\" width=\"768\" height=\"512\"  \/><\/a>\n\t<\/div>\n<\/div>\n\n\n<div class=\"post-entry-content\">\n\n\t<h3 class=\"entry-title\">\n\t\t<a href=\"https:\/\/korpekalemler.net\/index.php\/2025\/03\/24\/kuran-i-kerimi-kendi-butunlugu-icinde-okuma\/\" title=\"Kur\u2019an-\u0131 Kerim\u2019i Kendi b\u00fct\u00fcnl\u00fc\u011f\u00fc \u0130\u00e7inde Okuma\" rel=\"bookmark\">Kur\u2019an-\u0131 Kerim\u2019i Kendi b\u00fct\u00fcnl\u00fc\u011f\u00fc \u0130\u00e7inde Okuma<\/a>\n\t<\/h3>\n\n\t<div class=\"entry-meta\"><span class=\"category-link\"><a href=\"https:\/\/korpekalemler.net\/index.php\/category\/burhan-kupeli\/\" >Burhan K\u00fcpeli<\/a>, <a href=\"https:\/\/korpekalemler.net\/index.php\/category\/ilim\/\" >\u0130lim<\/a>, <a href=\"https:\/\/korpekalemler.net\/index.php\/category\/mart-25\/\" >Mart '25<\/a><\/span><a class=\"author vcard\" href=\"https:\/\/korpekalemler.net\/index.php\/author\/korpekalemlerder\/\" title=\"View all posts by K\u00f6rpe Kalemler\" rel=\"author\">By <span class=\"fn\">K\u00f6rpe Kalemler<\/span><\/a><a href=\"https:\/\/korpekalemler.net\/index.php\/2025\/03\/24\/\" title=\"19:01\" class=\"data-link\" rel=\"bookmark\"><time class=\"entry-date updated\" datetime=\"2025-03-24T19:01:00+03:00\">24 Mart 2025<\/time><\/a><a href=\"https:\/\/korpekalemler.net\/index.php\/2025\/03\/24\/kuran-i-kerimi-kendi-butunlugu-icinde-okuma\/#respond\" class=\"comment-link\" >Leave a comment<\/a><\/div>\n\t<div class=\"entry-excerpt\"><p>\u00a0 \u00a0\u00a0\u00a0\u00a0\u00a0\u00a0\u00a0\u00a0\u00a0\u00a0\u00a0\u00a0\u00a0\u00a0 Kur\u2019an bir b\u00fct\u00fcn olarak de\u011fil, tedrici metotla nazil olmas\u0131na ra\u011fmen hedefi y\u00f6n\u00fcyle o ba\u015f\u0131ndan sonuna kadar bir b\u00fct\u00fcnd\u00fcr. Kayna\u011f\u0131 itibariyle de yine onun b\u00fct\u00fcn ayet ve sureleri bir b\u00fct\u00fcn\u00fc olu\u015fturmaktad\u0131r ki, baz\u0131 ayetleri ve sureleri di\u011ferlerinden ayr\u0131 tutulamaz. Hepside ayn\u0131 hedefi g\u00f6stermektedir. \u00a0\u00a0\u00a0\u00a0\u00a0\u00a0\u00a0\u00a0 Yakla\u015f\u0131k yirmi\u00fc\u00e7 sene gibi bir zaman zarf\u0131nda muhataplar\u0131n gerek ihtiya\u00e7&hellip;<\/p>\n<\/div>\n\t\n<a href=\"https:\/\/korpekalemler.net\/index.php\/2025\/03\/24\/kuran-i-kerimi-kendi-butunlugu-icinde-okuma\/\" class=\"post-details details-type-link\" aria-label=\"Read more about Kur\u2019an-\u0131 Kerim\u2019i Kendi b\u00fct\u00fcnl\u00fc\u011f\u00fc \u0130\u00e7inde Okuma\">Read more<i class=\"dt-icon-the7-arrow-03\" aria-hidden=\"true\"><\/i><\/a>\n\n<\/div><\/article><article class=\"post project-odd visible post-16692 type-post status-publish format-standard has-post-thumbnail hentry category-aralik-24 category-drmusahub category-dusunce category-ilim category-279 category-148 category-145 category-167 description-off\" data-name=\"Olmak veya G\u00f6r\u00fcnmek\" data-date=\"2024-12-26T02:27:55+03:00\">\n\n<div class=\"post-thumbnail-wrap\">\n\t<div class=\"post-thumbnail\">\n\n\t\t\n\t\t\n\t\t<a href=\"https:\/\/korpekalemler.net\/index.php\/2024\/12\/26\/olmak-veya-gorunmek\/\" class=\"post-thumbnail-rollover layzr-bg layzr-bg\" ><img loading=\"lazy\" decoding=\"async\" class=\"blog-thumb-lazy-load preload-me lazy-load\" src=\"data:image\/svg+xml,%3Csvg%20xmlns%3D&#39;http%3A%2F%2Fwww.w3.org%2F2000%2Fsvg&#39;%20viewBox%3D&#39;0%200%20768%20512&#39;%2F%3E\" data-src=\"https:\/\/korpekalemler.net\/wp-content\/uploads\/2024\/12\/81D39139-DE4C-4A1D-80F0-E1AE36CDF620-768x512.png\" data-srcset=\"https:\/\/korpekalemler.net\/wp-content\/uploads\/2024\/12\/81D39139-DE4C-4A1D-80F0-E1AE36CDF620-768x512.png 768w, https:\/\/korpekalemler.net\/wp-content\/uploads\/2024\/12\/81D39139-DE4C-4A1D-80F0-E1AE36CDF620-1306x870.png 1306w\" alt=\"\" title=\"81D39139-DE4C-4A1D-80F0-E1AE36CDF620\" width=\"768\" height=\"512\"  \/><\/a>\n\t<\/div>\n<\/div>\n\n\n<div class=\"post-entry-content\">\n\n\t<h3 class=\"entry-title\">\n\t\t<a href=\"https:\/\/korpekalemler.net\/index.php\/2024\/12\/26\/olmak-veya-gorunmek\/\" title=\"Olmak veya G\u00f6r\u00fcnmek\" rel=\"bookmark\">Olmak veya G\u00f6r\u00fcnmek<\/a>\n\t<\/h3>\n\n\t<div class=\"entry-meta\"><span class=\"category-link\"><a href=\"https:\/\/korpekalemler.net\/index.php\/category\/aralik-24\/\" >Aral\u0131k '24<\/a>, <a href=\"https:\/\/korpekalemler.net\/index.php\/category\/drmusahub\/\" >Dr. Musa H\u00fbb<\/a>, <a href=\"https:\/\/korpekalemler.net\/index.php\/category\/dusunce\/\" >D\u00fc\u015f\u00fcnce<\/a>, <a href=\"https:\/\/korpekalemler.net\/index.php\/category\/ilim\/\" >\u0130lim<\/a><\/span><a class=\"author vcard\" href=\"https:\/\/korpekalemler.net\/index.php\/author\/korpekalemlerder\/\" title=\"View all posts by K\u00f6rpe Kalemler\" rel=\"author\">By <span class=\"fn\">K\u00f6rpe Kalemler<\/span><\/a><a href=\"https:\/\/korpekalemler.net\/index.php\/2024\/12\/26\/\" title=\"02:27\" class=\"data-link\" rel=\"bookmark\"><time class=\"entry-date updated\" datetime=\"2024-12-26T02:27:55+03:00\">26 Aral\u0131k 2024<\/time><\/a><a href=\"https:\/\/korpekalemler.net\/index.php\/2024\/12\/26\/olmak-veya-gorunmek\/#respond\" class=\"comment-link\" >Leave a comment<\/a><\/div>\n\t<div class=\"entry-excerpt\"><p>\u201cBiz \u00fc\u00e7 \u015feyi kaybettik -ki kaybetmeyenleri \u00e7evremde tek-t\u00fck g\u00f6r\u00fcyorum-: 1. \u00a0G\u00fczel y\u00fczlerden iffeti, 2. G\u00fczel s\u00f6zlerden diyaneti, 3. Dostluklardan sadakati kaybettik.\u201d &nbsp; Hicr\u00ee \u00fc\u00e7\u00fcnc\u00fc y\u00fczy\u0131l\u0131n ahv\u00e2linden haber veren Yahya b. Mu\u00e2z er-R\u00e2z\u00ee\u2019nin (\u00f6.258\/872) h\u00e2len ge\u00e7erlili\u011fini s\u00fcrd\u00fcren bu s\u00f6z\u00fc, 11 as\u0131r \u00f6nce kendi devrindeki sadakatsiz dostluklardan, diyanetsiz g\u00fczel s\u00f6zlerden ve iffetsiz g\u00fczel y\u00fczlerden dert yanmas\u0131yla, k\u0131saca&hellip;<\/p>\n<\/div>\n\t\n<a href=\"https:\/\/korpekalemler.net\/index.php\/2024\/12\/26\/olmak-veya-gorunmek\/\" class=\"post-details details-type-link\" aria-label=\"Read more about Olmak veya G\u00f6r\u00fcnmek\">Read more<i class=\"dt-icon-the7-arrow-03\" aria-hidden=\"true\"><\/i><\/a>\n\n<\/div><\/article><article class=\"post project-odd visible post-16688 type-post status-publish format-standard has-post-thumbnail hentry category-aralik-24 category-burhan-kupeli category-ilim category-279 category-280 category-167 description-off\" data-name=\"Kur&#8217;an&#8217;\u0131 Anlayarak ve D\u00fc\u015f\u00fcnerek Okumak\" data-date=\"2024-12-26T01:03:32+03:00\">\n\n<div class=\"post-thumbnail-wrap\">\n\t<div class=\"post-thumbnail\">\n\n\t\t\n\t\t\n\t\t<a href=\"https:\/\/korpekalemler.net\/index.php\/2024\/12\/26\/kurani-anlayarak-ve-dusunerek-okumak\/\" class=\"post-thumbnail-rollover layzr-bg layzr-bg\" ><img loading=\"lazy\" decoding=\"async\" class=\"blog-thumb-lazy-load preload-me lazy-load\" src=\"data:image\/svg+xml,%3Csvg%20xmlns%3D&#39;http%3A%2F%2Fwww.w3.org%2F2000%2Fsvg&#39;%20viewBox%3D&#39;0%200%20504%20336&#39;%2F%3E\" data-src=\"https:\/\/korpekalemler.net\/wp-content\/uploads\/2024\/12\/kurani-nasil-okumaliyiz-yavas-veya-hizli-okumanin-olcusu-ne-olmalidir-186031-504x336.jpeg\" data-srcset=\"https:\/\/korpekalemler.net\/wp-content\/uploads\/2024\/12\/kurani-nasil-okumaliyiz-yavas-veya-hizli-okumanin-olcusu-ne-olmalidir-186031-504x336.jpeg 504w\" alt=\"\" title=\"kurani-nasil-okumaliyiz-yavas-veya-hizli-okumanin-olcusu-ne-olmalidir-186031\" width=\"504\" height=\"336\"  \/><\/a>\n\t<\/div>\n<\/div>\n\n\n<div class=\"post-entry-content\">\n\n\t<h3 class=\"entry-title\">\n\t\t<a href=\"https:\/\/korpekalemler.net\/index.php\/2024\/12\/26\/kurani-anlayarak-ve-dusunerek-okumak\/\" title=\"Kur&#8217;an&#8217;\u0131 Anlayarak ve D\u00fc\u015f\u00fcnerek Okumak\" rel=\"bookmark\">Kur&#8217;an&#8217;\u0131 Anlayarak ve D\u00fc\u015f\u00fcnerek Okumak<\/a>\n\t<\/h3>\n\n\t<div class=\"entry-meta\"><span class=\"category-link\"><a href=\"https:\/\/korpekalemler.net\/index.php\/category\/aralik-24\/\" >Aral\u0131k '24<\/a>, <a href=\"https:\/\/korpekalemler.net\/index.php\/category\/burhan-kupeli\/\" >Burhan K\u00fcpeli<\/a>, <a href=\"https:\/\/korpekalemler.net\/index.php\/category\/ilim\/\" >\u0130lim<\/a><\/span><a class=\"author vcard\" href=\"https:\/\/korpekalemler.net\/index.php\/author\/korpekalemlerder\/\" title=\"View all posts by K\u00f6rpe Kalemler\" rel=\"author\">By <span class=\"fn\">K\u00f6rpe Kalemler<\/span><\/a><a href=\"https:\/\/korpekalemler.net\/index.php\/2024\/12\/26\/\" title=\"01:03\" class=\"data-link\" rel=\"bookmark\"><time class=\"entry-date updated\" datetime=\"2024-12-26T01:03:32+03:00\">26 Aral\u0131k 2024<\/time><\/a><a href=\"https:\/\/korpekalemler.net\/index.php\/2024\/12\/26\/kurani-anlayarak-ve-dusunerek-okumak\/#respond\" class=\"comment-link\" >Leave a comment<\/a><\/div>\n\t<div class=\"entry-excerpt\"><p>\u00a0\u00a0\u00a0\u00a0\u00a0\u00a0\u00a0\u00a0\u00a0 Malumdur ki Kur\u2019an\u2019\u0131 okumak; onu anlamak demektir. Zira il\u00e2h\u00ee kelam, geli\u015fi g\u00fczel bir okuma ile okunamaz. Kur\u2019an\u2019\u0131n indirili\u015f gayesi insanlara bir hidayet ve \u015fifa olmas\u0131d\u0131r. \u0130\u015fte bu hedef do\u011frultusundaki bir okuma i\u015flemi yukar\u0131da da ge\u00e7ti\u011fi gibi bizzat Kur\u2019an\u2019\u0131n i\u015faret etti\u011fi okuma ile \u00f6rt\u00fc\u015f\u00fcr. Onu okumak, onu anlamak ve rehber edinmektir. Arzu edilen, onu Kur\u2019an\u2019\u0131n&hellip;<\/p>\n<\/div>\n\t\n<a href=\"https:\/\/korpekalemler.net\/index.php\/2024\/12\/26\/kurani-anlayarak-ve-dusunerek-okumak\/\" class=\"post-details details-type-link\" aria-label=\"Read more about Kur&#8217;an&#8217;\u0131 Anlayarak ve D\u00fc\u015f\u00fcnerek Okumak\">Read more<i class=\"dt-icon-the7-arrow-03\" aria-hidden=\"true\"><\/i><\/a>\n\n<\/div><\/article><article class=\"post project-odd visible post-16646 type-post status-publish format-standard has-post-thumbnail hentry category-ekim-24 category-ibrahim-demirkan category-ilim category-276 category-278 category-167 description-off\" data-name=\"E\u011fitimde Ciddi Bir Sorun: &#8216;\u015eiddet&#8217;\" data-date=\"2024-10-29T19:28:41+03:00\">\n\n<div class=\"post-thumbnail-wrap\">\n\t<div class=\"post-thumbnail\">\n\n\t\t\n\t\t\n\t\t<a href=\"https:\/\/korpekalemler.net\/index.php\/2024\/10\/29\/egitimde-ciddi-bir-sorun-siddet\/\" class=\"post-thumbnail-rollover layzr-bg layzr-bg\" ><img loading=\"lazy\" decoding=\"async\" class=\"blog-thumb-lazy-load preload-me lazy-load\" src=\"data:image\/svg+xml,%3Csvg%20xmlns%3D&#39;http%3A%2F%2Fwww.w3.org%2F2000%2Fsvg&#39;%20viewBox%3D&#39;0%200%20768%20512&#39;%2F%3E\" data-src=\"https:\/\/korpekalemler.net\/wp-content\/uploads\/2024\/10\/2eb4ab841a78ee9efd36cfd774f01f6d8582d2c6-768x512.jpeg\" data-srcset=\"https:\/\/korpekalemler.net\/wp-content\/uploads\/2024\/10\/2eb4ab841a78ee9efd36cfd774f01f6d8582d2c6-768x512.jpeg 768w, https:\/\/korpekalemler.net\/wp-content\/uploads\/2024\/10\/2eb4ab841a78ee9efd36cfd774f01f6d8582d2c6-1080x720.jpeg 1080w\" alt=\"\" title=\"2eb4ab841a78ee9efd36cfd774f01f6d8582d2c6\" width=\"768\" height=\"512\"  \/><\/a>\n\t<\/div>\n<\/div>\n\n\n<div class=\"post-entry-content\">\n\n\t<h3 class=\"entry-title\">\n\t\t<a href=\"https:\/\/korpekalemler.net\/index.php\/2024\/10\/29\/egitimde-ciddi-bir-sorun-siddet\/\" title=\"E\u011fitimde Ciddi Bir Sorun: &#8216;\u015eiddet&#8217;\" rel=\"bookmark\">E\u011fitimde Ciddi Bir Sorun: &#8216;\u015eiddet&#8217;<\/a>\n\t<\/h3>\n\n\t<div class=\"entry-meta\"><span class=\"category-link\"><a href=\"https:\/\/korpekalemler.net\/index.php\/category\/ekim-24\/\" >Ekim '24<\/a>, <a href=\"https:\/\/korpekalemler.net\/index.php\/category\/ibrahim-demirkan\/\" >\u0130brahim Demirkan<\/a>, <a href=\"https:\/\/korpekalemler.net\/index.php\/category\/ilim\/\" >\u0130lim<\/a><\/span><a class=\"author vcard\" href=\"https:\/\/korpekalemler.net\/index.php\/author\/korpekalemlerder\/\" title=\"View all posts by K\u00f6rpe Kalemler\" rel=\"author\">By <span class=\"fn\">K\u00f6rpe Kalemler<\/span><\/a><a href=\"https:\/\/korpekalemler.net\/index.php\/2024\/10\/29\/\" title=\"19:28\" class=\"data-link\" rel=\"bookmark\"><time class=\"entry-date updated\" datetime=\"2024-10-29T19:28:41+03:00\">29 Ekim 2024<\/time><\/a><a href=\"https:\/\/korpekalemler.net\/index.php\/2024\/10\/29\/egitimde-ciddi-bir-sorun-siddet\/#respond\" class=\"comment-link\" >Leave a comment<\/a><\/div>\n\t<div class=\"entry-excerpt\"><p>&nbsp; E\u011fitim ki\u015finin ruhi ve bedeni terbiyesini hedefleyip kendi \u00f6zg\u00fcvenini kazand\u0131ran ve toplumsal k\u00fclt\u00fcre entegrasyonu sa\u011flayan bir s\u00fcre\u00e7tir. Bat\u0131dan do\u011fuya her \u00fclkenin, milletin ve toplulu\u011fun kendi de\u011ferlerini in\u015fa etme yolunda kulland\u0131\u011f\u0131 en \u00f6nemli kaynak e\u011fitimdir, okuldur. \u0130\u015fte bu s\u00fcre\u00e7te ortaya \u00e7\u0131kan bariz bir durum da e\u011fitimin bireyin toplumla \u00e7at\u0131\u015fmayaca\u011f\u0131 toplumun ana de\u011ferleriyle uyumlu bir ya\u015fam&hellip;<\/p>\n<\/div>\n\t\n<a href=\"https:\/\/korpekalemler.net\/index.php\/2024\/10\/29\/egitimde-ciddi-bir-sorun-siddet\/\" class=\"post-details details-type-link\" aria-label=\"Read more about E\u011fitimde Ciddi Bir Sorun: &#8216;\u015eiddet&#8217;\">Read more<i class=\"dt-icon-the7-arrow-03\" aria-hidden=\"true\"><\/i><\/a>\n\n<\/div><\/article><article class=\"post project-odd visible post-16629 type-post status-publish format-standard has-post-thumbnail hentry category-drmusahub category-ekim-24 category-ilim category-148 category-276 category-167 description-off\" data-name=\"S\u00fcnnet Mirk\u00e2t\u0131\" data-date=\"2024-10-28T21:46:45+03:00\">\n\n<div class=\"post-thumbnail-wrap\">\n\t<div class=\"post-thumbnail\">\n\n\t\t\n\t\t\n\t\t<a href=\"https:\/\/korpekalemler.net\/index.php\/2024\/10\/28\/sunnet-mirkati\/\" class=\"post-thumbnail-rollover layzr-bg layzr-bg\" ><img loading=\"lazy\" decoding=\"async\" class=\"blog-thumb-lazy-load preload-me lazy-load\" src=\"data:image\/svg+xml,%3Csvg%20xmlns%3D&#39;http%3A%2F%2Fwww.w3.org%2F2000%2Fsvg&#39;%20viewBox%3D&#39;0%200%20600%20400&#39;%2F%3E\" data-src=\"https:\/\/korpekalemler.net\/wp-content\/uploads\/2024\/10\/2justin-docanto-495jq4shUoA-unsplash-600x400.jpg\" data-srcset=\"https:\/\/korpekalemler.net\/wp-content\/uploads\/2024\/10\/2justin-docanto-495jq4shUoA-unsplash-600x400.jpg 600w\" alt=\"\" title=\"2justin-docanto-495jq4shUoA-unsplash\" width=\"600\" height=\"400\"  \/><\/a>\n\t<\/div>\n<\/div>\n\n\n<div class=\"post-entry-content\">\n\n\t<h3 class=\"entry-title\">\n\t\t<a href=\"https:\/\/korpekalemler.net\/index.php\/2024\/10\/28\/sunnet-mirkati\/\" title=\"S\u00fcnnet Mirk\u00e2t\u0131\" rel=\"bookmark\">S\u00fcnnet Mirk\u00e2t\u0131<\/a>\n\t<\/h3>\n\n\t<div class=\"entry-meta\"><span class=\"category-link\"><a href=\"https:\/\/korpekalemler.net\/index.php\/category\/drmusahub\/\" >Dr. Musa H\u00fbb<\/a>, <a href=\"https:\/\/korpekalemler.net\/index.php\/category\/ekim-24\/\" >Ekim '24<\/a>, <a href=\"https:\/\/korpekalemler.net\/index.php\/category\/ilim\/\" >\u0130lim<\/a><\/span><a class=\"author vcard\" href=\"https:\/\/korpekalemler.net\/index.php\/author\/korpekalemlerder\/\" title=\"View all posts by K\u00f6rpe Kalemler\" rel=\"author\">By <span class=\"fn\">K\u00f6rpe Kalemler<\/span><\/a><a href=\"https:\/\/korpekalemler.net\/index.php\/2024\/10\/28\/\" title=\"21:46\" class=\"data-link\" rel=\"bookmark\"><time class=\"entry-date updated\" datetime=\"2024-10-28T21:46:45+03:00\">28 Ekim 2024<\/time><\/a><a href=\"https:\/\/korpekalemler.net\/index.php\/2024\/10\/28\/sunnet-mirkati\/#respond\" class=\"comment-link\" >Leave a comment<\/a><\/div>\n\t<div class=\"entry-excerpt\"><p>Mirk\u00e2t\u00fc\u2019s-S\u00fcnnet \u00c2yeti\u2019nin G\u00f6lgesinde: Peygamber Yolunun Dereceleri (2) &nbsp; Kur\u2019an-\u0131 Kerim\u2019de Minh\u00e2c\u00fc\u2019s-S\u00fcnnet \u00c2yeti\u2019ni (9\/128) m\u00fcte\u00e2kip Mirk\u00e2t\u00fc\u2019s-S\u00fcnnet \u00c2yeti gelir: \ufd3e \u0641\u064e\u0625\u0650\u0646\u0652 \u062a\u064e\u0648\u064e\u0644\u0651\u064e\u0648\u0652\u0627 \u0641\u064e\u0642\u064f\u0644\u0652 \u062d\u064e\u0633\u0652\u0628\u0650\u064a\u064e \u0627\u0644\u0644\u0651\u064e\u0647\u064f \u0644\u064e\u0627 \u0625\u0650\u0644\u064e\u0647\u064e \u0625\u0650\u0644\u0651\u064e\u0627 \u0647\u064f\u0648\u064e \u0639\u064e\u0644\u064e\u064a\u0652\u0647\u0650 \u062a\u064e\u0648\u064e\u0643\u0651\u064e\u0644\u0652\u062a\u064f \u0648\u064e\u0647\u064f\u0648\u064e \u0631\u064e\u0628\u0651\u064f \u0627\u0644\u0652\u0639\u064e\u0631\u0652\u0634\u0650 \u0627\u0644\u0652\u0639\u064e\u0638\u0650\u064a\u0645\u0650 \ufd3f Me\u00e2l-i m\u00fcn\u00eefi \u015f\u00f6yledir: \u201c(Ey Ras\u00fbl! Sen onlara, onlar\u0131n i\u00e7inden, kendilerinden bir rasul olarak g\u00f6nderildin, geldin. Buna ra\u011fmen senden ve senin beraberinde&hellip;<\/p>\n<\/div>\n\t\n<a href=\"https:\/\/korpekalemler.net\/index.php\/2024\/10\/28\/sunnet-mirkati\/\" class=\"post-details details-type-link\" aria-label=\"Read more about S\u00fcnnet Mirk\u00e2t\u0131\">Read more<i class=\"dt-icon-the7-arrow-03\" aria-hidden=\"true\"><\/i><\/a>\n\n<\/div><\/article><article class=\"post project-odd visible post-16589 type-post status-publish format-standard has-post-thumbnail hentry category-drmusahub category-dusunce category-edeb category-eylul-24 category-ilim category-148 category-145 category-144 category-264 category-167 description-off\" data-name=\"S\u00fcnnet Minh\u00e2c\u0131\" data-date=\"2024-09-24T22:19:36+03:00\">\n\n<div class=\"post-thumbnail-wrap\">\n\t<div class=\"post-thumbnail\">\n\n\t\t\n\t\t\n\t\t<a href=\"https:\/\/korpekalemler.net\/index.php\/2024\/09\/24\/sunnet-minhaci\/\" class=\"post-thumbnail-rollover layzr-bg layzr-bg\" ><img loading=\"lazy\" decoding=\"async\" class=\"blog-thumb-lazy-load preload-me lazy-load\" src=\"data:image\/svg+xml,%3Csvg%20xmlns%3D&#39;http%3A%2F%2Fwww.w3.org%2F2000%2Fsvg&#39;%20viewBox%3D&#39;0%200%20542%20361&#39;%2F%3E\" data-src=\"https:\/\/korpekalemler.net\/wp-content\/uploads\/2024\/09\/musahub2-542x361.jpeg\" data-srcset=\"https:\/\/korpekalemler.net\/wp-content\/uploads\/2024\/09\/musahub2-542x361.jpeg 542w\" alt=\"\" title=\"musahub2\" width=\"542\" height=\"361\"  \/><\/a>\n\t<\/div>\n<\/div>\n\n\n<div class=\"post-entry-content\">\n\n\t<h3 class=\"entry-title\">\n\t\t<a href=\"https:\/\/korpekalemler.net\/index.php\/2024\/09\/24\/sunnet-minhaci\/\" title=\"S\u00fcnnet Minh\u00e2c\u0131\" rel=\"bookmark\">S\u00fcnnet Minh\u00e2c\u0131<\/a>\n\t<\/h3>\n\n\t<div class=\"entry-meta\"><span class=\"category-link\"><a href=\"https:\/\/korpekalemler.net\/index.php\/category\/drmusahub\/\" >Dr. Musa H\u00fbb<\/a>, <a href=\"https:\/\/korpekalemler.net\/index.php\/category\/dusunce\/\" >D\u00fc\u015f\u00fcnce<\/a>, <a href=\"https:\/\/korpekalemler.net\/index.php\/category\/edeb\/\" >Edebiyat<\/a>, <a href=\"https:\/\/korpekalemler.net\/index.php\/category\/eylul-24\/\" >Eyl\u00fcl '24<\/a>, <a href=\"https:\/\/korpekalemler.net\/index.php\/category\/ilim\/\" >\u0130lim<\/a><\/span><a class=\"author vcard\" href=\"https:\/\/korpekalemler.net\/index.php\/author\/korpekalemlerder\/\" title=\"View all posts by K\u00f6rpe Kalemler\" rel=\"author\">By <span class=\"fn\">K\u00f6rpe Kalemler<\/span><\/a><a href=\"https:\/\/korpekalemler.net\/index.php\/2024\/09\/24\/\" title=\"22:19\" class=\"data-link\" rel=\"bookmark\"><time class=\"entry-date updated\" datetime=\"2024-09-24T22:19:36+03:00\">24 Eyl\u00fcl 2024<\/time><\/a><a href=\"https:\/\/korpekalemler.net\/index.php\/2024\/09\/24\/sunnet-minhaci\/#respond\" class=\"comment-link\" >Leave a comment<\/a><\/div>\n\t<div class=\"entry-excerpt\"><p>\u00a0(1) &#8211; Hz. Peygamber\u2019in 7 S\u0131fat\u0131 ve Dine Hizmetin 7 Prensibi &#8211; &nbsp; Minh\u00e2c\u00fc\u2019s-S\u00fcnnet \u00c2yeti\u2019nin G\u00f6lgesinde: Hz. Peygamber\u2019in Vas\u0131flar\u0131 ve Peygamber Yolunun Prensipleri \ufd3e \u0644\u064e\u0642\u064e\u062f\u0652 \u062c\u064e\u0627\u0621\u064e\u0643\u064f\u0645\u0652 \u0631\u064e\u0633\u064f\u0648\u0644\u064c \u0645\u0650\u0646\u0652 \u0623\u064e\u0646\u0652\u0641\u064f\u0633\u0650\u0643\u064f\u0645\u0652 \u0639\u064e\u0632\u0650\u064a\u0632\u064c \u0639\u064e\u0644\u064e\u064a\u0652\u0647\u0650 \u0645\u064e\u0627 \u0639\u064e\u0646\u0650\u062a\u0651\u064f\u0645\u0652 \u062d\u064e\u0631\u0650\u064a\u0635\u064c \u0639\u064e\u0644\u064e\u064a\u0652\u0643\u064f\u0645\u0652 \u0628\u0650\u0627\u0644\u0652\u0645\u064f\u0624\u0652\u0645\u0650\u0646\u0650\u064a\u0646\u064e \u0631\u064e\u0621\u064f\u0648\u0641\u064c \u0631\u064e\u062d\u0650\u064a\u0645\u064c\ufd3f \u00a0\u201c(Ey insanlar ve ey araplar!) Size kendinizden bir rasul\/el\u00e7i geldi. (O sizdedir ve) sizin herhangi bir zahmete&hellip;<\/p>\n<\/div>\n\t\n<a href=\"https:\/\/korpekalemler.net\/index.php\/2024\/09\/24\/sunnet-minhaci\/\" class=\"post-details details-type-link\" aria-label=\"Read more about S\u00fcnnet Minh\u00e2c\u0131\">Read more<i class=\"dt-icon-the7-arrow-03\" aria-hidden=\"true\"><\/i><\/a>\n\n<\/div><\/article><article class=\"post project-odd visible post-16579 type-post status-publish format-standard has-post-thumbnail hentry category-elifebayraktar category-eylul-24 category-ilim category-151 category-264 category-167 description-off\" data-name=\"\u201cAmellerin En Sevgilisi\u201d\" data-date=\"2024-09-24T20:36:53+03:00\">\n\n<div class=\"post-thumbnail-wrap\">\n\t<div class=\"post-thumbnail\">\n\n\t\t\n\t\t\n\t\t<a href=\"https:\/\/korpekalemler.net\/index.php\/2024\/09\/24\/amellerin-en-sevgilisi\/\" class=\"post-thumbnail-rollover layzr-bg layzr-bg\" ><img loading=\"lazy\" decoding=\"async\" class=\"blog-thumb-lazy-load preload-me lazy-load\" src=\"data:image\/svg+xml,%3Csvg%20xmlns%3D&#39;http%3A%2F%2Fwww.w3.org%2F2000%2Fsvg&#39;%20viewBox%3D&#39;0%200%20504%20336&#39;%2F%3E\" data-src=\"https:\/\/korpekalemler.net\/wp-content\/uploads\/2024\/09\/quotmuminler-ancak-kardestirlerquot-ayeti-185884-504x336.jpeg\" data-srcset=\"https:\/\/korpekalemler.net\/wp-content\/uploads\/2024\/09\/quotmuminler-ancak-kardestirlerquot-ayeti-185884-504x336.jpeg 504w\" alt=\"\" title=\"quotmuminler-ancak-kardestirlerquot-ayeti-185884\" width=\"504\" height=\"336\"  \/><\/a>\n\t<\/div>\n<\/div>\n\n\n<div class=\"post-entry-content\">\n\n\t<h3 class=\"entry-title\">\n\t\t<a href=\"https:\/\/korpekalemler.net\/index.php\/2024\/09\/24\/amellerin-en-sevgilisi\/\" title=\"\u201cAmellerin En Sevgilisi\u201d\" rel=\"bookmark\">\u201cAmellerin En Sevgilisi\u201d<\/a>\n\t<\/h3>\n\n\t<div class=\"entry-meta\"><span class=\"category-link\"><a href=\"https:\/\/korpekalemler.net\/index.php\/category\/elifebayraktar\/\" >Elif E. Bayraktar<\/a>, <a href=\"https:\/\/korpekalemler.net\/index.php\/category\/eylul-24\/\" >Eyl\u00fcl '24<\/a>, <a href=\"https:\/\/korpekalemler.net\/index.php\/category\/ilim\/\" >\u0130lim<\/a><\/span><a class=\"author vcard\" href=\"https:\/\/korpekalemler.net\/index.php\/author\/korpekalemlerder\/\" title=\"View all posts by K\u00f6rpe Kalemler\" rel=\"author\">By <span class=\"fn\">K\u00f6rpe Kalemler<\/span><\/a><a href=\"https:\/\/korpekalemler.net\/index.php\/2024\/09\/24\/\" title=\"20:36\" class=\"data-link\" rel=\"bookmark\"><time class=\"entry-date updated\" datetime=\"2024-09-24T20:36:53+03:00\">24 Eyl\u00fcl 2024<\/time><\/a><a href=\"https:\/\/korpekalemler.net\/index.php\/2024\/09\/24\/amellerin-en-sevgilisi\/#respond\" class=\"comment-link\" >Leave a comment<\/a><\/div>\n\t<div class=\"entry-excerpt\"><p>\u201cFarz ibadetlerinden sonra Allah yan\u0131nda amellerin en sevgilisi (r\u0131z\u00e2s\u0131na muv\u00e2f\u0131k olan\u0131), M\u00fcsl\u00fcman\u0131n kalbine sevin\u00e7 koymakt\u0131r.\u201d (Hadis-i \u015eerif) M\u00fcminler birbirlerinin karde\u015fleridir. H\u00e2l\u0131k\u2019\u0131 ayn\u0131, Kitab\u2019\u0131 ayn\u0131, yolu ayn\u0131d\u0131r samimi m\u00fcminlerin ve ayn\u0131 duygular\u0131 ta\u015f\u0131rlar. Ayn\u0131 yola ba\u015f koymu\u015f, ayn\u0131 kitaba tabi olmu\u015f, ayn\u0131 hedefe, ayn\u0131 davaya sahip insanlard\u0131r. Aralar\u0131nda d\u00fcnyevi sevgiler gibi ge\u00e7ici, beklenti ve \u00e7\u0131karlara dayal\u0131&hellip;<\/p>\n<\/div>\n\t\n<a href=\"https:\/\/korpekalemler.net\/index.php\/2024\/09\/24\/amellerin-en-sevgilisi\/\" class=\"post-details details-type-link\" aria-label=\"Read more about \u201cAmellerin En Sevgilisi\u201d\">Read more<i class=\"dt-icon-the7-arrow-03\" aria-hidden=\"true\"><\/i><\/a>\n\n<\/div><\/article><article class=\"post project-odd visible post-16569 type-post status-publish format-standard has-post-thumbnail hentry category-agustos-24 category-dr-ismail-kucukdurgut category-ilim category-262 category-263 category-167 description-off\" data-name=\"Gaflet Denen \u015eeyin Ne&#8217;li\u011fi \u00dczerine Bir Kelam\" data-date=\"2024-09-03T01:58:34+03:00\">\n\n<div class=\"post-thumbnail-wrap\">\n\t<div class=\"post-thumbnail\">\n\n\t\t\n\t\t\n\t\t<a href=\"https:\/\/korpekalemler.net\/index.php\/2024\/09\/03\/gaflet-denen-seyin-neligi-uzerine-bir-kelam\/\" class=\"post-thumbnail-rollover layzr-bg layzr-bg\" ><img loading=\"lazy\" decoding=\"async\" class=\"blog-thumb-lazy-load preload-me lazy-load\" src=\"data:image\/svg+xml,%3Csvg%20xmlns%3D&#39;http%3A%2F%2Fwww.w3.org%2F2000%2Fsvg&#39;%20viewBox%3D&#39;0%200%20768%20512&#39;%2F%3E\" data-src=\"https:\/\/korpekalemler.net\/wp-content\/uploads\/2024\/09\/ismaildurgut2-768x512.jpeg\" data-srcset=\"https:\/\/korpekalemler.net\/wp-content\/uploads\/2024\/09\/ismaildurgut2-768x512.jpeg 768w, https:\/\/korpekalemler.net\/wp-content\/uploads\/2024\/09\/ismaildurgut2-807x538.jpeg 807w\" alt=\"\" title=\"ismaildurgut2\" width=\"768\" height=\"512\"  \/><\/a>\n\t<\/div>\n<\/div>\n\n\n<div class=\"post-entry-content\">\n\n\t<h3 class=\"entry-title\">\n\t\t<a href=\"https:\/\/korpekalemler.net\/index.php\/2024\/09\/03\/gaflet-denen-seyin-neligi-uzerine-bir-kelam\/\" title=\"Gaflet Denen \u015eeyin Ne&#8217;li\u011fi \u00dczerine Bir Kelam\" rel=\"bookmark\">Gaflet Denen \u015eeyin Ne&#8217;li\u011fi \u00dczerine Bir Kelam<\/a>\n\t<\/h3>\n\n\t<div class=\"entry-meta\"><span class=\"category-link\"><a href=\"https:\/\/korpekalemler.net\/index.php\/category\/agustos-24\/\" >A\u011fustos '24<\/a>, <a href=\"https:\/\/korpekalemler.net\/index.php\/category\/dr-ismail-kucukdurgut\/\" >Dr. \u0130smail K\u00fc\u00e7\u00fckdurgut<\/a>, <a href=\"https:\/\/korpekalemler.net\/index.php\/category\/ilim\/\" >\u0130lim<\/a><\/span><a class=\"author vcard\" href=\"https:\/\/korpekalemler.net\/index.php\/author\/korpekalemlerder\/\" title=\"View all posts by K\u00f6rpe Kalemler\" rel=\"author\">By <span class=\"fn\">K\u00f6rpe Kalemler<\/span><\/a><a href=\"https:\/\/korpekalemler.net\/index.php\/2024\/09\/03\/\" title=\"01:58\" class=\"data-link\" rel=\"bookmark\"><time class=\"entry-date updated\" datetime=\"2024-09-03T01:58:34+03:00\">3 Eyl\u00fcl 2024<\/time><\/a><a href=\"https:\/\/korpekalemler.net\/index.php\/2024\/09\/03\/gaflet-denen-seyin-neligi-uzerine-bir-kelam\/#respond\" class=\"comment-link\" >Leave a comment<\/a><\/div>\n\t<div class=\"entry-excerpt\"><p>Gaflet, insanda Hakk\u2019\u0131 unutup kendi hayat\u0131n\u0131 ya\u015fama \u015feklinde veya daha \u00e7ok nefsan\u00ee hayat\u0131n\u0131 ya\u015fama \u015feklinde bir insan\u00ee h\u00e2l. Nefis zay\u0131flad\u0131k\u00e7a gaflet perdesi incelir, erir.\u00a0 Gaflet insan\u0131n Hakk\u0131 unutup hayallere dalmas\u0131 bir anlamda. Hak olan ve hakikat olan unutulup hayal\u00ee bir hayata dalma. Bu durumda insan kolayca aldan\u0131r \u00e7\u00fcnk\u00fc gaflet halinde olana s\u0131n\u0131r yoktur. O hayalde&hellip;<\/p>\n<\/div>\n\t\n<a href=\"https:\/\/korpekalemler.net\/index.php\/2024\/09\/03\/gaflet-denen-seyin-neligi-uzerine-bir-kelam\/\" class=\"post-details details-type-link\" aria-label=\"Read more about Gaflet Denen \u015eeyin Ne&#8217;li\u011fi \u00dczerine Bir Kelam\">Read more<i class=\"dt-icon-the7-arrow-03\" aria-hidden=\"true\"><\/i><\/a>\n\n<\/div><\/article><article class=\"post project-odd visible post-16557 type-post status-publish format-standard has-post-thumbnail hentry category-agustos-24 category-drmusahub category-ilim category-262 category-148 category-167 description-off\" data-name=\"RUH\u00ce BUHRAN\u2019DAN TAHK\u0130K\u0130 \u0130MANA YOLCULUK\" data-date=\"2024-08-16T22:20:36+03:00\">\n\n<div class=\"post-thumbnail-wrap\">\n\t<div class=\"post-thumbnail\">\n\n\t\t\n\t\t\n\t\t<a href=\"https:\/\/korpekalemler.net\/index.php\/2024\/08\/16\/ruhi-buhrandan-tahiki-imana-yolculuk\/\" class=\"post-thumbnail-rollover layzr-bg layzr-bg\" ><img loading=\"lazy\" decoding=\"async\" class=\"blog-thumb-lazy-load preload-me lazy-load\" src=\"data:image\/svg+xml,%3Csvg%20xmlns%3D&#39;http%3A%2F%2Fwww.w3.org%2F2000%2Fsvg&#39;%20viewBox%3D&#39;0%200%20768%20512&#39;%2F%3E\" data-src=\"https:\/\/korpekalemler.net\/wp-content\/uploads\/2024\/09\/musahub-768x512.jpeg\" data-srcset=\"https:\/\/korpekalemler.net\/wp-content\/uploads\/2024\/09\/musahub-768x512.jpeg 768w, https:\/\/korpekalemler.net\/wp-content\/uploads\/2024\/09\/musahub-1200x799.jpeg 1200w\" alt=\"\" title=\"musahub\" width=\"768\" height=\"512\"  \/><\/a>\n\t<\/div>\n<\/div>\n\n\n<div class=\"post-entry-content\">\n\n\t<h3 class=\"entry-title\">\n\t\t<a href=\"https:\/\/korpekalemler.net\/index.php\/2024\/08\/16\/ruhi-buhrandan-tahiki-imana-yolculuk\/\" title=\"RUH\u00ce BUHRAN\u2019DAN TAHK\u0130K\u0130 \u0130MANA YOLCULUK\" rel=\"bookmark\">RUH\u00ce BUHRAN\u2019DAN TAHK\u0130K\u0130 \u0130MANA YOLCULUK<\/a>\n\t<\/h3>\n\n\t<div class=\"entry-meta\"><span class=\"category-link\"><a href=\"https:\/\/korpekalemler.net\/index.php\/category\/agustos-24\/\" >A\u011fustos '24<\/a>, <a href=\"https:\/\/korpekalemler.net\/index.php\/category\/drmusahub\/\" >Dr. Musa H\u00fbb<\/a>, <a href=\"https:\/\/korpekalemler.net\/index.php\/category\/ilim\/\" >\u0130lim<\/a><\/span><a class=\"author vcard\" href=\"https:\/\/korpekalemler.net\/index.php\/author\/korpekalemlerder\/\" title=\"View all posts by K\u00f6rpe Kalemler\" rel=\"author\">By <span class=\"fn\">K\u00f6rpe Kalemler<\/span><\/a><a href=\"https:\/\/korpekalemler.net\/index.php\/2024\/08\/16\/\" title=\"22:20\" class=\"data-link\" rel=\"bookmark\"><time class=\"entry-date updated\" datetime=\"2024-08-16T22:20:36+03:00\">16 A\u011fustos 2024<\/time><\/a><a href=\"https:\/\/korpekalemler.net\/index.php\/2024\/08\/16\/ruhi-buhrandan-tahiki-imana-yolculuk\/#respond\" class=\"comment-link\" >Leave a comment<\/a><\/div>\n\t<div class=\"entry-excerpt\"><p>Eski Said\u2019in \u2018ruh\u00ee buhran\u2019la ba\u015flayan ve Yeni Said\u2019in tahkiki imanla ta\u00e7lanan seyr \u00fc s\u00fcl\u00fbk ser\u00fcveni g\u00f6steriyor ki: \u0130nsan\u0131 buhrana sokan inkisarlar, onun insaniyet hakikatini kaplam\u0131\u015f olan gaflet perdelerini veya duvarlar\u0131n\u0131 da parampar\u00e7a ediyorlar. En b\u00fcy\u00fck inkisarlar, inki\u015faflar\u0131n ate\u015fleyeni oluyor. \u00c7\u00fcnk\u00fc karanl\u0131\u011f\u0131n dibine \u00e7ak\u0131lmak, bir \u00e7akmak gibi idrake \u00e7akar ve \u00e7\u0131kan k\u0131v\u0131lc\u0131m \u015fuuru ate\u015fler ve kalpte&hellip;<\/p>\n<\/div>\n\t\n<a href=\"https:\/\/korpekalemler.net\/index.php\/2024\/08\/16\/ruhi-buhrandan-tahiki-imana-yolculuk\/\" class=\"post-details details-type-link\" aria-label=\"Read more about RUH\u00ce BUHRAN\u2019DAN TAHK\u0130K\u0130 \u0130MANA YOLCULUK\">Read more<i class=\"dt-icon-the7-arrow-03\" aria-hidden=\"true\"><\/i><\/a>\n\n<\/div><\/article><article class=\"post project-odd visible post-16450 type-post status-publish format-standard has-post-thumbnail hentry category-ilim category-nisan-24 category-rukiyeanar category-yazarlar category-167 category-257 category-160 category-4 description-off\" data-name=\"SABAH YAKIN DE\u011e\u0130L M\u0130?\" data-date=\"2024-04-28T20:25:45+03:00\">\n\n<div class=\"post-thumbnail-wrap\">\n\t<div class=\"post-thumbnail\">\n\n\t\t\n\t\t\n\t\t<a href=\"https:\/\/korpekalemler.net\/index.php\/2024\/04\/28\/sabah-yakin-degil-mi\/\" class=\"post-thumbnail-rollover layzr-bg layzr-bg\" ><img loading=\"lazy\" decoding=\"async\" class=\"blog-thumb-lazy-load preload-me lazy-load\" src=\"data:image\/svg+xml,%3Csvg%20xmlns%3D&#39;http%3A%2F%2Fwww.w3.org%2F2000%2Fsvg&#39;%20viewBox%3D&#39;0%200%20680%20453&#39;%2F%3E\" data-src=\"https:\/\/korpekalemler.net\/wp-content\/uploads\/2023\/10\/IMG-20231023-WA0066-680x453.jpg\" data-srcset=\"https:\/\/korpekalemler.net\/wp-content\/uploads\/2023\/10\/IMG-20231023-WA0066-680x453.jpg 680w, https:\/\/korpekalemler.net\/wp-content\/uploads\/2023\/10\/IMG-20231023-WA0066-680x452.jpg 680w\" alt=\"\" title=\"IMG-20231023-WA0066\" width=\"680\" height=\"453\"  \/><\/a>\n\t<\/div>\n<\/div>\n\n\n<div class=\"post-entry-content\">\n\n\t<h3 class=\"entry-title\">\n\t\t<a href=\"https:\/\/korpekalemler.net\/index.php\/2024\/04\/28\/sabah-yakin-degil-mi\/\" title=\"SABAH YAKIN DE\u011e\u0130L M\u0130?\" rel=\"bookmark\">SABAH YAKIN DE\u011e\u0130L M\u0130?<\/a>\n\t<\/h3>\n\n\t<div class=\"entry-meta\"><span class=\"category-link\"><a href=\"https:\/\/korpekalemler.net\/index.php\/category\/ilim\/\" >\u0130lim<\/a>, <a href=\"https:\/\/korpekalemler.net\/index.php\/category\/nisan-24\/\" >Nisan '24<\/a>, <a href=\"https:\/\/korpekalemler.net\/index.php\/category\/rukiyeanar\/\" >Rukiye Anar<\/a>, <a href=\"https:\/\/korpekalemler.net\/index.php\/category\/yazarlar\/\" >Yazarlar<\/a><\/span><a class=\"author vcard\" href=\"https:\/\/korpekalemler.net\/index.php\/author\/korpekalemlerder\/\" title=\"View all posts by K\u00f6rpe Kalemler\" rel=\"author\">By <span class=\"fn\">K\u00f6rpe Kalemler<\/span><\/a><a href=\"https:\/\/korpekalemler.net\/index.php\/2024\/04\/28\/\" title=\"20:25\" class=\"data-link\" rel=\"bookmark\"><time class=\"entry-date updated\" datetime=\"2024-04-28T20:25:45+03:00\">28 Nisan 2024<\/time><\/a><a href=\"https:\/\/korpekalemler.net\/index.php\/2024\/04\/28\/sabah-yakin-degil-mi\/#respond\" class=\"comment-link\" >Leave a comment<\/a><\/div>\n\t<div class=\"entry-excerpt\"><p>\u201cSabah yak\u0131n de\u011fil mi?\u201d c\u00fcmlesi asl\u0131nda bir \u00e2yet ibaresidir. Ayette ge\u00e7en manas\u0131 bir helak emrinin vaktini ifade ediyor, di\u011fer bir m\u00e2n\u00e2 i i\u015f\u00e2risi ise k\u0131yamet g\u00fcn\u00fcn\u00fc yani ha\u015fir sabah\u0131n\u0131 i\u015faret eder. &#8221; Haberin olsun, helak zamanlar\u0131 sabah vaktidir, zaten sabah yak\u0131n de\u011fil mi? Ne zaman ki, emriniz geldi, o \u00fclkenin alt\u0131n\u0131 \u00fcst\u00fcne getirdik ve \u00fczerlerine&hellip;<\/p>\n<\/div>\n\t\n<a href=\"https:\/\/korpekalemler.net\/index.php\/2024\/04\/28\/sabah-yakin-degil-mi\/\" class=\"post-details details-type-link\" aria-label=\"Read more about SABAH YAKIN DE\u011e\u0130L M\u0130?\">Read more<i class=\"dt-icon-the7-arrow-03\" aria-hidden=\"true\"><\/i><\/a>\n\n<\/div><\/article><article class=\"post project-odd visible post-16433 type-post status-publish format-standard has-post-thumbnail hentry category-havva-kucuk-konur category-ilim category-nisan-24 category-yazarlar category-168 category-167 category-257 category-4 description-off\" data-name=\"KIPIRTILAR\" data-date=\"2024-04-28T19:10:32+03:00\">\n\n<div class=\"post-thumbnail-wrap\">\n\t<div class=\"post-thumbnail\">\n\n\t\t\n\t\t\n\t\t<a href=\"https:\/\/korpekalemler.net\/index.php\/2024\/04\/28\/kipirtilar\/\" class=\"post-thumbnail-rollover layzr-bg layzr-bg\" ><img loading=\"lazy\" decoding=\"async\" class=\"blog-thumb-lazy-load preload-me lazy-load\" src=\"data:image\/svg+xml,%3Csvg%20xmlns%3D&#39;http%3A%2F%2Fwww.w3.org%2F2000%2Fsvg&#39;%20viewBox%3D&#39;0%200%20768%20512&#39;%2F%3E\" data-src=\"https:\/\/korpekalemler.net\/wp-content\/uploads\/2024\/04\/file-WY1RadiCB0lDQpPIIstvfgls-768x512.webp\" data-srcset=\"https:\/\/korpekalemler.net\/wp-content\/uploads\/2024\/04\/file-WY1RadiCB0lDQpPIIstvfgls-768x512.webp 768w, https:\/\/korpekalemler.net\/wp-content\/uploads\/2024\/04\/file-WY1RadiCB0lDQpPIIstvfgls-1024x682.webp 1024w\" alt=\"\" title=\"file-WY1RadiCB0lDQpPIIstvfgls\" width=\"768\" height=\"512\"  \/><\/a>\n\t<\/div>\n<\/div>\n\n\n<div class=\"post-entry-content\">\n\n\t<h3 class=\"entry-title\">\n\t\t<a href=\"https:\/\/korpekalemler.net\/index.php\/2024\/04\/28\/kipirtilar\/\" title=\"KIPIRTILAR\" rel=\"bookmark\">KIPIRTILAR<\/a>\n\t<\/h3>\n\n\t<div class=\"entry-meta\"><span class=\"category-link\"><a href=\"https:\/\/korpekalemler.net\/index.php\/category\/havva-kucuk-konur\/\" >Havva K\u00fc\u00e7\u00fck Konur<\/a>, <a href=\"https:\/\/korpekalemler.net\/index.php\/category\/ilim\/\" >\u0130lim<\/a>, <a href=\"https:\/\/korpekalemler.net\/index.php\/category\/nisan-24\/\" >Nisan '24<\/a>, <a href=\"https:\/\/korpekalemler.net\/index.php\/category\/yazarlar\/\" >Yazarlar<\/a><\/span><a class=\"author vcard\" href=\"https:\/\/korpekalemler.net\/index.php\/author\/korpekalemlerder\/\" title=\"View all posts by K\u00f6rpe Kalemler\" rel=\"author\">By <span class=\"fn\">K\u00f6rpe Kalemler<\/span><\/a><a href=\"https:\/\/korpekalemler.net\/index.php\/2024\/04\/28\/\" title=\"19:10\" class=\"data-link\" rel=\"bookmark\"><time class=\"entry-date updated\" datetime=\"2024-04-28T19:10:32+03:00\">28 Nisan 2024<\/time><\/a><a href=\"https:\/\/korpekalemler.net\/index.php\/2024\/04\/28\/kipirtilar\/#respond\" class=\"comment-link\" >Leave a comment<\/a><\/div>\n\t<div class=\"entry-excerpt\"><p>Niyedir bu h\u00fcz\u00fcn, mum \u0131\u015f\u0131klar\u0131ndaki? Nedendir a\u011farmayan ufuklar, gecedeki koyu karanl\u0131k? Her hadise bir varolu\u015fun sanc\u0131s\u0131n\u0131 \u00e7ekiyor, amenna! Ama okuyamamak olaylar\u0131, ya\u015fan\u0131lanlar\u0131 yorumlayamamak, ne yaman \u00e7eli\u015fki Y\u00e2 Rabbi! Bunca \u00e7\u0131\u011fl\u0131\u011f\u0131n i\u00e7inde sa\u011f\u0131r olan kulaklar&#8230; Bu kadar a\u011f\u0131r hadiselerin \u00f6n\u00fcnden, g\u00f6rmeden ge\u00e7en g\u00f6zler. Sessiz bir girdapta kaybolan h\u00fczn-\u00fc el\u00eem. Bu diller, bu y\u00fcrekler hakk\u0131 hayk\u0131rmal\u0131yd\u0131 oysa.&hellip;<\/p>\n<\/div>\n\t\n<a href=\"https:\/\/korpekalemler.net\/index.php\/2024\/04\/28\/kipirtilar\/\" class=\"post-details details-type-link\" aria-label=\"Read more about KIPIRTILAR\">Read more<i class=\"dt-icon-the7-arrow-03\" aria-hidden=\"true\"><\/i><\/a>\n\n<\/div><\/article><article class=\"post project-odd visible post-16401 type-post status-publish format-standard has-post-thumbnail hentry category-hasan-deniz category-ilim category-subat-24 category-253 category-167 category-252 description-off\" data-name=\"HASSAS AYARLI GEZEGEN: D\u00dcNYA\" data-date=\"2024-03-02T02:52:18+03:00\">\n\n<div class=\"post-thumbnail-wrap\">\n\t<div class=\"post-thumbnail\">\n\n\t\t\n\t\t\n\t\t<a href=\"https:\/\/korpekalemler.net\/index.php\/2024\/03\/02\/hassas-ayarli-gezegen-dunya\/\" class=\"post-thumbnail-rollover layzr-bg layzr-bg\" ><img loading=\"lazy\" decoding=\"async\" class=\"blog-thumb-lazy-load preload-me lazy-load\" src=\"data:image\/svg+xml,%3Csvg%20xmlns%3D&#39;http%3A%2F%2Fwww.w3.org%2F2000%2Fsvg&#39;%20viewBox%3D&#39;0%200%20453%20302&#39;%2F%3E\" data-src=\"https:\/\/korpekalemler.net\/wp-content\/uploads\/2024\/03\/hasan-453x302.png\" data-srcset=\"https:\/\/korpekalemler.net\/wp-content\/uploads\/2024\/03\/hasan-453x302.png 453w\" alt=\"\" title=\"hasan\" width=\"453\" height=\"302\"  \/><\/a>\n\t<\/div>\n<\/div>\n\n\n<div class=\"post-entry-content\">\n\n\t<h3 class=\"entry-title\">\n\t\t<a href=\"https:\/\/korpekalemler.net\/index.php\/2024\/03\/02\/hassas-ayarli-gezegen-dunya\/\" title=\"HASSAS AYARLI GEZEGEN: D\u00dcNYA\" rel=\"bookmark\">HASSAS AYARLI GEZEGEN: D\u00dcNYA<\/a>\n\t<\/h3>\n\n\t<div class=\"entry-meta\"><span class=\"category-link\"><a href=\"https:\/\/korpekalemler.net\/index.php\/category\/hasan-deniz\/\" >Hasan Deniz<\/a>, <a href=\"https:\/\/korpekalemler.net\/index.php\/category\/ilim\/\" >\u0130lim<\/a>, <a href=\"https:\/\/korpekalemler.net\/index.php\/category\/subat-24\/\" >\u015eubat '24<\/a><\/span><a class=\"author vcard\" href=\"https:\/\/korpekalemler.net\/index.php\/author\/korpekalemlerder\/\" title=\"View all posts by K\u00f6rpe Kalemler\" rel=\"author\">By <span class=\"fn\">K\u00f6rpe Kalemler<\/span><\/a><a href=\"https:\/\/korpekalemler.net\/index.php\/2024\/03\/02\/\" title=\"02:52\" class=\"data-link\" rel=\"bookmark\"><time class=\"entry-date updated\" datetime=\"2024-03-02T02:52:18+03:00\">2 Mart 2024<\/time><\/a><a href=\"https:\/\/korpekalemler.net\/index.php\/2024\/03\/02\/hassas-ayarli-gezegen-dunya\/#respond\" class=\"comment-link\" >Leave a comment<\/a><\/div>\n\t<div class=\"entry-excerpt\"><p>\u201cBiz g\u00f6z\u00fcm\u00fcz\u00fc a\u00e7t\u0131k\u00e7a, bak\u0131\u015f\u0131m\u0131z\u0131 kainat\u0131n y\u00fcz\u00fcne \u00e7evirdik\u00e7e ilk g\u00f6z\u00fcm\u00fcze ili\u015fen umumi ve m\u00fckemmel bir d\u00fczen, ku\u015fat\u0131c\u0131 ve hassas bir dengedir. M\u00fc\u015fahede ediyoruz ki, her \u015fey ince bir d\u00fczen, hassas bir denge ve \u00f6l\u00e7\u00fc i\u00e7indedir. Biraz daha dikkat edince, devaml\u0131 tazelenen bir d\u00fczen ve denge sa\u011flama fiili g\u00f6z\u00fcm\u00fcze \u00e7arp\u0131yor. Yani birisi o d\u00fczeni kusursuz bir \u015fekilde&hellip;<\/p>\n<\/div>\n\t\n<a href=\"https:\/\/korpekalemler.net\/index.php\/2024\/03\/02\/hassas-ayarli-gezegen-dunya\/\" class=\"post-details details-type-link\" aria-label=\"Read more about HASSAS AYARLI GEZEGEN: D\u00dcNYA\">Read more<i class=\"dt-icon-the7-arrow-03\" aria-hidden=\"true\"><\/i><\/a>\n\n<\/div><\/article><article class=\"post project-odd visible post-16349 type-post status-publish format-standard has-post-thumbnail hentry category-ilim category-ocak-24 category-tuba-cicek category-167 category-248 category-233 description-off\" data-name=\"\u00dc\u00c7 SEMAV\u00ce D\u0130N\u0130N KUTSALI KUD\u00dcS K\u0130M\u0130ND\u0130R?\" data-date=\"2024-01-28T21:37:46+03:00\">\n\n<div class=\"post-thumbnail-wrap\">\n\t<div class=\"post-thumbnail\">\n\n\t\t\n\t\t\n\t\t<a href=\"https:\/\/korpekalemler.net\/index.php\/2024\/01\/28\/uc-semavi-dinin-kutsali-kudus-kimindir\/\" class=\"post-thumbnail-rollover layzr-bg layzr-bg\" ><img loading=\"lazy\" decoding=\"async\" class=\"blog-thumb-lazy-load preload-me lazy-load\" src=\"data:image\/svg+xml,%3Csvg%20xmlns%3D&#39;http%3A%2F%2Fwww.w3.org%2F2000%2Fsvg&#39;%20viewBox%3D&#39;0%200%20456%20304&#39;%2F%3E\" data-src=\"https:\/\/korpekalemler.net\/wp-content\/uploads\/2024\/01\/mescidi-aksa-456x304.jpeg\" data-srcset=\"https:\/\/korpekalemler.net\/wp-content\/uploads\/2024\/01\/mescidi-aksa-456x304.jpeg 456w\" alt=\"\"  width=\"456\" height=\"304\"  \/><\/a>\n\t<\/div>\n<\/div>\n\n\n<div class=\"post-entry-content\">\n\n\t<h3 class=\"entry-title\">\n\t\t<a href=\"https:\/\/korpekalemler.net\/index.php\/2024\/01\/28\/uc-semavi-dinin-kutsali-kudus-kimindir\/\" title=\"\u00dc\u00c7 SEMAV\u00ce D\u0130N\u0130N KUTSALI KUD\u00dcS K\u0130M\u0130ND\u0130R?\" rel=\"bookmark\">\u00dc\u00c7 SEMAV\u00ce D\u0130N\u0130N KUTSALI KUD\u00dcS K\u0130M\u0130ND\u0130R?<\/a>\n\t<\/h3>\n\n\t<div class=\"entry-meta\"><span class=\"category-link\"><a href=\"https:\/\/korpekalemler.net\/index.php\/category\/ilim\/\" >\u0130lim<\/a>, <a href=\"https:\/\/korpekalemler.net\/index.php\/category\/ocak-24\/\" >Ocak '24<\/a>, <a href=\"https:\/\/korpekalemler.net\/index.php\/category\/tuba-cicek\/\" >Tuba \u00c7i\u00e7ek<\/a><\/span><a class=\"author vcard\" href=\"https:\/\/korpekalemler.net\/index.php\/author\/korpekalemlerder\/\" title=\"View all posts by K\u00f6rpe Kalemler\" rel=\"author\">By <span class=\"fn\">K\u00f6rpe Kalemler<\/span><\/a><a href=\"https:\/\/korpekalemler.net\/index.php\/2024\/01\/28\/\" title=\"21:37\" class=\"data-link\" rel=\"bookmark\"><time class=\"entry-date updated\" datetime=\"2024-01-28T21:37:46+03:00\">28 Ocak 2024<\/time><\/a><a href=\"https:\/\/korpekalemler.net\/index.php\/2024\/01\/28\/uc-semavi-dinin-kutsali-kudus-kimindir\/#respond\" class=\"comment-link\" >Leave a comment<\/a><\/div>\n\t<div class=\"entry-excerpt\"><p>Kud\u00fcs; Ortado\u011fu&#8217;da bulunan, d\u00fcnyan\u0131n en eski \u015fehirlerinden biri say\u0131lan, \u015fu anda da Filistin ve \u0130srail aras\u0131nda &#8216;b\u00f6l\u00fcnm\u00fc\u015f&#8217; bir kenttir. \u00dc\u00e7\u00a0semavi dinin kutsal manevi merkezi konumunda olan, bu y\u00f6n\u00fcyle de M\u00fcsl\u00fcmanlar, Yahudiler ve H\u0131ristiyanlar i\u00e7in \u00f6nemli bir dini sembol olarak g\u00f6r\u00fclen Kud\u00fcs, payla\u015f\u0131lamayan bir yerdir.\u00a0Hem \u0130srail hem de Filistin Kud\u00fcs&#8217;\u00fc kendi ba\u015fkenti olarak g\u00f6stermeye \u00e7al\u0131\u015fsalar da,&hellip;<\/p>\n<\/div>\n\t\n<a href=\"https:\/\/korpekalemler.net\/index.php\/2024\/01\/28\/uc-semavi-dinin-kutsali-kudus-kimindir\/\" class=\"post-details details-type-link\" aria-label=\"Read more about \u00dc\u00c7 SEMAV\u00ce D\u0130N\u0130N KUTSALI KUD\u00dcS K\u0130M\u0130ND\u0130R?\">Read more<i class=\"dt-icon-the7-arrow-03\" aria-hidden=\"true\"><\/i><\/a>\n\n<\/div><\/article><article class=\"post project-odd visible post-16330 type-post status-publish format-standard has-post-thumbnail hentry category-ilim category-kevsersabaalkaya category-ocak-24 category-167 category-149 category-248 description-off\" data-name=\"YUSUF S\u00dbRES\u0130: B\u0130ZE B\u0130Z\u0130 ANLATAN B\u0130T\u0130MS\u0130Z B\u0130R H\u0130K\u00c2YE\" data-date=\"2024-01-28T20:18:37+03:00\">\n\n<div class=\"post-thumbnail-wrap\">\n\t<div class=\"post-thumbnail\">\n\n\t\t\n\t\t\n\t\t<a href=\"https:\/\/korpekalemler.net\/index.php\/2024\/01\/28\/yusuf-suresi-bize-bizi-anlatan-bitimsiz-bir-hikaye\/\" class=\"post-thumbnail-rollover layzr-bg layzr-bg\" ><img loading=\"lazy\" decoding=\"async\" class=\"blog-thumb-lazy-load preload-me lazy-load\" src=\"data:image\/svg+xml,%3Csvg%20xmlns%3D&#39;http%3A%2F%2Fwww.w3.org%2F2000%2Fsvg&#39;%20viewBox%3D&#39;0%200%20680%20453&#39;%2F%3E\" data-src=\"https:\/\/korpekalemler.net\/wp-content\/uploads\/2024\/01\/Kevser-680x453.jpeg\" data-srcset=\"https:\/\/korpekalemler.net\/wp-content\/uploads\/2024\/01\/Kevser-680x453.jpeg 680w, https:\/\/korpekalemler.net\/wp-content\/uploads\/2024\/01\/Kevser-680x452.jpeg 680w\" alt=\"\"  width=\"680\" height=\"453\"  \/><\/a>\n\t<\/div>\n<\/div>\n\n\n<div class=\"post-entry-content\">\n\n\t<h3 class=\"entry-title\">\n\t\t<a href=\"https:\/\/korpekalemler.net\/index.php\/2024\/01\/28\/yusuf-suresi-bize-bizi-anlatan-bitimsiz-bir-hikaye\/\" title=\"YUSUF S\u00dbRES\u0130: B\u0130ZE B\u0130Z\u0130 ANLATAN B\u0130T\u0130MS\u0130Z B\u0130R H\u0130K\u00c2YE\" rel=\"bookmark\">YUSUF S\u00dbRES\u0130: B\u0130ZE B\u0130Z\u0130 ANLATAN B\u0130T\u0130MS\u0130Z B\u0130R H\u0130K\u00c2YE<\/a>\n\t<\/h3>\n\n\t<div class=\"entry-meta\"><span class=\"category-link\"><a href=\"https:\/\/korpekalemler.net\/index.php\/category\/ilim\/\" >\u0130lim<\/a>, <a href=\"https:\/\/korpekalemler.net\/index.php\/category\/kevsersabaalkaya\/\" >Kevser Sab\u00e2 Alkaya<\/a>, <a href=\"https:\/\/korpekalemler.net\/index.php\/category\/ocak-24\/\" >Ocak '24<\/a><\/span><a class=\"author vcard\" href=\"https:\/\/korpekalemler.net\/index.php\/author\/korpekalemlerder\/\" title=\"View all posts by K\u00f6rpe Kalemler\" rel=\"author\">By <span class=\"fn\">K\u00f6rpe Kalemler<\/span><\/a><a href=\"https:\/\/korpekalemler.net\/index.php\/2024\/01\/28\/\" title=\"20:18\" class=\"data-link\" rel=\"bookmark\"><time class=\"entry-date updated\" datetime=\"2024-01-28T20:18:37+03:00\">28 Ocak 2024<\/time><\/a><a href=\"https:\/\/korpekalemler.net\/index.php\/2024\/01\/28\/yusuf-suresi-bize-bizi-anlatan-bitimsiz-bir-hikaye\/#respond\" class=\"comment-link\" >Leave a comment<\/a><\/div>\n\t<div class=\"entry-excerpt\"><p>\u201cBizi \u00f6\u011frenmekten al\u0131koyan, bildi\u011fimizi sand\u0131\u011f\u0131m\u0131z \u015feylerdir.\u201d Claude Bernard At\u00f6lye \u00e7al\u0131\u015fmalar\u0131ndaki son dersimiz Yusuf s\u00fbresinin i\u015f\u00e2r\u00ee tefsiri. \u0130\u015f\u00e2r\u00ee tefsir, s\u00fbrelerin i\u00e7, bat\u0131n\u00ee te&#8217;vili a\u00e2n\u00e2da r\u00fbhu. Defalarca okuyup ge\u00e7ti\u011fim, bildi\u011fimi sand\u0131\u011f\u0131m Yusuf suresinde me\u011fer ke\u015ffedilmeyi bekleyen ne \u00e7ok hazineler varm\u0131\u015f. Claude Bernard&#8217;\u0131n: \u201cBizi \u00f6\u011frenmekten al\u0131koyan, bildi\u011fimizi sand\u0131\u011f\u0131m\u0131z \u015feylerdir.\u201d s\u00f6z\u00fcn\u00fc i\u015f bu sebeple ba\u015fa tutturdum. Arad\u0131\u011f\u0131m\u0131z \u015fey belki&hellip;<\/p>\n<\/div>\n\t\n<a href=\"https:\/\/korpekalemler.net\/index.php\/2024\/01\/28\/yusuf-suresi-bize-bizi-anlatan-bitimsiz-bir-hikaye\/\" class=\"post-details details-type-link\" aria-label=\"Read more about YUSUF S\u00dbRES\u0130: B\u0130ZE B\u0130Z\u0130 ANLATAN B\u0130T\u0130MS\u0130Z B\u0130R H\u0130K\u00c2YE\">Read more<i class=\"dt-icon-the7-arrow-03\" aria-hidden=\"true\"><\/i><\/a>\n\n<\/div><\/article><article class=\"post project-odd visible post-16322 type-post status-publish format-standard has-post-thumbnail hentry category-elifebayraktar category-ilim category-ocak-24 category-151 category-167 category-248 description-off\" data-name=\"\u00d6LMEDEN \u00d6NCE \u2018\u00d6LMEK\u2019\" data-date=\"2024-01-28T20:12:59+03:00\">\n\n<div class=\"post-thumbnail-wrap\">\n\t<div class=\"post-thumbnail\">\n\n\t\t\n\t\t\n\t\t<a href=\"https:\/\/korpekalemler.net\/index.php\/2024\/01\/28\/olmeden-once-olmek\/\" class=\"post-thumbnail-rollover layzr-bg layzr-bg\" ><img loading=\"lazy\" decoding=\"async\" class=\"blog-thumb-lazy-load preload-me lazy-load\" src=\"data:image\/svg+xml,%3Csvg%20xmlns%3D&#39;http%3A%2F%2Fwww.w3.org%2F2000%2Fsvg&#39;%20viewBox%3D&#39;0%200%20680%20453&#39;%2F%3E\" data-src=\"https:\/\/korpekalemler.net\/wp-content\/uploads\/2024\/01\/Elifbayraktar-680x453.jpeg\" data-srcset=\"https:\/\/korpekalemler.net\/wp-content\/uploads\/2024\/01\/Elifbayraktar-680x453.jpeg 680w, https:\/\/korpekalemler.net\/wp-content\/uploads\/2024\/01\/Elifbayraktar-680x452.jpeg 680w\" alt=\"\"  width=\"680\" height=\"453\"  \/><\/a>\n\t<\/div>\n<\/div>\n\n\n<div class=\"post-entry-content\">\n\n\t<h3 class=\"entry-title\">\n\t\t<a href=\"https:\/\/korpekalemler.net\/index.php\/2024\/01\/28\/olmeden-once-olmek\/\" title=\"\u00d6LMEDEN \u00d6NCE \u2018\u00d6LMEK\u2019\" rel=\"bookmark\">\u00d6LMEDEN \u00d6NCE \u2018\u00d6LMEK\u2019<\/a>\n\t<\/h3>\n\n\t<div class=\"entry-meta\"><span class=\"category-link\"><a href=\"https:\/\/korpekalemler.net\/index.php\/category\/elifebayraktar\/\" >Elif E. Bayraktar<\/a>, <a href=\"https:\/\/korpekalemler.net\/index.php\/category\/ilim\/\" >\u0130lim<\/a>, <a href=\"https:\/\/korpekalemler.net\/index.php\/category\/ocak-24\/\" >Ocak '24<\/a><\/span><a class=\"author vcard\" href=\"https:\/\/korpekalemler.net\/index.php\/author\/korpekalemlerder\/\" title=\"View all posts by K\u00f6rpe Kalemler\" rel=\"author\">By <span class=\"fn\">K\u00f6rpe Kalemler<\/span><\/a><a href=\"https:\/\/korpekalemler.net\/index.php\/2024\/01\/28\/\" title=\"20:12\" class=\"data-link\" rel=\"bookmark\"><time class=\"entry-date updated\" datetime=\"2024-01-28T20:12:59+03:00\">28 Ocak 2024<\/time><\/a><a href=\"https:\/\/korpekalemler.net\/index.php\/2024\/01\/28\/olmeden-once-olmek\/#respond\" class=\"comment-link\" >Leave a comment<\/a><\/div>\n\t<div class=\"entry-excerpt\"><p>Peygamberimiz (asm)\u00a0\u201c\u00f6lmeden \u00f6nce \u00f6l\u00fcn\u201d\u00a0 buyuruyor. Ne anlama geliyor \u00f6lmeden \u00f6lmek? \u00d6lmeden \u00f6nce \u00f6lmek, insan\u0131n kusursuz imtihan mek\u00e2n\u0131 olan d\u00fcnyan\u0131n \u00e7ekici s\u00fcslerine aldanmay\u0131p, \u00f6l\u00fcm\u00fc s\u00fcrekli hat\u0131r\u0131nda tutarak sonsuz ahiret ya\u015fam\u0131 i\u00e7in haz\u0131rlanmas\u0131, bu ger\u00e7eklere g\u00f6re ya\u015famas\u0131d\u0131r. \u0130nsan\u0131n \u00f6l\u00fcmle birlikte ger\u00e7ekleri g\u00f6rd\u00fc\u011f\u00fcnde, yapmad\u0131\u011f\u0131 i\u00e7in pi\u015fmanl\u0131k duyaca\u011f\u0131 her \u015feyi ya\u015farken yapmas\u0131d\u0131r. Yapt\u0131\u011f\u0131 i\u00e7in ahirette pi\u015fmanl\u0131k duyaca\u011f\u0131 \u015feyleri de&hellip;<\/p>\n<\/div>\n\t\n<a href=\"https:\/\/korpekalemler.net\/index.php\/2024\/01\/28\/olmeden-once-olmek\/\" class=\"post-details details-type-link\" aria-label=\"Read more about \u00d6LMEDEN \u00d6NCE \u2018\u00d6LMEK\u2019\">Read more<i class=\"dt-icon-the7-arrow-03\" aria-hidden=\"true\"><\/i><\/a>\n\n<\/div><\/article><article class=\"post project-odd visible post-16249 type-post status-publish format-standard has-post-thumbnail hentry category-ekim-23 category-havva-kucuk-konur category-ilim category-245 category-168 category-167 description-off\" data-name=\"Yenilikler\" data-date=\"2023-10-24T11:16:44+03:00\">\n\n<div class=\"post-thumbnail-wrap\">\n\t<div class=\"post-thumbnail\">\n\n\t\t\n\t\t\n\t\t<a href=\"https:\/\/korpekalemler.net\/index.php\/2023\/10\/24\/yenilikler\/\" class=\"post-thumbnail-rollover layzr-bg layzr-bg\" ><img loading=\"lazy\" decoding=\"async\" class=\"blog-thumb-lazy-load preload-me lazy-load\" src=\"data:image\/svg+xml,%3Csvg%20xmlns%3D&#39;http%3A%2F%2Fwww.w3.org%2F2000%2Fsvg&#39;%20viewBox%3D&#39;0%200%20558%20372&#39;%2F%3E\" data-src=\"https:\/\/korpekalemler.net\/wp-content\/uploads\/2023\/10\/IMG-20231023-WA0072-558x372.jpg\" data-srcset=\"https:\/\/korpekalemler.net\/wp-content\/uploads\/2023\/10\/IMG-20231023-WA0072-558x372.jpg 558w, https:\/\/korpekalemler.net\/wp-content\/uploads\/2023\/10\/IMG-20231023-WA0072-558x371.jpg 558w\" alt=\"\" title=\"IMG-20231023-WA0072\" width=\"558\" height=\"372\"  \/><\/a>\n\t<\/div>\n<\/div>\n\n\n<div class=\"post-entry-content\">\n\n\t<h3 class=\"entry-title\">\n\t\t<a href=\"https:\/\/korpekalemler.net\/index.php\/2023\/10\/24\/yenilikler\/\" title=\"Yenilikler\" rel=\"bookmark\">Yenilikler<\/a>\n\t<\/h3>\n\n\t<div class=\"entry-meta\"><span class=\"category-link\"><a href=\"https:\/\/korpekalemler.net\/index.php\/category\/ekim-23\/\" >Ekim '23<\/a>, <a href=\"https:\/\/korpekalemler.net\/index.php\/category\/havva-kucuk-konur\/\" >Havva K\u00fc\u00e7\u00fck Konur<\/a>, <a href=\"https:\/\/korpekalemler.net\/index.php\/category\/ilim\/\" >\u0130lim<\/a><\/span><a class=\"author vcard\" href=\"https:\/\/korpekalemler.net\/index.php\/author\/korpekalemlerder\/\" title=\"View all posts by K\u00f6rpe Kalemler\" rel=\"author\">By <span class=\"fn\">K\u00f6rpe Kalemler<\/span><\/a><a href=\"https:\/\/korpekalemler.net\/index.php\/2023\/10\/24\/\" title=\"11:16\" class=\"data-link\" rel=\"bookmark\"><time class=\"entry-date updated\" datetime=\"2023-10-24T11:16:44+03:00\">24 Ekim 2023<\/time><\/a><a href=\"https:\/\/korpekalemler.net\/index.php\/2023\/10\/24\/yenilikler\/#respond\" class=\"comment-link\" >Leave a comment<\/a><\/div>\n\t<div class=\"entry-excerpt\"><p>Yeni ad\u0131mlar atmal\u0131 insan. Yeni \u015feyler s\u00f6ylemeli lisan\u0131. Kendini yenilemeli, kendini dinlemeli. Sessizli\u011fin, s\u00fck\u00fbnetin ve huzurun tad\u0131na bakmal\u0131 bazen. Ufkunu geni\u015fletirken ruhunu dinlendirmeli. Kendini yenilerken ruhunu harap etmemeli. Hayat yolculu\u011fumuz \u00e7ok erken ba\u015flar bazen. Daha kendimizi tan\u0131madan, hayat\u0131, insanlar\u0131 tan\u0131maya ba\u015flar\u0131z. Ruhumuzun labirentlerinde kendimizi kovalarken, i\u00e7inde bulundu\u011fumuz hayat merdivenlerinde \u00e7ok \u015feyi arkada b\u0131rakmak zorunda kal\u0131r\u0131z.&hellip;<\/p>\n<\/div>\n\t\n<a href=\"https:\/\/korpekalemler.net\/index.php\/2023\/10\/24\/yenilikler\/\" class=\"post-details details-type-link\" aria-label=\"Read more about Yenilikler\">Read more<i class=\"dt-icon-the7-arrow-03\" aria-hidden=\"true\"><\/i><\/a>\n\n<\/div><\/article><article class=\"post project-odd visible post-16240 type-post status-publish format-standard has-post-thumbnail hentry category-ekim-23 category-ilim category-zeynephasemibayraktaroglu category-245 category-167 category-155 description-off\" data-name=\"S\u00fcresiz Nafaka Kul Hakk\u0131d\u0131r\" data-date=\"2023-10-24T11:07:22+03:00\">\n\n<div class=\"post-thumbnail-wrap\">\n\t<div class=\"post-thumbnail\">\n\n\t\t\n\t\t\n\t\t<a href=\"https:\/\/korpekalemler.net\/index.php\/2023\/10\/24\/suresiz-nafaka-kul-hakkidir\/\" class=\"post-thumbnail-rollover layzr-bg layzr-bg\" ><img loading=\"lazy\" decoding=\"async\" class=\"blog-thumb-lazy-load preload-me lazy-load\" src=\"data:image\/svg+xml,%3Csvg%20xmlns%3D&#39;http%3A%2F%2Fwww.w3.org%2F2000%2Fsvg&#39;%20viewBox%3D&#39;0%200%20676%20451&#39;%2F%3E\" data-src=\"https:\/\/korpekalemler.net\/wp-content\/uploads\/2023\/10\/IMG-20231023-WA0062-676x451.jpg\" data-srcset=\"https:\/\/korpekalemler.net\/wp-content\/uploads\/2023\/10\/IMG-20231023-WA0062-676x451.jpg 676w, https:\/\/korpekalemler.net\/wp-content\/uploads\/2023\/10\/IMG-20231023-WA0062-677x451.jpg 677w\" alt=\"\" title=\"IMG-20231023-WA0062\" width=\"676\" height=\"451\"  \/><\/a>\n\t<\/div>\n<\/div>\n\n\n<div class=\"post-entry-content\">\n\n\t<h3 class=\"entry-title\">\n\t\t<a href=\"https:\/\/korpekalemler.net\/index.php\/2023\/10\/24\/suresiz-nafaka-kul-hakkidir\/\" title=\"S\u00fcresiz Nafaka Kul Hakk\u0131d\u0131r\" rel=\"bookmark\">S\u00fcresiz Nafaka Kul Hakk\u0131d\u0131r<\/a>\n\t<\/h3>\n\n\t<div class=\"entry-meta\"><span class=\"category-link\"><a href=\"https:\/\/korpekalemler.net\/index.php\/category\/ekim-23\/\" >Ekim '23<\/a>, <a href=\"https:\/\/korpekalemler.net\/index.php\/category\/ilim\/\" >\u0130lim<\/a>, <a href=\"https:\/\/korpekalemler.net\/index.php\/category\/zeynephasemibayraktaroglu\/\" >Zeynep Ha\u015femi Bayraktaro\u011flu<\/a><\/span><a class=\"author vcard\" href=\"https:\/\/korpekalemler.net\/index.php\/author\/korpekalemlerder\/\" title=\"View all posts by K\u00f6rpe Kalemler\" rel=\"author\">By <span class=\"fn\">K\u00f6rpe Kalemler<\/span><\/a><a href=\"https:\/\/korpekalemler.net\/index.php\/2023\/10\/24\/\" title=\"11:07\" class=\"data-link\" rel=\"bookmark\"><time class=\"entry-date updated\" datetime=\"2023-10-24T11:07:22+03:00\">24 Ekim 2023<\/time><\/a><a href=\"https:\/\/korpekalemler.net\/index.php\/2023\/10\/24\/suresiz-nafaka-kul-hakkidir\/#respond\" class=\"comment-link\" >Leave a comment<\/a><\/div>\n\t<div class=\"entry-excerpt\"><p>Son 10 y\u0131ld\u0131r h\u0131zla artan bo\u015fanmalar, beraberinde s\u00fcresiz nafaka sorununu g\u00fcndeme getiriyor. Pek \u00e7ok aile, dahas\u0131 eski\u00a0 e\u015f (koca) bu problemlerle cebelle\u015fiyor. Bana gelen \u015fikayetleri dikkate al\u0131p yazma gere\u011fi g\u00f6rd\u00fcm. Sevgili okuyucular\u0131m, l\u00fctfen yazd\u0131klar\u0131m yanl\u0131\u015f yere \u00e7ekilmesin. Bir toplum bilimci olarak problemlere objektif yakla\u015fma yolunu tercih ediyorum. Yani adil olmaya \u00e7al\u0131\u015f\u0131yorum. Belki bir kad\u0131n olarak&hellip;<\/p>\n<\/div>\n\t\n<a href=\"https:\/\/korpekalemler.net\/index.php\/2023\/10\/24\/suresiz-nafaka-kul-hakkidir\/\" class=\"post-details details-type-link\" aria-label=\"Read more about S\u00fcresiz Nafaka Kul Hakk\u0131d\u0131r\">Read more<i class=\"dt-icon-the7-arrow-03\" aria-hidden=\"true\"><\/i><\/a>\n\n<\/div><\/article><article class=\"post project-odd visible post-16237 type-post status-publish format-standard has-post-thumbnail hentry category-ekim-23 category-elifebayraktar category-ilim category-245 category-151 category-167 description-off\" data-name=\"Kullu\u011fun B\u00fcy\u00fck S\u0131rr\u0131: Dua\" data-date=\"2023-10-24T11:05:29+03:00\">\n\n<div class=\"post-thumbnail-wrap\">\n\t<div class=\"post-thumbnail\">\n\n\t\t\n\t\t\n\t\t<a href=\"https:\/\/korpekalemler.net\/index.php\/2023\/10\/24\/kullugun-buyuk-sirri-dua\/\" class=\"post-thumbnail-rollover layzr-bg layzr-bg\" ><img loading=\"lazy\" decoding=\"async\" class=\"blog-thumb-lazy-load preload-me lazy-load\" src=\"data:image\/svg+xml,%3Csvg%20xmlns%3D&#39;http%3A%2F%2Fwww.w3.org%2F2000%2Fsvg&#39;%20viewBox%3D&#39;0%200%20680%20453&#39;%2F%3E\" data-src=\"https:\/\/korpekalemler.net\/wp-content\/uploads\/2023\/10\/IMG-20231023-WA0092-680x453.jpg\" data-srcset=\"https:\/\/korpekalemler.net\/wp-content\/uploads\/2023\/10\/IMG-20231023-WA0092-680x453.jpg 680w, https:\/\/korpekalemler.net\/wp-content\/uploads\/2023\/10\/IMG-20231023-WA0092-680x452.jpg 680w\" alt=\"\" title=\"IMG-20231023-WA0092\" width=\"680\" height=\"453\"  \/><\/a>\n\t<\/div>\n<\/div>\n\n\n<div class=\"post-entry-content\">\n\n\t<h3 class=\"entry-title\">\n\t\t<a href=\"https:\/\/korpekalemler.net\/index.php\/2023\/10\/24\/kullugun-buyuk-sirri-dua\/\" title=\"Kullu\u011fun B\u00fcy\u00fck S\u0131rr\u0131: Dua\" rel=\"bookmark\">Kullu\u011fun B\u00fcy\u00fck S\u0131rr\u0131: Dua<\/a>\n\t<\/h3>\n\n\t<div class=\"entry-meta\"><span class=\"category-link\"><a href=\"https:\/\/korpekalemler.net\/index.php\/category\/ekim-23\/\" >Ekim '23<\/a>, <a href=\"https:\/\/korpekalemler.net\/index.php\/category\/elifebayraktar\/\" >Elif E. Bayraktar<\/a>, <a href=\"https:\/\/korpekalemler.net\/index.php\/category\/ilim\/\" >\u0130lim<\/a><\/span><a class=\"author vcard\" href=\"https:\/\/korpekalemler.net\/index.php\/author\/korpekalemlerder\/\" title=\"View all posts by K\u00f6rpe Kalemler\" rel=\"author\">By <span class=\"fn\">K\u00f6rpe Kalemler<\/span><\/a><a href=\"https:\/\/korpekalemler.net\/index.php\/2023\/10\/24\/\" title=\"11:05\" class=\"data-link\" rel=\"bookmark\"><time class=\"entry-date updated\" datetime=\"2023-10-24T11:05:29+03:00\">24 Ekim 2023<\/time><\/a><a href=\"https:\/\/korpekalemler.net\/index.php\/2023\/10\/24\/kullugun-buyuk-sirri-dua\/#respond\" class=\"comment-link\" >Leave a comment<\/a><\/div>\n\t<div class=\"entry-excerpt\"><p>Said Nurs\u00ee\u2019nin ifadesiyle dua, kullu\u011fun b\u00fcy\u00fck bir s\u0131rr\u0131d\u0131r; kullu\u011fun ruhu h\u00fckm\u00fcndedir. Kul, kendi aczini ve fakr\u0131n\u0131 dua ile il\u00e2n eder. Biz Allah&#8217;tan isteriz, O bize cevap verir. Fakat hikmet sahibi olan Allah hikmetine g\u00f6re verir. Ya istenen \u015feyin ayn\u0131s\u0131n\u0131 verir, ya da daha iyisiyle icabet eder. T\u0131pk\u0131 hastan\u0131n, istedi\u011fi ilac\u0131 de\u011fil, farkl\u0131 bir ila\u00e7 veren&hellip;<\/p>\n<\/div>\n\t\n<a href=\"https:\/\/korpekalemler.net\/index.php\/2023\/10\/24\/kullugun-buyuk-sirri-dua\/\" class=\"post-details details-type-link\" aria-label=\"Read more about Kullu\u011fun B\u00fcy\u00fck S\u0131rr\u0131: Dua\">Read more<i class=\"dt-icon-the7-arrow-03\" aria-hidden=\"true\"><\/i><\/a>\n\n<\/div><\/article><article class=\"post project-odd visible post-16184 type-post status-publish format-standard has-post-thumbnail hentry category-eylul-23 category-ilim category-rukiyeanar category-243 category-167 category-160 description-off\" data-name=\"M\u00fclke Nizam Veren Adam &#8220;Nizam\u00fclm\u00fclk&#8221;\" data-date=\"2023-09-16T21:28:12+03:00\">\n\n<div class=\"post-thumbnail-wrap\">\n\t<div class=\"post-thumbnail\">\n\n\t\t\n\t\t\n\t\t<a href=\"https:\/\/korpekalemler.net\/index.php\/2023\/09\/16\/mulke-nizam-veren-adam-nizamulmulk\/\" class=\"post-thumbnail-rollover layzr-bg layzr-bg\" ><img loading=\"lazy\" decoding=\"async\" class=\"blog-thumb-lazy-load preload-me lazy-load\" src=\"data:image\/svg+xml,%3Csvg%20xmlns%3D&#39;http%3A%2F%2Fwww.w3.org%2F2000%2Fsvg&#39;%20viewBox%3D&#39;0%200%20768%20512&#39;%2F%3E\" data-src=\"https:\/\/korpekalemler.net\/wp-content\/uploads\/2023\/09\/Nizam_al-Mulk_tomb_2-768x512.jpg\" data-srcset=\"https:\/\/korpekalemler.net\/wp-content\/uploads\/2023\/09\/Nizam_al-Mulk_tomb_2-768x512.jpg 768w, https:\/\/korpekalemler.net\/wp-content\/uploads\/2023\/09\/Nizam_al-Mulk_tomb_2-1196x797.jpg 1196w\" alt=\"\" title=\"Nizam_al-Mulk_tomb_2\" width=\"768\" height=\"512\"  \/><\/a>\n\t<\/div>\n<\/div>\n\n\n<div class=\"post-entry-content\">\n\n\t<h3 class=\"entry-title\">\n\t\t<a href=\"https:\/\/korpekalemler.net\/index.php\/2023\/09\/16\/mulke-nizam-veren-adam-nizamulmulk\/\" title=\"M\u00fclke Nizam Veren Adam &#8220;Nizam\u00fclm\u00fclk&#8221;\" rel=\"bookmark\">M\u00fclke Nizam Veren Adam &#8220;Nizam\u00fclm\u00fclk&#8221;<\/a>\n\t<\/h3>\n\n\t<div class=\"entry-meta\"><span class=\"category-link\"><a href=\"https:\/\/korpekalemler.net\/index.php\/category\/eylul-23\/\" >Eyl\u00fcl '23<\/a>, <a href=\"https:\/\/korpekalemler.net\/index.php\/category\/ilim\/\" >\u0130lim<\/a>, <a href=\"https:\/\/korpekalemler.net\/index.php\/category\/rukiyeanar\/\" >Rukiye Anar<\/a><\/span><a class=\"author vcard\" href=\"https:\/\/korpekalemler.net\/index.php\/author\/korpekalemlerder\/\" title=\"View all posts by K\u00f6rpe Kalemler\" rel=\"author\">By <span class=\"fn\">K\u00f6rpe Kalemler<\/span><\/a><a href=\"https:\/\/korpekalemler.net\/index.php\/2023\/09\/16\/\" title=\"21:28\" class=\"data-link\" rel=\"bookmark\"><time class=\"entry-date updated\" datetime=\"2023-09-16T21:28:12+03:00\">16 Eyl\u00fcl 2023<\/time><\/a><a href=\"https:\/\/korpekalemler.net\/index.php\/2023\/09\/16\/mulke-nizam-veren-adam-nizamulmulk\/#respond\" class=\"comment-link\" >Leave a comment<\/a><\/div>\n\t<div class=\"entry-excerpt\"><p>Bir \u00e7a\u011fa damgas\u0131n\u0131 vuran bir \u015fahsiyet olan nizam\u00fcl m\u00fclk Sel\u00e7uklu devletinin adeta siyasi mimar\u0131 gibidir. Her b\u00fcy\u00fck medeniyetin arkas\u0131nda\u00a0 m\u00fcthi\u015f in\u015fa ve \u0131slah hareketi vard\u0131r. O in\u015fa hareketi ve seferberli\u011fin ba\u015f\u0131nda fevkalade \u00e7aba ve gayretiyle devlete nizam, millete nizamiye medreseleri in\u015fa eden\u00a0 b\u00fcy\u00fck deha nizam\u00fcl m\u00fclk bulunmaktad\u0131r. O islamin y\u0131ld\u0131z\u0131n\u0131n parlamasi i\u00e7in k\u0131l\u0131\u00e7lar\u0131n \u015fak\u0131rt\u0131s\u0131 kadar&hellip;<\/p>\n<\/div>\n\t\n<a href=\"https:\/\/korpekalemler.net\/index.php\/2023\/09\/16\/mulke-nizam-veren-adam-nizamulmulk\/\" class=\"post-details details-type-link\" aria-label=\"Read more about M\u00fclke Nizam Veren Adam &#8220;Nizam\u00fclm\u00fclk&#8221;\">Read more<i class=\"dt-icon-the7-arrow-03\" aria-hidden=\"true\"><\/i><\/a>\n\n<\/div><\/article><article class=\"post project-odd visible post-16170 type-post status-publish format-standard has-post-thumbnail hentry category-eylul-23 category-ilim category-zeynephasemibayraktaroglu category-243 category-167 category-155 description-off\" data-name=\"Kalbi \u00c7\u00fcr\u00fcm\u00fc\u015fl\u00fckten Sak\u0131n\u0131n\" data-date=\"2023-09-16T21:26:45+03:00\">\n\n<div class=\"post-thumbnail-wrap\">\n\t<div class=\"post-thumbnail\">\n\n\t\t\n\t\t\n\t\t<a href=\"https:\/\/korpekalemler.net\/index.php\/2023\/09\/16\/kalbi-curumuslukten-sakinin\/\" class=\"post-thumbnail-rollover layzr-bg layzr-bg\" ><img loading=\"lazy\" decoding=\"async\" class=\"blog-thumb-lazy-load preload-me lazy-load\" src=\"data:image\/svg+xml,%3Csvg%20xmlns%3D&#39;http%3A%2F%2Fwww.w3.org%2F2000%2Fsvg&#39;%20viewBox%3D&#39;0%200%20538%20359&#39;%2F%3E\" data-src=\"https:\/\/korpekalemler.net\/wp-content\/uploads\/2023\/09\/images-4-538x359.jpeg\" data-srcset=\"https:\/\/korpekalemler.net\/wp-content\/uploads\/2023\/09\/images-4-538x359.jpeg 538w\" alt=\"\" title=\"images (4)\" width=\"538\" height=\"359\"  \/><\/a>\n\t<\/div>\n<\/div>\n\n\n<div class=\"post-entry-content\">\n\n\t<h3 class=\"entry-title\">\n\t\t<a href=\"https:\/\/korpekalemler.net\/index.php\/2023\/09\/16\/kalbi-curumuslukten-sakinin\/\" title=\"Kalbi \u00c7\u00fcr\u00fcm\u00fc\u015fl\u00fckten Sak\u0131n\u0131n\" rel=\"bookmark\">Kalbi \u00c7\u00fcr\u00fcm\u00fc\u015fl\u00fckten Sak\u0131n\u0131n<\/a>\n\t<\/h3>\n\n\t<div class=\"entry-meta\"><span class=\"category-link\"><a href=\"https:\/\/korpekalemler.net\/index.php\/category\/eylul-23\/\" >Eyl\u00fcl '23<\/a>, <a href=\"https:\/\/korpekalemler.net\/index.php\/category\/ilim\/\" >\u0130lim<\/a>, <a href=\"https:\/\/korpekalemler.net\/index.php\/category\/zeynephasemibayraktaroglu\/\" >Zeynep Ha\u015femi Bayraktaro\u011flu<\/a><\/span><a class=\"author vcard\" href=\"https:\/\/korpekalemler.net\/index.php\/author\/korpekalemlerder\/\" title=\"View all posts by K\u00f6rpe Kalemler\" rel=\"author\">By <span class=\"fn\">K\u00f6rpe Kalemler<\/span><\/a><a href=\"https:\/\/korpekalemler.net\/index.php\/2023\/09\/16\/\" title=\"21:26\" class=\"data-link\" rel=\"bookmark\"><time class=\"entry-date updated\" datetime=\"2023-09-16T21:26:45+03:00\">16 Eyl\u00fcl 2023<\/time><\/a><a href=\"https:\/\/korpekalemler.net\/index.php\/2023\/09\/16\/kalbi-curumuslukten-sakinin\/#respond\" class=\"comment-link\" >Leave a comment<\/a><\/div>\n\t<div class=\"entry-excerpt\"><p>Akraba hasetli\u011fi diye bir hasetlik var.\u00a0Akraba olmak, ayn\u0131 kandan olmak hasetli\u011fi yok etmiyor malesef.\u00a0Gerek kendimde, gerekse\u00a0 \u00e7ocuklar\u0131m\u0131n ba\u015far\u0131s\u0131nda zaman zaman buna \u015fahit olmu\u015flu\u011fum var.\u00a0Sadece ba\u015far\u0131lar\u0131m\u0131zla mutsuz olmam\u0131\u015f, ayn\u0131 zamanda \u00fcz\u00fcnt\u00fc ve me\u015fakkatlerimize de i\u00e7ten i\u00e7e sevinmi\u015flerdir. Kimi zaman da yap\u0131lan iyi i\u015flere engel olmak istemi\u015flerdir. Bana d\u00fc\u015fen ise daima t\u00fcm \u015ferden Allaha s\u0131\u011f\u0131nmak olmu\u015ftur. Onlar&hellip;<\/p>\n<\/div>\n\t\n<a href=\"https:\/\/korpekalemler.net\/index.php\/2023\/09\/16\/kalbi-curumuslukten-sakinin\/\" class=\"post-details details-type-link\" aria-label=\"Read more about Kalbi \u00c7\u00fcr\u00fcm\u00fc\u015fl\u00fckten Sak\u0131n\u0131n\">Read more<i class=\"dt-icon-the7-arrow-03\" aria-hidden=\"true\"><\/i><\/a>\n\n<\/div><\/article><article class=\"post project-odd visible post-16132 type-post status-publish format-standard has-post-thumbnail hentry category-agustos-23 category-ilim category-yazarlar category-yusufalpturk category-240 category-167 category-4 category-150 description-off\" data-name=\"Sab\u0131r, Ba\u015far\u0131, Teslimiyet\" data-date=\"2023-08-23T20:08:52+03:00\">\n\n<div class=\"post-thumbnail-wrap\">\n\t<div class=\"post-thumbnail\">\n\n\t\t\n\t\t\n\t\t<a href=\"https:\/\/korpekalemler.net\/index.php\/2023\/08\/23\/sabir-basari-teslimiyet\/\" class=\"post-thumbnail-rollover layzr-bg layzr-bg\" ><img loading=\"lazy\" decoding=\"async\" class=\"blog-thumb-lazy-load preload-me lazy-load\" src=\"data:image\/svg+xml,%3Csvg%20xmlns%3D&#39;http%3A%2F%2Fwww.w3.org%2F2000%2Fsvg&#39;%20viewBox%3D&#39;0%200%20504%20336&#39;%2F%3E\" data-src=\"https:\/\/korpekalemler.net\/wp-content\/uploads\/2023\/08\/images-44-504x336.jpeg\" data-srcset=\"https:\/\/korpekalemler.net\/wp-content\/uploads\/2023\/08\/images-44-504x336.jpeg 504w\" alt=\"\" title=\"images (44)\" width=\"504\" height=\"336\"  \/><\/a>\n\t<\/div>\n<\/div>\n\n\n<div class=\"post-entry-content\">\n\n\t<h3 class=\"entry-title\">\n\t\t<a href=\"https:\/\/korpekalemler.net\/index.php\/2023\/08\/23\/sabir-basari-teslimiyet\/\" title=\"Sab\u0131r, Ba\u015far\u0131, Teslimiyet\" rel=\"bookmark\">Sab\u0131r, Ba\u015far\u0131, Teslimiyet<\/a>\n\t<\/h3>\n\n\t<div class=\"entry-meta\"><span class=\"category-link\"><a href=\"https:\/\/korpekalemler.net\/index.php\/category\/agustos-23\/\" >A\u011fustos '23<\/a>, <a href=\"https:\/\/korpekalemler.net\/index.php\/category\/ilim\/\" >\u0130lim<\/a>, <a href=\"https:\/\/korpekalemler.net\/index.php\/category\/yazarlar\/\" >Yazarlar<\/a>, <a href=\"https:\/\/korpekalemler.net\/index.php\/category\/yusufalpturk\/\" >Yusuf Alpt\u00fcrk<\/a><\/span><a class=\"author vcard\" href=\"https:\/\/korpekalemler.net\/index.php\/author\/korpekalemlerder\/\" title=\"View all posts by K\u00f6rpe Kalemler\" rel=\"author\">By <span class=\"fn\">K\u00f6rpe Kalemler<\/span><\/a><a href=\"https:\/\/korpekalemler.net\/index.php\/2023\/08\/23\/\" title=\"20:08\" class=\"data-link\" rel=\"bookmark\"><time class=\"entry-date updated\" datetime=\"2023-08-23T20:08:52+03:00\">23 A\u011fustos 2023<\/time><\/a><a href=\"https:\/\/korpekalemler.net\/index.php\/2023\/08\/23\/sabir-basari-teslimiyet\/#respond\" class=\"comment-link\" >Leave a comment<\/a><\/div>\n\t<div class=\"entry-excerpt\"><p>\u201cFe dea rabbehu enni maglubun fentasir.\u201d (Bunun \u00fczerine Rabbine, &#8216;Ben yenik d\u00fc\u015ft\u00fcm, bana yard\u0131m et!&#8217; diyerek yalvard\u0131.\/ Kamer Suresi 10. Ayet) \u0130nsan sab\u0131rs\u0131zd\u0131r, hep acelecidir. Olaylar kar\u015f\u0131s\u0131nda herkes dayanamaz, tahamm\u00fcl edemez, direnmekten, m\u00fccadeleden vazge\u00e7er, yenik d\u00fc\u015fer. \u0130ster ki her\u015fey an\u0131nda ve istedi\u011fi gibi olsun. \u00c7oklar o yolda d\u00f6k\u00fcl\u00fcr kal\u0131r. Bu d\u00fcnya denizinde, olaylar denizinde, onca&hellip;<\/p>\n<\/div>\n\t\n<a href=\"https:\/\/korpekalemler.net\/index.php\/2023\/08\/23\/sabir-basari-teslimiyet\/\" class=\"post-details details-type-link\" aria-label=\"Read more about Sab\u0131r, Ba\u015far\u0131, Teslimiyet\">Read more<i class=\"dt-icon-the7-arrow-03\" aria-hidden=\"true\"><\/i><\/a>\n\n<\/div><\/article><article class=\"post project-odd visible post-16111 type-post status-publish format-standard has-post-thumbnail hentry category-agustos-23 category-harun-ata category-ilim category-240 category-242 category-167 description-off\" data-name=\"Do\u011fal Afetler ve Baz\u0131 Kavimlerin Helak\u0131\" data-date=\"2023-08-22T03:49:39+03:00\">\n\n<div class=\"post-thumbnail-wrap\">\n\t<div class=\"post-thumbnail\">\n\n\t\t\n\t\t\n\t\t<a href=\"https:\/\/korpekalemler.net\/index.php\/2023\/08\/22\/dogal-afetler-ve-bazi-kavimlerin-helaki\/\" class=\"post-thumbnail-rollover layzr-bg layzr-bg\" ><img loading=\"lazy\" decoding=\"async\" class=\"blog-thumb-lazy-load preload-me lazy-load\" src=\"data:image\/svg+xml,%3Csvg%20xmlns%3D&#39;http%3A%2F%2Fwww.w3.org%2F2000%2Fsvg&#39;%20viewBox%3D&#39;0%200%20540%20360&#39;%2F%3E\" data-src=\"https:\/\/korpekalemler.net\/wp-content\/uploads\/2023\/03\/WhatsApp-Image-2023-03-23-at-16.18.55-540x360.jpeg\" data-srcset=\"https:\/\/korpekalemler.net\/wp-content\/uploads\/2023\/03\/WhatsApp-Image-2023-03-23-at-16.18.55-540x360.jpeg 540w\" alt=\"\" title=\"WhatsApp Image 2023-03-23 at 16.18.55\" width=\"540\" height=\"360\"  \/><\/a>\n\t<\/div>\n<\/div>\n\n\n<div class=\"post-entry-content\">\n\n\t<h3 class=\"entry-title\">\n\t\t<a href=\"https:\/\/korpekalemler.net\/index.php\/2023\/08\/22\/dogal-afetler-ve-bazi-kavimlerin-helaki\/\" title=\"Do\u011fal Afetler ve Baz\u0131 Kavimlerin Helak\u0131\" rel=\"bookmark\">Do\u011fal Afetler ve Baz\u0131 Kavimlerin Helak\u0131<\/a>\n\t<\/h3>\n\n\t<div class=\"entry-meta\"><span class=\"category-link\"><a href=\"https:\/\/korpekalemler.net\/index.php\/category\/agustos-23\/\" >A\u011fustos '23<\/a>, <a href=\"https:\/\/korpekalemler.net\/index.php\/category\/harun-ata\/\" >Harun Ata<\/a>, <a href=\"https:\/\/korpekalemler.net\/index.php\/category\/ilim\/\" >\u0130lim<\/a><\/span><a class=\"author vcard\" href=\"https:\/\/korpekalemler.net\/index.php\/author\/korpekalemlerder\/\" title=\"View all posts by K\u00f6rpe Kalemler\" rel=\"author\">By <span class=\"fn\">K\u00f6rpe Kalemler<\/span><\/a><a href=\"https:\/\/korpekalemler.net\/index.php\/2023\/08\/22\/\" title=\"03:49\" class=\"data-link\" rel=\"bookmark\"><time class=\"entry-date updated\" datetime=\"2023-08-22T03:49:39+03:00\">22 A\u011fustos 2023<\/time><\/a><a href=\"https:\/\/korpekalemler.net\/index.php\/2023\/08\/22\/dogal-afetler-ve-bazi-kavimlerin-helaki\/#respond\" class=\"comment-link\" >Leave a comment<\/a><\/div>\n\t<div class=\"entry-excerpt\"><p>Do\u011fal afetler, insan\u0131n yarat\u0131l\u0131\u015f\u0131ndan g\u00fcn\u00fcm\u00fcze kadar ki\u015fileri ve toplumlar\u0131 hep olumsuz y\u00f6nde etkilemi\u015f, hatta zaman i\u00e7inde derin izleri kutsal kitaplarda ve ilk yaz\u0131l\u0131 kaynaklarda dile getirilmi\u015f, dile getirilmeye de devam etmektedir. Toplumlarda teknolojik y\u00f6nden ula\u015f\u0131lan seviye veya edinilen olanaklar nas\u0131l olursa olsun, insanlar\u0131n yery\u00fcz\u00fcn\u00fc kendi ihtiraslar\u0131 do\u011frultusunda ya\u015famaya devam etmesi, do\u011fal afetlerden ve Allah\u2019\u0131n azab\u0131ndan&hellip;<\/p>\n<\/div>\n\t\n<a href=\"https:\/\/korpekalemler.net\/index.php\/2023\/08\/22\/dogal-afetler-ve-bazi-kavimlerin-helaki\/\" class=\"post-details details-type-link\" aria-label=\"Read more about Do\u011fal Afetler ve Baz\u0131 Kavimlerin Helak\u0131\">Read more<i class=\"dt-icon-the7-arrow-03\" aria-hidden=\"true\"><\/i><\/a>\n\n<\/div><\/article><article class=\"post project-odd visible post-16079 type-post status-publish format-standard has-post-thumbnail hentry category-ilim category-semaceyhan category-temmuz-23 category-yazarlar category-167 category-152 category-237 category-4 description-off\" data-name=\"G\u00dcN\u00dcM\u00dcZ NESL\u0130 VE ANNE BABALAR\" data-date=\"2023-07-30T02:20:52+03:00\">\n\n<div class=\"post-thumbnail-wrap\">\n\t<div class=\"post-thumbnail\">\n\n\t\t\n\t\t\n\t\t<a href=\"https:\/\/korpekalemler.net\/index.php\/2023\/07\/30\/gunumuz-nesli-ve-anne-babalar\/\" class=\"post-thumbnail-rollover layzr-bg layzr-bg\" ><img loading=\"lazy\" decoding=\"async\" class=\"blog-thumb-lazy-load preload-me lazy-load\" src=\"data:image\/svg+xml,%3Csvg%20xmlns%3D&#39;http%3A%2F%2Fwww.w3.org%2F2000%2Fsvg&#39;%20viewBox%3D&#39;0%200%20554%20369&#39;%2F%3E\" data-src=\"https:\/\/korpekalemler.net\/wp-content\/uploads\/2023\/07\/images-39-554x369.jpeg\" data-srcset=\"https:\/\/korpekalemler.net\/wp-content\/uploads\/2023\/07\/images-39-554x369.jpeg 554w\" alt=\"\" title=\"images (39)\" width=\"554\" height=\"369\"  \/><\/a>\n\t<\/div>\n<\/div>\n\n\n<div class=\"post-entry-content\">\n\n\t<h3 class=\"entry-title\">\n\t\t<a href=\"https:\/\/korpekalemler.net\/index.php\/2023\/07\/30\/gunumuz-nesli-ve-anne-babalar\/\" title=\"G\u00dcN\u00dcM\u00dcZ NESL\u0130 VE ANNE BABALAR\" rel=\"bookmark\">G\u00dcN\u00dcM\u00dcZ NESL\u0130 VE ANNE BABALAR<\/a>\n\t<\/h3>\n\n\t<div class=\"entry-meta\"><span class=\"category-link\"><a href=\"https:\/\/korpekalemler.net\/index.php\/category\/ilim\/\" >\u0130lim<\/a>, <a href=\"https:\/\/korpekalemler.net\/index.php\/category\/semaceyhan\/\" >Sema Ceyhan<\/a>, <a href=\"https:\/\/korpekalemler.net\/index.php\/category\/temmuz-23\/\" >Temmuz '23<\/a>, <a href=\"https:\/\/korpekalemler.net\/index.php\/category\/yazarlar\/\" >Yazarlar<\/a><\/span><a class=\"author vcard\" href=\"https:\/\/korpekalemler.net\/index.php\/author\/korpekalemlerder\/\" title=\"View all posts by K\u00f6rpe Kalemler\" rel=\"author\">By <span class=\"fn\">K\u00f6rpe Kalemler<\/span><\/a><a href=\"https:\/\/korpekalemler.net\/index.php\/2023\/07\/30\/\" title=\"02:20\" class=\"data-link\" rel=\"bookmark\"><time class=\"entry-date updated\" datetime=\"2023-07-30T02:20:52+03:00\">30 Temmuz 2023<\/time><\/a><a href=\"https:\/\/korpekalemler.net\/index.php\/2023\/07\/30\/gunumuz-nesli-ve-anne-babalar\/#respond\" class=\"comment-link\" >Leave a comment<\/a><\/div>\n\t<div class=\"entry-excerpt\"><p>Hayat\u0131n ger\u00e7eklerinden habersiz, duygusuz ve bencil bir nesil geliyor. \u015eehitler i\u00e7in g\u00f6zya\u015f\u0131 d\u00f6ken kendi ana babalar\u0131n\u0131 anlam\u0131yorlar. Ba\u015fkalar\u0131n\u0131n \u00e7ocuklar\u0131 i\u00e7in a\u011flamaya anlam veremiyorlar. Yan\u0131ba\u015f\u0131m\u0131zdaki sava\u015flar, ac\u0131 \u00e7eken \u00e7ocuklar, \u00f6len onbinlerce insan onlar\u0131 hi\u00e7 ilgilendirmiyor. T\u00fcm ac\u0131 ger\u00e7ekleri \u00e7izgi film tad\u0131nda izliyorlar ve y\u00fcrekleri hi\u00e7 ac\u0131m\u0131yor. Hayatlar\u0131n\u0131n oda\u011f\u0131ndaki tek \u015fey e\u011flenmek. E\u011flenemedikleri t\u00fcm zamanlar\u0131 kendilerine bir&hellip;<\/p>\n<\/div>\n\t\n<a href=\"https:\/\/korpekalemler.net\/index.php\/2023\/07\/30\/gunumuz-nesli-ve-anne-babalar\/\" class=\"post-details details-type-link\" aria-label=\"Read more about G\u00dcN\u00dcM\u00dcZ NESL\u0130 VE ANNE BABALAR\">Read more<i class=\"dt-icon-the7-arrow-03\" aria-hidden=\"true\"><\/i><\/a>\n\n<\/div><\/article><article class=\"post project-odd visible post-16073 type-post status-publish format-standard has-post-thumbnail hentry category-drmusahub category-ilim category-temmuz-23 category-yazarlar category-148 category-167 category-237 category-4 description-off\" data-name=\"BE\u015eER\u00ce ME\u015eR\u00db\u0130YET SE\u00c7\u0130MLE, \u0130LAH\u00ce ME\u015eR\u00db\u0130YET ADALETLE OLUR\" data-date=\"2023-07-30T02:12:55+03:00\">\n\n<div class=\"post-thumbnail-wrap\">\n\t<div class=\"post-thumbnail\">\n\n\t\t\n\t\t\n\t\t<a href=\"https:\/\/korpekalemler.net\/index.php\/2023\/07\/30\/beseri-mesruiyet-secimle-ilahi-mesruiyet-adaletle-olur\/\" class=\"post-thumbnail-rollover layzr-bg layzr-bg\" ><img loading=\"lazy\" decoding=\"async\" class=\"blog-thumb-lazy-load preload-me lazy-load\" src=\"data:image\/svg+xml,%3Csvg%20xmlns%3D&#39;http%3A%2F%2Fwww.w3.org%2F2000%2Fsvg&#39;%20viewBox%3D&#39;0%200%20768%20512&#39;%2F%3E\" data-src=\"https:\/\/korpekalemler.net\/wp-content\/uploads\/2023\/07\/Screenshot_20230731_224328_Word-768x512.jpg\" data-srcset=\"https:\/\/korpekalemler.net\/wp-content\/uploads\/2023\/07\/Screenshot_20230731_224328_Word-768x512.jpg 768w, https:\/\/korpekalemler.net\/wp-content\/uploads\/2023\/07\/Screenshot_20230731_224328_Word-1306x870.jpg 1306w\" alt=\"\" title=\"Screenshot_20230731_224328_Word\" width=\"768\" height=\"512\"  \/><\/a>\n\t<\/div>\n<\/div>\n\n\n<div class=\"post-entry-content\">\n\n\t<h3 class=\"entry-title\">\n\t\t<a href=\"https:\/\/korpekalemler.net\/index.php\/2023\/07\/30\/beseri-mesruiyet-secimle-ilahi-mesruiyet-adaletle-olur\/\" title=\"BE\u015eER\u00ce ME\u015eR\u00db\u0130YET SE\u00c7\u0130MLE, \u0130LAH\u00ce ME\u015eR\u00db\u0130YET ADALETLE OLUR\" rel=\"bookmark\">BE\u015eER\u00ce ME\u015eR\u00db\u0130YET SE\u00c7\u0130MLE, \u0130LAH\u00ce ME\u015eR\u00db\u0130YET ADALETLE OLUR<\/a>\n\t<\/h3>\n\n\t<div class=\"entry-meta\"><span class=\"category-link\"><a href=\"https:\/\/korpekalemler.net\/index.php\/category\/drmusahub\/\" >Dr. Musa H\u00fbb<\/a>, <a href=\"https:\/\/korpekalemler.net\/index.php\/category\/ilim\/\" >\u0130lim<\/a>, <a href=\"https:\/\/korpekalemler.net\/index.php\/category\/temmuz-23\/\" >Temmuz '23<\/a>, <a href=\"https:\/\/korpekalemler.net\/index.php\/category\/yazarlar\/\" >Yazarlar<\/a><\/span><a class=\"author vcard\" href=\"https:\/\/korpekalemler.net\/index.php\/author\/korpekalemlerder\/\" title=\"View all posts by K\u00f6rpe Kalemler\" rel=\"author\">By <span class=\"fn\">K\u00f6rpe Kalemler<\/span><\/a><a href=\"https:\/\/korpekalemler.net\/index.php\/2023\/07\/30\/\" title=\"02:12\" class=\"data-link\" rel=\"bookmark\"><time class=\"entry-date updated\" datetime=\"2023-07-30T02:12:55+03:00\">30 Temmuz 2023<\/time><\/a><a href=\"https:\/\/korpekalemler.net\/index.php\/2023\/07\/30\/beseri-mesruiyet-secimle-ilahi-mesruiyet-adaletle-olur\/#respond\" class=\"comment-link\" >Leave a comment<\/a><\/div>\n\t<div class=\"entry-excerpt\"><p>&#8220;Toplumun genelinin neler d\u00f6nd\u00fc\u011f\u00fcnden haberi yoktur. Hatta haberi olmad\u0131\u011f\u0131ndan dahi habersizdir.&#8221; (Noam Chomsky). \u00c7\u00fcnk\u00fc habersiz b\u0131rak\u0131l\u0131r, haberlerle aldat\u0131l\u0131r. Do\u011fruyu s\u00f6yledi\u011finde de dinlemezler. O sebeple \u201ca\u00e7\u0131klamalarla vaktini harcama; insanlar sadece duymak istediklerini duyarlar.\u201d (Paulo Coelho). Anlamak istemeyene zorla duyuramazs\u0131n. \u201cU\u011fra\u015fma bo\u015funa. Seni ancak g\u00f6rd\u00fckleri ve duyduklar\u0131 kadar anlayacaklar. G\u00f6rd\u00fckleri de ancak kendi anlad\u0131klar\u0131 kadar\u0131 olacak.\u201d (Hz.&hellip;<\/p>\n<\/div>\n\t\n<a href=\"https:\/\/korpekalemler.net\/index.php\/2023\/07\/30\/beseri-mesruiyet-secimle-ilahi-mesruiyet-adaletle-olur\/\" class=\"post-details details-type-link\" aria-label=\"Read more about BE\u015eER\u00ce ME\u015eR\u00db\u0130YET SE\u00c7\u0130MLE, \u0130LAH\u00ce ME\u015eR\u00db\u0130YET ADALETLE OLUR\">Read more<i class=\"dt-icon-the7-arrow-03\" aria-hidden=\"true\"><\/i><\/a>\n\n<\/div><\/article><article class=\"post project-odd visible post-16065 type-post status-publish format-standard has-post-thumbnail hentry category-ilim category-temmuz-23 category-yazarlar category-yusufalpturk category-167 category-237 category-4 category-150 description-off\" data-name=\"HZ. YUNUS \u2018UN HUTU (BALI\u011eI) VE HZ. \u0130BRAH\u0130M\u2019in ATE\u015e\u0130\" data-date=\"2023-07-30T01:58:58+03:00\">\n\n<div class=\"post-thumbnail-wrap\">\n\t<div class=\"post-thumbnail\">\n\n\t\t\n\t\t\n\t\t<a href=\"https:\/\/korpekalemler.net\/index.php\/2023\/07\/30\/hz-yunus-un-hutu-baligi-ve-hz-ibrahimin-atesi\/\" class=\"post-thumbnail-rollover layzr-bg layzr-bg\" ><img loading=\"lazy\" decoding=\"async\" class=\"blog-thumb-lazy-load preload-me lazy-load\" src=\"data:image\/svg+xml,%3Csvg%20xmlns%3D&#39;http%3A%2F%2Fwww.w3.org%2F2000%2Fsvg&#39;%20viewBox%3D&#39;0%200%20622%20414&#39;%2F%3E\" data-src=\"https:\/\/korpekalemler.net\/wp-content\/uploads\/2023\/07\/images-42-622x414.jpeg\" data-srcset=\"https:\/\/korpekalemler.net\/wp-content\/uploads\/2023\/07\/images-42-622x414.jpeg 622w, https:\/\/korpekalemler.net\/wp-content\/uploads\/2023\/07\/images-42-622x415.jpeg 622w\" alt=\"\" title=\"images (42)\" width=\"622\" height=\"414\"  \/><\/a>\n\t<\/div>\n<\/div>\n\n\n<div class=\"post-entry-content\">\n\n\t<h3 class=\"entry-title\">\n\t\t<a href=\"https:\/\/korpekalemler.net\/index.php\/2023\/07\/30\/hz-yunus-un-hutu-baligi-ve-hz-ibrahimin-atesi\/\" title=\"HZ. YUNUS \u2018UN HUTU (BALI\u011eI) VE HZ. \u0130BRAH\u0130M\u2019in ATE\u015e\u0130\" rel=\"bookmark\">HZ. YUNUS \u2018UN HUTU (BALI\u011eI) VE HZ. \u0130BRAH\u0130M\u2019in ATE\u015e\u0130<\/a>\n\t<\/h3>\n\n\t<div class=\"entry-meta\"><span class=\"category-link\"><a href=\"https:\/\/korpekalemler.net\/index.php\/category\/ilim\/\" >\u0130lim<\/a>, <a href=\"https:\/\/korpekalemler.net\/index.php\/category\/temmuz-23\/\" >Temmuz '23<\/a>, <a href=\"https:\/\/korpekalemler.net\/index.php\/category\/yazarlar\/\" >Yazarlar<\/a>, <a href=\"https:\/\/korpekalemler.net\/index.php\/category\/yusufalpturk\/\" >Yusuf Alpt\u00fcrk<\/a><\/span><a class=\"author vcard\" href=\"https:\/\/korpekalemler.net\/index.php\/author\/korpekalemlerder\/\" title=\"View all posts by K\u00f6rpe Kalemler\" rel=\"author\">By <span class=\"fn\">K\u00f6rpe Kalemler<\/span><\/a><a href=\"https:\/\/korpekalemler.net\/index.php\/2023\/07\/30\/\" title=\"01:58\" class=\"data-link\" rel=\"bookmark\"><time class=\"entry-date updated\" datetime=\"2023-07-30T01:58:58+03:00\">30 Temmuz 2023<\/time><\/a><a href=\"https:\/\/korpekalemler.net\/index.php\/2023\/07\/30\/hz-yunus-un-hutu-baligi-ve-hz-ibrahimin-atesi\/#respond\" class=\"comment-link\" >Leave a comment<\/a><\/div>\n\t<div class=\"entry-excerpt\"><p>\u015eeyh Galip\u2019in bir s\u00f6z\u00fc var bizim halimizi anlatan \u201cAte\u015f Denizinde Mumdan Gemiler\u201d diye. Bizim bu d\u00fcnya ve olaylar denizinde halimiz tam da bu. \u201cAte\u015f denizinde mumdan gemiler\u201d gibiyiz. Sahil-i selamete \u00e7\u0131kmak \u00e7ok \u00e7ok zor Hele ahir zamanda g\u00fcnah denizleri, kibir denizleri, riya denizleri, afaki ve nefsani b\u00fct\u00fcn ku\u015fat\u0131lm\u0131\u015fl\u0131kla bizim benli\u011fimizi mum gibi eritiyor ate\u015f denizinde&hellip;<\/p>\n<\/div>\n\t\n<a href=\"https:\/\/korpekalemler.net\/index.php\/2023\/07\/30\/hz-yunus-un-hutu-baligi-ve-hz-ibrahimin-atesi\/\" class=\"post-details details-type-link\" aria-label=\"Read more about HZ. YUNUS \u2018UN HUTU (BALI\u011eI) VE HZ. \u0130BRAH\u0130M\u2019in ATE\u015e\u0130\">Read more<i class=\"dt-icon-the7-arrow-03\" aria-hidden=\"true\"><\/i><\/a>\n\n<\/div><\/article><article class=\"post project-odd visible post-16021 type-post status-publish format-standard has-post-thumbnail hentry category-drmusahub category-haziran-23 category-ilim category-148 category-227 category-167 description-off\" data-name=\"Fitnemizden \u0130nsanl\u0131\u011f\u0131m\u0131z \u0130le \u00c7\u0131kabiliriz\" data-date=\"2023-06-26T02:02:25+03:00\">\n\n<div class=\"post-thumbnail-wrap\">\n\t<div class=\"post-thumbnail\">\n\n\t\t\n\t\t\n\t\t<a href=\"https:\/\/korpekalemler.net\/index.php\/2023\/06\/26\/fitnemizden-insanligimiz-ile-cikabiliriz\/\" class=\"post-thumbnail-rollover layzr-bg layzr-bg\" ><img loading=\"lazy\" decoding=\"async\" class=\"blog-thumb-lazy-load preload-me lazy-load\" src=\"data:image\/svg+xml,%3Csvg%20xmlns%3D&#39;http%3A%2F%2Fwww.w3.org%2F2000%2Fsvg&#39;%20viewBox%3D&#39;0%200%20640%20427&#39;%2F%3E\" data-src=\"https:\/\/korpekalemler.net\/wp-content\/uploads\/2023\/05\/images-22-640x427.jpeg\" data-srcset=\"https:\/\/korpekalemler.net\/wp-content\/uploads\/2023\/05\/images-22-640x427.jpeg 640w\" alt=\"\" title=\"images (22)\" width=\"640\" height=\"427\"  \/><\/a>\n\t<\/div>\n<\/div>\n\n\n<div class=\"post-entry-content\">\n\n\t<h3 class=\"entry-title\">\n\t\t<a href=\"https:\/\/korpekalemler.net\/index.php\/2023\/06\/26\/fitnemizden-insanligimiz-ile-cikabiliriz\/\" title=\"Fitnemizden \u0130nsanl\u0131\u011f\u0131m\u0131z \u0130le \u00c7\u0131kabiliriz\" rel=\"bookmark\">Fitnemizden \u0130nsanl\u0131\u011f\u0131m\u0131z \u0130le \u00c7\u0131kabiliriz<\/a>\n\t<\/h3>\n\n\t<div class=\"entry-meta\"><span class=\"category-link\"><a href=\"https:\/\/korpekalemler.net\/index.php\/category\/drmusahub\/\" >Dr. Musa H\u00fbb<\/a>, <a href=\"https:\/\/korpekalemler.net\/index.php\/category\/haziran-23\/\" >Haziran '23<\/a>, <a href=\"https:\/\/korpekalemler.net\/index.php\/category\/ilim\/\" >\u0130lim<\/a><\/span><a class=\"author vcard\" href=\"https:\/\/korpekalemler.net\/index.php\/author\/korpekalemlerder\/\" title=\"View all posts by K\u00f6rpe Kalemler\" rel=\"author\">By <span class=\"fn\">K\u00f6rpe Kalemler<\/span><\/a><a href=\"https:\/\/korpekalemler.net\/index.php\/2023\/06\/26\/\" title=\"02:02\" class=\"data-link\" rel=\"bookmark\"><time class=\"entry-date updated\" datetime=\"2023-06-26T02:02:25+03:00\">26 Haziran 2023<\/time><\/a><a href=\"https:\/\/korpekalemler.net\/index.php\/2023\/06\/26\/fitnemizden-insanligimiz-ile-cikabiliriz\/#respond\" class=\"comment-link\" >Leave a comment<\/a><\/div>\n\t<div class=\"entry-excerpt\"><p>Ey nefsim! \u201cG\u00fcnahlar\u0131nla Allah\u2019a de\u011fil, ancak kendine zarar verirsin.\u201d (Bedi\u00fczzaman Said Nurs\u00ee, Habbe Risalesi, 27. \u0130\u2019lem, s.229). Hz. Eyy\u00fbb aleyhissel\u00e2m\u2019\u0131n y\u00fcre\u011fiyle \u201cRabbim zarar bana dokundu. Merhametlilerin en merhametlisi sensin.\u201d (Enbiy\u00e2 21:83) diye yakar\u0131\u015fa ge\u00e7tin de Rabbin merhamet g\u00f6stermedi mi? \u0130nsanlardan \u015fikayet ediyorsun, ama sen de biliyorsun ki, sana, senin verdi\u011fin zarar\u0131, hi\u00e7 kimse veremez ve&hellip;<\/p>\n<\/div>\n\t\n<a href=\"https:\/\/korpekalemler.net\/index.php\/2023\/06\/26\/fitnemizden-insanligimiz-ile-cikabiliriz\/\" class=\"post-details details-type-link\" aria-label=\"Read more about Fitnemizden \u0130nsanl\u0131\u011f\u0131m\u0131z \u0130le \u00c7\u0131kabiliriz\">Read more<i class=\"dt-icon-the7-arrow-03\" aria-hidden=\"true\"><\/i><\/a>\n\n<\/div><\/article><article class=\"post project-odd visible post-16017 type-post status-publish format-standard has-post-thumbnail hentry category-haziran-23 category-ilim category-rukiyeanar category-227 category-167 category-160 description-off\" data-name=\"Bel&#8217;am bin Ba\u00fbra Kimdir?\" data-date=\"2023-06-26T02:01:06+03:00\">\n\n<div class=\"post-thumbnail-wrap\">\n\t<div class=\"post-thumbnail\">\n\n\t\t\n\t\t\n\t\t<a href=\"https:\/\/korpekalemler.net\/index.php\/2023\/06\/26\/belam-bin-baura-kimdir\/\" class=\"post-thumbnail-rollover layzr-bg layzr-bg\" ><img loading=\"lazy\" decoding=\"async\" class=\"blog-thumb-lazy-load preload-me lazy-load\" src=\"data:image\/svg+xml,%3Csvg%20xmlns%3D&#39;http%3A%2F%2Fwww.w3.org%2F2000%2Fsvg&#39;%20viewBox%3D&#39;0%200%20504%20336&#39;%2F%3E\" data-src=\"https:\/\/korpekalemler.net\/wp-content\/uploads\/2023\/07\/images-27-504x336.jpeg\" data-srcset=\"https:\/\/korpekalemler.net\/wp-content\/uploads\/2023\/07\/images-27-504x336.jpeg 504w\" alt=\"\" title=\"images (27)\" width=\"504\" height=\"336\"  \/><\/a>\n\t<\/div>\n<\/div>\n\n\n<div class=\"post-entry-content\">\n\n\t<h3 class=\"entry-title\">\n\t\t<a href=\"https:\/\/korpekalemler.net\/index.php\/2023\/06\/26\/belam-bin-baura-kimdir\/\" title=\"Bel&#8217;am bin Ba\u00fbra Kimdir?\" rel=\"bookmark\">Bel&#8217;am bin Ba\u00fbra Kimdir?<\/a>\n\t<\/h3>\n\n\t<div class=\"entry-meta\"><span class=\"category-link\"><a href=\"https:\/\/korpekalemler.net\/index.php\/category\/haziran-23\/\" >Haziran '23<\/a>, <a href=\"https:\/\/korpekalemler.net\/index.php\/category\/ilim\/\" >\u0130lim<\/a>, <a href=\"https:\/\/korpekalemler.net\/index.php\/category\/rukiyeanar\/\" >Rukiye Anar<\/a><\/span><a class=\"author vcard\" href=\"https:\/\/korpekalemler.net\/index.php\/author\/korpekalemlerder\/\" title=\"View all posts by K\u00f6rpe Kalemler\" rel=\"author\">By <span class=\"fn\">K\u00f6rpe Kalemler<\/span><\/a><a href=\"https:\/\/korpekalemler.net\/index.php\/2023\/06\/26\/\" title=\"02:01\" class=\"data-link\" rel=\"bookmark\"><time class=\"entry-date updated\" datetime=\"2023-06-26T02:01:06+03:00\">26 Haziran 2023<\/time><\/a><a href=\"https:\/\/korpekalemler.net\/index.php\/2023\/06\/26\/belam-bin-baura-kimdir\/#respond\" class=\"comment-link\" >Leave a comment<\/a><\/div>\n\t<div class=\"entry-excerpt\"><p>Dinini d\u00fcnyaya de\u011fi\u015fenlerin bir vasf\u0131d\u0131r Bel&#8217;aml\u0131k. Kur&#8217;anda bu vasf\u0131yla anlat\u0131lan ama ismi zikredilmeyen bir \u015fah\u0131st\u0131r o. Zira bu hikayede ge\u00e7en s\u0131rat-\u0131 m\u00fcstakimi kaybetmenin, yoldan \u00e7\u0131kman\u0131n ve dal\u00e2lete sapman\u0131n arkas\u0131nda en \u00f6nemli saik d\u00fcnya v\u00e2rid\u00e2tlar\u0131 oldu\u011fudur. Nefsin h\u0131rslar\u0131, arzular\u0131, makam, itibar ve kad\u0131n gibi sebepler insan\u0131 hangi makamda olursa olsun aya\u011f\u0131n\u0131 kayd\u0131rabilir. \u0130\u015fte onlardan biri de&hellip;<\/p>\n<\/div>\n\t\n<a href=\"https:\/\/korpekalemler.net\/index.php\/2023\/06\/26\/belam-bin-baura-kimdir\/\" class=\"post-details details-type-link\" aria-label=\"Read more about Bel&#8217;am bin Ba\u00fbra Kimdir?\">Read more<i class=\"dt-icon-the7-arrow-03\" aria-hidden=\"true\"><\/i><\/a>\n\n<\/div><\/article><article class=\"post project-odd visible post-16008 type-post status-publish format-standard has-post-thumbnail hentry category-haziran-23 category-ilim category-semaceyhan category-227 category-167 category-152 description-off\" data-name=\"\u201c Bin derde g\u00f6n\u00fclden bir du\u00e2\u201d yeter.\" data-date=\"2023-06-26T01:58:29+03:00\">\n\n<div class=\"post-thumbnail-wrap\">\n\t<div class=\"post-thumbnail\">\n\n\t\t\n\t\t\n\t\t<a href=\"https:\/\/korpekalemler.net\/index.php\/2023\/06\/26\/bin-derde-gonulden-bir-dua-yeter\/\" class=\"post-thumbnail-rollover layzr-bg layzr-bg\" ><img loading=\"lazy\" decoding=\"async\" class=\"blog-thumb-lazy-load preload-me lazy-load\" src=\"data:image\/svg+xml,%3Csvg%20xmlns%3D&#39;http%3A%2F%2Fwww.w3.org%2F2000%2Fsvg&#39;%20viewBox%3D&#39;0%200%20504%20336&#39;%2F%3E\" data-src=\"https:\/\/korpekalemler.net\/wp-content\/uploads\/2023\/07\/images-29-504x336.jpeg\" data-srcset=\"https:\/\/korpekalemler.net\/wp-content\/uploads\/2023\/07\/images-29-504x336.jpeg 504w\" alt=\"\" title=\"images (29)\" width=\"504\" height=\"336\"  \/><\/a>\n\t<\/div>\n<\/div>\n\n\n<div class=\"post-entry-content\">\n\n\t<h3 class=\"entry-title\">\n\t\t<a href=\"https:\/\/korpekalemler.net\/index.php\/2023\/06\/26\/bin-derde-gonulden-bir-dua-yeter\/\" title=\"\u201c Bin derde g\u00f6n\u00fclden bir du\u00e2\u201d yeter.\" rel=\"bookmark\">\u201c Bin derde g\u00f6n\u00fclden bir du\u00e2\u201d yeter.<\/a>\n\t<\/h3>\n\n\t<div class=\"entry-meta\"><span class=\"category-link\"><a href=\"https:\/\/korpekalemler.net\/index.php\/category\/haziran-23\/\" >Haziran '23<\/a>, <a href=\"https:\/\/korpekalemler.net\/index.php\/category\/ilim\/\" >\u0130lim<\/a>, <a href=\"https:\/\/korpekalemler.net\/index.php\/category\/semaceyhan\/\" >Sema Ceyhan<\/a><\/span><a class=\"author vcard\" href=\"https:\/\/korpekalemler.net\/index.php\/author\/korpekalemlerder\/\" title=\"View all posts by K\u00f6rpe Kalemler\" rel=\"author\">By <span class=\"fn\">K\u00f6rpe Kalemler<\/span><\/a><a href=\"https:\/\/korpekalemler.net\/index.php\/2023\/06\/26\/\" title=\"01:58\" class=\"data-link\" rel=\"bookmark\"><time class=\"entry-date updated\" datetime=\"2023-06-26T01:58:29+03:00\">26 Haziran 2023<\/time><\/a><a href=\"https:\/\/korpekalemler.net\/index.php\/2023\/06\/26\/bin-derde-gonulden-bir-dua-yeter\/#respond\" class=\"comment-link\" >Leave a comment<\/a><\/div>\n\t<div class=\"entry-excerpt\"><p>G\u00f6z kirlenince bir damla ya\u015f! A\u011f\u0131z kuruyunca bir damla su! Kalp s\u0131zlay\u0131nca bir damla rahmet! Kul s\u0131k\u0131\u015f\u0131nca bir damla \u2018du\u00e2\u2019 \u00e7are olur! Du\u00e2, s\u00f6zl\u00fckte \u00e7a\u011f\u0131r\u0131\u015f anlam\u0131ndad\u0131r. Ist\u0131lahta ise Mevl\u00e2\u2019n\u0131n r\u0131z\u00e2s\u0131n\u0131 kazanmak i\u00e7in uluhiyet kap\u0131s\u0131n\u0131 \u00e7al\u0131p ubudiyeti O&#8217;na arz etmektir. Cen\u00e2b-\u0131 Hak, \u0130sl\u00e2m\u00ee esas ve temelleri olu\u015fturan namaz, oru\u00e7, hac ve zek\u00e2t gibi ib\u00e2detleri emretti\u011fi gibi,&hellip;<\/p>\n<\/div>\n\t\n<a href=\"https:\/\/korpekalemler.net\/index.php\/2023\/06\/26\/bin-derde-gonulden-bir-dua-yeter\/\" class=\"post-details details-type-link\" aria-label=\"Read more about \u201c Bin derde g\u00f6n\u00fclden bir du\u00e2\u201d yeter.\">Read more<i class=\"dt-icon-the7-arrow-03\" aria-hidden=\"true\"><\/i><\/a>\n\n<\/div><\/article><article class=\"post project-odd visible post-16006 type-post status-publish format-standard has-post-thumbnail hentry category-haziran-23 category-ilim category-zeynephasemibayraktaroglu category-227 category-167 category-155 description-off\" data-name=\"Bayrama Erelim\" data-date=\"2023-06-26T01:56:50+03:00\">\n\n<div class=\"post-thumbnail-wrap\">\n\t<div class=\"post-thumbnail\">\n\n\t\t\n\t\t\n\t\t<a href=\"https:\/\/korpekalemler.net\/index.php\/2023\/06\/26\/bayrama-erelim\/\" class=\"post-thumbnail-rollover layzr-bg layzr-bg\" ><img loading=\"lazy\" decoding=\"async\" class=\"blog-thumb-lazy-load preload-me lazy-load\" src=\"data:image\/svg+xml,%3Csvg%20xmlns%3D&#39;http%3A%2F%2Fwww.w3.org%2F2000%2Fsvg&#39;%20viewBox%3D&#39;0%200%20549%20366&#39;%2F%3E\" data-src=\"https:\/\/korpekalemler.net\/wp-content\/uploads\/2023\/07\/images-31-549x366.jpeg\" data-srcset=\"https:\/\/korpekalemler.net\/wp-content\/uploads\/2023\/07\/images-31-549x366.jpeg 549w, https:\/\/korpekalemler.net\/wp-content\/uploads\/2023\/07\/images-31-549x365.jpeg 549w\" alt=\"\" title=\"images (31)\" width=\"549\" height=\"366\"  \/><\/a>\n\t<\/div>\n<\/div>\n\n\n<div class=\"post-entry-content\">\n\n\t<h3 class=\"entry-title\">\n\t\t<a href=\"https:\/\/korpekalemler.net\/index.php\/2023\/06\/26\/bayrama-erelim\/\" title=\"Bayrama Erelim\" rel=\"bookmark\">Bayrama Erelim<\/a>\n\t<\/h3>\n\n\t<div class=\"entry-meta\"><span class=\"category-link\"><a href=\"https:\/\/korpekalemler.net\/index.php\/category\/haziran-23\/\" >Haziran '23<\/a>, <a href=\"https:\/\/korpekalemler.net\/index.php\/category\/ilim\/\" >\u0130lim<\/a>, <a href=\"https:\/\/korpekalemler.net\/index.php\/category\/zeynephasemibayraktaroglu\/\" >Zeynep Ha\u015femi Bayraktaro\u011flu<\/a><\/span><a class=\"author vcard\" href=\"https:\/\/korpekalemler.net\/index.php\/author\/korpekalemlerder\/\" title=\"View all posts by K\u00f6rpe Kalemler\" rel=\"author\">By <span class=\"fn\">K\u00f6rpe Kalemler<\/span><\/a><a href=\"https:\/\/korpekalemler.net\/index.php\/2023\/06\/26\/\" title=\"01:56\" class=\"data-link\" rel=\"bookmark\"><time class=\"entry-date updated\" datetime=\"2023-06-26T01:56:50+03:00\">26 Haziran 2023<\/time><\/a><a href=\"https:\/\/korpekalemler.net\/index.php\/2023\/06\/26\/bayrama-erelim\/#respond\" class=\"comment-link\" >Leave a comment<\/a><\/div>\n\t<div class=\"entry-excerpt\"><p>Leyali A\u015fr nedir bilir misiniz? Kutsal 10 g\u00fcnd\u00fcr. Leyali A\u015fr; Zilhicce ay\u0131n\u0131n ilk 10 g\u00fcn-gecesidir. Malumunuz \u0130slam\u0131n\u00a0 be\u015f farz\u0131dan olan ulvi farize hac ibadeti\u00a0 bu ay n 10.g\u00fcn\u00fc itibariyledir. Bu on g\u00fcnle ilgili ayet ve hadisler mevcuttur. Fecr suresinin 2. ayetinde bahsedilir. Ayr\u0131ca Hadisi \u015feriflerde de bahsedilmi\u015ftir. Fecr 2 de on gece ye yemin edilmi\u015ftir.&hellip;<\/p>\n<\/div>\n\t\n<a href=\"https:\/\/korpekalemler.net\/index.php\/2023\/06\/26\/bayrama-erelim\/\" class=\"post-details details-type-link\" aria-label=\"Read more about Bayrama Erelim\">Read more<i class=\"dt-icon-the7-arrow-03\" aria-hidden=\"true\"><\/i><\/a>\n\n<\/div><\/article><article class=\"post project-odd visible post-15975 type-post status-publish format-standard has-post-thumbnail hentry category-ilim category-kevsersabaalkaya category-mayis-23 tag-ilim tag-kevser-saba-alkaya tag-mayis-23 category-167 category-149 category-210 description-off\" data-name=\"&#8220;Sonsuzluk S\u0131rr\u0131&#8221; \u00dczerine\" data-date=\"2023-05-27T23:40:46+03:00\">\n\n<div class=\"post-thumbnail-wrap\">\n\t<div class=\"post-thumbnail\">\n\n\t\t\n\t\t\n\t\t<a href=\"https:\/\/korpekalemler.net\/index.php\/2023\/05\/27\/sonsuzluk-sirri-uzerine\/\" class=\"post-thumbnail-rollover layzr-bg layzr-bg\" ><img loading=\"lazy\" decoding=\"async\" class=\"blog-thumb-lazy-load preload-me lazy-load\" src=\"data:image\/svg+xml,%3Csvg%20xmlns%3D&#39;http%3A%2F%2Fwww.w3.org%2F2000%2Fsvg&#39;%20viewBox%3D&#39;0%200%20768%20512&#39;%2F%3E\" data-src=\"https:\/\/korpekalemler.net\/wp-content\/uploads\/2023\/05\/Screenshot_20230527_233322_Word-768x512.jpg\" data-srcset=\"https:\/\/korpekalemler.net\/wp-content\/uploads\/2023\/05\/Screenshot_20230527_233322_Word-768x512.jpg 768w, https:\/\/korpekalemler.net\/wp-content\/uploads\/2023\/05\/Screenshot_20230527_233322_Word-1306x870.jpg 1306w\" alt=\"\" title=\"Screenshot_20230527_233322_Word\" width=\"768\" height=\"512\"  \/><\/a>\n\t<\/div>\n<\/div>\n\n\n<div class=\"post-entry-content\">\n\n\t<h3 class=\"entry-title\">\n\t\t<a href=\"https:\/\/korpekalemler.net\/index.php\/2023\/05\/27\/sonsuzluk-sirri-uzerine\/\" title=\"&#8220;Sonsuzluk S\u0131rr\u0131&#8221; \u00dczerine\" rel=\"bookmark\">&#8220;Sonsuzluk S\u0131rr\u0131&#8221; \u00dczerine<\/a>\n\t<\/h3>\n\n\t<div class=\"entry-meta\"><span class=\"category-link\"><a href=\"https:\/\/korpekalemler.net\/index.php\/category\/ilim\/\" >\u0130lim<\/a>, <a href=\"https:\/\/korpekalemler.net\/index.php\/category\/kevsersabaalkaya\/\" >Kevser Sab\u00e2 Alkaya<\/a>, <a href=\"https:\/\/korpekalemler.net\/index.php\/category\/mayis-23\/\" >May\u0131s '23<\/a><\/span><a class=\"author vcard\" href=\"https:\/\/korpekalemler.net\/index.php\/author\/korpekalemlerder\/\" title=\"View all posts by K\u00f6rpe Kalemler\" rel=\"author\">By <span class=\"fn\">K\u00f6rpe Kalemler<\/span><\/a><a href=\"https:\/\/korpekalemler.net\/index.php\/2023\/05\/27\/\" title=\"23:40\" class=\"data-link\" rel=\"bookmark\"><time class=\"entry-date updated\" datetime=\"2023-05-27T23:40:46+03:00\">27 May\u0131s 2023<\/time><\/a><a href=\"https:\/\/korpekalemler.net\/index.php\/2023\/05\/27\/sonsuzluk-sirri-uzerine\/#respond\" class=\"comment-link\" >Leave a comment<\/a><\/div>\n\t<div class=\"entry-excerpt\"><p>&#8220;Her vaktin kendi kokusu vard\u0131r. \u0130kindi vaktinin ge\u00e7ip gitmesine \u00fcz\u00fclmeye ne gerek var? \u0130kindi vaktinin kokusunun ard\u0131ndan, ak\u015fam vaktinin g\u00fczel kokusu gelecektir. Zamana ait bu kokular anlat\u0131ya de\u011fil, derin d\u00fc\u015f\u00fcnmeye dairdir. Birbiri ard\u0131na gelecek \u015fekilde b\u00f6l\u00fcnmemi\u015flerdir. Aksine, kendi i\u00e7lerinde s\u00fckut ederler.&#8221; Byung-Chul Han Kitaplar\u0131 \u00e7ok seviyorum, okuma yazmay\u0131 \u00f6\u011frenir \u00f6\u011frenmez ba\u015flad\u0131 okuma ser\u00fcvenim; \u00f6nce tabelalar\u0131,&hellip;<\/p>\n<\/div>\n\t\n<a href=\"https:\/\/korpekalemler.net\/index.php\/2023\/05\/27\/sonsuzluk-sirri-uzerine\/\" class=\"post-details details-type-link\" aria-label=\"Read more about &#8220;Sonsuzluk S\u0131rr\u0131&#8221; \u00dczerine\">Read more<i class=\"dt-icon-the7-arrow-03\" aria-hidden=\"true\"><\/i><\/a>\n\n<\/div><\/article><article class=\"post project-odd visible post-15910 type-post status-publish format-standard has-post-thumbnail hentry category-ilim category-mayis-23 category-rukiyeanar category-167 category-210 category-160 description-off\" data-name=\"Abese Suresinden Al\u0131nacak Ders\" data-date=\"2023-05-25T15:58:58+03:00\">\n\n<div class=\"post-thumbnail-wrap\">\n\t<div class=\"post-thumbnail\">\n\n\t\t\n\t\t\n\t\t<a href=\"https:\/\/korpekalemler.net\/index.php\/2023\/05\/25\/abese-suresinden-alinacak-ders\/\" class=\"post-thumbnail-rollover layzr-bg layzr-bg\" ><img loading=\"lazy\" decoding=\"async\" class=\"blog-thumb-lazy-load preload-me lazy-load\" src=\"data:image\/svg+xml,%3Csvg%20xmlns%3D&#39;http%3A%2F%2Fwww.w3.org%2F2000%2Fsvg&#39;%20viewBox%3D&#39;0%200%20640%20427&#39;%2F%3E\" data-src=\"https:\/\/korpekalemler.net\/wp-content\/uploads\/2023\/05\/images-22-640x427.jpeg\" data-srcset=\"https:\/\/korpekalemler.net\/wp-content\/uploads\/2023\/05\/images-22-640x427.jpeg 640w\" alt=\"\" title=\"images (22)\" width=\"640\" height=\"427\"  \/><\/a>\n\t<\/div>\n<\/div>\n\n\n<div class=\"post-entry-content\">\n\n\t<h3 class=\"entry-title\">\n\t\t<a href=\"https:\/\/korpekalemler.net\/index.php\/2023\/05\/25\/abese-suresinden-alinacak-ders\/\" title=\"Abese Suresinden Al\u0131nacak Ders\" rel=\"bookmark\">Abese Suresinden Al\u0131nacak Ders<\/a>\n\t<\/h3>\n\n\t<div class=\"entry-meta\"><span class=\"category-link\"><a href=\"https:\/\/korpekalemler.net\/index.php\/category\/ilim\/\" >\u0130lim<\/a>, <a href=\"https:\/\/korpekalemler.net\/index.php\/category\/mayis-23\/\" >May\u0131s '23<\/a>, <a href=\"https:\/\/korpekalemler.net\/index.php\/category\/rukiyeanar\/\" >Rukiye Anar<\/a><\/span><a class=\"author vcard\" href=\"https:\/\/korpekalemler.net\/index.php\/author\/korpekalemlerder\/\" title=\"View all posts by K\u00f6rpe Kalemler\" rel=\"author\">By <span class=\"fn\">K\u00f6rpe Kalemler<\/span><\/a><a href=\"https:\/\/korpekalemler.net\/index.php\/2023\/05\/25\/\" title=\"15:58\" class=\"data-link\" rel=\"bookmark\"><time class=\"entry-date updated\" datetime=\"2023-05-25T15:58:58+03:00\">25 May\u0131s 2023<\/time><\/a><a href=\"https:\/\/korpekalemler.net\/index.php\/2023\/05\/25\/abese-suresinden-alinacak-ders\/#respond\" class=\"comment-link\" >Leave a comment<\/a><\/div>\n\t<div class=\"entry-excerpt\"><p>Her ayetin sebeb-i n\u00fcz\u00fbl\u00fc oldu\u011fu \u00fczere, Abese s\u00fbresinde ge\u00e7en ayetler de \u0130bn \u00dcmm\u00fc Mektum olay\u0131 \u00fczerine inmi\u015ftir. Malum hadisede Efendimiz (asm) Mekke ileri gelenleri ile g\u00f6r\u00fc\u015f\u00fcyor, onlar\u0131 ir\u015fad etmeye \u00e7al\u0131\u015f\u0131yordu. O s\u0131rada yan\u0131na gelen \u00dcmm\u00fc Mektum, her zamanki gibi bana Kur&#8217;an oku dedi. Ama o esnada Res\u00fblullah(asm), her zaman birarada bulamayaca\u011f\u0131n\u0131 d\u00fc\u015f\u00fcnd\u00fc\u011f\u00fc \u015fehrin kodamanlar\u0131yla ilgileniyordu&hellip;<\/p>\n<\/div>\n\t\n<a href=\"https:\/\/korpekalemler.net\/index.php\/2023\/05\/25\/abese-suresinden-alinacak-ders\/\" class=\"post-details details-type-link\" aria-label=\"Read more about Abese Suresinden Al\u0131nacak Ders\">Read more<i class=\"dt-icon-the7-arrow-03\" aria-hidden=\"true\"><\/i><\/a>\n\n<\/div><\/article><article class=\"post project-odd visible post-15914 type-post status-publish format-standard has-post-thumbnail hentry category-ilim category-mayis-23 category-mucahitguler category-167 category-210 category-157 description-off\" data-name=\"Psikolojik A\u00e7\u0131dan Hadislerle \u00d6fke Kontrol\u00fc\" data-date=\"2023-05-25T15:58:12+03:00\">\n\n<div class=\"post-thumbnail-wrap\">\n\t<div class=\"post-thumbnail\">\n\n\t\t\n\t\t\n\t\t<a href=\"https:\/\/korpekalemler.net\/index.php\/2023\/05\/25\/psikolojik-acidan-hadislerle-ofke-kontrolu\/\" class=\"post-thumbnail-rollover layzr-bg layzr-bg\" ><img loading=\"lazy\" decoding=\"async\" class=\"blog-thumb-lazy-load preload-me lazy-load\" src=\"data:image\/svg+xml,%3Csvg%20xmlns%3D&#39;http%3A%2F%2Fwww.w3.org%2F2000%2Fsvg&#39;%20viewBox%3D&#39;0%200%20554%20369&#39;%2F%3E\" data-src=\"https:\/\/korpekalemler.net\/wp-content\/uploads\/2023\/05\/images-18-1-554x369.jpeg\" data-srcset=\"https:\/\/korpekalemler.net\/wp-content\/uploads\/2023\/05\/images-18-1-554x369.jpeg 554w\" alt=\"\" title=\"images (18)\" width=\"554\" height=\"369\"  \/><\/a>\n\t<\/div>\n<\/div>\n\n\n<div class=\"post-entry-content\">\n\n\t<h3 class=\"entry-title\">\n\t\t<a href=\"https:\/\/korpekalemler.net\/index.php\/2023\/05\/25\/psikolojik-acidan-hadislerle-ofke-kontrolu\/\" title=\"Psikolojik A\u00e7\u0131dan Hadislerle \u00d6fke Kontrol\u00fc\" rel=\"bookmark\">Psikolojik A\u00e7\u0131dan Hadislerle \u00d6fke Kontrol\u00fc<\/a>\n\t<\/h3>\n\n\t<div class=\"entry-meta\"><span class=\"category-link\"><a href=\"https:\/\/korpekalemler.net\/index.php\/category\/ilim\/\" >\u0130lim<\/a>, <a href=\"https:\/\/korpekalemler.net\/index.php\/category\/mayis-23\/\" >May\u0131s '23<\/a>, <a href=\"https:\/\/korpekalemler.net\/index.php\/category\/mucahitguler\/\" >M\u00fccahit G\u00fcler<\/a><\/span><a class=\"author vcard\" href=\"https:\/\/korpekalemler.net\/index.php\/author\/korpekalemlerder\/\" title=\"View all posts by K\u00f6rpe Kalemler\" rel=\"author\">By <span class=\"fn\">K\u00f6rpe Kalemler<\/span><\/a><a href=\"https:\/\/korpekalemler.net\/index.php\/2023\/05\/25\/\" title=\"15:58\" class=\"data-link\" rel=\"bookmark\"><time class=\"entry-date updated\" datetime=\"2023-05-25T15:58:12+03:00\">25 May\u0131s 2023<\/time><\/a><a href=\"https:\/\/korpekalemler.net\/index.php\/2023\/05\/25\/psikolojik-acidan-hadislerle-ofke-kontrolu\/#respond\" class=\"comment-link\" >Leave a comment<\/a><\/div>\n\t<div class=\"entry-excerpt\"><p>Duygular, insan\u0131n olaylar kar\u015f\u0131s\u0131ndaki tepkilerini g\u00f6steren i\u00e7sel yans\u0131malard\u0131r. Ba\u015fa \u00e7\u0131kmada en \u00e7ok zorland\u0131\u011f\u0131m\u0131z duygulardan bir tanesi ise \u00f6fke duygusudur. \u00d6fke duygusu kontrolden \u00e7\u0131kt\u0131\u011f\u0131nda akl\u0131 \u00f6rter, iradeyi devre d\u0131\u015f\u0131 b\u0131rak\u0131r. Akl\u0131 \u00f6rt\u00fclen, iradesi devre d\u0131\u015f\u0131 b\u0131rak\u0131lan bir varl\u0131k, insan\u00ee \u00f6zelliklerini kaybeder ve kendisinden korkulan bir varl\u0131\u011fa d\u00f6n\u00fc\u015f\u00fcr. Bu durum ki\u015finin hem kendisine hem de \u00e7evresine ciddi&hellip;<\/p>\n<\/div>\n\t\n<a href=\"https:\/\/korpekalemler.net\/index.php\/2023\/05\/25\/psikolojik-acidan-hadislerle-ofke-kontrolu\/\" class=\"post-details details-type-link\" aria-label=\"Read more about Psikolojik A\u00e7\u0131dan Hadislerle \u00d6fke Kontrol\u00fc\">Read more<i class=\"dt-icon-the7-arrow-03\" aria-hidden=\"true\"><\/i><\/a>\n\n<\/div><\/article><article class=\"post project-odd visible post-15931 type-post status-publish format-standard has-post-thumbnail hentry category-cevat-benar category-ilim category-mayis-23 category-205 category-167 category-210 description-off\" data-name=\"\u00c7ocuklar\u0131n Din E\u011fitimi\" data-date=\"2023-05-25T15:56:51+03:00\">\n\n<div class=\"post-thumbnail-wrap\">\n\t<div class=\"post-thumbnail\">\n\n\t\t\n\t\t\n\t\t<a href=\"https:\/\/korpekalemler.net\/index.php\/2023\/05\/25\/cocuklarin-din-egitimi\/\" class=\"post-thumbnail-rollover layzr-bg layzr-bg\" ><img loading=\"lazy\" decoding=\"async\" class=\"blog-thumb-lazy-load preload-me lazy-load\" src=\"data:image\/svg+xml,%3Csvg%20xmlns%3D&#39;http%3A%2F%2Fwww.w3.org%2F2000%2Fsvg&#39;%20viewBox%3D&#39;0%200%20504%20336&#39;%2F%3E\" data-src=\"https:\/\/korpekalemler.net\/wp-content\/uploads\/2023\/05\/images-14-504x336.jpeg\" data-srcset=\"https:\/\/korpekalemler.net\/wp-content\/uploads\/2023\/05\/images-14-504x336.jpeg 504w\" alt=\"\" title=\"images (14)\" width=\"504\" height=\"336\"  \/><\/a>\n\t<\/div>\n<\/div>\n\n\n<div class=\"post-entry-content\">\n\n\t<h3 class=\"entry-title\">\n\t\t<a href=\"https:\/\/korpekalemler.net\/index.php\/2023\/05\/25\/cocuklarin-din-egitimi\/\" title=\"\u00c7ocuklar\u0131n Din E\u011fitimi\" rel=\"bookmark\">\u00c7ocuklar\u0131n Din E\u011fitimi<\/a>\n\t<\/h3>\n\n\t<div class=\"entry-meta\"><span class=\"category-link\"><a href=\"https:\/\/korpekalemler.net\/index.php\/category\/cevat-benar\/\" >Cevat Benar<\/a>, <a href=\"https:\/\/korpekalemler.net\/index.php\/category\/ilim\/\" >\u0130lim<\/a>, <a href=\"https:\/\/korpekalemler.net\/index.php\/category\/mayis-23\/\" >May\u0131s '23<\/a><\/span><a class=\"author vcard\" href=\"https:\/\/korpekalemler.net\/index.php\/author\/korpekalemlerder\/\" title=\"View all posts by K\u00f6rpe Kalemler\" rel=\"author\">By <span class=\"fn\">K\u00f6rpe Kalemler<\/span><\/a><a href=\"https:\/\/korpekalemler.net\/index.php\/2023\/05\/25\/\" title=\"15:56\" class=\"data-link\" rel=\"bookmark\"><time class=\"entry-date updated\" datetime=\"2023-05-25T15:56:51+03:00\">25 May\u0131s 2023<\/time><\/a><a href=\"https:\/\/korpekalemler.net\/index.php\/2023\/05\/25\/cocuklarin-din-egitimi\/#respond\" class=\"comment-link\" >Leave a comment<\/a><\/div>\n\t<div class=\"entry-excerpt\"><p>\u0130slam tasavvurunda insan kutsald\u0131r, e\u015fref-i mahl\u00fbkatt\u0131r. Bu \u00fcst\u00fcnl\u00fc\u011f\u00fcn\u00fc koruyabilmesi i\u00e7in do\u011fum \u00f6ncesinden ba\u015flayan e\u011fitim s\u00fcreciyle haz\u0131rl\u0131k gerekmektedir. Dini inan\u00e7lar\u0131n\u0131 tan\u0131mas\u0131, gere\u011fi gibi alg\u0131lamas\u0131 ve ya\u015fant\u0131s\u0131n\u0131 bu temeller \u00fczerine bina etmesi, insan-hayat-varl\u0131k-\u00e2lem tasavvurunun dengeli bir \u015fekilde olu\u015fmas\u0131 gerekir. \u0130nsan, hayat\u0131 boyunca kendini ke\u015fif yolculu\u011funa \u00e7\u0131kar. Bu yolculukta onu y\u00f6nlendirecek bilgi ve belgeleri tan\u0131mas\u0131 gerekir. Tarih boyunca&hellip;<\/p>\n<\/div>\n\t\n<a href=\"https:\/\/korpekalemler.net\/index.php\/2023\/05\/25\/cocuklarin-din-egitimi\/\" class=\"post-details details-type-link\" aria-label=\"Read more about \u00c7ocuklar\u0131n Din E\u011fitimi\">Read more<i class=\"dt-icon-the7-arrow-03\" aria-hidden=\"true\"><\/i><\/a>\n\n<\/div><\/article><article class=\"post project-odd visible post-15939 type-post status-publish format-standard has-post-thumbnail hentry category-ilim category-mayis-23 category-semaceyhan category-167 category-210 category-152 description-off\" data-name=\"H\u0131d\u0131rellez ve Bahar Bayram\u0131\" data-date=\"2023-05-25T15:55:07+03:00\">\n\n<div class=\"post-thumbnail-wrap\">\n\t<div class=\"post-thumbnail\">\n\n\t\t\n\t\t\n\t\t<a href=\"https:\/\/korpekalemler.net\/index.php\/2023\/05\/25\/hidirellez-ve-bahar-bayrami\/\" class=\"post-thumbnail-rollover layzr-bg layzr-bg\" ><img loading=\"lazy\" decoding=\"async\" class=\"blog-thumb-lazy-load preload-me lazy-load\" src=\"data:image\/svg+xml,%3Csvg%20xmlns%3D&#39;http%3A%2F%2Fwww.w3.org%2F2000%2Fsvg&#39;%20viewBox%3D&#39;0%200%20768%20512&#39;%2F%3E\" data-src=\"https:\/\/korpekalemler.net\/wp-content\/uploads\/2023\/05\/pexels-media-1002335-1684976055103-768x512.jpeg\" data-srcset=\"https:\/\/korpekalemler.net\/wp-content\/uploads\/2023\/05\/pexels-media-1002335-1684976055103-768x512.jpeg 768w, https:\/\/korpekalemler.net\/wp-content\/uploads\/2023\/05\/pexels-media-1002335-1684976055103-1306x870.jpeg 1306w\" alt=\"\" title=\"pexels-media-1002335-1684976055103\" width=\"768\" height=\"512\"  \/><\/a>\n\t<\/div>\n<\/div>\n\n\n<div class=\"post-entry-content\">\n\n\t<h3 class=\"entry-title\">\n\t\t<a href=\"https:\/\/korpekalemler.net\/index.php\/2023\/05\/25\/hidirellez-ve-bahar-bayrami\/\" title=\"H\u0131d\u0131rellez ve Bahar Bayram\u0131\" rel=\"bookmark\">H\u0131d\u0131rellez ve Bahar Bayram\u0131<\/a>\n\t<\/h3>\n\n\t<div class=\"entry-meta\"><span class=\"category-link\"><a href=\"https:\/\/korpekalemler.net\/index.php\/category\/ilim\/\" >\u0130lim<\/a>, <a href=\"https:\/\/korpekalemler.net\/index.php\/category\/mayis-23\/\" >May\u0131s '23<\/a>, <a href=\"https:\/\/korpekalemler.net\/index.php\/category\/semaceyhan\/\" >Sema Ceyhan<\/a><\/span><a class=\"author vcard\" href=\"https:\/\/korpekalemler.net\/index.php\/author\/korpekalemlerder\/\" title=\"View all posts by K\u00f6rpe Kalemler\" rel=\"author\">By <span class=\"fn\">K\u00f6rpe Kalemler<\/span><\/a><a href=\"https:\/\/korpekalemler.net\/index.php\/2023\/05\/25\/\" title=\"15:55\" class=\"data-link\" rel=\"bookmark\"><time class=\"entry-date updated\" datetime=\"2023-05-25T15:55:07+03:00\">25 May\u0131s 2023<\/time><\/a><a href=\"https:\/\/korpekalemler.net\/index.php\/2023\/05\/25\/hidirellez-ve-bahar-bayrami\/#respond\" class=\"comment-link\" >Leave a comment<\/a><\/div>\n\t<div class=\"entry-excerpt\"><p>H\u0131d\u0131rellez g\u00fcn\u00fc: \u201cAsl\u0131, H\u0131z\u0131r ve \u0130lyas (a.s) bulu\u015fmas\u0131d\u0131r. Rumi 23 Nisan, Miladi 6 May\u0131s\u2019a rastlar. \u015eark efsanelerine g\u00f6re \u00f6l\u00fcms\u00fcz say\u0131lan peygamber H\u0131z\u0131r\u2019\u0131n, kendi gibi \u00f6l\u00fcms\u00fcz olan peygamber \u0130lyas ile bulu\u015ftu\u011fu g\u00fcnd\u00fcr. Halk aras\u0131nda bahar bayram\u0131 olarak kabul edilir.\u201d H\u0131d\u0131rellezin Anlam\u0131: H\u0131d\u0131rellez, \u201cH\u0131z\u0131r-\u0130lyas\u201d isimlerinin zamanla halk aras\u0131nda kayna\u015ft\u0131r\u0131lmas\u0131ndan meydana gelmi\u015ftir. Bilindi\u011fi gibi Hazret-i H\u0131z\u0131r (as), Hazret-i&hellip;<\/p>\n<\/div>\n\t\n<a href=\"https:\/\/korpekalemler.net\/index.php\/2023\/05\/25\/hidirellez-ve-bahar-bayrami\/\" class=\"post-details details-type-link\" aria-label=\"Read more about H\u0131d\u0131rellez ve Bahar Bayram\u0131\">Read more<i class=\"dt-icon-the7-arrow-03\" aria-hidden=\"true\"><\/i><\/a>\n\n<\/div><\/article><article class=\"post project-odd visible post-15929 type-post status-publish format-standard has-post-thumbnail hentry category-dusunce category-ilim category-mayis-23 category-yusairmak category-145 category-167 category-210 category-164 description-off\" data-name=\"Yabanc\u0131 G\u00f6z\u00fcyle T\u00fcrkler\" data-date=\"2023-05-25T15:00:28+03:00\">\n\n<div class=\"post-thumbnail-wrap\">\n\t<div class=\"post-thumbnail\">\n\n\t\t\n\t\t\n\t\t<a href=\"https:\/\/korpekalemler.net\/index.php\/2023\/05\/25\/yabanci-gozuyle-turkler\/\" class=\"post-thumbnail-rollover layzr-bg layzr-bg\" ><img loading=\"lazy\" decoding=\"async\" class=\"blog-thumb-lazy-load preload-me lazy-load\" src=\"data:image\/svg+xml,%3Csvg%20xmlns%3D&#39;http%3A%2F%2Fwww.w3.org%2F2000%2Fsvg&#39;%20viewBox%3D&#39;0%200%20768%20512&#39;%2F%3E\" data-src=\"https:\/\/korpekalemler.net\/wp-content\/uploads\/2023\/05\/1685015951503-768x512.jpg\" data-srcset=\"https:\/\/korpekalemler.net\/wp-content\/uploads\/2023\/05\/1685015951503-768x512.jpg 768w, https:\/\/korpekalemler.net\/wp-content\/uploads\/2023\/05\/1685015951503-960x639.jpg 960w\" alt=\"\" title=\"1685015951503\" width=\"768\" height=\"512\"  \/><\/a>\n\t<\/div>\n<\/div>\n\n\n<div class=\"post-entry-content\">\n\n\t<h3 class=\"entry-title\">\n\t\t<a href=\"https:\/\/korpekalemler.net\/index.php\/2023\/05\/25\/yabanci-gozuyle-turkler\/\" title=\"Yabanc\u0131 G\u00f6z\u00fcyle T\u00fcrkler\" rel=\"bookmark\">Yabanc\u0131 G\u00f6z\u00fcyle T\u00fcrkler<\/a>\n\t<\/h3>\n\n\t<div class=\"entry-meta\"><span class=\"category-link\"><a href=\"https:\/\/korpekalemler.net\/index.php\/category\/dusunce\/\" >D\u00fc\u015f\u00fcnce<\/a>, <a href=\"https:\/\/korpekalemler.net\/index.php\/category\/ilim\/\" >\u0130lim<\/a>, <a href=\"https:\/\/korpekalemler.net\/index.php\/category\/mayis-23\/\" >May\u0131s '23<\/a>, <a href=\"https:\/\/korpekalemler.net\/index.php\/category\/yusairmak\/\" >Yu\u015fa Irmak<\/a><\/span><a class=\"author vcard\" href=\"https:\/\/korpekalemler.net\/index.php\/author\/korpekalemlerder\/\" title=\"View all posts by K\u00f6rpe Kalemler\" rel=\"author\">By <span class=\"fn\">K\u00f6rpe Kalemler<\/span><\/a><a href=\"https:\/\/korpekalemler.net\/index.php\/2023\/05\/25\/\" title=\"15:00\" class=\"data-link\" rel=\"bookmark\"><time class=\"entry-date updated\" datetime=\"2023-05-25T15:00:28+03:00\">25 May\u0131s 2023<\/time><\/a><a href=\"https:\/\/korpekalemler.net\/index.php\/2023\/05\/25\/yabanci-gozuyle-turkler\/#respond\" class=\"comment-link\" >Leave a comment<\/a><\/div>\n\t<div class=\"entry-excerpt\"><p>\u0130nsan zor tan\u0131r kendini. Kendi hakk\u0131nda h\u00fck\u00fcm verirken ne kadar subjektifse, bir millete mensup bir ki\u015fi de milletini de\u011ferlendirirken o derece subjektiftir asl\u0131nda. Di\u011fer taraftan, \u015fayet \u00f6nyarg\u0131l\u0131 de\u011filse yedi kat yabanc\u0131, bir millet hakk\u0131nda daha objektif de\u011ferlendirmelerde bulunur. \u0130smail Hami Dani\u015fmend\u2019in \u201cGarb Menbalar\u0131na G\u00f6re T\u00fcrk Seciye ve Ahl\u00e2k\u0131\u201d adl\u0131 kitab\u0131 hi\u00e7 okudunuz mu bilmiyorum. O&hellip;<\/p>\n<\/div>\n\t\n<a href=\"https:\/\/korpekalemler.net\/index.php\/2023\/05\/25\/yabanci-gozuyle-turkler\/\" class=\"post-details details-type-link\" aria-label=\"Read more about Yabanc\u0131 G\u00f6z\u00fcyle T\u00fcrkler\">Read more<i class=\"dt-icon-the7-arrow-03\" aria-hidden=\"true\"><\/i><\/a>\n\n<\/div><\/article><article class=\"post project-odd visible post-15888 type-post status-publish format-standard has-post-thumbnail hentry category-drmusahub category-dusunce category-ilim category-nisan-23 category-148 category-145 category-167 category-207 description-off\" data-name=\"H\u00fcsn\u00fc Bayram A\u011fabey ile Nurlu Hat\u0131ralar\" data-date=\"2023-04-19T20:54:23+03:00\">\n\n<div class=\"post-thumbnail-wrap\">\n\t<div class=\"post-thumbnail\">\n\n\t\t\n\t\t\n\t\t<a href=\"https:\/\/korpekalemler.net\/index.php\/2023\/04\/19\/husnu-bayram-agabey-ile-nurlu-hatiralar\/\" class=\"post-thumbnail-rollover layzr-bg layzr-bg\" ><img loading=\"lazy\" decoding=\"async\" class=\"blog-thumb-lazy-load preload-me lazy-load\" src=\"data:image\/svg+xml,%3Csvg%20xmlns%3D&#39;http%3A%2F%2Fwww.w3.org%2F2000%2Fsvg&#39;%20viewBox%3D&#39;0%200%20768%20512&#39;%2F%3E\" data-src=\"https:\/\/korpekalemler.net\/wp-content\/uploads\/2023\/04\/Screenshot_20230419_203035_Word-768x512.jpg\" data-srcset=\"https:\/\/korpekalemler.net\/wp-content\/uploads\/2023\/04\/Screenshot_20230419_203035_Word-768x512.jpg 768w, https:\/\/korpekalemler.net\/wp-content\/uploads\/2023\/04\/Screenshot_20230419_203035_Word-1306x870.jpg 1306w\" alt=\"\" title=\"Screenshot_20230419_203035_Word\" width=\"768\" height=\"512\"  \/><\/a>\n\t<\/div>\n<\/div>\n\n\n<div class=\"post-entry-content\">\n\n\t<h3 class=\"entry-title\">\n\t\t<a href=\"https:\/\/korpekalemler.net\/index.php\/2023\/04\/19\/husnu-bayram-agabey-ile-nurlu-hatiralar\/\" title=\"H\u00fcsn\u00fc Bayram A\u011fabey ile Nurlu Hat\u0131ralar\" rel=\"bookmark\">H\u00fcsn\u00fc Bayram A\u011fabey ile Nurlu Hat\u0131ralar<\/a>\n\t<\/h3>\n\n\t<div class=\"entry-meta\"><span class=\"category-link\"><a href=\"https:\/\/korpekalemler.net\/index.php\/category\/drmusahub\/\" >Dr. Musa H\u00fbb<\/a>, <a href=\"https:\/\/korpekalemler.net\/index.php\/category\/dusunce\/\" >D\u00fc\u015f\u00fcnce<\/a>, <a href=\"https:\/\/korpekalemler.net\/index.php\/category\/ilim\/\" >\u0130lim<\/a>, <a href=\"https:\/\/korpekalemler.net\/index.php\/category\/nisan-23\/\" >Nisan '23<\/a><\/span><a class=\"author vcard\" href=\"https:\/\/korpekalemler.net\/index.php\/author\/korpekalemlerder\/\" title=\"View all posts by K\u00f6rpe Kalemler\" rel=\"author\">By <span class=\"fn\">K\u00f6rpe Kalemler<\/span><\/a><a href=\"https:\/\/korpekalemler.net\/index.php\/2023\/04\/19\/\" title=\"20:54\" class=\"data-link\" rel=\"bookmark\"><time class=\"entry-date updated\" datetime=\"2023-04-19T20:54:23+03:00\">19 Nisan 2023<\/time><\/a><a href=\"https:\/\/korpekalemler.net\/index.php\/2023\/04\/19\/husnu-bayram-agabey-ile-nurlu-hatiralar\/#respond\" class=\"comment-link\" >Leave a comment<\/a><\/div>\n\t<div class=\"entry-excerpt\"><p>\u00dcstad Bedi\u00fczzaman Said Nurs\u00ee Hazretleri\u2019nin (1878-1960) en yak\u0131n talebelerinden, yan\u0131ndaki hizmetk\u00e2rlar\u0131ndan, n\u00fcf\u00fbsuna ald\u0131\u011f\u0131 manev\u00ee evladlar\u0131ndan ve vefat\u0131 sonras\u0131 v\u00e2rislerinden birisi de Safranbolulu H\u00fcsn\u00fc Bayram a\u011fabeydir (1935-2020). Memleketim olan Safranbolu\u2019lu ilk Nur Talebelerinden olmas\u0131 hasebiyle H\u00fcsn\u00fc Bayram a\u011fabeyi hem\u015fehrim bir Nur A\u011fabeyi olarak kendime \u00e7ok yak\u0131n hissetmi\u015fimdir, onunla ayn\u0131 il\u00e7eden, ayn\u0131 ilden olmakla iftihar etmi\u015fimdir. Nitekim&hellip;<\/p>\n<\/div>\n\t\n<a href=\"https:\/\/korpekalemler.net\/index.php\/2023\/04\/19\/husnu-bayram-agabey-ile-nurlu-hatiralar\/\" class=\"post-details details-type-link\" aria-label=\"Read more about H\u00fcsn\u00fc Bayram A\u011fabey ile Nurlu Hat\u0131ralar\">Read more<i class=\"dt-icon-the7-arrow-03\" aria-hidden=\"true\"><\/i><\/a>\n\n<\/div><\/article><article class=\"post project-odd visible post-15877 type-post status-publish format-standard has-post-thumbnail hentry category-ilim category-inanc category-nisan-23 category-yusufalpturk category-167 category-143 category-207 category-150 description-off\" data-name=\"\u0130MAN\/ TEVH\u0130D\/ TESL\u0130M \/TEVEKK\u00dcL\" data-date=\"2023-04-19T17:43:48+03:00\">\n\n<div class=\"post-thumbnail-wrap\">\n\t<div class=\"post-thumbnail\">\n\n\t\t\n\t\t\n\t\t<a href=\"https:\/\/korpekalemler.net\/index.php\/2023\/04\/19\/iman-tevhid-teslim-tevekkul\/\" class=\"post-thumbnail-rollover layzr-bg layzr-bg\" ><img loading=\"lazy\" decoding=\"async\" class=\"blog-thumb-lazy-load preload-me lazy-load\" src=\"data:image\/svg+xml,%3Csvg%20xmlns%3D&#39;http%3A%2F%2Fwww.w3.org%2F2000%2Fsvg&#39;%20viewBox%3D&#39;0%200%20768%20512&#39;%2F%3E\" data-src=\"https:\/\/korpekalemler.net\/wp-content\/uploads\/2023\/02\/pexels-photo-844297-summer-768x512.jpeg\" data-srcset=\"https:\/\/korpekalemler.net\/wp-content\/uploads\/2023\/02\/pexels-photo-844297-summer-768x512.jpeg 768w, https:\/\/korpekalemler.net\/wp-content\/uploads\/2023\/02\/pexels-photo-844297-summer-1306x870.jpeg 1306w\" alt=\"\" title=\"pexels-photo-844297-summer\" width=\"768\" height=\"512\"  \/><\/a>\n\t<\/div>\n<\/div>\n\n\n<div class=\"post-entry-content\">\n\n\t<h3 class=\"entry-title\">\n\t\t<a href=\"https:\/\/korpekalemler.net\/index.php\/2023\/04\/19\/iman-tevhid-teslim-tevekkul\/\" title=\"\u0130MAN\/ TEVH\u0130D\/ TESL\u0130M \/TEVEKK\u00dcL\" rel=\"bookmark\">\u0130MAN\/ TEVH\u0130D\/ TESL\u0130M \/TEVEKK\u00dcL<\/a>\n\t<\/h3>\n\n\t<div class=\"entry-meta\"><span class=\"category-link\"><a href=\"https:\/\/korpekalemler.net\/index.php\/category\/ilim\/\" >\u0130lim<\/a>, <a href=\"https:\/\/korpekalemler.net\/index.php\/category\/inanc\/\" >\u0130nan\u00e7<\/a>, <a href=\"https:\/\/korpekalemler.net\/index.php\/category\/nisan-23\/\" >Nisan '23<\/a>, <a href=\"https:\/\/korpekalemler.net\/index.php\/category\/yusufalpturk\/\" >Yusuf Alpt\u00fcrk<\/a><\/span><a class=\"author vcard\" href=\"https:\/\/korpekalemler.net\/index.php\/author\/korpekalemlerder\/\" title=\"View all posts by K\u00f6rpe Kalemler\" rel=\"author\">By <span class=\"fn\">K\u00f6rpe Kalemler<\/span><\/a><a href=\"https:\/\/korpekalemler.net\/index.php\/2023\/04\/19\/\" title=\"17:43\" class=\"data-link\" rel=\"bookmark\"><time class=\"entry-date updated\" datetime=\"2023-04-19T17:43:48+03:00\">19 Nisan 2023<\/time><\/a><a href=\"https:\/\/korpekalemler.net\/index.php\/2023\/04\/19\/iman-tevhid-teslim-tevekkul\/#respond\" class=\"comment-link\" >Leave a comment<\/a><\/div>\n\t<div class=\"entry-excerpt\"><p>\u201cEndi\u015fe, kayg\u0131, korku insan\u00ee bir \u00f6zellik ve f\u0131trat\u0131n gere\u011fidir. \u0130frat\u0131 da tefriti de dengeyi bozar.. &#8220;Onlar iman etmiyorlar diye\u00a0 neredeyse kendini helak edeceksin&#8221; (\u015euara suresi 3) ayeti Hz. Peygamberin beldesindeki insanlar\u0131n, baz\u0131 akrabalar\u0131n\u0131n, tan\u0131d\u0131klar\u0131n\u0131n, kimi arkada\u015flar\u0131n\u0131n onca \u00e7aba, u\u011fra\u015f, dualar\u0131na ra\u011fmen iman etmemesi neticesinde kendini helak etme derecesine d\u00fc\u015ft\u00fc\u011f\u00fcn\u00fc g\u00f6steriyor. Ayn\u0131 t\u00fcr kayg\u0131lar\u0131 di\u011fer peygamberlerde&hellip;<\/p>\n<\/div>\n\t\n<a href=\"https:\/\/korpekalemler.net\/index.php\/2023\/04\/19\/iman-tevhid-teslim-tevekkul\/\" class=\"post-details details-type-link\" aria-label=\"Read more about \u0130MAN\/ TEVH\u0130D\/ TESL\u0130M \/TEVEKK\u00dcL\">Read more<i class=\"dt-icon-the7-arrow-03\" aria-hidden=\"true\"><\/i><\/a>\n\n<\/div><\/article><article class=\"post project-odd visible post-15875 type-post status-publish format-standard has-post-thumbnail hentry category-ilim category-inanc category-nisan-23 category-semaceyhan category-167 category-143 category-207 category-152 description-off\" data-name=\"AHLAK\u00c7A EN G\u00dcZEL \u0130NSAN OLAN EFEND\u0130M\u0130Z&#8217;\u0130N  (s.a.v.) VELADET\u0130\" data-date=\"2023-04-19T17:41:55+03:00\">\n\n<div class=\"post-thumbnail-wrap\">\n\t<div class=\"post-thumbnail\">\n\n\t\t\n\t\t\n\t\t<a href=\"https:\/\/korpekalemler.net\/index.php\/2023\/04\/19\/ahlakca-en-guzel-insan-olan-efendimizin-s-a-v-veladeti\/\" class=\"post-thumbnail-rollover layzr-bg layzr-bg\" ><img loading=\"lazy\" decoding=\"async\" class=\"blog-thumb-lazy-load preload-me lazy-load\" src=\"data:image\/svg+xml,%3Csvg%20xmlns%3D&#39;http%3A%2F%2Fwww.w3.org%2F2000%2Fsvg&#39;%20viewBox%3D&#39;0%200%20554%20369&#39;%2F%3E\" data-src=\"https:\/\/korpekalemler.net\/wp-content\/uploads\/2023\/04\/images-13-554x369.jpeg\" data-srcset=\"https:\/\/korpekalemler.net\/wp-content\/uploads\/2023\/04\/images-13-554x369.jpeg 554w\" alt=\"\" title=\"images (13)\" width=\"554\" height=\"369\"  \/><\/a>\n\t<\/div>\n<\/div>\n\n\n<div class=\"post-entry-content\">\n\n\t<h3 class=\"entry-title\">\n\t\t<a href=\"https:\/\/korpekalemler.net\/index.php\/2023\/04\/19\/ahlakca-en-guzel-insan-olan-efendimizin-s-a-v-veladeti\/\" title=\"AHLAK\u00c7A EN G\u00dcZEL \u0130NSAN OLAN EFEND\u0130M\u0130Z&#8217;\u0130N  (s.a.v.) VELADET\u0130\" rel=\"bookmark\">AHLAK\u00c7A EN G\u00dcZEL \u0130NSAN OLAN EFEND\u0130M\u0130Z&#8217;\u0130N  (s.a.v.) VELADET\u0130<\/a>\n\t<\/h3>\n\n\t<div class=\"entry-meta\"><span class=\"category-link\"><a href=\"https:\/\/korpekalemler.net\/index.php\/category\/ilim\/\" >\u0130lim<\/a>, <a href=\"https:\/\/korpekalemler.net\/index.php\/category\/inanc\/\" >\u0130nan\u00e7<\/a>, <a href=\"https:\/\/korpekalemler.net\/index.php\/category\/nisan-23\/\" >Nisan '23<\/a>, <a href=\"https:\/\/korpekalemler.net\/index.php\/category\/semaceyhan\/\" >Sema Ceyhan<\/a><\/span><a class=\"author vcard\" href=\"https:\/\/korpekalemler.net\/index.php\/author\/korpekalemlerder\/\" title=\"View all posts by K\u00f6rpe Kalemler\" rel=\"author\">By <span class=\"fn\">K\u00f6rpe Kalemler<\/span><\/a><a href=\"https:\/\/korpekalemler.net\/index.php\/2023\/04\/19\/\" title=\"17:41\" class=\"data-link\" rel=\"bookmark\"><time class=\"entry-date updated\" datetime=\"2023-04-19T17:41:55+03:00\">19 Nisan 2023<\/time><\/a><a href=\"https:\/\/korpekalemler.net\/index.php\/2023\/04\/19\/ahlakca-en-guzel-insan-olan-efendimizin-s-a-v-veladeti\/#respond\" class=\"comment-link\" >Leave a comment<\/a><\/div>\n\t<div class=\"entry-excerpt\"><p>Nitekim Cenab-\u0131 Hak, bir ayette mealen \u015f\u00f6yle buyurmaktad\u0131r: \u201cHi\u00e7 \u015f\u00fcphesiz sen pek y\u00fcksek bir ahl\u00e2k \u00fczeresin!\u201d (Kalem, 68-4) Hz. Muhammed (asm) son semavi din olan ve h\u00fckm\u00fc k\u0131yamete kadar ge\u00e7erli olacak \u0130slam dinini getirdi\u011fi ve bundan sonra da herhangi bir din ve \u015feriat gelmeyece\u011fi i\u00e7in , o da peygamberlerin sonuncusu olmu\u015ftur. Ondan sonra resul ve&hellip;<\/p>\n<\/div>\n\t\n<a href=\"https:\/\/korpekalemler.net\/index.php\/2023\/04\/19\/ahlakca-en-guzel-insan-olan-efendimizin-s-a-v-veladeti\/\" class=\"post-details details-type-link\" aria-label=\"Read more about AHLAK\u00c7A EN G\u00dcZEL \u0130NSAN OLAN EFEND\u0130M\u0130Z&#8217;\u0130N  (s.a.v.) VELADET\u0130\">Read more<i class=\"dt-icon-the7-arrow-03\" aria-hidden=\"true\"><\/i><\/a>\n\n<\/div><\/article><article class=\"post project-odd visible post-15873 type-post status-publish format-standard has-post-thumbnail hentry category-dusunce category-elifebayraktar category-ilim category-nisan-23 category-145 category-151 category-167 category-207 description-off\" data-name=\"\u015eEREFL\u0130 \u0130NSANIN S\u00dcS\u00dc : AL\u00c7AKG\u00d6N\u00dcLL\u00dcL\u00dcK\" data-date=\"2023-04-19T17:38:23+03:00\">\n\n<div class=\"post-thumbnail-wrap\">\n\t<div class=\"post-thumbnail\">\n\n\t\t\n\t\t\n\t\t<a href=\"https:\/\/korpekalemler.net\/index.php\/2023\/04\/19\/serefli-insanin-susu-alcakgonulluluk\/\" class=\"post-thumbnail-rollover layzr-bg layzr-bg\" ><img loading=\"lazy\" decoding=\"async\" class=\"blog-thumb-lazy-load preload-me lazy-load\" src=\"data:image\/svg+xml,%3Csvg%20xmlns%3D&#39;http%3A%2F%2Fwww.w3.org%2F2000%2Fsvg&#39;%20viewBox%3D&#39;0%200%20640%20426&#39;%2F%3E\" data-src=\"https:\/\/korpekalemler.net\/wp-content\/uploads\/2023\/02\/usamaneal-ok7wcJmlQqg-unsplash-1-640x426.jpg\" data-srcset=\"https:\/\/korpekalemler.net\/wp-content\/uploads\/2023\/02\/usamaneal-ok7wcJmlQqg-unsplash-1-640x426.jpg 640w\" alt=\"\"  width=\"640\" height=\"426\"  \/><\/a>\n\t<\/div>\n<\/div>\n\n\n<div class=\"post-entry-content\">\n\n\t<h3 class=\"entry-title\">\n\t\t<a href=\"https:\/\/korpekalemler.net\/index.php\/2023\/04\/19\/serefli-insanin-susu-alcakgonulluluk\/\" title=\"\u015eEREFL\u0130 \u0130NSANIN S\u00dcS\u00dc : AL\u00c7AKG\u00d6N\u00dcLL\u00dcL\u00dcK\" rel=\"bookmark\">\u015eEREFL\u0130 \u0130NSANIN S\u00dcS\u00dc : AL\u00c7AKG\u00d6N\u00dcLL\u00dcL\u00dcK<\/a>\n\t<\/h3>\n\n\t<div class=\"entry-meta\"><span class=\"category-link\"><a href=\"https:\/\/korpekalemler.net\/index.php\/category\/dusunce\/\" >D\u00fc\u015f\u00fcnce<\/a>, <a href=\"https:\/\/korpekalemler.net\/index.php\/category\/elifebayraktar\/\" >Elif E. Bayraktar<\/a>, <a href=\"https:\/\/korpekalemler.net\/index.php\/category\/ilim\/\" >\u0130lim<\/a>, <a href=\"https:\/\/korpekalemler.net\/index.php\/category\/nisan-23\/\" >Nisan '23<\/a><\/span><a class=\"author vcard\" href=\"https:\/\/korpekalemler.net\/index.php\/author\/korpekalemlerder\/\" title=\"View all posts by K\u00f6rpe Kalemler\" rel=\"author\">By <span class=\"fn\">K\u00f6rpe Kalemler<\/span><\/a><a href=\"https:\/\/korpekalemler.net\/index.php\/2023\/04\/19\/\" title=\"17:38\" class=\"data-link\" rel=\"bookmark\"><time class=\"entry-date updated\" datetime=\"2023-04-19T17:38:23+03:00\">19 Nisan 2023<\/time><\/a><a href=\"https:\/\/korpekalemler.net\/index.php\/2023\/04\/19\/serefli-insanin-susu-alcakgonulluluk\/#respond\" class=\"comment-link\" >Leave a comment<\/a><\/div>\n\t<div class=\"entry-excerpt\"><p>\u201cDaima al\u00e7ak g\u00f6n\u00fcll\u00fc ol, \u015ferefli insanlar\u0131n s\u00fcs\u00fc budur.\u201d (Fer\u00eed\u00fcddin Att\u00e2r) Kibir, insan\u0131n \u015fuurunu kapatan en b\u00fcy\u00fck engellerden biri. \u015eeytan\u0131n, Allah&#8217;a isyan\u0131na sebep olan karakter \u00f6zelli\u011fidir kibir ve insan\u0131 Allah korkusundan uzakla\u015ft\u0131r\u0131r, vicdan\u00ee hassasiyeti zay\u0131flat\u0131r. Bu duygu, \u015feytan\u0131n l\u00e2netlenmesine, kovulmas\u0131na ve cehennem azab\u0131na m\u00fcstahak olmas\u0131na sebep olmu\u015ftur. B\u00fcy\u00fcklenme ve kibir, insan\u0131 d\u00fcnyada ve ahirette \u00e7ok b\u00fcy\u00fck&hellip;<\/p>\n<\/div>\n\t\n<a href=\"https:\/\/korpekalemler.net\/index.php\/2023\/04\/19\/serefli-insanin-susu-alcakgonulluluk\/\" class=\"post-details details-type-link\" aria-label=\"Read more about \u015eEREFL\u0130 \u0130NSANIN S\u00dcS\u00dc : AL\u00c7AKG\u00d6N\u00dcLL\u00dcL\u00dcK\">Read more<i class=\"dt-icon-the7-arrow-03\" aria-hidden=\"true\"><\/i><\/a>\n\n<\/div><\/article><article class=\"post project-odd visible post-15871 type-post status-publish format-standard has-post-thumbnail hentry category-dusunce category-ilim category-nisan-23 category-rukiyeanar category-145 category-167 category-207 category-160 description-off\" data-name=\"\u00c7A\u011eI OKUMAK\" data-date=\"2023-04-19T17:35:26+03:00\">\n\n<div class=\"post-thumbnail-wrap\">\n\t<div class=\"post-thumbnail\">\n\n\t\t\n\t\t\n\t\t<a href=\"https:\/\/korpekalemler.net\/index.php\/2023\/04\/19\/cagi-okumak\/\" class=\"post-thumbnail-rollover layzr-bg layzr-bg\" ><img loading=\"lazy\" decoding=\"async\" class=\"blog-thumb-lazy-load preload-me lazy-load\" src=\"data:image\/svg+xml,%3Csvg%20xmlns%3D&#39;http%3A%2F%2Fwww.w3.org%2F2000%2Fsvg&#39;%20viewBox%3D&#39;0%200%20768%20512&#39;%2F%3E\" data-src=\"https:\/\/korpekalemler.net\/wp-content\/uploads\/2023\/03\/whatsappimage2023-03-23at1623218847692148278.-768x512.jpg\" data-srcset=\"https:\/\/korpekalemler.net\/wp-content\/uploads\/2023\/03\/whatsappimage2023-03-23at1623218847692148278.-768x512.jpg 768w, https:\/\/korpekalemler.net\/wp-content\/uploads\/2023\/03\/whatsappimage2023-03-23at1623218847692148278.-1148x764.jpg 1148w\" alt=\"\" title=\"whatsapp image 2023-03-23 at 1623218847692148278.\" width=\"768\" height=\"512\"  \/><\/a>\n\t<\/div>\n<\/div>\n\n\n<div class=\"post-entry-content\">\n\n\t<h3 class=\"entry-title\">\n\t\t<a href=\"https:\/\/korpekalemler.net\/index.php\/2023\/04\/19\/cagi-okumak\/\" title=\"\u00c7A\u011eI OKUMAK\" rel=\"bookmark\">\u00c7A\u011eI OKUMAK<\/a>\n\t<\/h3>\n\n\t<div class=\"entry-meta\"><span class=\"category-link\"><a href=\"https:\/\/korpekalemler.net\/index.php\/category\/dusunce\/\" >D\u00fc\u015f\u00fcnce<\/a>, <a href=\"https:\/\/korpekalemler.net\/index.php\/category\/ilim\/\" >\u0130lim<\/a>, <a href=\"https:\/\/korpekalemler.net\/index.php\/category\/nisan-23\/\" >Nisan '23<\/a>, <a href=\"https:\/\/korpekalemler.net\/index.php\/category\/rukiyeanar\/\" >Rukiye Anar<\/a><\/span><a class=\"author vcard\" href=\"https:\/\/korpekalemler.net\/index.php\/author\/korpekalemlerder\/\" title=\"View all posts by K\u00f6rpe Kalemler\" rel=\"author\">By <span class=\"fn\">K\u00f6rpe Kalemler<\/span><\/a><a href=\"https:\/\/korpekalemler.net\/index.php\/2023\/04\/19\/\" title=\"17:35\" class=\"data-link\" rel=\"bookmark\"><time class=\"entry-date updated\" datetime=\"2023-04-19T17:35:26+03:00\">19 Nisan 2023<\/time><\/a><a href=\"https:\/\/korpekalemler.net\/index.php\/2023\/04\/19\/cagi-okumak\/#respond\" class=\"comment-link\" >Leave a comment<\/a><\/div>\n\t<div class=\"entry-excerpt\"><p>Her \u015feyden \u00f6nce inan\u00e7la dirilmi\u015f, ilahi gaye ile donanm\u0131\u015f bir insan\u0131n kendi \u00e7a\u011f\u0131n\u0131 okumas\u0131 gerekir. Zira her devrin \u015fartlar\u0131\u00a0 ve \u00f6zellikleri apayr\u0131d\u0131r. Buna g\u00f6re milletlerin alg\u0131lar\u0131 ve kabulleri de farkl\u0131d\u0131r. Her devirde ayr\u0131 bir\u00a0 nebi, her as\u0131rda ayr\u0131 bir kitap gelmesindeki hikmetlerden biri de bu olabilir. Gelen uyar\u0131c\u0131 zaman\u0131n bozuk d\u00fc\u015f\u00fcnce,\u00a0 inan\u00e7 ve tutumlar\u0131n\u0131 de\u011fi\u015ftirmeye&hellip;<\/p>\n<\/div>\n\t\n<a href=\"https:\/\/korpekalemler.net\/index.php\/2023\/04\/19\/cagi-okumak\/\" class=\"post-details details-type-link\" aria-label=\"Read more about \u00c7A\u011eI OKUMAK\">Read more<i class=\"dt-icon-the7-arrow-03\" aria-hidden=\"true\"><\/i><\/a>\n\n<\/div><\/article><article class=\"post project-odd visible post-15860 type-post status-publish format-standard has-post-thumbnail hentry category-dr-mehmet-derindag category-ilim category-nisan-23 category-208 category-167 category-207 description-off\" data-name=\"H\u00dcSN\u00dc BAYRAM A\u011eABEY: H\u00c2L\u0130, VEK\u00c2LET\u0130 VE S\u0130YASET\u0130\" data-date=\"2023-04-19T17:23:02+03:00\">\n\n<div class=\"post-thumbnail-wrap\">\n\t<div class=\"post-thumbnail\">\n\n\t\t\n\t\t\n\t\t<a href=\"https:\/\/korpekalemler.net\/index.php\/2023\/04\/19\/husnu-bayram-agabey-hali-vekaleti-ve-siyaseti\/\" class=\"post-thumbnail-rollover layzr-bg layzr-bg\" ><img loading=\"lazy\" decoding=\"async\" class=\"blog-thumb-lazy-load preload-me lazy-load\" src=\"data:image\/svg+xml,%3Csvg%20xmlns%3D&#39;http%3A%2F%2Fwww.w3.org%2F2000%2Fsvg&#39;%20viewBox%3D&#39;0%200%20768%20512&#39;%2F%3E\" data-src=\"https:\/\/korpekalemler.net\/wp-content\/uploads\/2023\/04\/Screenshot_20230419_171528_Word-768x512.jpg\" data-srcset=\"https:\/\/korpekalemler.net\/wp-content\/uploads\/2023\/04\/Screenshot_20230419_171528_Word-768x512.jpg 768w, https:\/\/korpekalemler.net\/wp-content\/uploads\/2023\/04\/Screenshot_20230419_171528_Word-1306x870.jpg 1306w\" alt=\"\" title=\"Screenshot_20230419_171528_Word\" width=\"768\" height=\"512\"  \/><\/a>\n\t<\/div>\n<\/div>\n\n\n<div class=\"post-entry-content\">\n\n\t<h3 class=\"entry-title\">\n\t\t<a href=\"https:\/\/korpekalemler.net\/index.php\/2023\/04\/19\/husnu-bayram-agabey-hali-vekaleti-ve-siyaseti\/\" title=\"H\u00dcSN\u00dc BAYRAM A\u011eABEY: H\u00c2L\u0130, VEK\u00c2LET\u0130 VE S\u0130YASET\u0130\" rel=\"bookmark\">H\u00dcSN\u00dc BAYRAM A\u011eABEY: H\u00c2L\u0130, VEK\u00c2LET\u0130 VE S\u0130YASET\u0130<\/a>\n\t<\/h3>\n\n\t<div class=\"entry-meta\"><span class=\"category-link\"><a href=\"https:\/\/korpekalemler.net\/index.php\/category\/dr-mehmet-derindag\/\" >Dr. Mehmet R. Derinda\u011f<\/a>, <a href=\"https:\/\/korpekalemler.net\/index.php\/category\/ilim\/\" >\u0130lim<\/a>, <a href=\"https:\/\/korpekalemler.net\/index.php\/category\/nisan-23\/\" >Nisan '23<\/a><\/span><a class=\"author vcard\" href=\"https:\/\/korpekalemler.net\/index.php\/author\/korpekalemlerder\/\" title=\"View all posts by K\u00f6rpe Kalemler\" rel=\"author\">By <span class=\"fn\">K\u00f6rpe Kalemler<\/span><\/a><a href=\"https:\/\/korpekalemler.net\/index.php\/2023\/04\/19\/\" title=\"17:23\" class=\"data-link\" rel=\"bookmark\"><time class=\"entry-date updated\" datetime=\"2023-04-19T17:23:02+03:00\">19 Nisan 2023<\/time><\/a><a href=\"https:\/\/korpekalemler.net\/index.php\/2023\/04\/19\/husnu-bayram-agabey-hali-vekaleti-ve-siyaseti\/#respond\" class=\"comment-link\" >Leave a comment<\/a><\/div>\n\t<div class=\"entry-excerpt\"><p>H\u00fcsn\u00fc Bayramo\u011flu A\u011fabeyin vefat\u0131n\u0131n sene-i devriyesi m\u00fcnasebetiyle yan\u0131nda, yak\u0131n\u0131nda olmakla g\u00f6rd\u00fc\u011f\u00fcm baz\u0131 ahval ve evsaf\u0131n\u0131 duaya vesile olmas\u0131 niyetiyle arz ediyorum. Bu niyetle birlikte sabahtan ak\u015fama kadar bu zat-\u0131 nuraniyi tavsif ve tarif etsem necip \u00dcstad\u0131m\u0131z\u0131n \u201cevlad\u0131m\u201d iltifat\u0131n\u0131n yerini tutamayaca\u011f\u0131 da a\u015fikard\u0131r. Evvela; H\u00fcsn\u00fc A\u011fabey Hz. \u00dcstad\u0131m\u0131z\u0131n ismini ilk duydu\u011fu, Risaleleri ilk yazmaya ba\u015flad\u0131\u011f\u0131 1942&hellip;<\/p>\n<\/div>\n\t\n<a href=\"https:\/\/korpekalemler.net\/index.php\/2023\/04\/19\/husnu-bayram-agabey-hali-vekaleti-ve-siyaseti\/\" class=\"post-details details-type-link\" aria-label=\"Read more about H\u00dcSN\u00dc BAYRAM A\u011eABEY: H\u00c2L\u0130, VEK\u00c2LET\u0130 VE S\u0130YASET\u0130\">Read more<i class=\"dt-icon-the7-arrow-03\" aria-hidden=\"true\"><\/i><\/a>\n\n<\/div><\/article><article class=\"post project-odd visible post-15775 type-post status-publish format-standard has-post-thumbnail hentry category-ilim category-mart-23 category-mucahitguler tag-mart23 category-167 category-204 category-157 description-off\" data-name=\"RAMAZAN K\u00dcLT\u00dcR\u00dc VE\u00a0ORUCUN PS\u0130KOLOJ\u0130K ETK\u0130S\u0130\" data-date=\"2023-03-23T21:04:51+03:00\">\n\n<div class=\"post-thumbnail-wrap\">\n\t<div class=\"post-thumbnail\">\n\n\t\t\n\t\t\n\t\t<a href=\"https:\/\/korpekalemler.net\/index.php\/2023\/03\/23\/ramazan-kulturu-ve-orucun-psikolojik-etkisi\/\" class=\"post-thumbnail-rollover layzr-bg layzr-bg\" ><img loading=\"lazy\" decoding=\"async\" class=\"blog-thumb-lazy-load preload-me lazy-load\" src=\"data:image\/svg+xml,%3Csvg%20xmlns%3D&#39;http%3A%2F%2Fwww.w3.org%2F2000%2Fsvg&#39;%20viewBox%3D&#39;0%200%20768%20512&#39;%2F%3E\" data-src=\"https:\/\/korpekalemler.net\/wp-content\/uploads\/2022\/10\/pexels-media-1209999-1665690790861-768x512.jpeg\" data-srcset=\"https:\/\/korpekalemler.net\/wp-content\/uploads\/2022\/10\/pexels-media-1209999-1665690790861-768x512.jpeg 768w, https:\/\/korpekalemler.net\/wp-content\/uploads\/2022\/10\/pexels-media-1209999-1665690790861-1306x870.jpeg 1306w\" alt=\"\"  width=\"768\" height=\"512\"  \/><\/a>\n\t<\/div>\n<\/div>\n\n\n<div class=\"post-entry-content\">\n\n\t<h3 class=\"entry-title\">\n\t\t<a href=\"https:\/\/korpekalemler.net\/index.php\/2023\/03\/23\/ramazan-kulturu-ve-orucun-psikolojik-etkisi\/\" title=\"RAMAZAN K\u00dcLT\u00dcR\u00dc VE\u00a0ORUCUN PS\u0130KOLOJ\u0130K ETK\u0130S\u0130\" rel=\"bookmark\">RAMAZAN K\u00dcLT\u00dcR\u00dc VE\u00a0ORUCUN PS\u0130KOLOJ\u0130K ETK\u0130S\u0130<\/a>\n\t<\/h3>\n\n\t<div class=\"entry-meta\"><span class=\"category-link\"><a href=\"https:\/\/korpekalemler.net\/index.php\/category\/ilim\/\" >\u0130lim<\/a>, <a href=\"https:\/\/korpekalemler.net\/index.php\/category\/mart-23\/\" >Mart '23<\/a>, <a href=\"https:\/\/korpekalemler.net\/index.php\/category\/mucahitguler\/\" >M\u00fccahit G\u00fcler<\/a><\/span><a class=\"author vcard\" href=\"https:\/\/korpekalemler.net\/index.php\/author\/korpekalemlerder\/\" title=\"View all posts by K\u00f6rpe Kalemler\" rel=\"author\">By <span class=\"fn\">K\u00f6rpe Kalemler<\/span><\/a><a href=\"https:\/\/korpekalemler.net\/index.php\/2023\/03\/23\/\" title=\"21:04\" class=\"data-link\" rel=\"bookmark\"><time class=\"entry-date updated\" datetime=\"2023-03-23T21:04:51+03:00\">23 Mart 2023<\/time><\/a><a href=\"https:\/\/korpekalemler.net\/index.php\/2023\/03\/23\/ramazan-kulturu-ve-orucun-psikolojik-etkisi\/#respond\" class=\"comment-link\" >Leave a comment<\/a><\/div>\n\t<div class=\"entry-excerpt\"><p>Bin y\u0131ldan hay\u0131rl\u0131 olan, g\u00f6n\u00fclleri iman ile dolduran, k\u00fcsleri bar\u0131\u015ft\u0131ran, ayr\u0131l\u0131\u011f\u0131 birle\u015ftiren, do\u011fudan bat\u0131ya b\u00fct\u00fcn m\u00fcminleri bir araya getiren, bereketi art\u0131ran, karde\u015fli\u011fi peki\u015ftiren, c\u00f6mertli\u011fi \u00f6\u011freten m\u00fcbarek Ramazan ay\u0131na \u015f\u00fck\u00fcrler olsun ki kavu\u015ftuk. Merhaba ey kutlu ay, g\u00f6n\u00fcllere merhamet ve sevin\u00e7 dolduran ay, merhaba. Ba\u015f\u0131 rahmet, ortas\u0131 ma\u011ffiret, sonu cennet olan bu ay, m\u00fcminlerin kurtulu\u015f ay\u0131d\u0131r.&hellip;<\/p>\n<\/div>\n\t\n<a href=\"https:\/\/korpekalemler.net\/index.php\/2023\/03\/23\/ramazan-kulturu-ve-orucun-psikolojik-etkisi\/\" class=\"post-details details-type-link\" aria-label=\"Read more about RAMAZAN K\u00dcLT\u00dcR\u00dc VE\u00a0ORUCUN PS\u0130KOLOJ\u0130K ETK\u0130S\u0130\">Read more<i class=\"dt-icon-the7-arrow-03\" aria-hidden=\"true\"><\/i><\/a>\n\n<\/div><\/article><article class=\"post project-odd visible post-15759 type-post status-publish format-standard has-post-thumbnail hentry category-ilim category-mart-23 category-semaceyhan tag-mart23 category-167 category-204 category-152 media-wide description-off\" data-name=\"DEPREMDE \u00ceS\u00c2R HASLET\u0130\" data-date=\"2023-03-23T20:36:40+03:00\">\n\n<div class=\"post-thumbnail-wrap\">\n\t<div class=\"post-thumbnail\">\n\n\t\t\n\t\t\n\t\t<a href=\"https:\/\/korpekalemler.net\/index.php\/2023\/03\/23\/depremde-isar-hasleti\/\" class=\"post-thumbnail-rollover layzr-bg layzr-bg\" ><img loading=\"lazy\" decoding=\"async\" class=\"blog-thumb-lazy-load preload-me lazy-load\" src=\"data:image\/svg+xml,%3Csvg%20xmlns%3D&#39;http%3A%2F%2Fwww.w3.org%2F2000%2Fsvg&#39;%20viewBox%3D&#39;0%200%20540%20360&#39;%2F%3E\" data-src=\"https:\/\/korpekalemler.net\/wp-content\/uploads\/2023\/03\/WhatsApp-Image-2023-03-23-at-16.18.55-540x360.jpeg\" data-srcset=\"https:\/\/korpekalemler.net\/wp-content\/uploads\/2023\/03\/WhatsApp-Image-2023-03-23-at-16.18.55-540x360.jpeg 540w\" alt=\"\" title=\"WhatsApp Image 2023-03-23 at 16.18.55\" width=\"540\" height=\"360\"  \/><\/a>\n\t<\/div>\n<\/div>\n\n\n<div class=\"post-entry-content\">\n\n\t<h3 class=\"entry-title\">\n\t\t<a href=\"https:\/\/korpekalemler.net\/index.php\/2023\/03\/23\/depremde-isar-hasleti\/\" title=\"DEPREMDE \u00ceS\u00c2R HASLET\u0130\" rel=\"bookmark\">DEPREMDE \u00ceS\u00c2R HASLET\u0130<\/a>\n\t<\/h3>\n\n\t<div class=\"entry-meta\"><span class=\"category-link\"><a href=\"https:\/\/korpekalemler.net\/index.php\/category\/ilim\/\" >\u0130lim<\/a>, <a href=\"https:\/\/korpekalemler.net\/index.php\/category\/mart-23\/\" >Mart '23<\/a>, <a href=\"https:\/\/korpekalemler.net\/index.php\/category\/semaceyhan\/\" >Sema Ceyhan<\/a><\/span><a class=\"author vcard\" href=\"https:\/\/korpekalemler.net\/index.php\/author\/korpekalemlerder\/\" title=\"View all posts by K\u00f6rpe Kalemler\" rel=\"author\">By <span class=\"fn\">K\u00f6rpe Kalemler<\/span><\/a><a href=\"https:\/\/korpekalemler.net\/index.php\/2023\/03\/23\/\" title=\"20:36\" class=\"data-link\" rel=\"bookmark\"><time class=\"entry-date updated\" datetime=\"2023-03-23T20:36:40+03:00\">23 Mart 2023<\/time><\/a><a href=\"https:\/\/korpekalemler.net\/index.php\/2023\/03\/23\/depremde-isar-hasleti\/#respond\" class=\"comment-link\" >Leave a comment<\/a><\/div>\n\t<div class=\"entry-excerpt\"><p>S\u00f6zl\u00fckte: \u0130sar, di\u011ferg\u00e2ml\u0131k, sahabe mesle\u011fi olan \u00a0ulvi bir duygu, y\u00fcksek bir haslet ve insanlar aras\u0131ndaki sevgi ve sayg\u0131, merhamet, \u015fefkat, karde\u015fli\u011fin bir tezah\u00fcr\u00fc. C\u00f6mertli\u011fin bir \u00fcst derecesi herhangi bir din karde\u015fini kendi ihtiyac\u0131 olsa da nefsine tercih etme duygusu. S\u00f6z\u00fcn \u00f6z\u00fc: \u0130sar makamda, malda, mans\u0131pta, din\u00ee ve d\u00fcnyev\u00ee lezzetlerde insan\u0131n All\u00e2h\u2019\u0131n r\u0131zas\u0131n\u0131 hedefleyerek yekdi\u011ferini tercih&hellip;<\/p>\n<\/div>\n\t\n<a href=\"https:\/\/korpekalemler.net\/index.php\/2023\/03\/23\/depremde-isar-hasleti\/\" class=\"post-details details-type-link\" aria-label=\"Read more about DEPREMDE \u00ceS\u00c2R HASLET\u0130\">Read more<i class=\"dt-icon-the7-arrow-03\" aria-hidden=\"true\"><\/i><\/a>\n\n<\/div><\/article><article class=\"post project-odd visible post-15748 type-post status-publish format-standard has-post-thumbnail hentry category-ilim category-kevsersabaalkaya category-mart-23 tag-mart23 category-167 category-149 category-204 description-off\" data-name=\"YA\u015eADI\u011eINIZ G\u0130B\u0130 \u00d6L\u00dcRS\u00dcN\u00dcZ!\" data-date=\"2023-03-23T20:36:14+03:00\">\n\n<div class=\"post-thumbnail-wrap\">\n\t<div class=\"post-thumbnail\">\n\n\t\t\n\t\t\n\t\t<a href=\"https:\/\/korpekalemler.net\/index.php\/2023\/03\/23\/yasadiginiz-gibi-olursunuz\/\" class=\"post-thumbnail-rollover layzr-bg layzr-bg\" ><img loading=\"lazy\" decoding=\"async\" class=\"blog-thumb-lazy-load preload-me lazy-load\" src=\"data:image\/svg+xml,%3Csvg%20xmlns%3D&#39;http%3A%2F%2Fwww.w3.org%2F2000%2Fsvg&#39;%20viewBox%3D&#39;0%200%20768%20512&#39;%2F%3E\" data-src=\"https:\/\/korpekalemler.net\/wp-content\/uploads\/2023\/03\/WhatsApp-Image-2023-03-23-at-16.18.58-768x512.jpeg\" data-srcset=\"https:\/\/korpekalemler.net\/wp-content\/uploads\/2023\/03\/WhatsApp-Image-2023-03-23-at-16.18.58-768x512.jpeg 768w, https:\/\/korpekalemler.net\/wp-content\/uploads\/2023\/03\/WhatsApp-Image-2023-03-23-at-16.18.58-1306x870.jpeg 1306w\" alt=\"\" title=\"WhatsApp Image 2023-03-23 at 16.18.58\" width=\"768\" height=\"512\"  \/><\/a>\n\t<\/div>\n<\/div>\n\n\n<div class=\"post-entry-content\">\n\n\t<h3 class=\"entry-title\">\n\t\t<a href=\"https:\/\/korpekalemler.net\/index.php\/2023\/03\/23\/yasadiginiz-gibi-olursunuz\/\" title=\"YA\u015eADI\u011eINIZ G\u0130B\u0130 \u00d6L\u00dcRS\u00dcN\u00dcZ!\" rel=\"bookmark\">YA\u015eADI\u011eINIZ G\u0130B\u0130 \u00d6L\u00dcRS\u00dcN\u00dcZ!<\/a>\n\t<\/h3>\n\n\t<div class=\"entry-meta\"><span class=\"category-link\"><a href=\"https:\/\/korpekalemler.net\/index.php\/category\/ilim\/\" >\u0130lim<\/a>, <a href=\"https:\/\/korpekalemler.net\/index.php\/category\/kevsersabaalkaya\/\" >Kevser Sab\u00e2 Alkaya<\/a>, <a href=\"https:\/\/korpekalemler.net\/index.php\/category\/mart-23\/\" >Mart '23<\/a><\/span><a class=\"author vcard\" href=\"https:\/\/korpekalemler.net\/index.php\/author\/korpekalemlerder\/\" title=\"View all posts by K\u00f6rpe Kalemler\" rel=\"author\">By <span class=\"fn\">K\u00f6rpe Kalemler<\/span><\/a><a href=\"https:\/\/korpekalemler.net\/index.php\/2023\/03\/23\/\" title=\"20:36\" class=\"data-link\" rel=\"bookmark\"><time class=\"entry-date updated\" datetime=\"2023-03-23T20:36:14+03:00\">23 Mart 2023<\/time><\/a><a href=\"https:\/\/korpekalemler.net\/index.php\/2023\/03\/23\/yasadiginiz-gibi-olursunuz\/#respond\" class=\"comment-link\" >Leave a comment<\/a><\/div>\n\t<div class=\"entry-excerpt\"><p>Hem bir m\u00fcjde, hem bir ikaz bu nebev\u00ee beyan. \u0130lk kez duydu\u011fumda kalbimi titreten&#8230; \u0130nsan\u0131n \u00f6l\u00fcm\u00fc ya\u015fant\u0131s\u0131n\u0131n m\u00fchr\u00fcd\u00fcr; i\u015fbu y\u00fczden h\u00fcsn-\u00fc h\u00e2time dilemi\u015f erenler. H\u00fcsn\u00fc h\u00e2timeyi ilk kez m\u00fcr\u015fidimden duymu\u015ftum. &#8220;H\u00fcs\u00fcn&#8221; g\u00fczel, &#8220;h\u00e2time&#8221; ise son demek; yani g\u00fczel son. Hasaneyn efendilerimizin isimleri de ayn\u0131 k\u00f6kten. Hz. H\u00fcseyin ve Hz. Hasan. H\u00fcsn\u00fcn as\u0131l sahibi Hz. Allah&hellip;<\/p>\n<\/div>\n\t\n<a href=\"https:\/\/korpekalemler.net\/index.php\/2023\/03\/23\/yasadiginiz-gibi-olursunuz\/\" class=\"post-details details-type-link\" aria-label=\"Read more about YA\u015eADI\u011eINIZ G\u0130B\u0130 \u00d6L\u00dcRS\u00dcN\u00dcZ!\">Read more<i class=\"dt-icon-the7-arrow-03\" aria-hidden=\"true\"><\/i><\/a>\n\n<\/div><\/article><article class=\"post project-odd visible post-15678 type-post status-publish format-standard has-post-thumbnail hentry category-drmusahub category-ilim category-subat23 tag-ilim tag-subat2023 category-148 category-167 category-121 media-wide description-off\" data-name=\"M. Said \u00d6zdemir A\u011fabey \u0130le Nurlu Hat\u0131ralar\" data-date=\"2023-03-07T01:05:03+03:00\">\n\n<div class=\"post-thumbnail-wrap\">\n\t<div class=\"post-thumbnail\">\n\n\t\t\n\t\t\n\t\t<a href=\"https:\/\/korpekalemler.net\/index.php\/2023\/03\/07\/m-said-ozdemir-agabey-ile-nurlu-hatiralar-2\/\" class=\"post-thumbnail-rollover layzr-bg layzr-bg\" ><img loading=\"lazy\" decoding=\"async\" class=\"blog-thumb-lazy-load preload-me lazy-load\" src=\"data:image\/svg+xml,%3Csvg%20xmlns%3D&#39;http%3A%2F%2Fwww.w3.org%2F2000%2Fsvg&#39;%20viewBox%3D&#39;0%200%20768%20512&#39;%2F%3E\" data-src=\"https:\/\/korpekalemler.net\/wp-content\/uploads\/2023\/02\/Screenshot_20230227_210613_Word-768x512.jpg\" data-srcset=\"https:\/\/korpekalemler.net\/wp-content\/uploads\/2023\/02\/Screenshot_20230227_210613_Word-768x512.jpg 768w, https:\/\/korpekalemler.net\/wp-content\/uploads\/2023\/02\/Screenshot_20230227_210613_Word-1306x870.jpg 1306w\" alt=\"\" title=\"Screenshot_20230227_210613_Word\" width=\"768\" height=\"512\"  \/><\/a>\n\t<\/div>\n<\/div>\n\n\n<div class=\"post-entry-content\">\n\n\t<h3 class=\"entry-title\">\n\t\t<a href=\"https:\/\/korpekalemler.net\/index.php\/2023\/03\/07\/m-said-ozdemir-agabey-ile-nurlu-hatiralar-2\/\" title=\"M. Said \u00d6zdemir A\u011fabey \u0130le Nurlu Hat\u0131ralar\" rel=\"bookmark\">M. Said \u00d6zdemir A\u011fabey \u0130le Nurlu Hat\u0131ralar<\/a>\n\t<\/h3>\n\n\t<div class=\"entry-meta\"><span class=\"category-link\"><a href=\"https:\/\/korpekalemler.net\/index.php\/category\/drmusahub\/\" >Dr. Musa H\u00fbb<\/a>, <a href=\"https:\/\/korpekalemler.net\/index.php\/category\/ilim\/\" >\u0130lim<\/a>, <a href=\"https:\/\/korpekalemler.net\/index.php\/category\/subat23\/\" >\u015eubat '23<\/a><\/span><a class=\"author vcard\" href=\"https:\/\/korpekalemler.net\/index.php\/author\/korpekalemlerder\/\" title=\"View all posts by K\u00f6rpe Kalemler\" rel=\"author\">By <span class=\"fn\">K\u00f6rpe Kalemler<\/span><\/a><a href=\"https:\/\/korpekalemler.net\/index.php\/2023\/03\/07\/\" title=\"01:05\" class=\"data-link\" rel=\"bookmark\"><time class=\"entry-date updated\" datetime=\"2023-03-07T01:05:03+03:00\">7 Mart 2023<\/time><\/a><a href=\"https:\/\/korpekalemler.net\/index.php\/2023\/03\/07\/m-said-ozdemir-agabey-ile-nurlu-hatiralar-2\/#respond\" class=\"comment-link\" >Leave a comment<\/a><\/div>\n\t<div class=\"entry-excerpt\"><p>[vc_row css=&#8221;.vc_custom_1678140779987{margin-left: 200px !important;}&#8221;][vc_column][vc_column_text] \u00dcstad Bedi\u00fczzaman Said Nurs\u00ee\u2019nin ve Risale-i Nur\u2019un V\u00e2ris-i Vekili M. SA\u0130D \u00d6ZDEM\u0130R A\u011eABEY \u0130LE NURLU HATIRALAR Dr. Musa Hub SA\u0130D \u00d6ZDEM\u0130R VE SERG\u00dcZE\u015eT-\u0130 HAYATI \u00dcstad Bedi\u00fczzaman Said Nurs\u00ee Hazretlerini (1878-1960) ile \u00dc\u00e7\u00fcnc\u00fc Said devresinde (1949-1960) Isparta\u2019daki \u015fimdi m\u00fcze olan evde ziyaret edip ona talebe olan (1953) ve geri kalan 63 y\u0131ll\u0131k&hellip;<\/p>\n<\/div>\n\t\n<a href=\"https:\/\/korpekalemler.net\/index.php\/2023\/03\/07\/m-said-ozdemir-agabey-ile-nurlu-hatiralar-2\/\" class=\"post-details details-type-link\" aria-label=\"Read more about M. Said \u00d6zdemir A\u011fabey \u0130le Nurlu Hat\u0131ralar\">Read more<i class=\"dt-icon-the7-arrow-03\" aria-hidden=\"true\"><\/i><\/a>\n\n<\/div><\/article><article class=\"post project-odd visible post-325 type-post status-publish format-standard has-post-thumbnail hentry category-ekim22 category-ilim category-prof-dr-ahmet-albayrak tag-ekim2022 tag-ilim category-125 category-167 category-169 description-off\" data-name=\"\u0130deallerle Donanm\u0131\u015f Gen\u00e7 \u00d6zlemi\" data-date=\"2022-10-14T19:41:56+03:00\">\n\n<div class=\"post-thumbnail-wrap\">\n\t<div class=\"post-thumbnail\">\n\n\t\t\n\t\t\n\t\t<a href=\"https:\/\/korpekalemler.net\/index.php\/2022\/10\/14\/ideallerle-donanmis-genc-ozlemi\/\" class=\"post-thumbnail-rollover layzr-bg layzr-bg\" ><img loading=\"lazy\" decoding=\"async\" class=\"blog-thumb-lazy-load preload-me lazy-load\" src=\"data:image\/svg+xml,%3Csvg%20xmlns%3D&#39;http%3A%2F%2Fwww.w3.org%2F2000%2Fsvg&#39;%20viewBox%3D&#39;0%200%20768%20512&#39;%2F%3E\" data-src=\"https:\/\/korpekalemler.net\/wp-content\/uploads\/2022\/10\/pexels-media-755385-1665627410109-768x512.jpeg\" data-srcset=\"https:\/\/korpekalemler.net\/wp-content\/uploads\/2022\/10\/pexels-media-755385-1665627410109-768x512.jpeg 768w, https:\/\/korpekalemler.net\/wp-content\/uploads\/2022\/10\/pexels-media-755385-1665627410109-1306x870.jpeg 1306w\" alt=\"\"  width=\"768\" height=\"512\"  \/><\/a>\n\t<\/div>\n<\/div>\n\n\n<div class=\"post-entry-content\">\n\n\t<h3 class=\"entry-title\">\n\t\t<a href=\"https:\/\/korpekalemler.net\/index.php\/2022\/10\/14\/ideallerle-donanmis-genc-ozlemi\/\" title=\"\u0130deallerle Donanm\u0131\u015f Gen\u00e7 \u00d6zlemi\" rel=\"bookmark\">\u0130deallerle Donanm\u0131\u015f Gen\u00e7 \u00d6zlemi<\/a>\n\t<\/h3>\n\n\t<div class=\"entry-meta\"><span class=\"category-link\"><a href=\"https:\/\/korpekalemler.net\/index.php\/category\/ekim22\/\" >Ekim '22<\/a>, <a href=\"https:\/\/korpekalemler.net\/index.php\/category\/ilim\/\" >\u0130lim<\/a>, <a href=\"https:\/\/korpekalemler.net\/index.php\/category\/prof-dr-ahmet-albayrak\/\" >Prof. Dr. Ahmet Albayrak<\/a><\/span><a class=\"author vcard\" href=\"https:\/\/korpekalemler.net\/index.php\/author\/korpekalemlerder\/\" title=\"View all posts by K\u00f6rpe Kalemler\" rel=\"author\">By <span class=\"fn\">K\u00f6rpe Kalemler<\/span><\/a><a href=\"https:\/\/korpekalemler.net\/index.php\/2022\/10\/14\/\" title=\"19:41\" class=\"data-link\" rel=\"bookmark\"><time class=\"entry-date updated\" datetime=\"2022-10-14T19:41:56+03:00\">14 Ekim 2022<\/time><\/a><a href=\"https:\/\/korpekalemler.net\/index.php\/2022\/10\/14\/ideallerle-donanmis-genc-ozlemi\/#respond\" class=\"comment-link\" >Leave a comment<\/a><\/div>\n\t<div class=\"entry-excerpt\"><p>\u0130DEALLERLE DONANMI\u015e GEN\u00c7 \u00d6ZLEM\u0130 Prof.Dr. Ahmet Albayrak \u201cB\u00fcy\u00fck insanlar\u0131n idealleri, s\u0131radan insanlar\u0131n ise hevesleri vard\u0131r.\u201d W. Irving \u0130nsan\u0131n ki\u015filik yap\u0131lanmas\u0131, \u00f6rnek ald\u0131\u011f\u0131 modellerle kurdu\u011fu \u00f6zde\u015fle\u015fme ile \u00e7ocukluk d\u00f6neminde olu\u015fma\u011fa ba\u015flamaktad\u0131r. Gencin olgunla\u015fmas\u0131, ruhsal a\u00e7\u0131dan geli\u015fimi ve benlik b\u00fct\u00fcnl\u00fc\u011f\u00fcne kavu\u015fmas\u0131, gen\u00e7lik d\u00f6nemindeki \u00e7evre \u015fartlar\u0131n\u0131n yeterlili\u011fi ve ald\u0131\u011f\u0131 e\u011fitim ve \u00f6\u011fretimin kendi ki\u015fisel geli\u015fimine uygun olmas\u0131na ba\u011fl\u0131d\u0131r.&hellip;<\/p>\n<\/div>\n\t\n<a href=\"https:\/\/korpekalemler.net\/index.php\/2022\/10\/14\/ideallerle-donanmis-genc-ozlemi\/\" class=\"post-details details-type-link\" aria-label=\"Read more about \u0130deallerle Donanm\u0131\u015f Gen\u00e7 \u00d6zlemi\">Read more<i class=\"dt-icon-the7-arrow-03\" aria-hidden=\"true\"><\/i><\/a>\n\n<\/div><\/article><article class=\"post project-odd visible post-342 type-post status-publish format-standard has-post-thumbnail hentry category-ekim22 category-ilim category-yusairmak category-125 category-167 category-164 description-off\" data-name=\"Yetkin \u0130nsan\" data-date=\"2022-10-14T19:40:03+03:00\">\n\n<div class=\"post-thumbnail-wrap\">\n\t<div class=\"post-thumbnail\">\n\n\t\t\n\t\t\n\t\t<a href=\"https:\/\/korpekalemler.net\/index.php\/2022\/10\/14\/yetkin-insan\/\" class=\"post-thumbnail-rollover layzr-bg layzr-bg\" ><img loading=\"lazy\" decoding=\"async\" class=\"blog-thumb-lazy-load preload-me lazy-load\" src=\"data:image\/svg+xml,%3Csvg%20xmlns%3D&#39;http%3A%2F%2Fwww.w3.org%2F2000%2Fsvg&#39;%20viewBox%3D&#39;0%200%20768%20512&#39;%2F%3E\" data-src=\"https:\/\/korpekalemler.net\/wp-content\/uploads\/2022\/10\/20221014_192635-768x512.jpg\" data-srcset=\"https:\/\/korpekalemler.net\/wp-content\/uploads\/2022\/10\/20221014_192635-768x512.jpg 768w, https:\/\/korpekalemler.net\/wp-content\/uploads\/2022\/10\/20221014_192635-1306x870.jpg 1306w\" alt=\"\"  width=\"768\" height=\"512\"  \/><\/a>\n\t<\/div>\n<\/div>\n\n\n<div class=\"post-entry-content\">\n\n\t<h3 class=\"entry-title\">\n\t\t<a href=\"https:\/\/korpekalemler.net\/index.php\/2022\/10\/14\/yetkin-insan\/\" title=\"Yetkin \u0130nsan\" rel=\"bookmark\">Yetkin \u0130nsan<\/a>\n\t<\/h3>\n\n\t<div class=\"entry-meta\"><span class=\"category-link\"><a href=\"https:\/\/korpekalemler.net\/index.php\/category\/ekim22\/\" >Ekim '22<\/a>, <a href=\"https:\/\/korpekalemler.net\/index.php\/category\/ilim\/\" >\u0130lim<\/a>, <a href=\"https:\/\/korpekalemler.net\/index.php\/category\/yusairmak\/\" >Yu\u015fa Irmak<\/a><\/span><a class=\"author vcard\" href=\"https:\/\/korpekalemler.net\/index.php\/author\/korpekalemlerder\/\" title=\"View all posts by K\u00f6rpe Kalemler\" rel=\"author\">By <span class=\"fn\">K\u00f6rpe Kalemler<\/span><\/a><a href=\"https:\/\/korpekalemler.net\/index.php\/2022\/10\/14\/\" title=\"19:40\" class=\"data-link\" rel=\"bookmark\"><time class=\"entry-date updated\" datetime=\"2022-10-14T19:40:03+03:00\">14 Ekim 2022<\/time><\/a><a href=\"https:\/\/korpekalemler.net\/index.php\/2022\/10\/14\/yetkin-insan\/#comments\" class=\"comment-link\" >1 Comment<\/a><\/div>\n\t<div class=\"entry-excerpt\"><p>YETK\u0130N \u0130NSAN Ali Osman POLAT Orijinal ismi &#8220;Det Perfekte Menneske&#8221; olan 1967 yap\u0131m\u0131 Jorgen Leth imzali &#8220;Perfect Human (Kusursuz \u0130nsan)&#8221; belgeselini bilmiyorum izlediniz mi? Filmde k\u0131saca, insan (kad\u0131n &#8211; erkek) ve bu iki cinsin davran\u0131\u015flar\u0131 mercek alt\u0131na al\u0131narak incelenip sorgulan\u0131yor.. Yakla\u015f\u0131k 12 dakikal\u0131k k\u0131sa bir film olan \u201cKusursuz \u0130nsan\u201d\u0131 seyrederken Bat\u0131\u2019n\u0131n ve Do\u011fu\u2019nun insana bak\u0131\u015f&hellip;<\/p>\n<\/div>\n\t\n<a href=\"https:\/\/korpekalemler.net\/index.php\/2022\/10\/14\/yetkin-insan\/\" class=\"post-details details-type-link\" aria-label=\"Read more about Yetkin \u0130nsan\">Read more<i class=\"dt-icon-the7-arrow-03\" aria-hidden=\"true\"><\/i><\/a>\n\n<\/div><\/article><\/div>[\/vc_column][\/vc_row]<\/p>\n","protected":false},"excerpt":{"rendered":"<p>[vc_row][vc_column][\/vc_column][\/vc_row]<\/p>\n","protected":false},"author":1,"featured_media":0,"parent":0,"menu_order":0,"comment_status":"closed","ping_status":"closed","template":"","meta":{"saved_in_kubio":false,"_mi_skip_tracking":false,"_monsterinsights_sitenote_active":false,"_monsterinsights_sitenote_note":"","_monsterinsights_sitenote_category":0,"footnotes":""},"class_list":["post-15298","page","type-page","status-publish","hentry","description-off"],"aioseo_notices":[],"kubio_ai_page_context":{"short_desc":"","purpose":"general"},"jetpack_sharing_enabled":true,"_links":{"self":[{"href":"https:\/\/korpekalemler.net\/index.php\/wp-json\/wp\/v2\/pages\/15298"}],"collection":[{"href":"https:\/\/korpekalemler.net\/index.php\/wp-json\/wp\/v2\/pages"}],"about":[{"href":"https:\/\/korpekalemler.net\/index.php\/wp-json\/wp\/v2\/types\/page"}],"author":[{"embeddable":true,"href":"https:\/\/korpekalemler.net\/index.php\/wp-json\/wp\/v2\/users\/1"}],"replies":[{"embeddable":true,"href":"https:\/\/korpekalemler.net\/index.php\/wp-json\/wp\/v2\/comments?post=15298"}],"version-history":[{"count":2,"href":"https:\/\/korpekalemler.net\/index.php\/wp-json\/wp\/v2\/pages\/15298\/revisions"}],"predecessor-version":[{"id":15314,"href":"https:\/\/korpekalemler.net\/index.php\/wp-json\/wp\/v2\/pages\/15298\/revisions\/15314"}],"wp:attachment":[{"href":"https:\/\/korpekalemler.net\/index.php\/wp-json\/wp\/v2\/media?parent=15298"}],"curies":[{"name":"wp","href":"https:\/\/api.w.org\/{rel}","templated":true}]}}