{"id":15291,"date":"2023-02-16T23:57:31","date_gmt":"2023-02-16T20:57:31","guid":{"rendered":"https:\/\/korpekalemler.net\/?page_id=15291"},"modified":"2023-02-19T02:46:59","modified_gmt":"2023-02-18T23:46:59","slug":"inanc","status":"publish","type":"page","link":"https:\/\/korpekalemler.net\/index.php\/inanc\/","title":{"rendered":"\u0130nan\u00e7"},"content":{"rendered":"<p>[vc_row][vc_column]<style type=\"text\/css\" data-type=\"the7_shortcodes-inline-css\">.blog-shortcode.blog-list-shortcode-id-21edbe24facf249018f68e766f2a44ac.dividers-on.classic-layout-list article {\n  margin-top: 50px;\n  padding-top: 0;\n}\n.blog-shortcode.blog-list-shortcode-id-21edbe24facf249018f68e766f2a44ac.dividers-on.classic-layout-list article:first-of-type {\n  margin-top: 0;\n  padding-top: 0;\n}\n.blog-shortcode.blog-list-shortcode-id-21edbe24facf249018f68e766f2a44ac.classic-layout-list.mode-list .post-thumbnail-wrap {\n  width: 50%;\n}\n.blog-shortcode.blog-list-shortcode-id-21edbe24facf249018f68e766f2a44ac.classic-layout-list.mode-list .post-entry-content {\n  width: calc(100% - 50%);\n}\n.blog-shortcode.blog-list-shortcode-id-21edbe24facf249018f68e766f2a44ac.classic-layout-list.mode-list .no-img .post-entry-content {\n  width: 100%;\n}\n.blog-shortcode.blog-list-shortcode-id-21edbe24facf249018f68e766f2a44ac .filter-bg-decoration .filter-categories a.act {\n  color: #fff;\n}\n.blog-shortcode.blog-list-shortcode-id-21edbe24facf249018f68e766f2a44ac:not(.mode-masonry) article {\n  margin-top: 50px;\n}\n.blog-shortcode.blog-list-shortcode-id-21edbe24facf249018f68e766f2a44ac:not(.mode-masonry) article:first-of-type,\n.blog-shortcode.blog-list-shortcode-id-21edbe24facf249018f68e766f2a44ac:not(.mode-masonry) article.visible.first:not(.product) {\n  margin-top: 0;\n}\n.blog-shortcode.blog-list-shortcode-id-21edbe24facf249018f68e766f2a44ac.dividers-on:not(.mode-masonry) article {\n  margin-top: 0;\n  padding-top: 50px;\n}\n.blog-shortcode.blog-list-shortcode-id-21edbe24facf249018f68e766f2a44ac.dividers-on:not(.mode-masonry) article:first-of-type,\n.blog-shortcode.blog-list-shortcode-id-21edbe24facf249018f68e766f2a44ac.dividers-on:not(.mode-masonry) article.visible.first:not(.product) {\n  margin-top: 0;\n  padding-top: 0;\n}\n.blog-shortcode.blog-list-shortcode-id-21edbe24facf249018f68e766f2a44ac .post-thumbnail-wrap {\n  padding: 0px 0px 0px 0px;\n}\n.blog-shortcode.blog-list-shortcode-id-21edbe24facf249018f68e766f2a44ac.enable-bg-rollover .post-thumbnail-rollover:after {\n  background: -webkit-linear-gradient();\n  background: linear-gradient();\n}\n.blog-shortcode.blog-list-shortcode-id-21edbe24facf249018f68e766f2a44ac .gallery-zoom-ico {\n  width: 44px;\n  height: 44px;\n  line-height: 44px;\n  border-radius: 100px;\n  margin: -22px 0 0 -22px;\n  border-width: 0px;\n  color: #ffffff;\n}\n.bottom-overlap-layout-list.blog-shortcode.blog-list-shortcode-id-21edbe24facf249018f68e766f2a44ac .gallery-zoom-ico {\n  margin-top: -22px;\n}\n.gradient-overlay-layout-list.blog-shortcode.blog-list-shortcode-id-21edbe24facf249018f68e766f2a44ac .gallery-zoom-ico,\n.content-rollover-layout-list.blog-shortcode.blog-list-shortcode-id-21edbe24facf249018f68e766f2a44ac .gallery-zoom-ico {\n  margin: 0 0 10px;\n}\n.content-align-center.gradient-overlay-layout-list.blog-shortcode.blog-list-shortcode-id-21edbe24facf249018f68e766f2a44ac .gallery-zoom-ico,\n.content-align-center.content-rollover-layout-list.blog-shortcode.blog-list-shortcode-id-21edbe24facf249018f68e766f2a44ac .gallery-zoom-ico {\n  margin: 0 auto 10px;\n}\n.dt-icon-bg-on.blog-shortcode.blog-list-shortcode-id-21edbe24facf249018f68e766f2a44ac .gallery-zoom-ico {\n  background: rgba(255,255,255,0.3);\n  box-shadow: none;\n}\n.blog-shortcode.blog-list-shortcode-id-21edbe24facf249018f68e766f2a44ac .gallery-zoom-ico > span,\n.blog-shortcode.blog-list-shortcode-id-21edbe24facf249018f68e766f2a44ac .gallery-zoom-ico:before {\n  font-size: 32px;\n  line-height: 44px;\n}\n.blog-shortcode.blog-list-shortcode-id-21edbe24facf249018f68e766f2a44ac .gallery-zoom-ico > span,\n.blog-shortcode.blog-list-shortcode-id-21edbe24facf249018f68e766f2a44ac .gallery-zoom-ico:before {\n  color: #ffffff;\n}\n.blog-shortcode.blog-list-shortcode-id-21edbe24facf249018f68e766f2a44ac .fancy-date a {\n  background: #ffffff;\n  box-shadow: none;\n}\n.blog-shortcode.blog-list-shortcode-id-21edbe24facf249018f68e766f2a44ac .fancy-date a * {\n  color: #2d2d2d;\n}\n.blog-shortcode.blog-list-shortcode-id-21edbe24facf249018f68e766f2a44ac .entry-title,\n.blog-shortcode.blog-list-shortcode-id-21edbe24facf249018f68e766f2a44ac.owl-carousel .entry-title {\n  margin-bottom: 5px;\n  font-weight: bold;\n}\n.blog-shortcode.blog-list-shortcode-id-21edbe24facf249018f68e766f2a44ac .entry-meta {\n  margin-bottom: 15px;\n}\n.blog-shortcode.blog-list-shortcode-id-21edbe24facf249018f68e766f2a44ac .portfolio-categories {\n  margin-bottom: 15px;\n}\n.blog-shortcode.blog-list-shortcode-id-21edbe24facf249018f68e766f2a44ac .entry-excerpt {\n  margin-bottom: 5px;\n}\n.blog-shortcode.blog-list-shortcode-id-21edbe24facf249018f68e766f2a44ac:not(.centered-layout-list) .post-entry-content {\n  padding: 25px 30px 30px 30px;\n}\n.blog-shortcode.blog-list-shortcode-id-21edbe24facf249018f68e766f2a44ac:not(.centered-layout-list):not(.content-bg-on):not(.mode-list) .no-img .post-entry-content {\n  padding: 0;\n}\n@media screen and (max-width: 768px) {\n  .blog-shortcode.blog-list-shortcode-id-21edbe24facf249018f68e766f2a44ac article {\n    -ms-flex-flow: column nowrap;\n    flex-flow: column nowrap;\n    margin-top: 20px;\n  }\n  .blog-shortcode.blog-list-shortcode-id-21edbe24facf249018f68e766f2a44ac.dividers-on article {\n    border: none;\n  }\n  .blog-shortcode.blog-list-shortcode-id-21edbe24facf249018f68e766f2a44ac.content-bg-on.centered-layout-list article {\n    padding: 0;\n  }\n  .blog-shortcode.blog-list-shortcode-id-21edbe24facf249018f68e766f2a44ac.blog-shortcode.dividers-on article,\n  .blog-shortcode.blog-list-shortcode-id-21edbe24facf249018f68e766f2a44ac.dividers-on.classic-layout-list article {\n    margin-top: 20px;\n    padding: 0;\n  }\n  .blog-shortcode.blog-list-shortcode-id-21edbe24facf249018f68e766f2a44ac.blog-shortcode.dividers-on article:first-of-type,\n  .blog-shortcode.blog-list-shortcode-id-21edbe24facf249018f68e766f2a44ac.dividers-on.classic-layout-list article:first-of-type {\n    padding: 0;\n  }\n  #page .blog-shortcode.blog-list-shortcode-id-21edbe24facf249018f68e766f2a44ac .post-thumbnail-wrap,\n  #page .blog-shortcode.blog-list-shortcode-id-21edbe24facf249018f68e766f2a44ac .post-entry-content {\n    width: 100%;\n    margin: 0;\n    top: 0;\n  }\n  #page .blog-shortcode.blog-list-shortcode-id-21edbe24facf249018f68e766f2a44ac .post-thumbnail-wrap {\n    padding: 0;\n  }\n  #page .blog-shortcode.blog-list-shortcode-id-21edbe24facf249018f68e766f2a44ac .post-entry-content:after {\n    display: none;\n  }\n  #page .blog-shortcode.blog-list-shortcode-id-21edbe24facf249018f68e766f2a44ac .project-even .post-thumbnail-wrap,\n  #page .blog-shortcode.blog-list-shortcode-id-21edbe24facf249018f68e766f2a44ac.centered-layout-list .post-thumbnail-wrap {\n    -ms-flex-order: 0;\n    order: 0;\n  }\n  #page .blog-shortcode.blog-list-shortcode-id-21edbe24facf249018f68e766f2a44ac.centered-layout-list .post-entry-title-content {\n    -ms-flex-order: 1;\n    order: 1;\n    width: 100%;\n    padding: 20px 20px 0;\n  }\n  #page .blog-shortcode.blog-list-shortcode-id-21edbe24facf249018f68e766f2a44ac.centered-layout-list .post-entry-content {\n    -ms-flex-order: 2;\n    order: 2;\n    padding-top: 0;\n  }\n  #page .blog-shortcode.blog-list-shortcode-id-21edbe24facf249018f68e766f2a44ac .fancy-categories {\n    top: 10px;\n    left: 10px;\n    bottom: auto;\n    right: auto;\n  }\n  #page .blog-shortcode.blog-list-shortcode-id-21edbe24facf249018f68e766f2a44ac .fancy-date a {\n    top: 10px;\n    right: 10px;\n    left: auto;\n    bottom: auto;\n  }\n  #page .blog-shortcode.blog-list-shortcode-id-21edbe24facf249018f68e766f2a44ac .post-entry-content {\n    padding: 20px;\n  }\n  #page .blog-shortcode.blog-list-shortcode-id-21edbe24facf249018f68e766f2a44ac .entry-title {\n    margin: 3px 0 5px;\n    font-size: 20px;\n    line-height: 26px;\n  }\n  #page .blog-shortcode.blog-list-shortcode-id-21edbe24facf249018f68e766f2a44ac .entry-meta {\n    margin: 5px 0 5px;\n  }\n  #page .blog-shortcode.blog-list-shortcode-id-21edbe24facf249018f68e766f2a44ac .entry-excerpt {\n    margin: 15px 0 0;\n  }\n  #page .blog-shortcode.blog-list-shortcode-id-21edbe24facf249018f68e766f2a44ac .post-details {\n    margin: 5px 0 10px;\n  }\n  #page .blog-shortcode.blog-list-shortcode-id-21edbe24facf249018f68e766f2a44ac .post-details.details-type-link {\n    margin-bottom: 2px;\n  }\n}\n<\/style><div class=\"articles-list blog-shortcode mode-list blog-list-shortcode-id-21edbe24facf249018f68e766f2a44ac classic-layout-list content-bg-on jquery-filter scale-img dt-icon-bg-off loading-effect-fade-in\" data-cur-page=\"1\" data-post-limit=\"-1\" data-pagination-mode=\"none\"><article class=\"post project-odd visible post-17252 type-post status-publish format-standard has-post-thumbnail hentry category-drmusahub category-dusunce category-ilim category-inanc category-nisan-26 category-148 category-145 category-167 category-143 category-303 description-off\" data-name=\"Kutlu Do\u011fuma Sevinmek mi,  Kutlu \u00d6l\u00fcme \u00dcz\u00fclmek mi?\" data-date=\"2026-04-15T20:14:45+03:00\">\n\n<div class=\"post-thumbnail-wrap\">\n\t<div class=\"post-thumbnail\">\n\n\t\t\n\t\t\n\t\t<a href=\"https:\/\/korpekalemler.net\/index.php\/2026\/04\/15\/kutlu-doguma-sevinmek-mi-kutlu-olume-uzulmek-mi\/\" class=\"post-thumbnail-rollover layzr-bg layzr-bg\" ><img loading=\"lazy\" decoding=\"async\" class=\"blog-thumb-lazy-load preload-me lazy-load\" src=\"data:image\/svg+xml,%3Csvg%20xmlns%3D&#39;http%3A%2F%2Fwww.w3.org%2F2000%2Fsvg&#39;%20viewBox%3D&#39;0%200%20768%20512&#39;%2F%3E\" data-src=\"https:\/\/korpekalemler.net\/wp-content\/uploads\/2026\/04\/1776540251435-768x512.png\" data-srcset=\"https:\/\/korpekalemler.net\/wp-content\/uploads\/2026\/04\/1776540251435-768x512.png 768w, https:\/\/korpekalemler.net\/wp-content\/uploads\/2026\/04\/1776540251435-1104x736.png 1104w\" alt=\"\" title=\"1776540251435\" width=\"768\" height=\"512\"  \/><\/a>\n\t<\/div>\n<\/div>\n\n\n<div class=\"post-entry-content\">\n\n\t<h3 class=\"entry-title\">\n\t\t<a href=\"https:\/\/korpekalemler.net\/index.php\/2026\/04\/15\/kutlu-doguma-sevinmek-mi-kutlu-olume-uzulmek-mi\/\" title=\"Kutlu Do\u011fuma Sevinmek mi,  Kutlu \u00d6l\u00fcme \u00dcz\u00fclmek mi?\" rel=\"bookmark\">Kutlu Do\u011fuma Sevinmek mi,  Kutlu \u00d6l\u00fcme \u00dcz\u00fclmek mi?<\/a>\n\t<\/h3>\n\n\t<div class=\"entry-meta\"><span class=\"category-link\"><a href=\"https:\/\/korpekalemler.net\/index.php\/category\/drmusahub\/\" >Dr. Musa H\u00fbb<\/a>, <a href=\"https:\/\/korpekalemler.net\/index.php\/category\/dusunce\/\" >D\u00fc\u015f\u00fcnce<\/a>, <a href=\"https:\/\/korpekalemler.net\/index.php\/category\/ilim\/\" >\u0130lim<\/a>, <a href=\"https:\/\/korpekalemler.net\/index.php\/category\/inanc\/\" >\u0130nan\u00e7<\/a>, <a href=\"https:\/\/korpekalemler.net\/index.php\/category\/nisan-26\/\" >Nisan '26<\/a><\/span><a class=\"author vcard\" href=\"https:\/\/korpekalemler.net\/index.php\/author\/korpekalemlerder\/\" title=\"View all posts by K\u00f6rpe Kalemler\" rel=\"author\">By <span class=\"fn\">K\u00f6rpe Kalemler<\/span><\/a><a href=\"https:\/\/korpekalemler.net\/index.php\/2026\/04\/15\/\" title=\"20:14\" class=\"data-link\" rel=\"bookmark\"><time class=\"entry-date updated\" datetime=\"2026-04-15T20:14:45+03:00\">15 Nisan 2026<\/time><\/a><a href=\"https:\/\/korpekalemler.net\/index.php\/2026\/04\/15\/kutlu-doguma-sevinmek-mi-kutlu-olume-uzulmek-mi\/#respond\" class=\"comment-link\" >Leave a comment<\/a><\/div>\n\t<div class=\"entry-excerpt\"><p>Kutlu Do\u011fuma Sevinmek mi, Kutlu \u00d6l\u00fcme \u00dcz\u00fclmek mi? Dr. Musa H\u00fbb Biliyor musunuz Mevlid-i Nebi g\u00fcn\u00fc ayn\u0131 zamanda vefat-\u0131 Neb\u00ee g\u00fcn\u00fcd\u00fcr.\u00a0 Peygamberimiz (sav) Rabi\u00fclevvel ay\u0131n\u0131n 12\u2019si (milad\u00ee 20 Nisan 571) Pazartesi g\u00fcn\u00fc do\u011fdu\u011fu gibi, yine ayn\u0131 Kamer\u00ee ayda ve ayn\u0131 g\u00fcnde yani Rabi\u00fclevvel\u2019in 12\u2019si (milad\u00ee 08 Haziran 632) Pazartesi g\u00fcn\u00fcnde vefat etmi\u015ftir. Burada \u015f\u00f6yle bir&hellip;<\/p>\n<\/div>\n\t\n<a href=\"https:\/\/korpekalemler.net\/index.php\/2026\/04\/15\/kutlu-doguma-sevinmek-mi-kutlu-olume-uzulmek-mi\/\" class=\"post-details details-type-link\" aria-label=\"Read more about Kutlu Do\u011fuma Sevinmek mi,  Kutlu \u00d6l\u00fcme \u00dcz\u00fclmek mi?\">Read more<i class=\"dt-icon-the7-arrow-03\" aria-hidden=\"true\"><\/i><\/a>\n\n<\/div><\/article><article class=\"post project-odd visible post-16954 type-post status-publish format-standard has-post-thumbnail hentry category-drmusahub category-dusunce category-ilim category-inanc category-kasim2025 category-148 category-145 category-167 category-143 category-293 description-off\" data-name=\"KAF\u0130R OL K\u0130 M\u00dc\u2019M\u0130N OLAB\u0130LES\u0130N!\" data-date=\"2025-11-03T18:36:56+03:00\">\n\n<div class=\"post-thumbnail-wrap\">\n\t<div class=\"post-thumbnail\">\n\n\t\t\n\t\t\n\t\t<a href=\"https:\/\/korpekalemler.net\/index.php\/2025\/11\/03\/kafir-ol-ki-mumin-olabilesin\/\" class=\"post-thumbnail-rollover layzr-bg layzr-bg\" ><img loading=\"lazy\" decoding=\"async\" class=\"blog-thumb-lazy-load preload-me lazy-load\" src=\"data:image\/svg+xml,%3Csvg%20xmlns%3D&#39;http%3A%2F%2Fwww.w3.org%2F2000%2Fsvg&#39;%20viewBox%3D&#39;0%200%20500%20333&#39;%2F%3E\" data-src=\"https:\/\/korpekalemler.net\/wp-content\/uploads\/2025\/11\/artworks-000078747841-farv4v-t500x500-500x333.jpg\" data-srcset=\"https:\/\/korpekalemler.net\/wp-content\/uploads\/2025\/11\/artworks-000078747841-farv4v-t500x500-500x333.jpg 500w\" alt=\"\" title=\"artworks-000078747841-farv4v-t500x500\" width=\"500\" height=\"333\"  \/><\/a>\n\t<\/div>\n<\/div>\n\n\n<div class=\"post-entry-content\">\n\n\t<h3 class=\"entry-title\">\n\t\t<a href=\"https:\/\/korpekalemler.net\/index.php\/2025\/11\/03\/kafir-ol-ki-mumin-olabilesin\/\" title=\"KAF\u0130R OL K\u0130 M\u00dc\u2019M\u0130N OLAB\u0130LES\u0130N!\" rel=\"bookmark\">KAF\u0130R OL K\u0130 M\u00dc\u2019M\u0130N OLAB\u0130LES\u0130N!<\/a>\n\t<\/h3>\n\n\t<div class=\"entry-meta\"><span class=\"category-link\"><a href=\"https:\/\/korpekalemler.net\/index.php\/category\/drmusahub\/\" >Dr. Musa H\u00fbb<\/a>, <a href=\"https:\/\/korpekalemler.net\/index.php\/category\/dusunce\/\" >D\u00fc\u015f\u00fcnce<\/a>, <a href=\"https:\/\/korpekalemler.net\/index.php\/category\/ilim\/\" >\u0130lim<\/a>, <a href=\"https:\/\/korpekalemler.net\/index.php\/category\/inanc\/\" >\u0130nan\u00e7<\/a>, <a href=\"https:\/\/korpekalemler.net\/index.php\/category\/kasim2025\/\" >Kas\u0131m '25<\/a><\/span><a class=\"author vcard\" href=\"https:\/\/korpekalemler.net\/index.php\/author\/korpekalemlerder\/\" title=\"View all posts by K\u00f6rpe Kalemler\" rel=\"author\">By <span class=\"fn\">K\u00f6rpe Kalemler<\/span><\/a><a href=\"https:\/\/korpekalemler.net\/index.php\/2025\/11\/03\/\" title=\"18:36\" class=\"data-link\" rel=\"bookmark\"><time class=\"entry-date updated\" datetime=\"2025-11-03T18:36:56+03:00\">3 Kas\u0131m 2025<\/time><\/a><a href=\"https:\/\/korpekalemler.net\/index.php\/2025\/11\/03\/kafir-ol-ki-mumin-olabilesin\/#respond\" class=\"comment-link\" >Leave a comment<\/a><\/div>\n\t<div class=\"entry-excerpt\"><p>L\u00e2il\u00e2he illall\u00e2h. Nefy ve ispat i\u00e7eren iki kar\u015f\u0131t c\u00fcmlecikten olu\u015fan, ve iman\u0131n cevheri ve \u0130slam\u2019\u0131n temel ta\u015f\u0131 olan bu kelime-i tevhide g\u00f6re: \u00d6nce m\u00fcnkir, sonra m\u00fc\u2019min olunur. \u0130nkar et ki iman edebilesin. Kafir olmadan m\u00fc\u2019min olunmaz. \u00d6nce tam \u201ak\u00e2fir\u2018 ol, sonra tam m\u00fc\u2019min olursun. Yar\u0131m k\u00e2fir, yar\u0131m m\u00fc\u2019mindir. Yar\u0131m m\u00fc\u2019min, yar\u0131m k\u00e2firdir. B\u00fct\u00fcn tanr\u0131lar\u0131 inkar&hellip;<\/p>\n<\/div>\n\t\n<a href=\"https:\/\/korpekalemler.net\/index.php\/2025\/11\/03\/kafir-ol-ki-mumin-olabilesin\/\" class=\"post-details details-type-link\" aria-label=\"Read more about KAF\u0130R OL K\u0130 M\u00dc\u2019M\u0130N OLAB\u0130LES\u0130N!\">Read more<i class=\"dt-icon-the7-arrow-03\" aria-hidden=\"true\"><\/i><\/a>\n\n<\/div><\/article><article class=\"post project-odd visible post-16910 type-post status-publish format-standard has-post-thumbnail hentry category-drmusahub category-edeb category-ekim25 category-ilim category-inanc category-psikoloji category-yazarlar category-148 category-144 category-292 category-167 category-143 category-251 category-4 description-off\" data-name=\"Bir Gizli \u0130syan\u0131n \u0130sti\u00e2zeleri\" data-date=\"2025-10-12T19:24:55+03:00\">\n\n<div class=\"post-thumbnail-wrap\">\n\t<div class=\"post-thumbnail\">\n\n\t\t\n\t\t\n\t\t<a href=\"https:\/\/korpekalemler.net\/index.php\/2025\/10\/12\/bir-gizli-isyanin-istiazeleri\/\" class=\"post-thumbnail-rollover layzr-bg layzr-bg\" ><img loading=\"lazy\" decoding=\"async\" class=\"blog-thumb-lazy-load preload-me lazy-load\" src=\"data:image\/svg+xml,%3Csvg%20xmlns%3D&#39;http%3A%2F%2Fwww.w3.org%2F2000%2Fsvg&#39;%20viewBox%3D&#39;0%200%20504%20336&#39;%2F%3E\" data-src=\"https:\/\/korpekalemler.net\/wp-content\/uploads\/2025\/10\/1000157029-504x336.jpg\" data-srcset=\"https:\/\/korpekalemler.net\/wp-content\/uploads\/2025\/10\/1000157029-504x336.jpg 504w\" alt=\"\" title=\"1000157029\" width=\"504\" height=\"336\"  \/><\/a>\n\t<\/div>\n<\/div>\n\n\n<div class=\"post-entry-content\">\n\n\t<h3 class=\"entry-title\">\n\t\t<a href=\"https:\/\/korpekalemler.net\/index.php\/2025\/10\/12\/bir-gizli-isyanin-istiazeleri\/\" title=\"Bir Gizli \u0130syan\u0131n \u0130sti\u00e2zeleri\" rel=\"bookmark\">Bir Gizli \u0130syan\u0131n \u0130sti\u00e2zeleri<\/a>\n\t<\/h3>\n\n\t<div class=\"entry-meta\"><span class=\"category-link\"><a href=\"https:\/\/korpekalemler.net\/index.php\/category\/drmusahub\/\" >Dr. Musa H\u00fbb<\/a>, <a href=\"https:\/\/korpekalemler.net\/index.php\/category\/edeb\/\" >Edebiyat<\/a>, <a href=\"https:\/\/korpekalemler.net\/index.php\/category\/ekim25\/\" >Ekim '25<\/a>, <a href=\"https:\/\/korpekalemler.net\/index.php\/category\/ilim\/\" >\u0130lim<\/a>, <a href=\"https:\/\/korpekalemler.net\/index.php\/category\/inanc\/\" >\u0130nan\u00e7<\/a>, <a href=\"https:\/\/korpekalemler.net\/index.php\/category\/psikoloji\/\" >Psikoloji<\/a>, <a href=\"https:\/\/korpekalemler.net\/index.php\/category\/yazarlar\/\" >Yazarlar<\/a><\/span><a class=\"author vcard\" href=\"https:\/\/korpekalemler.net\/index.php\/author\/korpekalemlerder\/\" title=\"View all posts by K\u00f6rpe Kalemler\" rel=\"author\">By <span class=\"fn\">K\u00f6rpe Kalemler<\/span><\/a><a href=\"https:\/\/korpekalemler.net\/index.php\/2025\/10\/12\/\" title=\"19:24\" class=\"data-link\" rel=\"bookmark\"><time class=\"entry-date updated\" datetime=\"2025-10-12T19:24:55+03:00\">12 Ekim 2025<\/time><\/a><a href=\"https:\/\/korpekalemler.net\/index.php\/2025\/10\/12\/bir-gizli-isyanin-istiazeleri\/#respond\" class=\"comment-link\" >Leave a comment<\/a><\/div>\n\t<div class=\"entry-excerpt\"><p>&nbsp; YALANIN KEND\u0130S\u0130N\u0130 \u2018DO\u011eRULATTI\u011eI\u2019 C\u0130NNET SINIRI veya YALANA \u0130SYAN Yahut Bir Gizli \u0130syan\u0131n \u0130sti\u00e2zeleri (2007 Ar\u015fivim\u2019den) &nbsp; Be hey Yunus sana s\u00f6yleme derler Ya ben \u00f6leyim mi s\u00f6ylemeyince! Yunus Emre S\u00f6ylesem tesiri yok, sussam g\u00f6n\u00fcl r\u00e2z\u0131 de\u011fil. \u00c7ekti\u011fim \u00e2l\u00e2m\u0131 bir ben, bir de Allah&#8217;\u0131m bilir. Fuzul\u00ee &nbsp; HAK DUALARA YANSIYAN HAYIRLI HAYATLAR Bursa\u2019dan 1993 y\u0131l\u0131nda&hellip;<\/p>\n<\/div>\n\t\n<a href=\"https:\/\/korpekalemler.net\/index.php\/2025\/10\/12\/bir-gizli-isyanin-istiazeleri\/\" class=\"post-details details-type-link\" aria-label=\"Read more about Bir Gizli \u0130syan\u0131n \u0130sti\u00e2zeleri\">Read more<i class=\"dt-icon-the7-arrow-03\" aria-hidden=\"true\"><\/i><\/a>\n\n<\/div><\/article><article class=\"post project-odd visible post-16903 type-post status-publish format-standard has-post-thumbnail hentry category-dusunce category-ekim25 category-gulsah-karabork category-ilim category-inanc category-yazarlar category-145 category-292 category-287 category-167 category-143 category-4 description-off\" data-name=\"Yesfikuddem Kandaki Muazzam Anlam\" data-date=\"2025-10-12T19:22:58+03:00\">\n\n<div class=\"post-thumbnail-wrap\">\n\t<div class=\"post-thumbnail\">\n\n\t\t\n\t\t\n\t\t<a href=\"https:\/\/korpekalemler.net\/index.php\/2025\/10\/12\/yesfikuddem-kandaki-muazzam-anlam\/\" class=\"post-thumbnail-rollover layzr-bg layzr-bg\" ><img loading=\"lazy\" decoding=\"async\" class=\"blog-thumb-lazy-load preload-me lazy-load\" src=\"data:image\/svg+xml,%3Csvg%20xmlns%3D&#39;http%3A%2F%2Fwww.w3.org%2F2000%2Fsvg&#39;%20viewBox%3D&#39;0%200%20768%20512&#39;%2F%3E\" data-src=\"https:\/\/korpekalemler.net\/wp-content\/uploads\/2025\/10\/kan-sistemi.png-768x512.webp\" data-srcset=\"https:\/\/korpekalemler.net\/wp-content\/uploads\/2025\/10\/kan-sistemi.png-768x512.webp 768w, https:\/\/korpekalemler.net\/wp-content\/uploads\/2025\/10\/kan-sistemi.png.webp 800w\" alt=\"\" title=\"kan-sistemi.png\" width=\"768\" height=\"512\"  \/><\/a>\n\t<\/div>\n<\/div>\n\n\n<div class=\"post-entry-content\">\n\n\t<h3 class=\"entry-title\">\n\t\t<a href=\"https:\/\/korpekalemler.net\/index.php\/2025\/10\/12\/yesfikuddem-kandaki-muazzam-anlam\/\" title=\"Yesfikuddem Kandaki Muazzam Anlam\" rel=\"bookmark\">Yesfikuddem Kandaki Muazzam Anlam<\/a>\n\t<\/h3>\n\n\t<div class=\"entry-meta\"><span class=\"category-link\"><a href=\"https:\/\/korpekalemler.net\/index.php\/category\/dusunce\/\" >D\u00fc\u015f\u00fcnce<\/a>, <a href=\"https:\/\/korpekalemler.net\/index.php\/category\/ekim25\/\" >Ekim '25<\/a>, <a href=\"https:\/\/korpekalemler.net\/index.php\/category\/gulsah-karabork\/\" >G\u00fcl\u015fah Karab\u00f6rk<\/a>, <a href=\"https:\/\/korpekalemler.net\/index.php\/category\/ilim\/\" >\u0130lim<\/a>, <a href=\"https:\/\/korpekalemler.net\/index.php\/category\/inanc\/\" >\u0130nan\u00e7<\/a>, <a href=\"https:\/\/korpekalemler.net\/index.php\/category\/yazarlar\/\" >Yazarlar<\/a><\/span><a class=\"author vcard\" href=\"https:\/\/korpekalemler.net\/index.php\/author\/korpekalemlerder\/\" title=\"View all posts by K\u00f6rpe Kalemler\" rel=\"author\">By <span class=\"fn\">K\u00f6rpe Kalemler<\/span><\/a><a href=\"https:\/\/korpekalemler.net\/index.php\/2025\/10\/12\/\" title=\"19:22\" class=\"data-link\" rel=\"bookmark\"><time class=\"entry-date updated\" datetime=\"2025-10-12T19:22:58+03:00\">12 Ekim 2025<\/time><\/a><a href=\"https:\/\/korpekalemler.net\/index.php\/2025\/10\/12\/yesfikuddem-kandaki-muazzam-anlam\/#respond\" class=\"comment-link\" >Leave a comment<\/a><\/div>\n\t<div class=\"entry-excerpt\"><p>Allahu Te\u00e2l\u00e2, \u00c2dem\u2019in bedenine \u201cyesfik\u00fc\u2019d-dem\u201d kelimesiyle i\u015faret edilen \u201cfika\u201d \u00f6zelli\u011fini yerle\u015ftirmi\u015ftir. F\u0130KA; iki ayr\u0131 cevherin bir araya getirilmesi demektir. Kur\u2019an-\u0131 Kerim\u2019in Bakara S\u00fbresi 30. ayetinde ge\u00e7en bu k\u00f6k, yaln\u0131zca sava\u015f\u00e7\u0131 bir mizac\u0131 de\u011fil, ayn\u0131 zamanda erkek ve di\u015fiyi olu\u015fturan X ve Y kromozomlar\u0131n\u0131n led\u00fcnn\u00ee anlam\u0131n\u0131 da i\u015faret eder. Zira Allah, \u00c2dem\u2019in bedeninde onun e\u015fini de&hellip;<\/p>\n<\/div>\n\t\n<a href=\"https:\/\/korpekalemler.net\/index.php\/2025\/10\/12\/yesfikuddem-kandaki-muazzam-anlam\/\" class=\"post-details details-type-link\" aria-label=\"Read more about Yesfikuddem Kandaki Muazzam Anlam\">Read more<i class=\"dt-icon-the7-arrow-03\" aria-hidden=\"true\"><\/i><\/a>\n\n<\/div><\/article><article class=\"post project-odd visible post-16900 type-post status-publish format-standard has-post-thumbnail hentry category-dusunce category-ekim25 category-ilim category-inanc category-tuba-cicek category-yazarlar category-145 category-292 category-167 category-143 category-233 category-4 description-off\" data-name=\"\u0130slam Medeniyeti ve Ter\u00f6r Diyalekti\u011fi\" data-date=\"2025-10-12T19:22:05+03:00\">\n\n<div class=\"post-thumbnail-wrap\">\n\t<div class=\"post-thumbnail\">\n\n\t\t\n\t\t\n\t\t<a href=\"https:\/\/korpekalemler.net\/index.php\/2025\/10\/12\/islam-medeniyeti-ve-teror-diyalektigi\/\" class=\"post-thumbnail-rollover layzr-bg layzr-bg\" ><img loading=\"lazy\" decoding=\"async\" class=\"blog-thumb-lazy-load preload-me lazy-load\" src=\"data:image\/svg+xml,%3Csvg%20xmlns%3D&#39;http%3A%2F%2Fwww.w3.org%2F2000%2Fsvg&#39;%20viewBox%3D&#39;0%200%20768%20512&#39;%2F%3E\" data-src=\"https:\/\/korpekalemler.net\/wp-content\/uploads\/2025\/10\/file_00000000ab5861fd8e80202fdd065dc8-768x512.png\" data-srcset=\"https:\/\/korpekalemler.net\/wp-content\/uploads\/2025\/10\/file_00000000ab5861fd8e80202fdd065dc8-768x512.png 768w, https:\/\/korpekalemler.net\/wp-content\/uploads\/2025\/10\/file_00000000ab5861fd8e80202fdd065dc8-1024x682.png 1024w\" alt=\"\" title=\"file_00000000ab5861fd8e80202fdd065dc8\" width=\"768\" height=\"512\"  \/><\/a>\n\t<\/div>\n<\/div>\n\n\n<div class=\"post-entry-content\">\n\n\t<h3 class=\"entry-title\">\n\t\t<a href=\"https:\/\/korpekalemler.net\/index.php\/2025\/10\/12\/islam-medeniyeti-ve-teror-diyalektigi\/\" title=\"\u0130slam Medeniyeti ve Ter\u00f6r Diyalekti\u011fi\" rel=\"bookmark\">\u0130slam Medeniyeti ve Ter\u00f6r Diyalekti\u011fi<\/a>\n\t<\/h3>\n\n\t<div class=\"entry-meta\"><span class=\"category-link\"><a href=\"https:\/\/korpekalemler.net\/index.php\/category\/dusunce\/\" >D\u00fc\u015f\u00fcnce<\/a>, <a href=\"https:\/\/korpekalemler.net\/index.php\/category\/ekim25\/\" >Ekim '25<\/a>, <a href=\"https:\/\/korpekalemler.net\/index.php\/category\/ilim\/\" >\u0130lim<\/a>, <a href=\"https:\/\/korpekalemler.net\/index.php\/category\/inanc\/\" >\u0130nan\u00e7<\/a>, <a href=\"https:\/\/korpekalemler.net\/index.php\/category\/tuba-cicek\/\" >Tuba \u00c7i\u00e7ek<\/a>, <a href=\"https:\/\/korpekalemler.net\/index.php\/category\/yazarlar\/\" >Yazarlar<\/a><\/span><a class=\"author vcard\" href=\"https:\/\/korpekalemler.net\/index.php\/author\/korpekalemlerder\/\" title=\"View all posts by K\u00f6rpe Kalemler\" rel=\"author\">By <span class=\"fn\">K\u00f6rpe Kalemler<\/span><\/a><a href=\"https:\/\/korpekalemler.net\/index.php\/2025\/10\/12\/\" title=\"19:22\" class=\"data-link\" rel=\"bookmark\"><time class=\"entry-date updated\" datetime=\"2025-10-12T19:22:05+03:00\">12 Ekim 2025<\/time><\/a><a href=\"https:\/\/korpekalemler.net\/index.php\/2025\/10\/12\/islam-medeniyeti-ve-teror-diyalektigi\/#respond\" class=\"comment-link\" >Leave a comment<\/a><\/div>\n\t<div class=\"entry-excerpt\"><p>Medeniyet, belirli bir insan toplulu\u011fu veya topluluklar\u0131n\u0131n belirli bir co\u011frafya \u00fczerinde belirli bir zaman i\u00e7inde ortaya koyduklar\u0131 de\u011ferler b\u00fct\u00fcn\u00fcd\u00fcr\u2026 Diyalektik nedir: Z\u0131tlar\u0131n birli\u011fi anlam\u0131na gelen diyalektik kavram\u0131 ise, ho\u015fg\u00f6r\u00fc dini olarak lanse edilen \u0130slam\u2019\u0131n nas\u0131l ter\u00f6rle ba\u011fda\u015ft\u0131r\u0131ld\u0131\u011f\u0131n\u0131 daha net anlamak i\u00e7in burada vurgulanan bir kavramd\u0131r. \u0130slam medeniyeti kavram\u0131 ise her bir kavmin \u00fcretti\u011fi k\u00fclt\u00fcr de\u011fer,&hellip;<\/p>\n<\/div>\n\t\n<a href=\"https:\/\/korpekalemler.net\/index.php\/2025\/10\/12\/islam-medeniyeti-ve-teror-diyalektigi\/\" class=\"post-details details-type-link\" aria-label=\"Read more about \u0130slam Medeniyeti ve Ter\u00f6r Diyalekti\u011fi\">Read more<i class=\"dt-icon-the7-arrow-03\" aria-hidden=\"true\"><\/i><\/a>\n\n<\/div><\/article><article class=\"post project-odd visible post-16785 type-post status-publish format-standard has-post-thumbnail hentry category-drmusahub category-ilim category-inanc category-mart-25 category-148 category-167 category-143 category-284 description-off\" data-name=\"Son Ramazan Duam\u0131z\" data-date=\"2025-03-24T19:34:53+03:00\">\n\n<div class=\"post-thumbnail-wrap\">\n\t<div class=\"post-thumbnail\">\n\n\t\t\n\t\t\n\t\t<a href=\"https:\/\/korpekalemler.net\/index.php\/2025\/03\/24\/son-ramazan-duamiz\/\" class=\"post-thumbnail-rollover layzr-bg layzr-bg\" ><img loading=\"lazy\" decoding=\"async\" class=\"blog-thumb-lazy-load preload-me lazy-load\" src=\"data:image\/svg+xml,%3Csvg%20xmlns%3D&#39;http%3A%2F%2Fwww.w3.org%2F2000%2Fsvg&#39;%20viewBox%3D&#39;0%200%20504%20336&#39;%2F%3E\" data-src=\"https:\/\/korpekalemler.net\/wp-content\/uploads\/2025\/03\/kisaca-ibadet-nedir-nicin-ibadet-ediyoruz-174481_11zon-504x336.webp\" data-srcset=\"https:\/\/korpekalemler.net\/wp-content\/uploads\/2025\/03\/kisaca-ibadet-nedir-nicin-ibadet-ediyoruz-174481_11zon-504x336.webp 504w\" alt=\"\" title=\"kisaca-ibadet-nedir-nicin-ibadet-ediyoruz-174481_11zon\" width=\"504\" height=\"336\"  \/><\/a>\n\t<\/div>\n<\/div>\n\n\n<div class=\"post-entry-content\">\n\n\t<h3 class=\"entry-title\">\n\t\t<a href=\"https:\/\/korpekalemler.net\/index.php\/2025\/03\/24\/son-ramazan-duamiz\/\" title=\"Son Ramazan Duam\u0131z\" rel=\"bookmark\">Son Ramazan Duam\u0131z<\/a>\n\t<\/h3>\n\n\t<div class=\"entry-meta\"><span class=\"category-link\"><a href=\"https:\/\/korpekalemler.net\/index.php\/category\/drmusahub\/\" >Dr. Musa H\u00fbb<\/a>, <a href=\"https:\/\/korpekalemler.net\/index.php\/category\/ilim\/\" >\u0130lim<\/a>, <a href=\"https:\/\/korpekalemler.net\/index.php\/category\/inanc\/\" >\u0130nan\u00e7<\/a>, <a href=\"https:\/\/korpekalemler.net\/index.php\/category\/mart-25\/\" >Mart '25<\/a><\/span><a class=\"author vcard\" href=\"https:\/\/korpekalemler.net\/index.php\/author\/korpekalemlerder\/\" title=\"View all posts by K\u00f6rpe Kalemler\" rel=\"author\">By <span class=\"fn\">K\u00f6rpe Kalemler<\/span><\/a><a href=\"https:\/\/korpekalemler.net\/index.php\/2025\/03\/24\/\" title=\"19:34\" class=\"data-link\" rel=\"bookmark\"><time class=\"entry-date updated\" datetime=\"2025-03-24T19:34:53+03:00\">24 Mart 2025<\/time><\/a><a href=\"https:\/\/korpekalemler.net\/index.php\/2025\/03\/24\/son-ramazan-duamiz\/#respond\" class=\"comment-link\" >Leave a comment<\/a><\/div>\n\t<div class=\"entry-excerpt\"><p>\u0130mam \u015e\u00e2t\u0131b\u00ee\u2019nin (\u00f6. 790\/1388) el-Muvafak\u00e2t\u2019\u0131nda geni\u015f\u00e7e izah etti\u011fi \u00fczere: Allah\u2019\u0131n, kendisine her ne lutfetmi\u015f ise, onun z\u0131ll\u00ee planda bir benzerini veya c\u00fcz\u2019\u00fcn\u00fc \u00fcmmetine de ba\u011f\u0131\u015flad\u0131\u011f\u0131 Hz. Muhammed Mustafa aleyhi ekmel\u00fc\u2019t-teh\u00e2y\u00e2 Efendimiz, en b\u00fcy\u00fck hayra, peygamberli\u011fe 610 y\u0131l\u0131 Ramazan ay\u0131nda bir Kadir gecesi mazhar olmu\u015f, \u00fcmmet-i Muhammed i\u00e7in de Kadir gecesi ve i\u00e7inde bulunan Ramazan ay\u0131,&hellip;<\/p>\n<\/div>\n\t\n<a href=\"https:\/\/korpekalemler.net\/index.php\/2025\/03\/24\/son-ramazan-duamiz\/\" class=\"post-details details-type-link\" aria-label=\"Read more about Son Ramazan Duam\u0131z\">Read more<i class=\"dt-icon-the7-arrow-03\" aria-hidden=\"true\"><\/i><\/a>\n\n<\/div><\/article><article class=\"post project-odd visible post-16120 type-post status-publish format-standard has-post-thumbnail hentry category-agustos-23 category-inanc category-rukiyeanar category-240 category-143 category-160 description-off\" data-name=\"Hakk\u0131 \u00dcst\u00fcn Tutmak\" data-date=\"2023-08-23T20:06:57+03:00\">\n\n<div class=\"post-thumbnail-wrap\">\n\t<div class=\"post-thumbnail\">\n\n\t\t\n\t\t\n\t\t<a href=\"https:\/\/korpekalemler.net\/index.php\/2023\/08\/23\/hakki-ustun-tutmak\/\" class=\"post-thumbnail-rollover layzr-bg layzr-bg\" ><img loading=\"lazy\" decoding=\"async\" class=\"blog-thumb-lazy-load preload-me lazy-load\" src=\"data:image\/svg+xml,%3Csvg%20xmlns%3D&#39;http%3A%2F%2Fwww.w3.org%2F2000%2Fsvg&#39;%20viewBox%3D&#39;0%200%20554%20369&#39;%2F%3E\" data-src=\"https:\/\/korpekalemler.net\/wp-content\/uploads\/2023\/08\/images-51-554x369.jpeg\" data-srcset=\"https:\/\/korpekalemler.net\/wp-content\/uploads\/2023\/08\/images-51-554x369.jpeg 554w\" alt=\"\" title=\"images (51)\" width=\"554\" height=\"369\"  \/><\/a>\n\t<\/div>\n<\/div>\n\n\n<div class=\"post-entry-content\">\n\n\t<h3 class=\"entry-title\">\n\t\t<a href=\"https:\/\/korpekalemler.net\/index.php\/2023\/08\/23\/hakki-ustun-tutmak\/\" title=\"Hakk\u0131 \u00dcst\u00fcn Tutmak\" rel=\"bookmark\">Hakk\u0131 \u00dcst\u00fcn Tutmak<\/a>\n\t<\/h3>\n\n\t<div class=\"entry-meta\"><span class=\"category-link\"><a href=\"https:\/\/korpekalemler.net\/index.php\/category\/agustos-23\/\" >A\u011fustos '23<\/a>, <a href=\"https:\/\/korpekalemler.net\/index.php\/category\/inanc\/\" >\u0130nan\u00e7<\/a>, <a href=\"https:\/\/korpekalemler.net\/index.php\/category\/rukiyeanar\/\" >Rukiye Anar<\/a><\/span><a class=\"author vcard\" href=\"https:\/\/korpekalemler.net\/index.php\/author\/korpekalemlerder\/\" title=\"View all posts by K\u00f6rpe Kalemler\" rel=\"author\">By <span class=\"fn\">K\u00f6rpe Kalemler<\/span><\/a><a href=\"https:\/\/korpekalemler.net\/index.php\/2023\/08\/23\/\" title=\"20:06\" class=\"data-link\" rel=\"bookmark\"><time class=\"entry-date updated\" datetime=\"2023-08-23T20:06:57+03:00\">23 A\u011fustos 2023<\/time><\/a><a href=\"https:\/\/korpekalemler.net\/index.php\/2023\/08\/23\/hakki-ustun-tutmak\/#respond\" class=\"comment-link\" >Leave a comment<\/a><\/div>\n\t<div class=\"entry-excerpt\"><p>Hak kelimesi, m\u00e2n\u00e2s\u0131n\u0131 Allah\u2019\u0131n \u201cHak&#8221; isminden alarak her \u015feyde tecelli eder. Hak tecellisi t\u00fcm varl\u0131\u011f\u0131 sard\u0131\u011f\u0131nda her \u015fey var olmaya ve hayat bulmaya hak kazan\u0131r. &nbsp; Allah mutlak Hak\u2019t\u0131r ve O\u2019ndan gelen her \u015fey de hakt\u0131r. Mutlak ger\u00e7e\u011fin ve do\u011frunun sahibi olarak O\u2019nun emretti\u011fi, istedi\u011fi ve buyurdu\u011fu \u015fey de hakt\u0131r ve O\u2019nun hakk\u0131d\u0131r. O halde&hellip;<\/p>\n<\/div>\n\t\n<a href=\"https:\/\/korpekalemler.net\/index.php\/2023\/08\/23\/hakki-ustun-tutmak\/\" class=\"post-details details-type-link\" aria-label=\"Read more about Hakk\u0131 \u00dcst\u00fcn Tutmak\">Read more<i class=\"dt-icon-the7-arrow-03\" aria-hidden=\"true\"><\/i><\/a>\n\n<\/div><\/article><article class=\"post project-odd visible post-16067 type-post status-publish format-standard has-post-thumbnail hentry category-inanc category-rukiyeanar category-temmuz-23 category-yazarlar category-143 category-160 category-237 category-4 description-off\" data-name=\"\u0130slam Co\u011frafyas\u0131 ve Kurban\" data-date=\"2023-07-31T16:12:54+03:00\">\n\n<div class=\"post-thumbnail-wrap\">\n\t<div class=\"post-thumbnail\">\n\n\t\t\n\t\t\n\t\t<a href=\"https:\/\/korpekalemler.net\/index.php\/2023\/07\/31\/islam-cografyasi-ve-kurban\/\" class=\"post-thumbnail-rollover layzr-bg layzr-bg\" ><img loading=\"lazy\" decoding=\"async\" class=\"blog-thumb-lazy-load preload-me lazy-load\" src=\"data:image\/svg+xml,%3Csvg%20xmlns%3D&#39;http%3A%2F%2Fwww.w3.org%2F2000%2Fsvg&#39;%20viewBox%3D&#39;0%200%20622%20414&#39;%2F%3E\" data-src=\"https:\/\/korpekalemler.net\/wp-content\/uploads\/2023\/07\/images-37-622x414.jpeg\" data-srcset=\"https:\/\/korpekalemler.net\/wp-content\/uploads\/2023\/07\/images-37-622x414.jpeg 622w, https:\/\/korpekalemler.net\/wp-content\/uploads\/2023\/07\/images-37-622x415.jpeg 622w\" alt=\"\" title=\"images (37)\" width=\"622\" height=\"414\"  \/><\/a>\n\t<\/div>\n<\/div>\n\n\n<div class=\"post-entry-content\">\n\n\t<h3 class=\"entry-title\">\n\t\t<a href=\"https:\/\/korpekalemler.net\/index.php\/2023\/07\/31\/islam-cografyasi-ve-kurban\/\" title=\"\u0130slam Co\u011frafyas\u0131 ve Kurban\" rel=\"bookmark\">\u0130slam Co\u011frafyas\u0131 ve Kurban<\/a>\n\t<\/h3>\n\n\t<div class=\"entry-meta\"><span class=\"category-link\"><a href=\"https:\/\/korpekalemler.net\/index.php\/category\/inanc\/\" >\u0130nan\u00e7<\/a>, <a href=\"https:\/\/korpekalemler.net\/index.php\/category\/rukiyeanar\/\" >Rukiye Anar<\/a>, <a href=\"https:\/\/korpekalemler.net\/index.php\/category\/temmuz-23\/\" >Temmuz '23<\/a>, <a href=\"https:\/\/korpekalemler.net\/index.php\/category\/yazarlar\/\" >Yazarlar<\/a><\/span><a class=\"author vcard\" href=\"https:\/\/korpekalemler.net\/index.php\/author\/korpekalemlerder\/\" title=\"View all posts by K\u00f6rpe Kalemler\" rel=\"author\">By <span class=\"fn\">K\u00f6rpe Kalemler<\/span><\/a><a href=\"https:\/\/korpekalemler.net\/index.php\/2023\/07\/31\/\" title=\"16:12\" class=\"data-link\" rel=\"bookmark\"><time class=\"entry-date updated\" datetime=\"2023-07-31T16:12:54+03:00\">31 Temmuz 2023<\/time><\/a><a href=\"https:\/\/korpekalemler.net\/index.php\/2023\/07\/31\/islam-cografyasi-ve-kurban\/#respond\" class=\"comment-link\" >Leave a comment<\/a><\/div>\n\t<div class=\"entry-excerpt\"><p>Kurban Allah&#8217;\u0131n bir emri olarak Kevser s\u00fbresinde namazla birlikte yer al\u0131yor. Bu iki emrin yan yana ayn\u0131 c\u00fcmlede olmas\u0131 bize g\u00f6steriyor ki her iki ibadet Allah&#8217;a yak\u0131nla\u015fmak i\u00e7in en g\u00fczel vesiledir. Kurban bir y\u00f6n\u00fcyle kes dedi\u011fini kesmek yani hem fiil\u00ee olarak, hem kalb\u00ee olarak mal\u0131 kesmektir. \u00c7\u00fcnk\u00fc insan, yap\u0131s\u0131 itibariyle mala d\u00fc\u015fk\u00fcn oldu\u011fundan onu Allah&hellip;<\/p>\n<\/div>\n\t\n<a href=\"https:\/\/korpekalemler.net\/index.php\/2023\/07\/31\/islam-cografyasi-ve-kurban\/\" class=\"post-details details-type-link\" aria-label=\"Read more about \u0130slam Co\u011frafyas\u0131 ve Kurban\">Read more<i class=\"dt-icon-the7-arrow-03\" aria-hidden=\"true\"><\/i><\/a>\n\n<\/div><\/article><article class=\"post project-odd visible post-15937 type-post status-publish format-standard has-post-thumbnail hentry category-dusunce category-edeb category-inanc category-mayis-23 category-tugaymola tag-edebiyat tag-mayis-23 tag-tugay-mola category-145 category-144 category-143 category-210 category-153 description-off\" data-name=\"A\u015fk..!\" data-date=\"2023-05-25T15:56:08+03:00\">\n\n<div class=\"post-thumbnail-wrap\">\n\t<div class=\"post-thumbnail\">\n\n\t\t\n\t\t\n\t\t<a href=\"https:\/\/korpekalemler.net\/index.php\/2023\/05\/25\/ask\/\" class=\"post-thumbnail-rollover layzr-bg layzr-bg\" ><img loading=\"lazy\" decoding=\"async\" class=\"blog-thumb-lazy-load preload-me lazy-load\" src=\"data:image\/svg+xml,%3Csvg%20xmlns%3D&#39;http%3A%2F%2Fwww.w3.org%2F2000%2Fsvg&#39;%20viewBox%3D&#39;0%200%20768%20512&#39;%2F%3E\" data-src=\"https:\/\/korpekalemler.net\/wp-content\/uploads\/2023\/05\/pexels-media-1453808-1684976613021-768x512.jpeg\" data-srcset=\"https:\/\/korpekalemler.net\/wp-content\/uploads\/2023\/05\/pexels-media-1453808-1684976613021-768x512.jpeg 768w, https:\/\/korpekalemler.net\/wp-content\/uploads\/2023\/05\/pexels-media-1453808-1684976613021-1306x870.jpeg 1306w\" alt=\"\" title=\"pexels-media-1453808-1684976613021\" width=\"768\" height=\"512\"  \/><\/a>\n\t<\/div>\n<\/div>\n\n\n<div class=\"post-entry-content\">\n\n\t<h3 class=\"entry-title\">\n\t\t<a href=\"https:\/\/korpekalemler.net\/index.php\/2023\/05\/25\/ask\/\" title=\"A\u015fk..!\" rel=\"bookmark\">A\u015fk..!<\/a>\n\t<\/h3>\n\n\t<div class=\"entry-meta\"><span class=\"category-link\"><a href=\"https:\/\/korpekalemler.net\/index.php\/category\/dusunce\/\" >D\u00fc\u015f\u00fcnce<\/a>, <a href=\"https:\/\/korpekalemler.net\/index.php\/category\/edeb\/\" >Edebiyat<\/a>, <a href=\"https:\/\/korpekalemler.net\/index.php\/category\/inanc\/\" >\u0130nan\u00e7<\/a>, <a href=\"https:\/\/korpekalemler.net\/index.php\/category\/mayis-23\/\" >May\u0131s '23<\/a>, <a href=\"https:\/\/korpekalemler.net\/index.php\/category\/tugaymola\/\" >Tugay Mola<\/a><\/span><a class=\"author vcard\" href=\"https:\/\/korpekalemler.net\/index.php\/author\/korpekalemlerder\/\" title=\"View all posts by K\u00f6rpe Kalemler\" rel=\"author\">By <span class=\"fn\">K\u00f6rpe Kalemler<\/span><\/a><a href=\"https:\/\/korpekalemler.net\/index.php\/2023\/05\/25\/\" title=\"15:56\" class=\"data-link\" rel=\"bookmark\"><time class=\"entry-date updated\" datetime=\"2023-05-25T15:56:08+03:00\">25 May\u0131s 2023<\/time><\/a><a href=\"https:\/\/korpekalemler.net\/index.php\/2023\/05\/25\/ask\/#respond\" class=\"comment-link\" >Leave a comment<\/a><\/div>\n\t<div class=\"entry-excerpt\"><p>Bizi bekleyin. Seferdeyiz. Sabredin. Size s\u00f6yleyece\u011fiz. \u201cA\u015fk\u201d demi\u015ftik. Ba\u015fka bir sevd\u00e2 de\u011fildi bu. Ved\u00fbd diyar\u0131n\u0131n sesi idi a\u015fk. A\u015fk idi \u201clevl\u00e2k\u201d Sahibi\u2019ne kavu\u015fan.. A\u015fk idi Hz.Adem\u2019e (a.s) maya olan.. A\u015fk idi \u201cBen\u00ee Adem\u201de nur olan, huzur olan&#8230; M\u00e2dem \u201cK\u00e2bemsin\u201d demi\u015fti a\u015fk\u0131n k\u00fc\u00e7\u00fc\u011f\u00fc A\u015fk\u2019\u0131n Ekber\u2019ine.. A\u015fk idi sarho\u015f serserileri ay\u0131ltan. A\u015fk idi Allah\u2019\u0131 (c.c) anlatan. A\u015fk&hellip;<\/p>\n<\/div>\n\t\n<a href=\"https:\/\/korpekalemler.net\/index.php\/2023\/05\/25\/ask\/\" class=\"post-details details-type-link\" aria-label=\"Read more about A\u015fk..!\">Read more<i class=\"dt-icon-the7-arrow-03\" aria-hidden=\"true\"><\/i><\/a>\n\n<\/div><\/article><article class=\"post project-odd visible post-15886 type-post status-publish format-standard has-post-thumbnail hentry category-aysegul-genc category-inanc category-nisan-23 category-209 category-143 category-207 description-off\" data-name=\"NAAT\" data-date=\"2023-04-19T20:28:20+03:00\">\n\n<div class=\"post-thumbnail-wrap\">\n\t<div class=\"post-thumbnail\">\n\n\t\t\n\t\t\n\t\t<a href=\"https:\/\/korpekalemler.net\/index.php\/2023\/04\/19\/naat\/\" class=\"post-thumbnail-rollover layzr-bg layzr-bg\" ><img loading=\"lazy\" decoding=\"async\" class=\"blog-thumb-lazy-load preload-me lazy-load\" src=\"data:image\/svg+xml,%3Csvg%20xmlns%3D&#39;http%3A%2F%2Fwww.w3.org%2F2000%2Fsvg&#39;%20viewBox%3D&#39;0%200%20615%20410&#39;%2F%3E\" data-src=\"https:\/\/korpekalemler.net\/wp-content\/uploads\/2023\/04\/images-11-615x410.jpeg\" data-srcset=\"https:\/\/korpekalemler.net\/wp-content\/uploads\/2023\/04\/images-11-615x410.jpeg 615w\" alt=\"\" title=\"images (11)\" width=\"615\" height=\"410\"  \/><\/a>\n\t<\/div>\n<\/div>\n\n\n<div class=\"post-entry-content\">\n\n\t<h3 class=\"entry-title\">\n\t\t<a href=\"https:\/\/korpekalemler.net\/index.php\/2023\/04\/19\/naat\/\" title=\"NAAT\" rel=\"bookmark\">NAAT<\/a>\n\t<\/h3>\n\n\t<div class=\"entry-meta\"><span class=\"category-link\"><a href=\"https:\/\/korpekalemler.net\/index.php\/category\/aysegul-genc\/\" >Ay\u015feg\u00fcl Gen\u00e7<\/a>, <a href=\"https:\/\/korpekalemler.net\/index.php\/category\/inanc\/\" >\u0130nan\u00e7<\/a>, <a href=\"https:\/\/korpekalemler.net\/index.php\/category\/nisan-23\/\" >Nisan '23<\/a><\/span><a class=\"author vcard\" href=\"https:\/\/korpekalemler.net\/index.php\/author\/korpekalemlerder\/\" title=\"View all posts by K\u00f6rpe Kalemler\" rel=\"author\">By <span class=\"fn\">K\u00f6rpe Kalemler<\/span><\/a><a href=\"https:\/\/korpekalemler.net\/index.php\/2023\/04\/19\/\" title=\"20:28\" class=\"data-link\" rel=\"bookmark\"><time class=\"entry-date updated\" datetime=\"2023-04-19T20:28:20+03:00\">19 Nisan 2023<\/time><\/a><a href=\"https:\/\/korpekalemler.net\/index.php\/2023\/04\/19\/naat\/#respond\" class=\"comment-link\" >Leave a comment<\/a><\/div>\n\t<div class=\"entry-excerpt\"><p>Kap\u0131nday\u0131m Bilirim iki kere \u00e7ald\u0131m bu son hakk\u0131m \u00a0 Ate\u015f \u00fcst\u00fcnde etten bir \u00e7\u00f6mlekte Pi\u015fmek bilmez bir avu\u00e7 k\u0131r\u0131nt\u0131y\u0131m Ab-\u0131 hayat d\u00f6k\u00fcl\u00fcrken parmaklar\u0131ndan Sina\u2019ya m\u0131 \u00f6zenir de kuruyup \u00e7atlar sadr\u0131m Ald\u0131\u011f\u0131n\u0131 ziyan eden dibi delik bir kab\u0131m G\u00fc\u011f\u00fcmlerle g\u00fclsuyu d\u00f6k\u00fclse Belki bozulmaz intizam\u0131m Ama senden bir \u201cah\u201d y\u0131kar \u00c7\u00f6z\u00fcl\u00fcr an\u0131nda intisab\u0131m K\u00fcsme ey ay\u0131n on&hellip;<\/p>\n<\/div>\n\t\n<a href=\"https:\/\/korpekalemler.net\/index.php\/2023\/04\/19\/naat\/\" class=\"post-details details-type-link\" aria-label=\"Read more about NAAT\">Read more<i class=\"dt-icon-the7-arrow-03\" aria-hidden=\"true\"><\/i><\/a>\n\n<\/div><\/article><article class=\"post project-odd visible post-15884 type-post status-publish format-standard has-post-thumbnail hentry category-inanc category-nisan-23 category-tugaymola category-143 category-207 category-153 description-off\" data-name=\"Y\u00c2 NEB\u0130\" data-date=\"2023-04-19T20:25:32+03:00\">\n\n<div class=\"post-thumbnail-wrap\">\n\t<div class=\"post-thumbnail\">\n\n\t\t\n\t\t\n\t\t<a href=\"https:\/\/korpekalemler.net\/index.php\/2023\/04\/19\/ya-nebi\/\" class=\"post-thumbnail-rollover layzr-bg layzr-bg\" ><img loading=\"lazy\" decoding=\"async\" class=\"blog-thumb-lazy-load preload-me lazy-load\" src=\"data:image\/svg+xml,%3Csvg%20xmlns%3D&#39;http%3A%2F%2Fwww.w3.org%2F2000%2Fsvg&#39;%20viewBox%3D&#39;0%200%20768%20512&#39;%2F%3E\" data-src=\"https:\/\/korpekalemler.net\/wp-content\/uploads\/2023\/03\/WhatsApp-Image-2023-03-23-at-16.07.16-768x512.jpeg\" data-srcset=\"https:\/\/korpekalemler.net\/wp-content\/uploads\/2023\/03\/WhatsApp-Image-2023-03-23-at-16.07.16-768x512.jpeg 768w, https:\/\/korpekalemler.net\/wp-content\/uploads\/2023\/03\/WhatsApp-Image-2023-03-23-at-16.07.16-1306x870.jpeg 1306w\" alt=\"\" title=\"WhatsApp Image 2023-03-23 at 16.07.16\" width=\"768\" height=\"512\"  \/><\/a>\n\t<\/div>\n<\/div>\n\n\n<div class=\"post-entry-content\">\n\n\t<h3 class=\"entry-title\">\n\t\t<a href=\"https:\/\/korpekalemler.net\/index.php\/2023\/04\/19\/ya-nebi\/\" title=\"Y\u00c2 NEB\u0130\" rel=\"bookmark\">Y\u00c2 NEB\u0130<\/a>\n\t<\/h3>\n\n\t<div class=\"entry-meta\"><span class=\"category-link\"><a href=\"https:\/\/korpekalemler.net\/index.php\/category\/inanc\/\" >\u0130nan\u00e7<\/a>, <a href=\"https:\/\/korpekalemler.net\/index.php\/category\/nisan-23\/\" >Nisan '23<\/a>, <a href=\"https:\/\/korpekalemler.net\/index.php\/category\/tugaymola\/\" >Tugay Mola<\/a><\/span><a class=\"author vcard\" href=\"https:\/\/korpekalemler.net\/index.php\/author\/korpekalemlerder\/\" title=\"View all posts by K\u00f6rpe Kalemler\" rel=\"author\">By <span class=\"fn\">K\u00f6rpe Kalemler<\/span><\/a><a href=\"https:\/\/korpekalemler.net\/index.php\/2023\/04\/19\/\" title=\"20:25\" class=\"data-link\" rel=\"bookmark\"><time class=\"entry-date updated\" datetime=\"2023-04-19T20:25:32+03:00\">19 Nisan 2023<\/time><\/a><a href=\"https:\/\/korpekalemler.net\/index.php\/2023\/04\/19\/ya-nebi\/#respond\" class=\"comment-link\" >Leave a comment<\/a><\/div>\n\t<div class=\"entry-excerpt\"><p>Ey Him\u00e2yet \u015eahi!\u00a0Ey \u0130n\u00e2yet Padi\u015fah\u0131! \u00a0Ey Marifet Sultan\u0131!\u00a0Ey K\u0131y\u00e2set Komutan\u0131! \u00a0Ey Devlet!\u00a0Ey Himmet! \u00a0Ey \u015eark!\u00a0Ey Garb! \u00a0Ey \u015eems!\u00a0Ey Ems! \u00a0Ey Zaman!\u00a0Ey Hem\u00e2n! \u00a0Ey \u0130stikbal!\u00a0Ey cennet! \u00a0Ey Ezel!\u00a0Ey Ebed! \u00a0Ey Zuhur!\u00a0Ey Huzur! \u00a0Ey \u015eefaat!\u00a0Ey A\u015fk! \u00a0Ey Allah&#8217;\u0131n (CC) Esma Tecelliy\u00e2t\u0131 \u00a0 Ya Nebi\u2026 \u2026\u2026. \u2026\u2026. \u00a0Medet Ey Nebi\u2026 \u00a0Mihr-i Cemaline m\u00fc\u015ft\u00e2k a\u015f\u0131klar, subaylar, askerler gazellerle, kasidelerle&hellip;<\/p>\n<\/div>\n\t\n<a href=\"https:\/\/korpekalemler.net\/index.php\/2023\/04\/19\/ya-nebi\/\" class=\"post-details details-type-link\" aria-label=\"Read more about Y\u00c2 NEB\u0130\">Read more<i class=\"dt-icon-the7-arrow-03\" aria-hidden=\"true\"><\/i><\/a>\n\n<\/div><\/article><article class=\"post project-odd visible post-15877 type-post status-publish format-standard has-post-thumbnail hentry category-ilim category-inanc category-nisan-23 category-yusufalpturk category-167 category-143 category-207 category-150 description-off\" data-name=\"\u0130MAN\/ TEVH\u0130D\/ TESL\u0130M \/TEVEKK\u00dcL\" data-date=\"2023-04-19T17:43:48+03:00\">\n\n<div class=\"post-thumbnail-wrap\">\n\t<div class=\"post-thumbnail\">\n\n\t\t\n\t\t\n\t\t<a href=\"https:\/\/korpekalemler.net\/index.php\/2023\/04\/19\/iman-tevhid-teslim-tevekkul\/\" class=\"post-thumbnail-rollover layzr-bg layzr-bg\" ><img loading=\"lazy\" decoding=\"async\" class=\"blog-thumb-lazy-load preload-me lazy-load\" src=\"data:image\/svg+xml,%3Csvg%20xmlns%3D&#39;http%3A%2F%2Fwww.w3.org%2F2000%2Fsvg&#39;%20viewBox%3D&#39;0%200%20768%20512&#39;%2F%3E\" data-src=\"https:\/\/korpekalemler.net\/wp-content\/uploads\/2023\/02\/pexels-photo-844297-summer-768x512.jpeg\" data-srcset=\"https:\/\/korpekalemler.net\/wp-content\/uploads\/2023\/02\/pexels-photo-844297-summer-768x512.jpeg 768w, https:\/\/korpekalemler.net\/wp-content\/uploads\/2023\/02\/pexels-photo-844297-summer-1306x870.jpeg 1306w\" alt=\"\" title=\"pexels-photo-844297-summer\" width=\"768\" height=\"512\"  \/><\/a>\n\t<\/div>\n<\/div>\n\n\n<div class=\"post-entry-content\">\n\n\t<h3 class=\"entry-title\">\n\t\t<a href=\"https:\/\/korpekalemler.net\/index.php\/2023\/04\/19\/iman-tevhid-teslim-tevekkul\/\" title=\"\u0130MAN\/ TEVH\u0130D\/ TESL\u0130M \/TEVEKK\u00dcL\" rel=\"bookmark\">\u0130MAN\/ TEVH\u0130D\/ TESL\u0130M \/TEVEKK\u00dcL<\/a>\n\t<\/h3>\n\n\t<div class=\"entry-meta\"><span class=\"category-link\"><a href=\"https:\/\/korpekalemler.net\/index.php\/category\/ilim\/\" >\u0130lim<\/a>, <a href=\"https:\/\/korpekalemler.net\/index.php\/category\/inanc\/\" >\u0130nan\u00e7<\/a>, <a href=\"https:\/\/korpekalemler.net\/index.php\/category\/nisan-23\/\" >Nisan '23<\/a>, <a href=\"https:\/\/korpekalemler.net\/index.php\/category\/yusufalpturk\/\" >Yusuf Alpt\u00fcrk<\/a><\/span><a class=\"author vcard\" href=\"https:\/\/korpekalemler.net\/index.php\/author\/korpekalemlerder\/\" title=\"View all posts by K\u00f6rpe Kalemler\" rel=\"author\">By <span class=\"fn\">K\u00f6rpe Kalemler<\/span><\/a><a href=\"https:\/\/korpekalemler.net\/index.php\/2023\/04\/19\/\" title=\"17:43\" class=\"data-link\" rel=\"bookmark\"><time class=\"entry-date updated\" datetime=\"2023-04-19T17:43:48+03:00\">19 Nisan 2023<\/time><\/a><a href=\"https:\/\/korpekalemler.net\/index.php\/2023\/04\/19\/iman-tevhid-teslim-tevekkul\/#respond\" class=\"comment-link\" >Leave a comment<\/a><\/div>\n\t<div class=\"entry-excerpt\"><p>\u201cEndi\u015fe, kayg\u0131, korku insan\u00ee bir \u00f6zellik ve f\u0131trat\u0131n gere\u011fidir. \u0130frat\u0131 da tefriti de dengeyi bozar.. &#8220;Onlar iman etmiyorlar diye\u00a0 neredeyse kendini helak edeceksin&#8221; (\u015euara suresi 3) ayeti Hz. Peygamberin beldesindeki insanlar\u0131n, baz\u0131 akrabalar\u0131n\u0131n, tan\u0131d\u0131klar\u0131n\u0131n, kimi arkada\u015flar\u0131n\u0131n onca \u00e7aba, u\u011fra\u015f, dualar\u0131na ra\u011fmen iman etmemesi neticesinde kendini helak etme derecesine d\u00fc\u015ft\u00fc\u011f\u00fcn\u00fc g\u00f6steriyor. Ayn\u0131 t\u00fcr kayg\u0131lar\u0131 di\u011fer peygamberlerde&hellip;<\/p>\n<\/div>\n\t\n<a href=\"https:\/\/korpekalemler.net\/index.php\/2023\/04\/19\/iman-tevhid-teslim-tevekkul\/\" class=\"post-details details-type-link\" aria-label=\"Read more about \u0130MAN\/ TEVH\u0130D\/ TESL\u0130M \/TEVEKK\u00dcL\">Read more<i class=\"dt-icon-the7-arrow-03\" aria-hidden=\"true\"><\/i><\/a>\n\n<\/div><\/article><article class=\"post project-odd visible post-15875 type-post status-publish format-standard has-post-thumbnail hentry category-ilim category-inanc category-nisan-23 category-semaceyhan category-167 category-143 category-207 category-152 description-off\" data-name=\"AHLAK\u00c7A EN G\u00dcZEL \u0130NSAN OLAN EFEND\u0130M\u0130Z&#8217;\u0130N  (s.a.v.) VELADET\u0130\" data-date=\"2023-04-19T17:41:55+03:00\">\n\n<div class=\"post-thumbnail-wrap\">\n\t<div class=\"post-thumbnail\">\n\n\t\t\n\t\t\n\t\t<a href=\"https:\/\/korpekalemler.net\/index.php\/2023\/04\/19\/ahlakca-en-guzel-insan-olan-efendimizin-s-a-v-veladeti\/\" class=\"post-thumbnail-rollover layzr-bg layzr-bg\" ><img loading=\"lazy\" decoding=\"async\" class=\"blog-thumb-lazy-load preload-me lazy-load\" src=\"data:image\/svg+xml,%3Csvg%20xmlns%3D&#39;http%3A%2F%2Fwww.w3.org%2F2000%2Fsvg&#39;%20viewBox%3D&#39;0%200%20554%20369&#39;%2F%3E\" data-src=\"https:\/\/korpekalemler.net\/wp-content\/uploads\/2023\/04\/images-13-554x369.jpeg\" data-srcset=\"https:\/\/korpekalemler.net\/wp-content\/uploads\/2023\/04\/images-13-554x369.jpeg 554w\" alt=\"\" title=\"images (13)\" width=\"554\" height=\"369\"  \/><\/a>\n\t<\/div>\n<\/div>\n\n\n<div class=\"post-entry-content\">\n\n\t<h3 class=\"entry-title\">\n\t\t<a href=\"https:\/\/korpekalemler.net\/index.php\/2023\/04\/19\/ahlakca-en-guzel-insan-olan-efendimizin-s-a-v-veladeti\/\" title=\"AHLAK\u00c7A EN G\u00dcZEL \u0130NSAN OLAN EFEND\u0130M\u0130Z&#8217;\u0130N  (s.a.v.) VELADET\u0130\" rel=\"bookmark\">AHLAK\u00c7A EN G\u00dcZEL \u0130NSAN OLAN EFEND\u0130M\u0130Z&#8217;\u0130N  (s.a.v.) VELADET\u0130<\/a>\n\t<\/h3>\n\n\t<div class=\"entry-meta\"><span class=\"category-link\"><a href=\"https:\/\/korpekalemler.net\/index.php\/category\/ilim\/\" >\u0130lim<\/a>, <a href=\"https:\/\/korpekalemler.net\/index.php\/category\/inanc\/\" >\u0130nan\u00e7<\/a>, <a href=\"https:\/\/korpekalemler.net\/index.php\/category\/nisan-23\/\" >Nisan '23<\/a>, <a href=\"https:\/\/korpekalemler.net\/index.php\/category\/semaceyhan\/\" >Sema Ceyhan<\/a><\/span><a class=\"author vcard\" href=\"https:\/\/korpekalemler.net\/index.php\/author\/korpekalemlerder\/\" title=\"View all posts by K\u00f6rpe Kalemler\" rel=\"author\">By <span class=\"fn\">K\u00f6rpe Kalemler<\/span><\/a><a href=\"https:\/\/korpekalemler.net\/index.php\/2023\/04\/19\/\" title=\"17:41\" class=\"data-link\" rel=\"bookmark\"><time class=\"entry-date updated\" datetime=\"2023-04-19T17:41:55+03:00\">19 Nisan 2023<\/time><\/a><a href=\"https:\/\/korpekalemler.net\/index.php\/2023\/04\/19\/ahlakca-en-guzel-insan-olan-efendimizin-s-a-v-veladeti\/#respond\" class=\"comment-link\" >Leave a comment<\/a><\/div>\n\t<div class=\"entry-excerpt\"><p>Nitekim Cenab-\u0131 Hak, bir ayette mealen \u015f\u00f6yle buyurmaktad\u0131r: \u201cHi\u00e7 \u015f\u00fcphesiz sen pek y\u00fcksek bir ahl\u00e2k \u00fczeresin!\u201d (Kalem, 68-4) Hz. Muhammed (asm) son semavi din olan ve h\u00fckm\u00fc k\u0131yamete kadar ge\u00e7erli olacak \u0130slam dinini getirdi\u011fi ve bundan sonra da herhangi bir din ve \u015feriat gelmeyece\u011fi i\u00e7in , o da peygamberlerin sonuncusu olmu\u015ftur. Ondan sonra resul ve&hellip;<\/p>\n<\/div>\n\t\n<a href=\"https:\/\/korpekalemler.net\/index.php\/2023\/04\/19\/ahlakca-en-guzel-insan-olan-efendimizin-s-a-v-veladeti\/\" class=\"post-details details-type-link\" aria-label=\"Read more about AHLAK\u00c7A EN G\u00dcZEL \u0130NSAN OLAN EFEND\u0130M\u0130Z&#8217;\u0130N  (s.a.v.) VELADET\u0130\">Read more<i class=\"dt-icon-the7-arrow-03\" aria-hidden=\"true\"><\/i><\/a>\n\n<\/div><\/article><article class=\"post project-odd visible post-15784 type-post status-publish format-standard has-post-thumbnail hentry category-haruncaglayan category-inanc category-mart-23 tag-mart23 category-163 category-143 category-204 description-off\" data-name=\"RAMAZAN UFKU\" data-date=\"2023-03-23T21:13:03+03:00\">\n\n<div class=\"post-thumbnail-wrap\">\n\t<div class=\"post-thumbnail\">\n\n\t\t\n\t\t\n\t\t<a href=\"https:\/\/korpekalemler.net\/index.php\/2023\/03\/23\/ramazan-ufku\/\" class=\"post-thumbnail-rollover layzr-bg layzr-bg\" ><img loading=\"lazy\" decoding=\"async\" class=\"blog-thumb-lazy-load preload-me lazy-load\" src=\"data:image\/svg+xml,%3Csvg%20xmlns%3D&#39;http%3A%2F%2Fwww.w3.org%2F2000%2Fsvg&#39;%20viewBox%3D&#39;0%200%20640%20426&#39;%2F%3E\" data-src=\"https:\/\/korpekalemler.net\/wp-content\/uploads\/2023\/02\/david-monje-8vyCtLPlEBo-unsplash.jpg\" data-srcset=\"https:\/\/korpekalemler.net\/wp-content\/uploads\/2023\/02\/david-monje-8vyCtLPlEBo-unsplash.jpg 640w\" alt=\"\"  width=\"640\" height=\"426\"  \/><\/a>\n\t<\/div>\n<\/div>\n\n\n<div class=\"post-entry-content\">\n\n\t<h3 class=\"entry-title\">\n\t\t<a href=\"https:\/\/korpekalemler.net\/index.php\/2023\/03\/23\/ramazan-ufku\/\" title=\"RAMAZAN UFKU\" rel=\"bookmark\">RAMAZAN UFKU<\/a>\n\t<\/h3>\n\n\t<div class=\"entry-meta\"><span class=\"category-link\"><a href=\"https:\/\/korpekalemler.net\/index.php\/category\/haruncaglayan\/\" >Harun \u00c7a\u011flayan<\/a>, <a href=\"https:\/\/korpekalemler.net\/index.php\/category\/inanc\/\" >\u0130nan\u00e7<\/a>, <a href=\"https:\/\/korpekalemler.net\/index.php\/category\/mart-23\/\" >Mart '23<\/a><\/span><a class=\"author vcard\" href=\"https:\/\/korpekalemler.net\/index.php\/author\/korpekalemlerder\/\" title=\"View all posts by K\u00f6rpe Kalemler\" rel=\"author\">By <span class=\"fn\">K\u00f6rpe Kalemler<\/span><\/a><a href=\"https:\/\/korpekalemler.net\/index.php\/2023\/03\/23\/\" title=\"21:13\" class=\"data-link\" rel=\"bookmark\"><time class=\"entry-date updated\" datetime=\"2023-03-23T21:13:03+03:00\">23 Mart 2023<\/time><\/a><a href=\"https:\/\/korpekalemler.net\/index.php\/2023\/03\/23\/ramazan-ufku\/#respond\" class=\"comment-link\" >Leave a comment<\/a><\/div>\n\t<div class=\"entry-excerpt\"><p>Ramazan&#8230; \u00d6telerden gelen bir esinti.. \u00e7ehrelerimiz ve g\u00f6n\u00fcllerimize incecikten bir b\u00fbse ile m\u00fcferreh bir h\u00e2l kazand\u0131ran rahmet denizi&#8230; Ramazan&#8230; N\u00fbref\u015f\u00e2n \u00e7ehresi gibi gecelerimizi g\u00fcnd\u00fcz mis\u00e2li ayd\u0131nlatmay\u0131 mur\u00e2d ediyor. \u00d6yle ki pasla\u015fan g\u00f6n\u00fcllerimizi pastan \u0131rak bir h\u00e2l, nefsanile\u015fen ruh \u00fb c\u00e2n\u0131m\u0131za da gem vurarak melek\u00ee bir h\u00fcviyet kazand\u0131rmay\u0131 canh\u0131ra\u015f\u00e2ne arzu ediyor.. B\u00f6ylelikle insan idr\u00e2ki nisbetinde madd\u00ee&hellip;<\/p>\n<\/div>\n\t\n<a href=\"https:\/\/korpekalemler.net\/index.php\/2023\/03\/23\/ramazan-ufku\/\" class=\"post-details details-type-link\" aria-label=\"Read more about RAMAZAN UFKU\">Read more<i class=\"dt-icon-the7-arrow-03\" aria-hidden=\"true\"><\/i><\/a>\n\n<\/div><\/article><article class=\"post project-odd visible post-15781 type-post status-publish format-standard has-post-thumbnail hentry category-inanc category-mart-23 category-zeynephasemibayraktaroglu tag-mart23 category-143 category-204 category-155 media-wide description-off\" data-name=\"RAMAZAN RAHMETT\u0130R\" data-date=\"2023-03-23T21:11:14+03:00\">\n\n<div class=\"post-thumbnail-wrap\">\n\t<div class=\"post-thumbnail\">\n\n\t\t\n\t\t\n\t\t<a href=\"https:\/\/korpekalemler.net\/index.php\/2023\/03\/23\/ramazan-rahmettir\/\" class=\"post-thumbnail-rollover layzr-bg layzr-bg\" ><img loading=\"lazy\" decoding=\"async\" class=\"blog-thumb-lazy-load preload-me lazy-load\" src=\"data:image\/svg+xml,%3Csvg%20xmlns%3D&#39;http%3A%2F%2Fwww.w3.org%2F2000%2Fsvg&#39;%20viewBox%3D&#39;0%200%20553%20368&#39;%2F%3E\" data-src=\"https:\/\/korpekalemler.net\/wp-content\/uploads\/2023\/03\/WhatsApp-Image-2023-03-23-at-16.07.19-2-553x368.jpeg\" data-srcset=\"https:\/\/korpekalemler.net\/wp-content\/uploads\/2023\/03\/WhatsApp-Image-2023-03-23-at-16.07.19-2-553x368.jpeg 553w\" alt=\"\" title=\"WhatsApp Image 2023-03-23 at 16.07.19 (2)\" width=\"553\" height=\"368\"  \/><\/a>\n\t<\/div>\n<\/div>\n\n\n<div class=\"post-entry-content\">\n\n\t<h3 class=\"entry-title\">\n\t\t<a href=\"https:\/\/korpekalemler.net\/index.php\/2023\/03\/23\/ramazan-rahmettir\/\" title=\"RAMAZAN RAHMETT\u0130R\" rel=\"bookmark\">RAMAZAN RAHMETT\u0130R<\/a>\n\t<\/h3>\n\n\t<div class=\"entry-meta\"><span class=\"category-link\"><a href=\"https:\/\/korpekalemler.net\/index.php\/category\/inanc\/\" >\u0130nan\u00e7<\/a>, <a href=\"https:\/\/korpekalemler.net\/index.php\/category\/mart-23\/\" >Mart '23<\/a>, <a href=\"https:\/\/korpekalemler.net\/index.php\/category\/zeynephasemibayraktaroglu\/\" >Zeynep Ha\u015femi Bayraktaro\u011flu<\/a><\/span><a class=\"author vcard\" href=\"https:\/\/korpekalemler.net\/index.php\/author\/korpekalemlerder\/\" title=\"View all posts by K\u00f6rpe Kalemler\" rel=\"author\">By <span class=\"fn\">K\u00f6rpe Kalemler<\/span><\/a><a href=\"https:\/\/korpekalemler.net\/index.php\/2023\/03\/23\/\" title=\"21:11\" class=\"data-link\" rel=\"bookmark\"><time class=\"entry-date updated\" datetime=\"2023-03-23T21:11:14+03:00\">23 Mart 2023<\/time><\/a><a href=\"https:\/\/korpekalemler.net\/index.php\/2023\/03\/23\/ramazan-rahmettir\/#respond\" class=\"comment-link\" >Leave a comment<\/a><\/div>\n\t<div class=\"entry-excerpt\"><p>Ramazan, ruhun ve bedenin ar\u0131nma ay\u0131d\u0131r. Zira Allah-u Te\u00e2l\u00e2 kullar\u0131n\u0131 oru\u00e7la g\u00fcnahtan al\u0131koymak istemektedir. \u015e\u00f6yle ki : \u201c Ey M\u00fc\u2019minler, sizden \u00f6ncekilere oldu\u011fu gibi, size de g\u00fcnahlardan korunas\u0131n\u0131z diye, oru\u00e7 tutmak size farz k\u0131l\u0131nm\u0131\u015ft\u0131r.\u201d (Bakara, 183) Rahmetin sa\u011fanak sa\u011fanak ya\u011fd\u0131\u011f\u0131 bu ay\u0131n manevi de\u011ferinin y\u00fcksek boyutlar\u0131 saymakla bitmez. Ba\u015fta bu ay\u0131 en bereketli k\u0131lan \u00f6zelli\u011fi,&hellip;<\/p>\n<\/div>\n\t\n<a href=\"https:\/\/korpekalemler.net\/index.php\/2023\/03\/23\/ramazan-rahmettir\/\" class=\"post-details details-type-link\" aria-label=\"Read more about RAMAZAN RAHMETT\u0130R\">Read more<i class=\"dt-icon-the7-arrow-03\" aria-hidden=\"true\"><\/i><\/a>\n\n<\/div><\/article><article class=\"post project-odd visible post-15757 type-post status-publish format-standard has-post-thumbnail hentry category-inanc category-mart-23 category-rukiyeanar tag-mart23 category-143 category-204 category-160 media-wide description-off\" data-name=\"Z\u0130LZAL SURES\u0130 VE OKUNACAK MESAJ\" data-date=\"2023-03-23T20:36:33+03:00\">\n\n<div class=\"post-thumbnail-wrap\">\n\t<div class=\"post-thumbnail\">\n\n\t\t\n\t\t\n\t\t<a href=\"https:\/\/korpekalemler.net\/index.php\/2023\/03\/23\/zilzal-suresi-ve-okunacak-mesaj\/\" class=\"post-thumbnail-rollover layzr-bg layzr-bg\" ><img loading=\"lazy\" decoding=\"async\" class=\"blog-thumb-lazy-load preload-me lazy-load\" src=\"data:image\/svg+xml,%3Csvg%20xmlns%3D&#39;http%3A%2F%2Fwww.w3.org%2F2000%2Fsvg&#39;%20viewBox%3D&#39;0%200%20768%20512&#39;%2F%3E\" data-src=\"https:\/\/korpekalemler.net\/wp-content\/uploads\/2023\/02\/pexels-photo-844297-summer-768x512.jpeg\" data-srcset=\"https:\/\/korpekalemler.net\/wp-content\/uploads\/2023\/02\/pexels-photo-844297-summer-768x512.jpeg 768w, https:\/\/korpekalemler.net\/wp-content\/uploads\/2023\/02\/pexels-photo-844297-summer-1306x870.jpeg 1306w\" alt=\"\" title=\"pexels-photo-844297-summer\" width=\"768\" height=\"512\"  \/><\/a>\n\t<\/div>\n<\/div>\n\n\n<div class=\"post-entry-content\">\n\n\t<h3 class=\"entry-title\">\n\t\t<a href=\"https:\/\/korpekalemler.net\/index.php\/2023\/03\/23\/zilzal-suresi-ve-okunacak-mesaj\/\" title=\"Z\u0130LZAL SURES\u0130 VE OKUNACAK MESAJ\" rel=\"bookmark\">Z\u0130LZAL SURES\u0130 VE OKUNACAK MESAJ<\/a>\n\t<\/h3>\n\n\t<div class=\"entry-meta\"><span class=\"category-link\"><a href=\"https:\/\/korpekalemler.net\/index.php\/category\/inanc\/\" >\u0130nan\u00e7<\/a>, <a href=\"https:\/\/korpekalemler.net\/index.php\/category\/mart-23\/\" >Mart '23<\/a>, <a href=\"https:\/\/korpekalemler.net\/index.php\/category\/rukiyeanar\/\" >Rukiye Anar<\/a><\/span><a class=\"author vcard\" href=\"https:\/\/korpekalemler.net\/index.php\/author\/korpekalemlerder\/\" title=\"View all posts by K\u00f6rpe Kalemler\" rel=\"author\">By <span class=\"fn\">K\u00f6rpe Kalemler<\/span><\/a><a href=\"https:\/\/korpekalemler.net\/index.php\/2023\/03\/23\/\" title=\"20:36\" class=\"data-link\" rel=\"bookmark\"><time class=\"entry-date updated\" datetime=\"2023-03-23T20:36:33+03:00\">23 Mart 2023<\/time><\/a><a href=\"https:\/\/korpekalemler.net\/index.php\/2023\/03\/23\/zilzal-suresi-ve-okunacak-mesaj\/#respond\" class=\"comment-link\" >Leave a comment<\/a><\/div>\n\t<div class=\"entry-excerpt\"><p>Zelzele, Celal\u00ee\u00a0 tecellilerin bir numunesi olarak okunmas\u0131 gereken kevn\u00ee bir ayettir. Ayn\u0131 zamanda bir y\u00f6n\u00fcyle d\u00fcnyevi, bir y\u00f6n\u00fcyle ahirete bakan boyutuyla \u00e7ok \u00f6nemli habercidir. Zira Rabbin ona vahyedecek. &#8220;O g\u00fcn yer, Rabbin ona vahyetmesiyle haberlerini anlatacakt\u0131r. &#8221; (Zilzal\u00a0 4-5) Yak\u0131n zamanda ya\u015fad\u0131\u011f\u0131m\u0131z deprem hadisesi bizi \u00f6yle sarst\u0131 ki zihinler ve kalpler dahi o \u00f6l\u00e7ekte sars\u0131ld\u0131.&hellip;<\/p>\n<\/div>\n\t\n<a href=\"https:\/\/korpekalemler.net\/index.php\/2023\/03\/23\/zilzal-suresi-ve-okunacak-mesaj\/\" class=\"post-details details-type-link\" aria-label=\"Read more about Z\u0130LZAL SURES\u0130 VE OKUNACAK MESAJ\">Read more<i class=\"dt-icon-the7-arrow-03\" aria-hidden=\"true\"><\/i><\/a>\n\n<\/div><\/article><article class=\"post project-odd visible post-15755 type-post status-publish format-standard has-post-thumbnail hentry category-inanc category-mart-23 category-tugaymola tag-mart23 category-143 category-204 category-153 description-off\" data-name=\"Y\u00c2 RAB A\u015eKIN OLAYIM!\" data-date=\"2023-03-23T20:36:27+03:00\">\n\n<div class=\"post-thumbnail-wrap\">\n\t<div class=\"post-thumbnail\">\n\n\t\t\n\t\t\n\t\t<a href=\"https:\/\/korpekalemler.net\/index.php\/2023\/03\/23\/ya-rab-askin-olayim\/\" class=\"post-thumbnail-rollover layzr-bg layzr-bg\" ><img loading=\"lazy\" decoding=\"async\" class=\"blog-thumb-lazy-load preload-me lazy-load\" src=\"data:image\/svg+xml,%3Csvg%20xmlns%3D&#39;http%3A%2F%2Fwww.w3.org%2F2000%2Fsvg&#39;%20viewBox%3D&#39;0%200%20451%20300&#39;%2F%3E\" data-src=\"https:\/\/korpekalemler.net\/wp-content\/uploads\/2022\/10\/574528_485834658140270_774656379_n-451x300.jpg\" data-srcset=\"https:\/\/korpekalemler.net\/wp-content\/uploads\/2022\/10\/574528_485834658140270_774656379_n-451x300.jpg 451w\" alt=\"\"  width=\"451\" height=\"300\"  \/><\/a>\n\t<\/div>\n<\/div>\n\n\n<div class=\"post-entry-content\">\n\n\t<h3 class=\"entry-title\">\n\t\t<a href=\"https:\/\/korpekalemler.net\/index.php\/2023\/03\/23\/ya-rab-askin-olayim\/\" title=\"Y\u00c2 RAB A\u015eKIN OLAYIM!\" rel=\"bookmark\">Y\u00c2 RAB A\u015eKIN OLAYIM!<\/a>\n\t<\/h3>\n\n\t<div class=\"entry-meta\"><span class=\"category-link\"><a href=\"https:\/\/korpekalemler.net\/index.php\/category\/inanc\/\" >\u0130nan\u00e7<\/a>, <a href=\"https:\/\/korpekalemler.net\/index.php\/category\/mart-23\/\" >Mart '23<\/a>, <a href=\"https:\/\/korpekalemler.net\/index.php\/category\/tugaymola\/\" >Tugay Mola<\/a><\/span><a class=\"author vcard\" href=\"https:\/\/korpekalemler.net\/index.php\/author\/korpekalemlerder\/\" title=\"View all posts by K\u00f6rpe Kalemler\" rel=\"author\">By <span class=\"fn\">K\u00f6rpe Kalemler<\/span><\/a><a href=\"https:\/\/korpekalemler.net\/index.php\/2023\/03\/23\/\" title=\"20:36\" class=\"data-link\" rel=\"bookmark\"><time class=\"entry-date updated\" datetime=\"2023-03-23T20:36:27+03:00\">23 Mart 2023<\/time><\/a><a href=\"https:\/\/korpekalemler.net\/index.php\/2023\/03\/23\/ya-rab-askin-olayim\/#respond\" class=\"comment-link\" >Leave a comment<\/a><\/div>\n\t<div class=\"entry-excerpt\"><p>Bu sabah ellerimi g\u00f6\u011fe kald\u0131r\u0131rken g\u00f6zlerimi yere a\u011fd\u0131rd\u0131m. O lahzadaki ish\u00e2b\u0131m\u0131 nas\u0131l s\u00f6yleyecektim ki? Iy\u00e2zen billah neler s\u00f6yledim bilemiyorum. H\u00e2rut sahibi de\u011filim ki B\u00e2bil\u2019deki kuyuda k\u0131yametimi bekleyeyim. Feresim, sidrem ferec bah\u015feder mi? Harab derg\u00e2h\u0131m mi\u2018raca erer mi ki ? S\u00f6zlerimde bed\u00e2het olmasa bile, senin g\u00f6nl\u00fcnde keramet olsun. Ate\u015fg\u00e2h\u0131mdaki s\u00fck\u00fbtu ge\u00e7er mi ki? G\u00f6nl\u00fcmdeki rezalet olsa&hellip;<\/p>\n<\/div>\n\t\n<a href=\"https:\/\/korpekalemler.net\/index.php\/2023\/03\/23\/ya-rab-askin-olayim\/\" class=\"post-details details-type-link\" aria-label=\"Read more about Y\u00c2 RAB A\u015eKIN OLAYIM!\">Read more<i class=\"dt-icon-the7-arrow-03\" aria-hidden=\"true\"><\/i><\/a>\n\n<\/div><\/article><article class=\"post project-odd visible post-15474 type-post status-publish format-standard has-post-thumbnail hentry category-drmusahub category-inanc category-subat23 tag-inanc tag-subat2023 category-148 category-143 category-121 description-off\" data-name=\"Zaman Saati \u00c7ald\u0131\u011f\u0131 An: K\u0131yamet Depremi\" data-date=\"2023-02-19T04:00:51+03:00\">\n\n<div class=\"post-thumbnail-wrap\">\n\t<div class=\"post-thumbnail\">\n\n\t\t\n\t\t\n\t\t<a href=\"https:\/\/korpekalemler.net\/index.php\/2023\/02\/19\/zaman-saati-caldigi-an-kiyamet-depremi\/\" class=\"post-thumbnail-rollover layzr-bg layzr-bg\" ><img loading=\"lazy\" decoding=\"async\" class=\"blog-thumb-lazy-load preload-me lazy-load\" src=\"data:image\/svg+xml,%3Csvg%20xmlns%3D&#39;http%3A%2F%2Fwww.w3.org%2F2000%2Fsvg&#39;%20viewBox%3D&#39;0%200%20583%20389&#39;%2F%3E\" data-src=\"https:\/\/korpekalemler.net\/wp-content\/uploads\/2023\/02\/images281295366213106066847976.-583x389.jpg\" data-srcset=\"https:\/\/korpekalemler.net\/wp-content\/uploads\/2023\/02\/images281295366213106066847976.-583x389.jpg 583w\" alt=\"\" title=\"images (1)5366213106066847976.\" width=\"583\" height=\"389\"  \/><\/a>\n\t<\/div>\n<\/div>\n\n\n<div class=\"post-entry-content\">\n\n\t<h3 class=\"entry-title\">\n\t\t<a href=\"https:\/\/korpekalemler.net\/index.php\/2023\/02\/19\/zaman-saati-caldigi-an-kiyamet-depremi\/\" title=\"Zaman Saati \u00c7ald\u0131\u011f\u0131 An: K\u0131yamet Depremi\" rel=\"bookmark\">Zaman Saati \u00c7ald\u0131\u011f\u0131 An: K\u0131yamet Depremi<\/a>\n\t<\/h3>\n\n\t<div class=\"entry-meta\"><span class=\"category-link\"><a href=\"https:\/\/korpekalemler.net\/index.php\/category\/drmusahub\/\" >Dr. Musa H\u00fbb<\/a>, <a href=\"https:\/\/korpekalemler.net\/index.php\/category\/inanc\/\" >\u0130nan\u00e7<\/a>, <a href=\"https:\/\/korpekalemler.net\/index.php\/category\/subat23\/\" >\u015eubat '23<\/a><\/span><a class=\"author vcard\" href=\"https:\/\/korpekalemler.net\/index.php\/author\/korpekalemlerder\/\" title=\"View all posts by K\u00f6rpe Kalemler\" rel=\"author\">By <span class=\"fn\">K\u00f6rpe Kalemler<\/span><\/a><a href=\"https:\/\/korpekalemler.net\/index.php\/2023\/02\/19\/\" title=\"04:00\" class=\"data-link\" rel=\"bookmark\"><time class=\"entry-date updated\" datetime=\"2023-02-19T04:00:51+03:00\">19 \u015eubat 2023<\/time><\/a><a href=\"https:\/\/korpekalemler.net\/index.php\/2023\/02\/19\/zaman-saati-caldigi-an-kiyamet-depremi\/#respond\" class=\"comment-link\" >Leave a comment<\/a><\/div>\n\t<div class=\"entry-excerpt\"><p>[ Kur&#8217;an, k\u0131yamete &#8220;saatin zelzelesi (depremi)&#8221; diyor. Demek k\u00e2inatta k\u0131yamete kurulmu\u015f bir zaman saati var; \u00e7ald\u0131\u011f\u0131nda sars\u0131nt\u0131s\u0131yla en b\u00fcy\u00fck deprem ya\u015fanacak ve k\u0131yamet kopacak! K\u00e2inatta &#8220;Zaman Saati \u00c7ald\u0131\u011f\u0131 An\u201d neler olacak, Kur&#8217;an ve Hadislerden hareketle kaleme almaya \u00e7al\u0131\u015fm\u0131\u015ft\u0131m. K\u0131yamet depremiyle ilgili y\u0131llarca i\u00e7imde biriken s\u0131k\u0131\u015fm\u0131\u015f duygu-d\u00fc\u015f\u00fcncelerim, volkan gibi patlam\u0131\u015f ve bana adeta o depremi yeniden&hellip;<\/p>\n<\/div>\n\t\n<a href=\"https:\/\/korpekalemler.net\/index.php\/2023\/02\/19\/zaman-saati-caldigi-an-kiyamet-depremi\/\" class=\"post-details details-type-link\" aria-label=\"Read more about Zaman Saati \u00c7ald\u0131\u011f\u0131 An: K\u0131yamet Depremi\">Read more<i class=\"dt-icon-the7-arrow-03\" aria-hidden=\"true\"><\/i><\/a>\n\n<\/div><\/article><article class=\"post project-odd visible post-15471 type-post status-publish format-standard has-post-thumbnail hentry category-haruncaglayan category-inanc category-subat23 tag-inanc tag-subat2023 category-163 category-143 category-121 description-off\" data-name=\"\u0130\u00e7teki Kor Ate\u015f\" data-date=\"2023-02-19T03:54:54+03:00\">\n\n<div class=\"post-thumbnail-wrap\">\n\t<div class=\"post-thumbnail\">\n\n\t\t\n\t\t\n\t\t<a href=\"https:\/\/korpekalemler.net\/index.php\/2023\/02\/19\/icine-dustugu-hatanin-pismanligi-ile-kivranan-bir-insan-diliyle-tevbe-etmese-de-af-olunur\/\" class=\"post-thumbnail-rollover layzr-bg layzr-bg\" ><img loading=\"lazy\" decoding=\"async\" class=\"blog-thumb-lazy-load preload-me lazy-load\" src=\"data:image\/svg+xml,%3Csvg%20xmlns%3D&#39;http%3A%2F%2Fwww.w3.org%2F2000%2Fsvg&#39;%20viewBox%3D&#39;0%200%20640%20426&#39;%2F%3E\" data-src=\"https:\/\/korpekalemler.net\/wp-content\/uploads\/2023\/02\/david-monje-8vyCtLPlEBo-unsplash.jpg\" data-srcset=\"https:\/\/korpekalemler.net\/wp-content\/uploads\/2023\/02\/david-monje-8vyCtLPlEBo-unsplash.jpg 640w\" alt=\"\"  width=\"640\" height=\"426\"  \/><\/a>\n\t<\/div>\n<\/div>\n\n\n<div class=\"post-entry-content\">\n\n\t<h3 class=\"entry-title\">\n\t\t<a href=\"https:\/\/korpekalemler.net\/index.php\/2023\/02\/19\/icine-dustugu-hatanin-pismanligi-ile-kivranan-bir-insan-diliyle-tevbe-etmese-de-af-olunur\/\" title=\"\u0130\u00e7teki Kor Ate\u015f\" rel=\"bookmark\">\u0130\u00e7teki Kor Ate\u015f<\/a>\n\t<\/h3>\n\n\t<div class=\"entry-meta\"><span class=\"category-link\"><a href=\"https:\/\/korpekalemler.net\/index.php\/category\/haruncaglayan\/\" >Harun \u00c7a\u011flayan<\/a>, <a href=\"https:\/\/korpekalemler.net\/index.php\/category\/inanc\/\" >\u0130nan\u00e7<\/a>, <a href=\"https:\/\/korpekalemler.net\/index.php\/category\/subat23\/\" >\u015eubat '23<\/a><\/span><a class=\"author vcard\" href=\"https:\/\/korpekalemler.net\/index.php\/author\/korpekalemlerder\/\" title=\"View all posts by K\u00f6rpe Kalemler\" rel=\"author\">By <span class=\"fn\">K\u00f6rpe Kalemler<\/span><\/a><a href=\"https:\/\/korpekalemler.net\/index.php\/2023\/02\/19\/\" title=\"03:54\" class=\"data-link\" rel=\"bookmark\"><time class=\"entry-date updated\" datetime=\"2023-02-19T03:54:54+03:00\">19 \u015eubat 2023<\/time><\/a><a href=\"https:\/\/korpekalemler.net\/index.php\/2023\/02\/19\/icine-dustugu-hatanin-pismanligi-ile-kivranan-bir-insan-diliyle-tevbe-etmese-de-af-olunur\/#respond\" class=\"comment-link\" >Leave a comment<\/a><\/div>\n\t<div class=\"entry-excerpt\"><p>\u201c\u0130\u00e7ine d\u00fc\u015ft\u00fc\u011f\u00fc hatan\u0131n pi\u015fmanl\u0131\u011f\u0131 ile k\u0131vranan bir insan, diliyle tevbe etmese de af olunur\u2026\u201d Y\u00fcre\u011fimize g\u00fcller deren Nebi\u2019nin s\u00f6zleri. O (Aleyhisselatu Vessel\u00e2m) heva ve hevesinden konu\u015fmaz ya.. Ne der ise kabul\u00fcyd\u00fc. L\u00e2kin pek uzak d\u00fc\u015fm\u00fc\u015ft\u00fc O\u2019nu ya\u015famaktan.. \u00d6mr\u00fc beyhude rev\u00e2n oldu yollara; rev\u00e2n oldu olmas\u0131na da, bakt\u0131 \u00f6mr\u00fcn\u00fcn son m\u00fcntehas\u0131na \u2018k\u00e2r\u0131md\u0131r! dedi miras! kalan g\u00fcnahlar&hellip;<\/p>\n<\/div>\n\t\n<a href=\"https:\/\/korpekalemler.net\/index.php\/2023\/02\/19\/icine-dustugu-hatanin-pismanligi-ile-kivranan-bir-insan-diliyle-tevbe-etmese-de-af-olunur\/\" class=\"post-details details-type-link\" aria-label=\"Read more about \u0130\u00e7teki Kor Ate\u015f\">Read more<i class=\"dt-icon-the7-arrow-03\" aria-hidden=\"true\"><\/i><\/a>\n\n<\/div><\/article><article class=\"post project-odd visible post-1901 type-post status-publish format-standard has-post-thumbnail hentry category-inanc category-ocak23 category-semaceyhan tag-inanc tag-ocak2023 category-143 category-123 category-152 description-off\" data-name=\"Hekimo\u011flu \u0130smail&#8217;in Aziz Ruhlar\u0131na \u0130thafen\" data-date=\"2023-01-15T12:54:23+03:00\">\n\n<div class=\"post-thumbnail-wrap\">\n\t<div class=\"post-thumbnail\">\n\n\t\t\n\t\t\n\t\t<a href=\"https:\/\/korpekalemler.net\/index.php\/2023\/01\/15\/hekimoglu-ismailin-aziz-ruhlarina-ithafen-sema-ceyhan\/\" class=\"post-thumbnail-rollover layzr-bg layzr-bg\" ><img loading=\"lazy\" decoding=\"async\" class=\"blog-thumb-lazy-load preload-me lazy-load\" src=\"data:image\/svg+xml,%3Csvg%20xmlns%3D&#39;http%3A%2F%2Fwww.w3.org%2F2000%2Fsvg&#39;%20viewBox%3D&#39;0%200%20768%20512&#39;%2F%3E\" data-src=\"https:\/\/korpekalemler.net\/wp-content\/uploads\/2023\/01\/pexels-photo-1287145-768x512.jpeg\" data-srcset=\"https:\/\/korpekalemler.net\/wp-content\/uploads\/2023\/01\/pexels-photo-1287145-768x512.jpeg 768w, https:\/\/korpekalemler.net\/wp-content\/uploads\/2023\/01\/pexels-photo-1287145-1306x870.jpeg 1306w\" alt=\"snowy mountain\"  width=\"768\" height=\"512\"  \/><\/a>\n\t<\/div>\n<\/div>\n\n\n<div class=\"post-entry-content\">\n\n\t<h3 class=\"entry-title\">\n\t\t<a href=\"https:\/\/korpekalemler.net\/index.php\/2023\/01\/15\/hekimoglu-ismailin-aziz-ruhlarina-ithafen-sema-ceyhan\/\" title=\"Hekimo\u011flu \u0130smail&#8217;in Aziz Ruhlar\u0131na \u0130thafen\" rel=\"bookmark\">Hekimo\u011flu \u0130smail&#8217;in Aziz Ruhlar\u0131na \u0130thafen<\/a>\n\t<\/h3>\n\n\t<div class=\"entry-meta\"><span class=\"category-link\"><a href=\"https:\/\/korpekalemler.net\/index.php\/category\/inanc\/\" >\u0130nan\u00e7<\/a>, <a href=\"https:\/\/korpekalemler.net\/index.php\/category\/ocak23\/\" >Ocak '23<\/a>, <a href=\"https:\/\/korpekalemler.net\/index.php\/category\/semaceyhan\/\" >Sema Ceyhan<\/a><\/span><a class=\"author vcard\" href=\"https:\/\/korpekalemler.net\/index.php\/author\/korpekalemlerder\/\" title=\"View all posts by K\u00f6rpe Kalemler\" rel=\"author\">By <span class=\"fn\">K\u00f6rpe Kalemler<\/span><\/a><a href=\"https:\/\/korpekalemler.net\/index.php\/2023\/01\/15\/\" title=\"12:54\" class=\"data-link\" rel=\"bookmark\"><time class=\"entry-date updated\" datetime=\"2023-01-15T12:54:23+03:00\">15 Ocak 2023<\/time><\/a><a href=\"https:\/\/korpekalemler.net\/index.php\/2023\/01\/15\/hekimoglu-ismailin-aziz-ruhlarina-ithafen-sema-ceyhan\/#respond\" class=\"comment-link\" >Leave a comment<\/a><\/div>\n\t<div class=\"entry-excerpt\"><p>As\u0131l ad\u0131 \u00d6mer Ok\u00e7u olmakla birlikte, \u201cHekimo\u011flu \u0130smail\u201d ad\u0131yla tan\u0131nan \u201cMinyeli Abdullah\u201d\u0131n yazar\u0131, merhum a\u011fabeyimiz, Hekimo\u011flu \u0130smail\u2019in kaleme ald\u0131\u011f\u0131 \u201cMinyeli Abdullah\u201d roman\u0131 \u00e7ok okunan ve bilinen eserler aras\u0131nda yer ald\u0131. Kitapta anlat\u0131lan hadiseler g\u00fcya M\u0131s\u0131r\u2019da ge\u00e7iyor gibiydi, ama okuyan herkes benzer hadiselerin \u00fclkemizde ya\u015fand\u0131\u011f\u0131na \u015fahitti. Kitab\u0131n ilgi g\u00f6rmesinin bir sebebide belki buydu. \u00d6mer Ok\u00e7u A\u011fabey&hellip;<\/p>\n<\/div>\n\t\n<a href=\"https:\/\/korpekalemler.net\/index.php\/2023\/01\/15\/hekimoglu-ismailin-aziz-ruhlarina-ithafen-sema-ceyhan\/\" class=\"post-details details-type-link\" aria-label=\"Read more about Hekimo\u011flu \u0130smail&#8217;in Aziz Ruhlar\u0131na \u0130thafen\">Read more<i class=\"dt-icon-the7-arrow-03\" aria-hidden=\"true\"><\/i><\/a>\n\n<\/div><\/article><article class=\"post project-odd visible post-1899 type-post status-publish format-standard has-post-thumbnail hentry category-inanc category-mucahitguler category-ocak23 tag-inanc tag-ocak2023 category-143 category-157 category-123 description-off\" data-name=\"Hasedin Uykusu Hafiftir \/ M\u00fccahit G\u00fcler\" data-date=\"2023-01-15T12:53:15+03:00\">\n\n<div class=\"post-thumbnail-wrap\">\n\t<div class=\"post-thumbnail\">\n\n\t\t\n\t\t\n\t\t<a href=\"https:\/\/korpekalemler.net\/index.php\/2023\/01\/15\/hasedin-uykusu-hafiftir-mucahit-guler\/\" class=\"post-thumbnail-rollover layzr-bg layzr-bg\" ><img loading=\"lazy\" decoding=\"async\" class=\"blog-thumb-lazy-load preload-me lazy-load\" src=\"data:image\/svg+xml,%3Csvg%20xmlns%3D&#39;http%3A%2F%2Fwww.w3.org%2F2000%2Fsvg&#39;%20viewBox%3D&#39;0%200%20768%20512&#39;%2F%3E\" data-src=\"https:\/\/korpekalemler.net\/wp-content\/uploads\/2023\/01\/pexels-photo-4601807-768x512.jpeg\" data-srcset=\"https:\/\/korpekalemler.net\/wp-content\/uploads\/2023\/01\/pexels-photo-4601807-768x512.jpeg 768w, https:\/\/korpekalemler.net\/wp-content\/uploads\/2023\/01\/pexels-photo-4601807-867x577.jpeg 867w\" alt=\"crescent moon on a pink sky\"  width=\"768\" height=\"512\"  \/><\/a>\n\t<\/div>\n<\/div>\n\n\n<div class=\"post-entry-content\">\n\n\t<h3 class=\"entry-title\">\n\t\t<a href=\"https:\/\/korpekalemler.net\/index.php\/2023\/01\/15\/hasedin-uykusu-hafiftir-mucahit-guler\/\" title=\"Hasedin Uykusu Hafiftir \/ M\u00fccahit G\u00fcler\" rel=\"bookmark\">Hasedin Uykusu Hafiftir \/ M\u00fccahit G\u00fcler<\/a>\n\t<\/h3>\n\n\t<div class=\"entry-meta\"><span class=\"category-link\"><a href=\"https:\/\/korpekalemler.net\/index.php\/category\/inanc\/\" >\u0130nan\u00e7<\/a>, <a href=\"https:\/\/korpekalemler.net\/index.php\/category\/mucahitguler\/\" >M\u00fccahit G\u00fcler<\/a>, <a href=\"https:\/\/korpekalemler.net\/index.php\/category\/ocak23\/\" >Ocak '23<\/a><\/span><a class=\"author vcard\" href=\"https:\/\/korpekalemler.net\/index.php\/author\/korpekalemlerder\/\" title=\"View all posts by K\u00f6rpe Kalemler\" rel=\"author\">By <span class=\"fn\">K\u00f6rpe Kalemler<\/span><\/a><a href=\"https:\/\/korpekalemler.net\/index.php\/2023\/01\/15\/\" title=\"12:53\" class=\"data-link\" rel=\"bookmark\"><time class=\"entry-date updated\" datetime=\"2023-01-15T12:53:15+03:00\">15 Ocak 2023<\/time><\/a><a href=\"https:\/\/korpekalemler.net\/index.php\/2023\/01\/15\/hasedin-uykusu-hafiftir-mucahit-guler\/#respond\" class=\"comment-link\" >Leave a comment<\/a><\/div>\n\t<div class=\"entry-excerpt\"><p>Haset kelimesi, ba\u015fkas\u0131n\u0131n sahip oldu\u011fu madd\u00ee veya m\u00e2nev\u00ee imk\u00e2nlar\u0131n kendisine ge\u00e7mesini veya k\u0131skan\u0131lan ki\u015finin bu imk\u00e2nlardan mahrum kalmas\u0131 y\u00f6n\u00fcndeki istek ve niyeti ifade eder. Haset \u00f6ncelikle bir duygu ve temenniyle ortaya \u00e7\u0131kar, bazen fiile d\u00f6n\u00fc\u015f\u00fcr, bazen de d\u00f6n\u00fc\u015fmez. Hasedin yo\u011funluk durumu fiile d\u00f6n\u00fc\u015f\u00fcp d\u00f6n\u00fc\u015fmemesinde etkilidir. \u0130nsan\u0131n, \u015fahs\u0131n kendisine veya \u015fah\u0131staki bir nimete haset etmesinin temelinde&hellip;<\/p>\n<\/div>\n\t\n<a href=\"https:\/\/korpekalemler.net\/index.php\/2023\/01\/15\/hasedin-uykusu-hafiftir-mucahit-guler\/\" class=\"post-details details-type-link\" aria-label=\"Read more about Hasedin Uykusu Hafiftir \/ M\u00fccahit G\u00fcler\">Read more<i class=\"dt-icon-the7-arrow-03\" aria-hidden=\"true\"><\/i><\/a>\n\n<\/div><\/article><article class=\"post project-odd visible post-1808 type-post status-publish format-standard has-post-thumbnail hentry category-aralik22 category-inanc category-yusufalpturk tag-aralik2022 tag-inanc category-122 category-143 category-150 description-off\" data-name=\"&#8220;Bismillah Her Hayr\u0131n Ba\u015f\u0131d\u0131r&#8221;\" data-date=\"2022-12-09T17:27:44+03:00\">\n\n<div class=\"post-thumbnail-wrap\">\n\t<div class=\"post-thumbnail\">\n\n\t\t\n\t\t\n\t\t<a href=\"https:\/\/korpekalemler.net\/index.php\/2022\/12\/09\/bismillah-her-hayrin-basidir\/\" class=\"post-thumbnail-rollover layzr-bg layzr-bg\" ><img loading=\"lazy\" decoding=\"async\" class=\"blog-thumb-lazy-load preload-me lazy-load\" src=\"data:image\/svg+xml,%3Csvg%20xmlns%3D&#39;http%3A%2F%2Fwww.w3.org%2F2000%2Fsvg&#39;%20viewBox%3D&#39;0%200%20768%20512&#39;%2F%3E\" data-src=\"https:\/\/korpekalemler.net\/wp-content\/uploads\/2022\/12\/20221209_172713-768x512.jpg\" data-srcset=\"https:\/\/korpekalemler.net\/wp-content\/uploads\/2022\/12\/20221209_172713-768x512.jpg 768w, https:\/\/korpekalemler.net\/wp-content\/uploads\/2022\/12\/20221209_172713-934x622.jpg 934w\" alt=\"\"  width=\"768\" height=\"512\"  \/><\/a>\n\t<\/div>\n<\/div>\n\n\n<div class=\"post-entry-content\">\n\n\t<h3 class=\"entry-title\">\n\t\t<a href=\"https:\/\/korpekalemler.net\/index.php\/2022\/12\/09\/bismillah-her-hayrin-basidir\/\" title=\"&#8220;Bismillah Her Hayr\u0131n Ba\u015f\u0131d\u0131r&#8221;\" rel=\"bookmark\">&#8220;Bismillah Her Hayr\u0131n Ba\u015f\u0131d\u0131r&#8221;<\/a>\n\t<\/h3>\n\n\t<div class=\"entry-meta\"><span class=\"category-link\"><a href=\"https:\/\/korpekalemler.net\/index.php\/category\/aralik22\/\" >Aral\u0131k '22<\/a>, <a href=\"https:\/\/korpekalemler.net\/index.php\/category\/inanc\/\" >\u0130nan\u00e7<\/a>, <a href=\"https:\/\/korpekalemler.net\/index.php\/category\/yusufalpturk\/\" >Yusuf Alpt\u00fcrk<\/a><\/span><a class=\"author vcard\" href=\"https:\/\/korpekalemler.net\/index.php\/author\/korpekalemlerder\/\" title=\"View all posts by K\u00f6rpe Kalemler\" rel=\"author\">By <span class=\"fn\">K\u00f6rpe Kalemler<\/span><\/a><a href=\"https:\/\/korpekalemler.net\/index.php\/2022\/12\/09\/\" title=\"17:27\" class=\"data-link\" rel=\"bookmark\"><time class=\"entry-date updated\" datetime=\"2022-12-09T17:27:44+03:00\">9 Aral\u0131k 2022<\/time><\/a><a href=\"https:\/\/korpekalemler.net\/index.php\/2022\/12\/09\/bismillah-her-hayrin-basidir\/#respond\" class=\"comment-link\" >Leave a comment<\/a><\/div>\n\t<div class=\"entry-excerpt\"><p>Bir hadiste s\u0327o\u0308yle denmi\u015ftir: \u201cBa\u015f\u0131 besmele olan dua reddolunmaz.\u201d \u00dcstad Bedi\u00fczzaman \u201cS\u00f6zler\u201d kitab\u0131nda 1. S\u00f6z\u2019de ; \u201cBismill\u00e2h her hayr\u0131n ba\u015f\u0131d\u0131r.&nbsp;Biz dahi ba\u015fta ona ba\u015flar\u0131z. Bil, ey nefsim,&nbsp;\u015fu m\u00fcbarek kelime,&nbsp;\u0130sl\u00e2m ni\u015fan\u0131&nbsp;oldu\u011fu gibi, b\u00fct\u00fcn mevcud\u00e2t\u0131n lisan-\u0131&nbsp;h\u00e2l ile vird-i zeb\u00e2n\u0131d\u0131r. Bismill\u00e2h ne b\u00fcy\u00fck, t\u00fckenmez bir kuvvet, ne&nbsp;\u00e7ok, bitmez bir bereket oldu\u011funu anlamak istersen,&nbsp;\u015fu tems\u00eel\u00ee&nbsp;hik\u00e2yeci\u011fe bak, dinle.\u201d&nbsp;diye ba\u015flar ve&hellip;<\/p>\n<\/div>\n\t\n<a href=\"https:\/\/korpekalemler.net\/index.php\/2022\/12\/09\/bismillah-her-hayrin-basidir\/\" class=\"post-details details-type-link\" aria-label=\"Read more about &#8220;Bismillah Her Hayr\u0131n Ba\u015f\u0131d\u0131r&#8221;\">Read more<i class=\"dt-icon-the7-arrow-03\" aria-hidden=\"true\"><\/i><\/a>\n\n<\/div><\/article><article class=\"post project-odd visible post-1779 type-post status-publish format-standard has-post-thumbnail hentry category-aralik22 category-inanc category-rukiyeanar tag-aralik2022 tag-inanc category-122 category-143 category-160 description-off\" data-name=\"Saraydan \u00c7obanl\u0131\u011fa Hz. Musa (as)\" data-date=\"2022-12-09T04:18:39+03:00\">\n\n<div class=\"post-thumbnail-wrap\">\n\t<div class=\"post-thumbnail\">\n\n\t\t\n\t\t\n\t\t<a href=\"https:\/\/korpekalemler.net\/index.php\/2022\/12\/09\/saraydan-cobanliga-hz-musa-as\/\" class=\"post-thumbnail-rollover layzr-bg layzr-bg\" ><img loading=\"lazy\" decoding=\"async\" class=\"blog-thumb-lazy-load preload-me lazy-load\" src=\"data:image\/svg+xml,%3Csvg%20xmlns%3D&#39;http%3A%2F%2Fwww.w3.org%2F2000%2Fsvg&#39;%20viewBox%3D&#39;0%200%20768%20512&#39;%2F%3E\" data-src=\"https:\/\/korpekalemler.net\/wp-content\/uploads\/2022\/12\/pexels-photo-1670187-768x512.jpeg\" data-srcset=\"https:\/\/korpekalemler.net\/wp-content\/uploads\/2022\/12\/pexels-photo-1670187-768x512.jpeg 768w, https:\/\/korpekalemler.net\/wp-content\/uploads\/2022\/12\/pexels-photo-1670187-867x577.jpeg 867w\" alt=\"mountain range under beige sky\" title=\"pexels-photo-1670187\" width=\"768\" height=\"512\"  \/><\/a>\n\t<\/div>\n<\/div>\n\n\n<div class=\"post-entry-content\">\n\n\t<h3 class=\"entry-title\">\n\t\t<a href=\"https:\/\/korpekalemler.net\/index.php\/2022\/12\/09\/saraydan-cobanliga-hz-musa-as\/\" title=\"Saraydan \u00c7obanl\u0131\u011fa Hz. Musa (as)\" rel=\"bookmark\">Saraydan \u00c7obanl\u0131\u011fa Hz. Musa (as)<\/a>\n\t<\/h3>\n\n\t<div class=\"entry-meta\"><span class=\"category-link\"><a href=\"https:\/\/korpekalemler.net\/index.php\/category\/aralik22\/\" >Aral\u0131k '22<\/a>, <a href=\"https:\/\/korpekalemler.net\/index.php\/category\/inanc\/\" >\u0130nan\u00e7<\/a>, <a href=\"https:\/\/korpekalemler.net\/index.php\/category\/rukiyeanar\/\" >Rukiye Anar<\/a><\/span><a class=\"author vcard\" href=\"https:\/\/korpekalemler.net\/index.php\/author\/korpekalemlerder\/\" title=\"View all posts by K\u00f6rpe Kalemler\" rel=\"author\">By <span class=\"fn\">K\u00f6rpe Kalemler<\/span><\/a><a href=\"https:\/\/korpekalemler.net\/index.php\/2022\/12\/09\/\" title=\"04:18\" class=\"data-link\" rel=\"bookmark\"><time class=\"entry-date updated\" datetime=\"2022-12-09T04:18:39+03:00\">9 Aral\u0131k 2022<\/time><\/a><a href=\"https:\/\/korpekalemler.net\/index.php\/2022\/12\/09\/saraydan-cobanliga-hz-musa-as\/#respond\" class=\"comment-link\" >Leave a comment<\/a><\/div>\n\t<div class=\"entry-excerpt\"><p>Peygamberlerin hayatlar\u0131 \u00e7ok \u00e7e\u015fitli imtihanlar, me\u015fakkatli yolculuklar ,zahmetli a\u015famalarla doludur. Kuran-\u0131 Kerim bu \u00e7etin ve zor m\u00fccadelelerin bir k\u0131sm\u0131n\u0131 bize aktar\u0131yor. Elbette Nebilerin ba\u015f\u0131ndan ge\u00e7en bu k\u0131ssalar bize yaln\u0131zca hikaye olsun diye anlat\u0131lm\u0131yor. Fevkalade m\u00fchim i\u015faretler veren, bizim i\u00e7in hayati \u00f6nem ta\u015f\u0131yan dersler veriliyor, adeta bizim ya\u015fant\u0131m\u0131za ayna tutan bir\u00e7ok y\u00f6nl\u00fc hakikatler ihtiva ediyor.\u0130\u015fte kitab\u0131m\u0131zda&hellip;<\/p>\n<\/div>\n\t\n<a href=\"https:\/\/korpekalemler.net\/index.php\/2022\/12\/09\/saraydan-cobanliga-hz-musa-as\/\" class=\"post-details details-type-link\" aria-label=\"Read more about Saraydan \u00c7obanl\u0131\u011fa Hz. Musa (as)\">Read more<i class=\"dt-icon-the7-arrow-03\" aria-hidden=\"true\"><\/i><\/a>\n\n<\/div><\/article><article class=\"post project-odd visible post-1783 type-post status-publish format-standard has-post-thumbnail hentry category-aralik22 category-inanc category-mucahitguler tag-aralik2022 tag-inanc category-122 category-143 category-157 description-off\" data-name=\"Gelin Karde\u015fli\u011fimizi Muhafaza Edelim\" data-date=\"2022-12-09T04:18:09+03:00\">\n\n<div class=\"post-thumbnail-wrap\">\n\t<div class=\"post-thumbnail\">\n\n\t\t\n\t\t\n\t\t<a href=\"https:\/\/korpekalemler.net\/index.php\/2022\/12\/09\/gelin-kardesligimizi-muhafaza-edelim\/\" class=\"post-thumbnail-rollover layzr-bg layzr-bg\" ><img loading=\"lazy\" decoding=\"async\" class=\"blog-thumb-lazy-load preload-me lazy-load\" src=\"data:image\/svg+xml,%3Csvg%20xmlns%3D&#39;http%3A%2F%2Fwww.w3.org%2F2000%2Fsvg&#39;%20viewBox%3D&#39;0%200%20768%20512&#39;%2F%3E\" data-src=\"https:\/\/korpekalemler.net\/wp-content\/uploads\/2022\/08\/cropped-image_editor_output_image652683926-1659420417345-768x512.jpg\" data-srcset=\"https:\/\/korpekalemler.net\/wp-content\/uploads\/2022\/08\/cropped-image_editor_output_image652683926-1659420417345-768x512.jpg 768w, https:\/\/korpekalemler.net\/wp-content\/uploads\/2022\/08\/cropped-image_editor_output_image652683926-1659420417345-1044x696.jpg 1044w\" alt=\"\"  width=\"768\" height=\"512\"  \/><\/a>\n\t<\/div>\n<\/div>\n\n\n<div class=\"post-entry-content\">\n\n\t<h3 class=\"entry-title\">\n\t\t<a href=\"https:\/\/korpekalemler.net\/index.php\/2022\/12\/09\/gelin-kardesligimizi-muhafaza-edelim\/\" title=\"Gelin Karde\u015fli\u011fimizi Muhafaza Edelim\" rel=\"bookmark\">Gelin Karde\u015fli\u011fimizi Muhafaza Edelim<\/a>\n\t<\/h3>\n\n\t<div class=\"entry-meta\"><span class=\"category-link\"><a href=\"https:\/\/korpekalemler.net\/index.php\/category\/aralik22\/\" >Aral\u0131k '22<\/a>, <a href=\"https:\/\/korpekalemler.net\/index.php\/category\/inanc\/\" >\u0130nan\u00e7<\/a>, <a href=\"https:\/\/korpekalemler.net\/index.php\/category\/mucahitguler\/\" >M\u00fccahit G\u00fcler<\/a><\/span><a class=\"author vcard\" href=\"https:\/\/korpekalemler.net\/index.php\/author\/korpekalemlerder\/\" title=\"View all posts by K\u00f6rpe Kalemler\" rel=\"author\">By <span class=\"fn\">K\u00f6rpe Kalemler<\/span><\/a><a href=\"https:\/\/korpekalemler.net\/index.php\/2022\/12\/09\/\" title=\"04:18\" class=\"data-link\" rel=\"bookmark\"><time class=\"entry-date updated\" datetime=\"2022-12-09T04:18:09+03:00\">9 Aral\u0131k 2022<\/time><\/a><a href=\"https:\/\/korpekalemler.net\/index.php\/2022\/12\/09\/gelin-kardesligimizi-muhafaza-edelim\/#respond\" class=\"comment-link\" >Leave a comment<\/a><\/div>\n\t<div class=\"entry-excerpt\"><p>Karde\u015fli\u011fin unutuldu\u011fu ve kalle\u015fli\u011fin maskelendi\u011fi bir zaman diliminden ge\u00e7iyoruz. \u00d6yle bir zamanda ya\u015f\u0131yoruz ki, kimsenin kimseye tahamm\u00fcl etmek istemedi\u011fi, herkesin birbirini yemek i\u00e7in f\u0131rsat arad\u0131\u011f\u0131, birbirini kand\u0131rman\u0131n &#8220;ak\u0131ll\u0131l\u0131k&#8221; olarak adland\u0131r\u0131ll\u0131\u011f\u0131 bir d\u00f6nemden ge\u00e7iyoruz. Konunun abs\u00fcrt taraf\u0131 ise, herkesin bu konuda \u015fikayet\u00e7i olmas\u0131 ama bununla birlikte kanayan bu yaraya han\u00e7er vurmaktan geri durmamam\u0131z\u2026. \u0130nsanl\u0131k tarihinin kanl\u0131&hellip;<\/p>\n<\/div>\n\t\n<a href=\"https:\/\/korpekalemler.net\/index.php\/2022\/12\/09\/gelin-kardesligimizi-muhafaza-edelim\/\" class=\"post-details details-type-link\" aria-label=\"Read more about Gelin Karde\u015fli\u011fimizi Muhafaza Edelim\">Read more<i class=\"dt-icon-the7-arrow-03\" aria-hidden=\"true\"><\/i><\/a>\n\n<\/div><\/article><article class=\"post project-odd visible post-1726 type-post status-publish format-standard has-post-thumbnail hentry category-inanc category-kasim22 category-mucahitguler tag-inanc category-143 category-120 category-157 description-off\" data-name=\"Kur&#8217;an&#8217;da D\u00fc\u015f\u00fcnce Yan\u0131lg\u0131lar\u0131\" data-date=\"2022-11-21T21:51:26+03:00\">\n\n<div class=\"post-thumbnail-wrap\">\n\t<div class=\"post-thumbnail\">\n\n\t\t\n\t\t\n\t\t<a href=\"https:\/\/korpekalemler.net\/index.php\/2022\/11\/21\/kuranda-dusunce-yanilgilari\/\" class=\"post-thumbnail-rollover layzr-bg layzr-bg\" ><img loading=\"lazy\" decoding=\"async\" class=\"blog-thumb-lazy-load preload-me lazy-load\" src=\"data:image\/svg+xml,%3Csvg%20xmlns%3D&#39;http%3A%2F%2Fwww.w3.org%2F2000%2Fsvg&#39;%20viewBox%3D&#39;0%200%20768%20512&#39;%2F%3E\" data-src=\"https:\/\/korpekalemler.net\/wp-content\/uploads\/2023\/01\/pexels-photo-844297-768x512.jpeg\" data-srcset=\"https:\/\/korpekalemler.net\/wp-content\/uploads\/2023\/01\/pexels-photo-844297-768x512.jpeg 768w, https:\/\/korpekalemler.net\/wp-content\/uploads\/2023\/01\/pexels-photo-844297-1306x870.jpeg 1306w\" alt=\"down angle photography of red clouds and blue sky\"  width=\"768\" height=\"512\"  \/><\/a>\n\t<\/div>\n<\/div>\n\n\n<div class=\"post-entry-content\">\n\n\t<h3 class=\"entry-title\">\n\t\t<a href=\"https:\/\/korpekalemler.net\/index.php\/2022\/11\/21\/kuranda-dusunce-yanilgilari\/\" title=\"Kur&#8217;an&#8217;da D\u00fc\u015f\u00fcnce Yan\u0131lg\u0131lar\u0131\" rel=\"bookmark\">Kur&#8217;an&#8217;da D\u00fc\u015f\u00fcnce Yan\u0131lg\u0131lar\u0131<\/a>\n\t<\/h3>\n\n\t<div class=\"entry-meta\"><span class=\"category-link\"><a href=\"https:\/\/korpekalemler.net\/index.php\/category\/inanc\/\" >\u0130nan\u00e7<\/a>, <a href=\"https:\/\/korpekalemler.net\/index.php\/category\/kasim22\/\" >Kas\u0131m '22<\/a>, <a href=\"https:\/\/korpekalemler.net\/index.php\/category\/mucahitguler\/\" >M\u00fccahit G\u00fcler<\/a><\/span><a class=\"author vcard\" href=\"https:\/\/korpekalemler.net\/index.php\/author\/korpekalemlerder\/\" title=\"View all posts by K\u00f6rpe Kalemler\" rel=\"author\">By <span class=\"fn\">K\u00f6rpe Kalemler<\/span><\/a><a href=\"https:\/\/korpekalemler.net\/index.php\/2022\/11\/21\/\" title=\"21:51\" class=\"data-link\" rel=\"bookmark\"><time class=\"entry-date updated\" datetime=\"2022-11-21T21:51:26+03:00\">21 Kas\u0131m 2022<\/time><\/a><a href=\"https:\/\/korpekalemler.net\/index.php\/2022\/11\/21\/kuranda-dusunce-yanilgilari\/#respond\" class=\"comment-link\" >Leave a comment<\/a><\/div>\n\t<div class=\"entry-excerpt\"><p>Kur&#8217;an&#8217;da D\u00fc\u015f\u00fcnce Yan\u0131lg\u0131lar\u0131 M\u00fccahit G\u00fcler Kur&#8217;an d\u00fc\u015f\u00fcnce y\u00f6ntemlerini bize g\u00f6sterdi\u011fi gibi d\u00fc\u015f\u00fcnce yan\u0131lg\u0131lar\u0131na da dikkat \u00e7ekmektedir. Kur&#8217;an, zihinsel geli\u015fimini durduran, hakikati anlama \u00e7abas\u0131na girmeyenlerin zihin d\u00fcnyalar\u0131n\u0131 bize aktararak neden yanl\u0131\u015f yolda olduklar\u0131n\u0131 bize g\u00f6stermektedir. Kur&#8217;an, iman etmemekte \u0131srar edenlerin kalplerinin k\u00f6relmesinin, kilitlenmesinin, m\u00fch\u00fcrlenmesinin arka plan\u0131nda yatan &#8220;yanl\u0131\u015f d\u00fc\u015f\u00fcnceleri&#8221; bize aktararak bir ger\u00e7e\u011fe i\u015faret etmektedir. Kur&#8217;an&hellip;<\/p>\n<\/div>\n\t\n<a href=\"https:\/\/korpekalemler.net\/index.php\/2022\/11\/21\/kuranda-dusunce-yanilgilari\/\" class=\"post-details details-type-link\" aria-label=\"Read more about Kur&#8217;an&#8217;da D\u00fc\u015f\u00fcnce Yan\u0131lg\u0131lar\u0131\">Read more<i class=\"dt-icon-the7-arrow-03\" aria-hidden=\"true\"><\/i><\/a>\n\n<\/div><\/article><article class=\"post project-odd visible post-1723 type-post status-publish format-standard has-post-thumbnail hentry category-fatihsinanyildirim category-inanc category-kasim22 tag-inanc tag-kasim2022 category-156 category-143 category-120 description-off\" data-name=\"Seven Ne Yapmaz..?!\" data-date=\"2022-11-21T21:51:03+03:00\">\n\n<div class=\"post-thumbnail-wrap\">\n\t<div class=\"post-thumbnail\">\n\n\t\t\n\t\t\n\t\t<a href=\"https:\/\/korpekalemler.net\/index.php\/2022\/11\/21\/seven-ne-yapmaz\/\" class=\"post-thumbnail-rollover layzr-bg layzr-bg\" ><img loading=\"lazy\" decoding=\"async\" class=\"blog-thumb-lazy-load preload-me lazy-load\" src=\"data:image\/svg+xml,%3Csvg%20xmlns%3D&#39;http%3A%2F%2Fwww.w3.org%2F2000%2Fsvg&#39;%20viewBox%3D&#39;0%200%20768%20512&#39;%2F%3E\" data-src=\"https:\/\/korpekalemler.net\/wp-content\/uploads\/2022\/12\/pexels-photo-2425011-768x512.jpeg\" data-srcset=\"https:\/\/korpekalemler.net\/wp-content\/uploads\/2022\/12\/pexels-photo-2425011-768x512.jpeg 768w, https:\/\/korpekalemler.net\/wp-content\/uploads\/2022\/12\/pexels-photo-2425011-1306x870.jpeg 1306w\" alt=\"orange and yellow neon lights\"  width=\"768\" height=\"512\"  \/><\/a>\n\t<\/div>\n<\/div>\n\n\n<div class=\"post-entry-content\">\n\n\t<h3 class=\"entry-title\">\n\t\t<a href=\"https:\/\/korpekalemler.net\/index.php\/2022\/11\/21\/seven-ne-yapmaz\/\" title=\"Seven Ne Yapmaz..?!\" rel=\"bookmark\">Seven Ne Yapmaz..?!<\/a>\n\t<\/h3>\n\n\t<div class=\"entry-meta\"><span class=\"category-link\"><a href=\"https:\/\/korpekalemler.net\/index.php\/category\/fatihsinanyildirim\/\" >Fatih Sinan Y\u0131ld\u0131r\u0131m<\/a>, <a href=\"https:\/\/korpekalemler.net\/index.php\/category\/inanc\/\" >\u0130nan\u00e7<\/a>, <a href=\"https:\/\/korpekalemler.net\/index.php\/category\/kasim22\/\" >Kas\u0131m '22<\/a><\/span><a class=\"author vcard\" href=\"https:\/\/korpekalemler.net\/index.php\/author\/korpekalemlerder\/\" title=\"View all posts by K\u00f6rpe Kalemler\" rel=\"author\">By <span class=\"fn\">K\u00f6rpe Kalemler<\/span><\/a><a href=\"https:\/\/korpekalemler.net\/index.php\/2022\/11\/21\/\" title=\"21:51\" class=\"data-link\" rel=\"bookmark\"><time class=\"entry-date updated\" datetime=\"2022-11-21T21:51:03+03:00\">21 Kas\u0131m 2022<\/time><\/a><a href=\"https:\/\/korpekalemler.net\/index.php\/2022\/11\/21\/seven-ne-yapmaz\/#respond\" class=\"comment-link\" >Leave a comment<\/a><\/div>\n\t<div class=\"entry-excerpt\"><p>Seven Ne Yapmaz..?! Fatih Sinan Y\u0131ld\u0131r\u0131m Bu ak\u015fam g\u00f6nl\u00fcmden ge\u00e7enleri yazaca\u011f\u0131m. \u201cSeven ne yapmaz ki?!\u201d diye yazaca\u011f\u0131m. Biliyorum ki yazamayaca\u011f\u0131m. Hayk\u0131ramayaca\u011f\u0131m; \u201cYusuf gibi d\u00fc\u015fsem suya\/ Atsalar beni kuyuya\/ Nice \u015feref duya duya\/ Rabbim Allah diyece\u011fim!\u201d diye.. Biliyorum\u2026 G\u00f6z\u00fcmden akmaz bir damla ya\u015f ki; b\u00f6yle diyebileyim?!\u2026 Cemalini g\u00f6rmek i\u00e7in yananlar gibi yanamasam da; \u201cBa\u015f koymu\u015fum ben&hellip;<\/p>\n<\/div>\n\t\n<a href=\"https:\/\/korpekalemler.net\/index.php\/2022\/11\/21\/seven-ne-yapmaz\/\" class=\"post-details details-type-link\" aria-label=\"Read more about Seven Ne Yapmaz..?!\">Read more<i class=\"dt-icon-the7-arrow-03\" aria-hidden=\"true\"><\/i><\/a>\n\n<\/div><\/article><article class=\"post project-odd visible post-1721 type-post status-publish format-standard has-post-thumbnail hentry category-inanc category-kasim22 category-semaceyhan tag-inanc tag-kasim2022 category-143 category-120 category-152 description-off\" data-name=\"Kur&#8217;an&#8217;da Vef\u00e2\" data-date=\"2022-11-21T21:50:49+03:00\">\n\n<div class=\"post-thumbnail-wrap\">\n\t<div class=\"post-thumbnail\">\n\n\t\t\n\t\t\n\t\t<a href=\"https:\/\/korpekalemler.net\/index.php\/2022\/11\/21\/kuranda-vefa\/\" class=\"post-thumbnail-rollover layzr-bg layzr-bg\" ><img loading=\"lazy\" decoding=\"async\" class=\"blog-thumb-lazy-load preload-me lazy-load\" src=\"data:image\/svg+xml,%3Csvg%20xmlns%3D&#39;http%3A%2F%2Fwww.w3.org%2F2000%2Fsvg&#39;%20viewBox%3D&#39;0%200%20262%20175&#39;%2F%3E\" data-src=\"https:\/\/korpekalemler.net\/wp-content\/uploads\/2023\/02\/4-262x175.png\" data-srcset=\"https:\/\/korpekalemler.net\/wp-content\/uploads\/2023\/02\/4-262x175.png 262w\" alt=\"\"  width=\"262\" height=\"175\"  \/><\/a>\n\t<\/div>\n<\/div>\n\n\n<div class=\"post-entry-content\">\n\n\t<h3 class=\"entry-title\">\n\t\t<a href=\"https:\/\/korpekalemler.net\/index.php\/2022\/11\/21\/kuranda-vefa\/\" title=\"Kur&#8217;an&#8217;da Vef\u00e2\" rel=\"bookmark\">Kur&#8217;an&#8217;da Vef\u00e2<\/a>\n\t<\/h3>\n\n\t<div class=\"entry-meta\"><span class=\"category-link\"><a href=\"https:\/\/korpekalemler.net\/index.php\/category\/inanc\/\" >\u0130nan\u00e7<\/a>, <a href=\"https:\/\/korpekalemler.net\/index.php\/category\/kasim22\/\" >Kas\u0131m '22<\/a>, <a href=\"https:\/\/korpekalemler.net\/index.php\/category\/semaceyhan\/\" >Sema Ceyhan<\/a><\/span><a class=\"author vcard\" href=\"https:\/\/korpekalemler.net\/index.php\/author\/korpekalemlerder\/\" title=\"View all posts by K\u00f6rpe Kalemler\" rel=\"author\">By <span class=\"fn\">K\u00f6rpe Kalemler<\/span><\/a><a href=\"https:\/\/korpekalemler.net\/index.php\/2022\/11\/21\/\" title=\"21:50\" class=\"data-link\" rel=\"bookmark\"><time class=\"entry-date updated\" datetime=\"2022-11-21T21:50:49+03:00\">21 Kas\u0131m 2022<\/time><\/a><a href=\"https:\/\/korpekalemler.net\/index.php\/2022\/11\/21\/kuranda-vefa\/#respond\" class=\"comment-link\" >Leave a comment<\/a><\/div>\n\t<div class=\"entry-excerpt\"><p>Kur&#8217;an&#8217;da Vef\u00e2 Sema Ceyhan Vefa, s\u00f6zl\u00fckte s\u00f6z\u00fcnde durmak, s\u00f6z\u00fcn\u00fc yerine getirmek, s\u00f6z\u00fcn\u00fc tutmak, borcu \u00f6demek, dostluk ve sevginin gerektirdi\u011fi davran\u0131\u015flarda devaml\u0131 olmak manalar\u0131na gelir. M\u00fcsl\u00fcman\u2019\u0131n ahl\u00e2k g\u00fczelli\u011fidir, erdemidir, faziletidir, do\u011frulu\u011fudur, d\u00fcr\u00fcstl\u00fc\u011f\u00fcd\u00fcr. Kur\u2019\u00e2n\u2019da bir\u00e7ok \u00e2yet insan s\u0131fat\u0131yla bizleri, muhatab\u0131m\u0131z d\u00fc\u015fman\u0131m\u0131z da olsa vefal\u0131 olmaya \u00e7a\u011f\u0131r\u0131yor. M\u00fcsl\u00fcman zarar\u0131na da olsa verdi\u011fi s\u00f6z\u00fc tutan, yapt\u0131\u011f\u0131 s\u00f6zle\u015fmelere uyan, imza&hellip;<\/p>\n<\/div>\n\t\n<a href=\"https:\/\/korpekalemler.net\/index.php\/2022\/11\/21\/kuranda-vefa\/\" class=\"post-details details-type-link\" aria-label=\"Read more about Kur&#8217;an&#8217;da Vef\u00e2\">Read more<i class=\"dt-icon-the7-arrow-03\" aria-hidden=\"true\"><\/i><\/a>\n\n<\/div><\/article><article class=\"post project-odd visible post-329 type-post status-publish format-standard has-post-thumbnail hentry category-ekim22 category-inanc category-mucahitguler tag-ekim2022 tag-inanc category-125 category-143 category-157 description-off\" data-name=\"Kuran&#8217;da D\u00fc\u015f\u00fcnme Y\u00f6ntemleri -1\" data-date=\"2022-10-14T19:41:30+03:00\">\n\n<div class=\"post-thumbnail-wrap\">\n\t<div class=\"post-thumbnail\">\n\n\t\t\n\t\t\n\t\t<a href=\"https:\/\/korpekalemler.net\/index.php\/2022\/10\/14\/kuranda-dusunme-yontemleri-1\/\" class=\"post-thumbnail-rollover layzr-bg layzr-bg\" ><img loading=\"lazy\" decoding=\"async\" class=\"blog-thumb-lazy-load preload-me lazy-load\" src=\"data:image\/svg+xml,%3Csvg%20xmlns%3D&#39;http%3A%2F%2Fwww.w3.org%2F2000%2Fsvg&#39;%20viewBox%3D&#39;0%200%20676%20451&#39;%2F%3E\" data-src=\"https:\/\/korpekalemler.net\/wp-content\/uploads\/2022\/10\/20221014_170313-676x451.png\" data-srcset=\"https:\/\/korpekalemler.net\/wp-content\/uploads\/2022\/10\/20221014_170313-676x451.png 676w, https:\/\/korpekalemler.net\/wp-content\/uploads\/2022\/10\/20221014_170313-677x451.png 677w\" alt=\"\"  width=\"676\" height=\"451\"  \/><\/a>\n\t<\/div>\n<\/div>\n\n\n<div class=\"post-entry-content\">\n\n\t<h3 class=\"entry-title\">\n\t\t<a href=\"https:\/\/korpekalemler.net\/index.php\/2022\/10\/14\/kuranda-dusunme-yontemleri-1\/\" title=\"Kuran&#8217;da D\u00fc\u015f\u00fcnme Y\u00f6ntemleri -1\" rel=\"bookmark\">Kuran&#8217;da D\u00fc\u015f\u00fcnme Y\u00f6ntemleri -1<\/a>\n\t<\/h3>\n\n\t<div class=\"entry-meta\"><span class=\"category-link\"><a href=\"https:\/\/korpekalemler.net\/index.php\/category\/ekim22\/\" >Ekim '22<\/a>, <a href=\"https:\/\/korpekalemler.net\/index.php\/category\/inanc\/\" >\u0130nan\u00e7<\/a>, <a href=\"https:\/\/korpekalemler.net\/index.php\/category\/mucahitguler\/\" >M\u00fccahit G\u00fcler<\/a><\/span><a class=\"author vcard\" href=\"https:\/\/korpekalemler.net\/index.php\/author\/korpekalemlerder\/\" title=\"View all posts by K\u00f6rpe Kalemler\" rel=\"author\">By <span class=\"fn\">K\u00f6rpe Kalemler<\/span><\/a><a href=\"https:\/\/korpekalemler.net\/index.php\/2022\/10\/14\/\" title=\"19:41\" class=\"data-link\" rel=\"bookmark\"><time class=\"entry-date updated\" datetime=\"2022-10-14T19:41:30+03:00\">14 Ekim 2022<\/time><\/a><a href=\"https:\/\/korpekalemler.net\/index.php\/2022\/10\/14\/kuranda-dusunme-yontemleri-1\/#respond\" class=\"comment-link\" >Leave a comment<\/a><\/div>\n\t<div class=\"entry-excerpt\"><p>Kuran&#8217;da D\u00fc\u015f\u00fcnme Y\u00f6ntemleri -1 M\u00fccahit G\u00dcLER \u0130nsan\u0131 di\u011fer canl\u0131lardan ayr\u0131 k\u0131lan en bariz \u00f6zelli\u011fi akledebiliyor ve d\u00fc\u015f\u00fcnebiliyor olmas\u0131d\u0131r. \u0130nsan bu \u00f6zelli\u011fi sayesinde kendini, e\u015fyay\u0131 ve olaylar\u0131 tan\u0131mlay\u0131p analiz edebiliyor. \u0130nsan\u0131n bu d\u00fc\u015f\u00fcnce \u00f6zelli\u011fi olmasayd\u0131 yery\u00fcz\u00fcn\u00fcn halifeli\u011fi ve y\u00f6neticili\u011fi ona verilir miydi? Rabbimiz insanlar\u0131 d\u00fcnyaya g\u00f6nderdikten sonra kullar\u0131n\u0131 ba\u015f\u0131bo\u015f b\u0131rakm\u0131yor ve insan\u0131n en g\u00fczel bir hayat\u0131&hellip;<\/p>\n<\/div>\n\t\n<a href=\"https:\/\/korpekalemler.net\/index.php\/2022\/10\/14\/kuranda-dusunme-yontemleri-1\/\" class=\"post-details details-type-link\" aria-label=\"Read more about Kuran&#8217;da D\u00fc\u015f\u00fcnme Y\u00f6ntemleri -1\">Read more<i class=\"dt-icon-the7-arrow-03\" aria-hidden=\"true\"><\/i><\/a>\n\n<\/div><\/article><article class=\"post project-odd visible post-331 type-post status-publish format-standard has-post-thumbnail hentry category-ekim22 category-havva-kucuk-konur category-inanc tag-ekim2022 tag-inanc category-125 category-168 category-143 description-off\" data-name=\"Ahlak-\u0131 \u0130slamiye \u00dczerine\" data-date=\"2022-10-14T19:41:11+03:00\">\n\n<div class=\"post-thumbnail-wrap\">\n\t<div class=\"post-thumbnail\">\n\n\t\t\n\t\t\n\t\t<a href=\"https:\/\/korpekalemler.net\/index.php\/2022\/10\/14\/ahlak-i-islamiye-uzerine\/\" class=\"post-thumbnail-rollover layzr-bg layzr-bg\" ><img loading=\"lazy\" decoding=\"async\" class=\"blog-thumb-lazy-load preload-me lazy-load\" src=\"data:image\/svg+xml,%3Csvg%20xmlns%3D&#39;http%3A%2F%2Fwww.w3.org%2F2000%2Fsvg&#39;%20viewBox%3D&#39;0%200%20451%20300&#39;%2F%3E\" data-src=\"https:\/\/korpekalemler.net\/wp-content\/uploads\/2022\/10\/574528_485834658140270_774656379_n-451x300.jpg\" data-srcset=\"https:\/\/korpekalemler.net\/wp-content\/uploads\/2022\/10\/574528_485834658140270_774656379_n-451x300.jpg 451w\" alt=\"\"  width=\"451\" height=\"300\"  \/><\/a>\n\t<\/div>\n<\/div>\n\n\n<div class=\"post-entry-content\">\n\n\t<h3 class=\"entry-title\">\n\t\t<a href=\"https:\/\/korpekalemler.net\/index.php\/2022\/10\/14\/ahlak-i-islamiye-uzerine\/\" title=\"Ahlak-\u0131 \u0130slamiye \u00dczerine\" rel=\"bookmark\">Ahlak-\u0131 \u0130slamiye \u00dczerine<\/a>\n\t<\/h3>\n\n\t<div class=\"entry-meta\"><span class=\"category-link\"><a href=\"https:\/\/korpekalemler.net\/index.php\/category\/ekim22\/\" >Ekim '22<\/a>, <a href=\"https:\/\/korpekalemler.net\/index.php\/category\/havva-kucuk-konur\/\" >Havva K\u00fc\u00e7\u00fck Konur<\/a>, <a href=\"https:\/\/korpekalemler.net\/index.php\/category\/inanc\/\" >\u0130nan\u00e7<\/a><\/span><a class=\"author vcard\" href=\"https:\/\/korpekalemler.net\/index.php\/author\/korpekalemlerder\/\" title=\"View all posts by K\u00f6rpe Kalemler\" rel=\"author\">By <span class=\"fn\">K\u00f6rpe Kalemler<\/span><\/a><a href=\"https:\/\/korpekalemler.net\/index.php\/2022\/10\/14\/\" title=\"19:41\" class=\"data-link\" rel=\"bookmark\"><time class=\"entry-date updated\" datetime=\"2022-10-14T19:41:11+03:00\">14 Ekim 2022<\/time><\/a><a href=\"https:\/\/korpekalemler.net\/index.php\/2022\/10\/14\/ahlak-i-islamiye-uzerine\/#respond\" class=\"comment-link\" >Leave a comment<\/a><\/div>\n\t<div class=\"entry-excerpt\"><p>AHLAK-I \u0130SLAM\u0130YE \u00dcZER\u0130NE Havva K\u00dc\u00c7\u00dcK KONUR Ahlak su gibi, hava gibi her yere giren, s\u0131zan, kendine benzeten, d\u00f6n\u00fc\u015ft\u00fcren bir yap\u0131. Karakter, huy anlam\u0131nda da kullanabildi\u011fimiz ahlak, insan\u0131n gerek kendi ba\u015f\u0131na kald\u0131\u011f\u0131nda, gerekse insanlar\u0131n i\u00e7erisindeyken sergiledi\u011fi, kendini olu\u015fturan yap\u0131ta\u015f\u0131na denir. Ki bu yaz\u0131da da karakter anlam\u0131ndaki ahlaktan bahsedilecektir. Ahlak-\u0131 \u0130slamiye, m\u00fcsl\u00fcmanl\u0131\u011f\u0131 \u00fczerinde g\u00f6sterme, sergileme, ya\u015fatma tavr\u0131.&hellip;<\/p>\n<\/div>\n\t\n<a href=\"https:\/\/korpekalemler.net\/index.php\/2022\/10\/14\/ahlak-i-islamiye-uzerine\/\" class=\"post-details details-type-link\" aria-label=\"Read more about Ahlak-\u0131 \u0130slamiye \u00dczerine\">Read more<i class=\"dt-icon-the7-arrow-03\" aria-hidden=\"true\"><\/i><\/a>\n\n<\/div><\/article><article class=\"post project-odd visible post-340 type-post status-publish format-standard has-post-thumbnail hentry category-ekim22 category-inanc category-yusufalpturk category-125 category-143 category-150 description-off\" data-name=\"Aldanmak-Aldat\u0131lmak\" data-date=\"2022-10-14T19:40:20+03:00\">\n\n<div class=\"post-thumbnail-wrap\">\n\t<div class=\"post-thumbnail\">\n\n\t\t\n\t\t\n\t\t<a href=\"https:\/\/korpekalemler.net\/index.php\/2022\/10\/14\/aldanmak-aldatilmak\/\" class=\"post-thumbnail-rollover layzr-bg layzr-bg\" ><img loading=\"lazy\" decoding=\"async\" class=\"blog-thumb-lazy-load preload-me lazy-load\" src=\"data:image\/svg+xml,%3Csvg%20xmlns%3D&#39;http%3A%2F%2Fwww.w3.org%2F2000%2Fsvg&#39;%20viewBox%3D&#39;0%200%20415%20276&#39;%2F%3E\" data-src=\"https:\/\/korpekalemler.net\/wp-content\/uploads\/2022\/10\/images28629-415x276.jpeg\" data-srcset=\"https:\/\/korpekalemler.net\/wp-content\/uploads\/2022\/10\/images28629-415x276.jpeg 415w\" alt=\"\"  width=\"415\" height=\"276\"  \/><\/a>\n\t<\/div>\n<\/div>\n\n\n<div class=\"post-entry-content\">\n\n\t<h3 class=\"entry-title\">\n\t\t<a href=\"https:\/\/korpekalemler.net\/index.php\/2022\/10\/14\/aldanmak-aldatilmak\/\" title=\"Aldanmak-Aldat\u0131lmak\" rel=\"bookmark\">Aldanmak-Aldat\u0131lmak<\/a>\n\t<\/h3>\n\n\t<div class=\"entry-meta\"><span class=\"category-link\"><a href=\"https:\/\/korpekalemler.net\/index.php\/category\/ekim22\/\" >Ekim '22<\/a>, <a href=\"https:\/\/korpekalemler.net\/index.php\/category\/inanc\/\" >\u0130nan\u00e7<\/a>, <a href=\"https:\/\/korpekalemler.net\/index.php\/category\/yusufalpturk\/\" >Yusuf Alpt\u00fcrk<\/a><\/span><a class=\"author vcard\" href=\"https:\/\/korpekalemler.net\/index.php\/author\/korpekalemlerder\/\" title=\"View all posts by K\u00f6rpe Kalemler\" rel=\"author\">By <span class=\"fn\">K\u00f6rpe Kalemler<\/span><\/a><a href=\"https:\/\/korpekalemler.net\/index.php\/2022\/10\/14\/\" title=\"19:40\" class=\"data-link\" rel=\"bookmark\"><time class=\"entry-date updated\" datetime=\"2022-10-14T19:40:20+03:00\">14 Ekim 2022<\/time><\/a><a href=\"https:\/\/korpekalemler.net\/index.php\/2022\/10\/14\/aldanmak-aldatilmak\/#respond\" class=\"comment-link\" >Leave a comment<\/a><\/div>\n\t<div class=\"entry-excerpt\"><p>ALDANMAK-ALDATILMAK Yusuf ALPT\u00dcRK \u201cAldatan bizden de\u011fildir.\u201d \/\/ Hz. Muhammed (s.a.v) Bazan kin nefret k\u00f6r \u00f6der insan\u0131n g\u00f6z\u00fcn\u00fc. G\u00f6remez hi\u00e7bir \u015feyi, ne do\u011fruyu ne e\u011friyi. Bazan sevgi ve h\u00fcsn-\u00fczan k\u00f6r eder g\u00f6z\u00fcn\u00fc, G\u00f6remez onca yanl\u0131\u015f\u0131, kusuru, s\u00fb-i niyeti. \u0130nsan aldanma girdab\u0131nda kaybolur. Aldatmak da yanl\u0131\u015ft\u0131r, aldanmak da. Sadece aldatmamak de\u011fil, aldanmamak da bir h\u00fcnerdir. Bu sebeple&hellip;<\/p>\n<\/div>\n\t\n<a href=\"https:\/\/korpekalemler.net\/index.php\/2022\/10\/14\/aldanmak-aldatilmak\/\" class=\"post-details details-type-link\" aria-label=\"Read more about Aldanmak-Aldat\u0131lmak\">Read more<i class=\"dt-icon-the7-arrow-03\" aria-hidden=\"true\"><\/i><\/a>\n\n<\/div><\/article><\/div>[\/vc_column][\/vc_row]<\/p>\n","protected":false},"excerpt":{"rendered":"<p>[vc_row][vc_column][\/vc_column][\/vc_row]<\/p>\n","protected":false},"author":1,"featured_media":0,"parent":0,"menu_order":0,"comment_status":"closed","ping_status":"closed","template":"","meta":{"saved_in_kubio":false,"_mi_skip_tracking":false,"_monsterinsights_sitenote_active":false,"_monsterinsights_sitenote_note":"","_monsterinsights_sitenote_category":0,"footnotes":""},"class_list":["post-15291","page","type-page","status-publish","hentry","description-off"],"aioseo_notices":[],"kubio_ai_page_context":{"short_desc":"","purpose":"general"},"jetpack_sharing_enabled":true,"_links":{"self":[{"href":"https:\/\/korpekalemler.net\/index.php\/wp-json\/wp\/v2\/pages\/15291"}],"collection":[{"href":"https:\/\/korpekalemler.net\/index.php\/wp-json\/wp\/v2\/pages"}],"about":[{"href":"https:\/\/korpekalemler.net\/index.php\/wp-json\/wp\/v2\/types\/page"}],"author":[{"embeddable":true,"href":"https:\/\/korpekalemler.net\/index.php\/wp-json\/wp\/v2\/users\/1"}],"replies":[{"embeddable":true,"href":"https:\/\/korpekalemler.net\/index.php\/wp-json\/wp\/v2\/comments?post=15291"}],"version-history":[{"count":3,"href":"https:\/\/korpekalemler.net\/index.php\/wp-json\/wp\/v2\/pages\/15291\/revisions"}],"predecessor-version":[{"id":15315,"href":"https:\/\/korpekalemler.net\/index.php\/wp-json\/wp\/v2\/pages\/15291\/revisions\/15315"}],"wp:attachment":[{"href":"https:\/\/korpekalemler.net\/index.php\/wp-json\/wp\/v2\/media?parent=15291"}],"curies":[{"name":"wp","href":"https:\/\/api.w.org\/{rel}","templated":true}]}}